{"id":12631,"date":"2023-07-27T10:13:22","date_gmt":"2023-07-27T09:13:22","guid":{"rendered":"https:\/\/besafenet.net\/vulnerabilities\/cultural-herritage\/"},"modified":"2023-07-31T09:46:44","modified_gmt":"2023-07-31T08:46:44","slug":"cultural-herritage","status":"publish","type":"page","link":"https:\/\/besafenet.net\/fr\/vulnerability\/cultural-herritage\/","title":{"rendered":"Patrimoine culturel"},"content":{"rendered":"\t\t<div data-elementor-type=\"wp-page\" data-elementor-id=\"12631\" class=\"elementor elementor-12631 elementor-12436\">\n\t\t\t\t\t\t<div class=\"elementor-inner\">\n\t\t\t\t<div class=\"elementor-section-wrap\">\n\t\t\t\t\t\t\t\t\t<section class=\"has_eae_slider elementor-section elementor-top-section elementor-element elementor-element-ebeaa2f heading-section elementor-section-boxed elementor-section-height-default elementor-section-height-default\" data-id=\"ebeaa2f\" data-element_type=\"section\" data-settings=\"{&quot;background_background&quot;:&quot;classic&quot;}\">\n\t\t\t\t\t\t<div class=\"elementor-container elementor-column-gap-default\">\n\t\t\t\t\t\t\t<div class=\"elementor-row\">\n\t\t\t\t\t<div class=\"has_eae_slider elementor-column elementor-col-50 elementor-top-column elementor-element elementor-element-5294b61\" data-id=\"5294b61\" data-element_type=\"column\">\n\t\t\t<div class=\"elementor-column-wrap elementor-element-populated\">\n\t\t\t\t\t\t\t<div class=\"elementor-widget-wrap\">\n\t\t\t\t\t\t<div class=\"elementor-element elementor-element-e041b0b elementor-widget elementor-widget-heading\" data-id=\"e041b0b\" data-element_type=\"widget\" data-widget_type=\"heading.default\">\n\t\t\t\t<div class=\"elementor-widget-container\">\n\t\t\t<h2 class=\"elementor-heading-title elementor-size-default\">Vulnerabilit\u00e0<\/h2>\t\t<\/div>\n\t\t\t\t<\/div>\n\t\t\t\t<div class=\"elementor-element elementor-element-4ba3e3f elementor-widget elementor-widget-heading\" data-id=\"4ba3e3f\" data-element_type=\"widget\" data-widget_type=\"heading.default\">\n\t\t\t\t<div class=\"elementor-widget-container\">\n\t\t\t<h1 class=\"elementor-heading-title elementor-size-default\">Patrimoine culturel<\/h1>\t\t<\/div>\n\t\t\t\t<\/div>\n\t\t\t\t\t\t<\/div>\n\t\t\t\t\t<\/div>\n\t\t<\/div>\n\t\t\t\t<div class=\"has_eae_slider elementor-column elementor-col-50 elementor-top-column elementor-element elementor-element-d6a4d6f\" data-id=\"d6a4d6f\" data-element_type=\"column\">\n\t\t\t<div class=\"elementor-column-wrap elementor-element-populated\">\n\t\t\t\t\t\t\t<div class=\"elementor-widget-wrap\">\n\t\t\t\t\t\t<div class=\"elementor-element elementor-element-cc8ca2a elementor-widget-divider--view-line elementor-widget elementor-widget-divider\" data-id=\"cc8ca2a\" data-element_type=\"widget\" data-widget_type=\"divider.default\">\n\t\t\t\t<div class=\"elementor-widget-container\">\n\t\t\t\t\t<div class=\"elementor-divider\">\n\t\t\t<span class=\"elementor-divider-separator\">\n\t\t\t\t\t\t<\/span>\n\t\t<\/div>\n\t\t\t\t<\/div>\n\t\t\t\t<\/div>\n\t\t\t\t<div class=\"elementor-element elementor-element-fda0fbc small-txt elementor-widget elementor-widget-text-editor\" data-id=\"fda0fbc\" data-element_type=\"widget\" data-widget_type=\"text-editor.default\">\n\t\t\t\t<div class=\"elementor-widget-container\">\n\t\t\t\t\t\t\t\t<div class=\"elementor-text-editor elementor-clearfix\">\n\t\t\t\t<h6>Prepared by the European Centre on Prevention and Forecasting of Earthquakes (ECPFE) &amp; the Editorial Board<\/h6>\n\t\t\t\t\t<\/div>\n\t\t\t\t\t\t<\/div>\n\t\t\t\t<\/div>\n\t\t\t\t<div class=\"elementor-element elementor-element-10ccb44 elementor-widget-divider--view-line elementor-widget elementor-widget-divider\" data-id=\"10ccb44\" data-element_type=\"widget\" data-widget_type=\"divider.default\">\n\t\t\t\t<div class=\"elementor-widget-container\">\n\t\t\t\t\t<div class=\"elementor-divider\">\n\t\t\t<span class=\"elementor-divider-separator\">\n\t\t\t\t\t\t<\/span>\n\t\t<\/div>\n\t\t\t\t<\/div>\n\t\t\t\t<\/div>\n\t\t\t\t\t\t<\/div>\n\t\t\t\t\t<\/div>\n\t\t<\/div>\n\t\t\t\t\t\t\t\t<\/div>\n\t\t\t\t\t<\/div>\n\t\t<\/section>\n\t\t\t\t<section class=\"has_eae_slider elementor-section elementor-top-section elementor-element elementor-element-ffb8acc elementor-section-full_width elementor-section-height-min-height elementor-section-height-default elementor-section-items-middle\" data-id=\"ffb8acc\" data-element_type=\"section\" data-settings=\"{&quot;background_background&quot;:&quot;classic&quot;}\">\n\t\t\t\t\t\t<div class=\"elementor-container elementor-column-gap-default\">\n\t\t\t\t\t\t\t<div class=\"elementor-row\">\n\t\t\t\t\t<div class=\"has_eae_slider elementor-column elementor-col-100 elementor-top-column elementor-element elementor-element-68dc429\" data-id=\"68dc429\" data-element_type=\"column\">\n\t\t\t<div class=\"elementor-column-wrap elementor-element-populated\">\n\t\t\t\t\t\t\t<div class=\"elementor-widget-wrap\">\n\t\t\t\t\t\t<div class=\"elementor-element elementor-element-59068f9 elementor-widget elementor-widget-image\" data-id=\"59068f9\" data-element_type=\"widget\" data-widget_type=\"image.default\">\n\t\t\t\t<div class=\"elementor-widget-container\">\n\t\t\t\t\t\t\t\t<div class=\"elementor-image\">\n\t\t\t\t\t\t\t\t\t\t\t\t<img loading=\"lazy\" decoding=\"async\" width=\"1024\" height=\"683\" src=\"https:\/\/besafenet.net\/wp-content\/uploads\/2023\/07\/Delfoi_04.jpg\" class=\"attachment-large size-large wp-image-12386\" alt=\"\" \/>\t\t\t\t\t\t\t\t\t\t\t\t\t\t<\/div>\n\t\t\t\t\t\t<\/div>\n\t\t\t\t<\/div>\n\t\t\t\t\t\t<\/div>\n\t\t\t\t\t<\/div>\n\t\t<\/div>\n\t\t\t\t\t\t\t\t<\/div>\n\t\t\t\t\t<\/div>\n\t\t<\/section>\n\t\t\t\t<section class=\"has_eae_slider elementor-section elementor-top-section elementor-element elementor-element-6b20261 elementor-section-boxed elementor-section-height-default elementor-section-height-default\" data-id=\"6b20261\" data-element_type=\"section\">\n\t\t\t\t\t\t<div class=\"elementor-container elementor-column-gap-default\">\n\t\t\t\t\t\t\t<div class=\"elementor-row\">\n\t\t\t\t\t<div class=\"has_eae_slider elementor-column elementor-col-100 elementor-top-column elementor-element elementor-element-3a3e86c\" data-id=\"3a3e86c\" data-element_type=\"column\">\n\t\t\t<div class=\"elementor-column-wrap elementor-element-populated\">\n\t\t\t\t\t\t\t<div class=\"elementor-widget-wrap\">\n\t\t\t\t\t\t<div class=\"elementor-element elementor-element-dadedf1 elementor-share-buttons--view-icon elementor-share-buttons--align-right elementor-share-buttons--skin-gradient elementor-share-buttons--shape-square elementor-grid-0 elementor-share-buttons--color-official elementor-widget elementor-widget-global elementor-global-6741 elementor-widget-share-buttons\" data-id=\"dadedf1\" data-element_type=\"widget\" data-widget_type=\"share-buttons.default\">\n\t\t\t\t<div class=\"elementor-widget-container\">\n\t\t\t\t\t<div class=\"elementor-grid\">\n\t\t\t\t\t\t\t\t<div class=\"elementor-grid-item\">\n\t\t\t\t\t\t<div\n\t\t\t\t\t\t\tclass=\"elementor-share-btn elementor-share-btn_twitter\"\n\t\t\t\t\t\t\trole=\"button\"\n\t\t\t\t\t\t\ttabindex=\"0\"\n\t\t\t\t\t\t\taria-label=\"Share on twitter\"\n\t\t\t\t\t\t>\n\t\t\t\t\t\t\t\t\t\t\t\t\t\t\t<span class=\"elementor-share-btn__icon\">\n\t\t\t\t\t\t\t\t<i class=\"fab fa-twitter\" aria-hidden=\"true\"><\/i>\t\t\t\t\t\t\t<\/span>\n\t\t\t\t\t\t\t\t\t\t\t\t\t\t\t\t\t\t\t\t<\/div>\n\t\t\t\t\t<\/div>\n\t\t\t\t\t\t<\/div>\n\t\t\t\t<\/div>\n\t\t\t\t<\/div>\n\t\t\t\t<div class=\"elementor-element elementor-element-02bd3bc elementor-widget elementor-widget-text-editor\" data-id=\"02bd3bc\" data-element_type=\"widget\" data-widget_type=\"text-editor.default\">\n\t\t\t\t<div class=\"elementor-widget-container\">\n\t\t\t\t\t\t\t\t<div class=\"elementor-text-editor elementor-clearfix\">\n\t\t\t\t<p>Conform\u00e9ment \u00e0 la Convention de l&rsquo;UNESCO concernant la protection du patrimoine mondial, culturel et naturel de 1972, les \u00e9l\u00e9ments suivants sont consid\u00e9r\u00e9s comme faisant partie du <strong>patrimoine culturel<\/strong> :<\/p>\n<p><strong>Les monuments<\/strong> : \u0153uvres architecturales, \u0153uvres de sculpture et de peinture monumentales, \u00e9l\u00e9ments ou structures de caract\u00e8re arch\u00e9ologique, inscriptions, grottes et groupes d&rsquo;\u00e9l\u00e9ments, qui ont une valeur universelle exceptionnelle du point de vue de l&rsquo;histoire, de l&rsquo;art ou de la science.<\/p>\n<p><strong>Les ensembles<\/strong> : groupes de b\u00e2timents isol\u00e9es ou r\u00e9unies qui, en raison de leur architecture, de leur homog\u00e9n\u00e9it\u00e9 ou de leur insertion dans le paysage, ont une valeur universelle exceptionnelle du point de vue de l&rsquo;histoire, de l&rsquo;art ou de la science.<\/p>\n<p><strong>Sites<\/strong> : \u0153uvres de l&rsquo;homme ou \u0153uvres conjugu\u00e9es de la nature et de l&rsquo;homme, ainsi que les zones y compris les sites arch\u00e9ologiques, qui ont une valeur universelle exceptionnelle du point de vue historique, esth\u00e9tique, ethnologique ou anthropologique.<\/p>\n<p>Lors de sa 16e session en d\u00e9cembre 1992, le Comit\u00e9 du patrimoine mondial a adopt\u00e9 trois cat\u00e9gories principales de paysages culturels : le paysage clairement d\u00e9fini, le paysage biologiquement \u00e9volutif, y compris les paysages p\u00e9trifi\u00e9s et les paysages \u00e9volutifs, et les paysages culturels associ\u00e9s.<\/p>\n<p>Les paysages culturels repr\u00e9sentent les \u00ab\u00a0\u0153uvres combin\u00e9es de la nature et de l&rsquo;homme\u00a0\u00bb. Ils t\u00e9moignent de l&rsquo;\u00e9volution de la soci\u00e9t\u00e9 humaine et de l&rsquo;habitat au fil du temps, sous l&rsquo;influence des contraintes naturelles et\/ou des opportunit\u00e9s offertes par leur environnement naturel, ainsi que des forces sociales, \u00e9conomiques et culturelles successives, tant externes qu&rsquo;internes. Ils doivent \u00eatre s\u00e9lectionn\u00e9s en fonction de leur valeur mondiale exceptionnelle et de leur repr\u00e9sentativit\u00e9 en termes de r\u00e9gion g\u00e9opolitique bien d\u00e9finie, ainsi que de leur capacit\u00e9 \u00e0 illustrer les \u00e9l\u00e9ments culturels essentiels et distinctifs de ces r\u00e9gions.<\/p>\n<p>Le terme \u00ab\u00a0paysage culturel\u00a0\u00bb englobe diverses manifestations de l&rsquo;interaction entre l&rsquo;humanit\u00e9 et son environnement naturel. Les paysages culturels refl\u00e8tent souvent des techniques sp\u00e9cifiques d&rsquo;utilisation durable des terres, en tenant compte des caract\u00e9ristiques et des limites de l&rsquo;environnement naturel dans lequel ils sont situ\u00e9s et d&rsquo;une relation spirituelle particuli\u00e8re avec la nature. La protection des paysages culturels peut contribuer aux techniques contemporaines d&rsquo;utilisation durable des terres et peut maintenir ou renforcer les valeurs naturelles du paysage. L&rsquo;existence continue de modes traditionnels d&rsquo;utilisation des terres favorise la diversit\u00e9 biologique dans de nombreuses r\u00e9gions du monde. La protection des paysages culturels traditionnels est donc utile \u00e0 la conservation de la diversit\u00e9 biologique (UNESCO f\u00e9vrier 1996 : 10-11).<\/p>\n<p>Le patrimoine culturel peut \u00eatre menac\u00e9 et affect\u00e9 par divers risques, y compris des processus naturels, des ph\u00e9nom\u00e8nes ou des activit\u00e9s humaines qui peuvent causer des pertes en vies humaines, des blessures ou d&rsquo;autres effets sur la sant\u00e9, des dommages aux biens, des perturbations sociales et \u00e9conomiques ou une d\u00e9gradation de l&rsquo;environnement. Les risques g\u00e9ologiques ou g\u00e9ophysiques et les risques li\u00e9s au climat ont un fort potentiel pour provoquer tous les effets n\u00e9gatifs susmentionn\u00e9s.<\/p>\n<p>En raison des risques susmentionn\u00e9s et de leur impact, de nombreux \u00e9l\u00e9ments du patrimoine culturel peuvent \u00eatre inclus dans la Liste du <strong>Patrimoine mondial en p\u00e9ril<\/strong>. Cette liste est clairement d\u00e9finie \u00e0 l&rsquo;article 11 (4) de la<strong> Convention pour la protection du patrimoine mondial, culturel et naturel<\/strong> :<\/p>\n<p>1&#8230; une liste des biens figurant sur la Liste du patrimoine mondial pour la conservation desquels de grands travaux sont n\u00e9cessaires et pour lesquels une assistance a \u00e9t\u00e9 demand\u00e9e aux termes de la Convention. Cette liste doit contenir une estimation du co\u00fbt de ces op\u00e9rations. La liste ne peut comprendre que les biens du patrimoine culturel et naturel qui sont menac\u00e9s par des dangers graves et pr\u00e9cis, tels que la menace de disparition due \u00e0 une d\u00e9gradation acc\u00e9l\u00e9r\u00e9e, \u00e0 des projets publics ou priv\u00e9s de grande envergure ou \u00e0 des projets de d\u00e9veloppement urbain ou touristique rapide : la destruction caus\u00e9e par des changements dans l&rsquo;utilisation ou la propri\u00e9t\u00e9 du terrain ; des alt\u00e9rations importantes dues \u00e0 des causes inconnues ; l&rsquo;abandon pour quelque raison que ce soit ; le d\u00e9clenchement ou la menace d&rsquo;un conflit arm\u00e9 ; les calamit\u00e9s et les cataclysmes ; les incendies graves, les tremblements de terre, les glissements de terrain ; les \u00e9ruptions volcaniques ; les variations du niveau de l&rsquo;eau, les inondations et les raz-de-mar\u00e9e. Le Comit\u00e9 peut \u00e0 tout moment, en cas d&rsquo;urgence, proc\u00e9der \u00e0 une nouvelle inscription sur la Liste du patrimoine mondial en p\u00e9ril et la rendre publique imm\u00e9diatement (UNESCO 1972).<\/p>\n<p>Le paragraphe 6(vi) des Orientations stipule que,<\/p>\n<p>(i) Lorsqu&rsquo;un bien s&rsquo;est d\u00e9t\u00e9rior\u00e9 au point de perdre les caract\u00e9ristiques qui ont d\u00e9termin\u00e9 son inscription sur la Liste du patrimoine mondial.\u00a0 Il doit \u00eatre plac\u00e9 sur la Liste du patrimoine mondial en p\u00e9ril, puis la proc\u00e9dure concernant le retrait possible de la Liste sera appliqu\u00e9e (UNESCO f\u00e9vrier 1996 : 3).<\/p>\n<p>Pour la protection, la restauration et la r\u00e9cup\u00e9ration des monuments, ensembles de b\u00e2timents, sites et objets du patrimoine culturel et des paysages culturels, les autorit\u00e9s comp\u00e9tentes doivent \u00eatre pr\u00e9par\u00e9es et mettre en \u0153uvre des mesures structurelles et non structurelles rapides et efficaces pour anticiper, r\u00e9pondre et r\u00e9cup\u00e9rer des effets des catastrophes possibles, imminentes ou actuelles et de leur impact sur les \u00e9l\u00e9ments du patrimoine culturel. Les mesures structurelles comprennent toute construction physique visant \u00e0 r\u00e9duire ou \u00e0 \u00e9viter les effets potentiels des risques, ou l&rsquo;application de techniques ou de technologies d&rsquo;ing\u00e9nierie visant \u00e0 renforcer les structures ou les syst\u00e8mes et \u00e0 les rendre plus r\u00e9sistants aux risques. Les mesures non structurelles sont des mesures qui n&rsquo;impliquent pas de construction physique et qui utilisent les connaissances, les pratiques ou les accords pour r\u00e9duire les risques et les impacts des catastrophes, en particulier par le biais de politiques et de lois, de la sensibilisation du public, de la formation et de l&rsquo;\u00e9ducation.<\/p>\n<p>Comme <strong>les biens culturels refl\u00e8tent les modes de vie, de pens\u00e9e et d&rsquo;action d&rsquo;une communaut\u00e9, la pr\u00e9servation<\/strong> des b\u00e2timents, sites et objets qui s&rsquo;y rapportent joue un r\u00f4le important dans <strong>l&rsquo;\u00e9tablissement d&rsquo;un lien entre le pass\u00e9, le pr\u00e9sent et l&rsquo;avenir<\/strong>. En outre, les biens culturels de chaque peuple apportent leur contribution au patrimoine culturel de l&rsquo;humanit\u00e9 tout enti\u00e8re et \u00e0 la culture du monde. Ainsi, les dommages caus\u00e9s au patrimoine culturel par les risques naturels et anthropiques et les catastrophes qui y sont li\u00e9es appauvrissent l&rsquo;humanit\u00e9.<\/p>\n\t\t\t\t\t<\/div>\n\t\t\t\t\t\t<\/div>\n\t\t\t\t<\/div>\n\t\t\t\t<div class=\"elementor-element elementor-element-ab98b5d pink-theme elementor-widget elementor-widget-accordion\" data-id=\"ab98b5d\" data-element_type=\"widget\" data-widget_type=\"accordion.default\">\n\t\t\t\t<div class=\"elementor-widget-container\">\n\t\t\t\t\t<div class=\"elementor-accordion\" role=\"tablist\">\n\t\t\t\t\t\t\t<div class=\"elementor-accordion-item\">\n\t\t\t\t\t<div id=\"elementor-tab-title-1791\" class=\"elementor-tab-title\" data-tab=\"1\" role=\"tab\" aria-controls=\"elementor-tab-content-1791\" aria-expanded=\"false\">\n\t\t\t\t\t\t\t\t\t\t\t\t\t<span class=\"elementor-accordion-icon elementor-accordion-icon-left\" aria-hidden=\"true\">\n\t\t\t\t\t\t\t\t\t\t\t\t\t\t\t<span class=\"elementor-accordion-icon-closed\"><i class=\"fas fa-plus\"><\/i><\/span>\n\t\t\t\t\t\t\t\t<span class=\"elementor-accordion-icon-opened\"><i class=\"fas fa-minus\"><\/i><\/span>\n\t\t\t\t\t\t\t\t\t\t\t\t\t\t<\/span>\n\t\t\t\t\t\t\t\t\t\t\t\t<a class=\"elementor-accordion-title\" href=\"\">1. Quels types de risques peuvent nuire au patrimoine culturel ?<\/a>\n\t\t\t\t\t<\/div>\n\t\t\t\t\t<div id=\"elementor-tab-content-1791\" class=\"elementor-tab-content elementor-clearfix\" data-tab=\"1\" role=\"tabpanel\" aria-labelledby=\"elementor-tab-title-1791\"><p>\t\t<div data-elementor-type=\"wp-post\" data-elementor-id=\"12726\" class=\"elementor elementor-12726 elementor-12655\">\n\t\t\t\t\t\t<div class=\"elementor-inner\">\n\t\t\t\t<div class=\"elementor-section-wrap\">\n\t\t\t\t\t\t\t\t\t<section class=\"has_eae_slider elementor-section elementor-top-section elementor-element elementor-element-7c05ec9 elementor-section-boxed elementor-section-height-default elementor-section-height-default\" data-id=\"7c05ec9\" data-element_type=\"section\">\n\t\t\t\t\t\t<div class=\"elementor-container elementor-column-gap-default\">\n\t\t\t\t\t\t\t<div class=\"elementor-row\">\n\t\t\t\t\t<div class=\"has_eae_slider elementor-column elementor-col-100 elementor-top-column elementor-element elementor-element-7f4b233\" data-id=\"7f4b233\" data-element_type=\"column\">\n\t\t\t<div class=\"elementor-column-wrap elementor-element-populated\">\n\t\t\t\t\t\t\t<div class=\"elementor-widget-wrap\">\n\t\t\t\t\t\t<div class=\"elementor-element elementor-element-f4e3730 elementor-widget elementor-widget-text-editor\" data-id=\"f4e3730\" data-element_type=\"widget\" data-widget_type=\"text-editor.default\">\n\t\t\t\t<div class=\"elementor-widget-container\">\n\t\t\t\t\t\t\t\t<div class=\"elementor-text-editor elementor-clearfix\">\n\t\t\t\t<p>Le patrimoine culturel peut \u00eatre menac\u00e9 et affect\u00e9 par diff\u00e9rents risques. Parmi ceux-ci, les risques naturels et anthropiques et les catastrophes qui en d\u00e9coulent sont susceptibles d&rsquo;avoir un impact consid\u00e9rable sur le patrimoine culturel. En particulier, les tremblements de terre et leurs effets environnementaux primaires et secondaires (failles superficielles, ruptures de pente, fissures du sol, tsunamis), les inondations, les incendies et l&rsquo;\u00e9rosion ont d\u00e9j\u00e0 caus\u00e9 de graves dommages \u00e0 divers sites et b\u00e2timents du patrimoine culturel dans le monde entier. En outre, les risques d&rsquo;origine humaine et les catastrophes connexes, y compris les conflits arm\u00e9s, les catastrophes technologiques et le pillage, ont d\u00e9j\u00e0 gravement affect\u00e9 des sites du patrimoine culturel dans le monde entier.<\/p>\n\t\t\t\t\t<\/div>\n\t\t\t\t\t\t<\/div>\n\t\t\t\t<\/div>\n\t\t\t\t\t\t<\/div>\n\t\t\t\t\t<\/div>\n\t\t<\/div>\n\t\t\t\t\t\t\t\t<\/div>\n\t\t\t\t\t<\/div>\n\t\t<\/section>\n\t\t\t\t\t\t\t\t\t<\/div>\n\t\t\t<\/div>\n\t\t\t\t\t<\/div>\n\t\t<\/p>\n<\/div>\n\t\t\t\t<\/div>\n\t\t\t\t\t\t\t<div class=\"elementor-accordion-item\">\n\t\t\t\t\t<div id=\"elementor-tab-title-1792\" class=\"elementor-tab-title\" data-tab=\"2\" role=\"tab\" aria-controls=\"elementor-tab-content-1792\" aria-expanded=\"false\">\n\t\t\t\t\t\t\t\t\t\t\t\t\t<span class=\"elementor-accordion-icon elementor-accordion-icon-left\" aria-hidden=\"true\">\n\t\t\t\t\t\t\t\t\t\t\t\t\t\t\t<span class=\"elementor-accordion-icon-closed\"><i class=\"fas fa-plus\"><\/i><\/span>\n\t\t\t\t\t\t\t\t<span class=\"elementor-accordion-icon-opened\"><i class=\"fas fa-minus\"><\/i><\/span>\n\t\t\t\t\t\t\t\t\t\t\t\t\t\t<\/span>\n\t\t\t\t\t\t\t\t\t\t\t\t<a class=\"elementor-accordion-title\" href=\"\">2. Pourquoi est-il important de respecter et de prot\u00e9ger les biens culturels des risques naturels et anthropiques?<\/a>\n\t\t\t\t\t<\/div>\n\t\t\t\t\t<div id=\"elementor-tab-content-1792\" class=\"elementor-tab-content elementor-clearfix\" data-tab=\"2\" role=\"tabpanel\" aria-labelledby=\"elementor-tab-title-1792\"><p>\t\t<div data-elementor-type=\"wp-post\" data-elementor-id=\"12728\" class=\"elementor elementor-12728 elementor-12659\">\n\t\t\t\t\t\t<div class=\"elementor-inner\">\n\t\t\t\t<div class=\"elementor-section-wrap\">\n\t\t\t\t\t\t\t\t\t<section class=\"has_eae_slider elementor-section elementor-top-section elementor-element elementor-element-b50c0fc elementor-section-boxed elementor-section-height-default elementor-section-height-default\" data-id=\"b50c0fc\" data-element_type=\"section\">\n\t\t\t\t\t\t<div class=\"elementor-container elementor-column-gap-default\">\n\t\t\t\t\t\t\t<div class=\"elementor-row\">\n\t\t\t\t\t<div class=\"has_eae_slider elementor-column elementor-col-100 elementor-top-column elementor-element elementor-element-5ced3d7\" data-id=\"5ced3d7\" data-element_type=\"column\">\n\t\t\t<div class=\"elementor-column-wrap elementor-element-populated\">\n\t\t\t\t\t\t\t<div class=\"elementor-widget-wrap\">\n\t\t\t\t\t\t<div class=\"elementor-element elementor-element-db7ed7d elementor-widget elementor-widget-text-editor\" data-id=\"db7ed7d\" data-element_type=\"widget\" data-widget_type=\"text-editor.default\">\n\t\t\t\t<div class=\"elementor-widget-container\">\n\t\t\t\t\t\t\t\t<div class=\"elementor-text-editor elementor-clearfix\">\n\t\t\t\t<p>Comme les biens culturels refl\u00e8tent les modes de vie, de pens\u00e9e et d&rsquo;action d&rsquo;une communaut\u00e9, la pr\u00e9servation des b\u00e2timents, sites et objets qui s&rsquo;y rapportent joue un r\u00f4le important dans l&rsquo;\u00e9tablissement d&rsquo;un lien entre le pass\u00e9, le pr\u00e9sent et l&rsquo;avenir. En outre, les biens culturels de chaque peuple apportent leur contribution au patrimoine culturel de l&rsquo;humanit\u00e9 tout enti\u00e8re et \u00e0 la culture du monde. Ainsi, les dommages caus\u00e9s au patrimoine culturel par les risques naturels et anthropiques et les catastrophes qui y sont li\u00e9es appauvrissent l&rsquo;humanit\u00e9.<\/p>\n\t\t\t\t\t<\/div>\n\t\t\t\t\t\t<\/div>\n\t\t\t\t<\/div>\n\t\t\t\t\t\t<\/div>\n\t\t\t\t\t<\/div>\n\t\t<\/div>\n\t\t\t\t\t\t\t\t<\/div>\n\t\t\t\t\t<\/div>\n\t\t<\/section>\n\t\t\t\t\t\t\t\t\t<\/div>\n\t\t\t<\/div>\n\t\t\t\t\t<\/div>\n\t\t<\/p>\n<\/div>\n\t\t\t\t<\/div>\n\t\t\t\t\t\t\t<div class=\"elementor-accordion-item\">\n\t\t\t\t\t<div id=\"elementor-tab-title-1793\" class=\"elementor-tab-title\" data-tab=\"3\" role=\"tab\" aria-controls=\"elementor-tab-content-1793\" aria-expanded=\"false\">\n\t\t\t\t\t\t\t\t\t\t\t\t\t<span class=\"elementor-accordion-icon elementor-accordion-icon-left\" aria-hidden=\"true\">\n\t\t\t\t\t\t\t\t\t\t\t\t\t\t\t<span class=\"elementor-accordion-icon-closed\"><i class=\"fas fa-plus\"><\/i><\/span>\n\t\t\t\t\t\t\t\t<span class=\"elementor-accordion-icon-opened\"><i class=\"fas fa-minus\"><\/i><\/span>\n\t\t\t\t\t\t\t\t\t\t\t\t\t\t<\/span>\n\t\t\t\t\t\t\t\t\t\t\t\t<a class=\"elementor-accordion-title\" href=\"\">3. Comment les tremblements de terre affectent-ils le patrimoine culturel?<\/a>\n\t\t\t\t\t<\/div>\n\t\t\t\t\t<div id=\"elementor-tab-content-1793\" class=\"elementor-tab-content elementor-clearfix\" data-tab=\"3\" role=\"tabpanel\" aria-labelledby=\"elementor-tab-title-1793\"><p>\t\t<div data-elementor-type=\"wp-post\" data-elementor-id=\"12730\" class=\"elementor elementor-12730 elementor-12662\">\n\t\t\t\t\t\t<div class=\"elementor-inner\">\n\t\t\t\t<div class=\"elementor-section-wrap\">\n\t\t\t\t\t\t\t\t\t<section class=\"has_eae_slider elementor-section elementor-top-section elementor-element elementor-element-be73825 elementor-section-boxed elementor-section-height-default elementor-section-height-default\" data-id=\"be73825\" data-element_type=\"section\">\n\t\t\t\t\t\t<div class=\"elementor-container elementor-column-gap-default\">\n\t\t\t\t\t\t\t<div class=\"elementor-row\">\n\t\t\t\t\t<div class=\"has_eae_slider elementor-column elementor-col-100 elementor-top-column elementor-element elementor-element-f8938a9\" data-id=\"f8938a9\" data-element_type=\"column\">\n\t\t\t<div class=\"elementor-column-wrap elementor-element-populated\">\n\t\t\t\t\t\t\t<div class=\"elementor-widget-wrap\">\n\t\t\t\t\t\t<div class=\"elementor-element elementor-element-b151a29 elementor-widget elementor-widget-text-editor\" data-id=\"b151a29\" data-element_type=\"widget\" data-widget_type=\"text-editor.default\">\n\t\t\t\t<div class=\"elementor-widget-container\">\n\t\t\t\t\t\t\t\t<div class=\"elementor-text-editor elementor-clearfix\">\n\t\t\t\t<p>Les tremblements de terre menacent de nombreux objets du patrimoine culturel dans le monde entier. Le mouvement du sol peut causer des dommages structurels et non structurels aux monuments, groupes de b\u00e2timents et sites, allant de l\u00e9g\u00e8res fissures dans leurs \u00e9l\u00e9ments non structurels \u00e0 de lourdes fissures sur les fa\u00e7ades, les coins, les toits et les planchers, conduisant \u00e0 leur effondrement partiel ou total. Des dommages similaires aux objets du patrimoine culturel peuvent \u00eatre caus\u00e9s par des effets environnementaux primaires et secondaires, notamment des ruptures de surface cosismiques, des ph\u00e9nom\u00e8nes de liqu\u00e9faction, des glissements de terrain, des fissures dans le sol et des tsunamis.<\/p>\n\t\t\t\t\t<\/div>\n\t\t\t\t\t\t<\/div>\n\t\t\t\t<\/div>\n\t\t\t\t<div class=\"elementor-element elementor-element-fc5d777 elementor-widget elementor-widget-image\" data-id=\"fc5d777\" data-element_type=\"widget\" data-widget_type=\"image.default\">\n\t\t\t\t<div class=\"elementor-widget-container\">\n\t\t\t\t\t\t\t\t<div class=\"elementor-image\">\n\t\t\t\t\t\t\t\t\t<figure class=\"wp-caption\">\n\t\t\t\t\t\t\t\t\t\t<img loading=\"lazy\" decoding=\"async\" width=\"1024\" height=\"683\" src=\"https:\/\/besafenet.net\/wp-content\/uploads\/2023\/07\/2015-Nepal-earthquake_03-min-1024x683.jpg\" class=\"attachment-large size-large wp-image-12416\" alt=\"\" srcset=\"https:\/\/besafenet.net\/wp-content\/uploads\/2023\/07\/2015-Nepal-earthquake_03-min-1024x683.jpg 1024w, https:\/\/besafenet.net\/wp-content\/uploads\/2023\/07\/2015-Nepal-earthquake_03-min-300x200.jpg 300w, https:\/\/besafenet.net\/wp-content\/uploads\/2023\/07\/2015-Nepal-earthquake_03-min-150x100.jpg 150w, https:\/\/besafenet.net\/wp-content\/uploads\/2023\/07\/2015-Nepal-earthquake_03-min-768x513.jpg 768w, https:\/\/besafenet.net\/wp-content\/uploads\/2023\/07\/2015-Nepal-earthquake_03-min.jpg 1440w\" sizes=\"(max-width: 1024px) 100vw, 1024px\" \/>\t\t\t\t\t\t\t\t\t\t\t<figcaption class=\"widget-image-caption wp-caption-text\">Un temple totalement effondr\u00e9 \u00e0 Katmandou \u00e0 la suite du tremblement de terre d\u00e9vastateur du 25 avril 2015 Mw = 7,8 au N\u00e9pal. (Photographie du professeur Dr. Efthymis Lekkas, N\u00e9pal 2015)<\/figcaption>\n\t\t\t\t\t\t\t\t\t\t<\/figure>\n\t\t\t\t\t\t\t\t<\/div>\n\t\t\t\t\t\t<\/div>\n\t\t\t\t<\/div>\n\t\t\t\t<div class=\"elementor-element elementor-element-3201c23 elementor-widget elementor-widget-accordion\" data-id=\"3201c23\" data-element_type=\"widget\" data-widget_type=\"accordion.default\">\n\t\t\t\t<div class=\"elementor-widget-container\">\n\t\t\t\t\t<div class=\"elementor-accordion\" role=\"tablist\">\n\t\t\t\t\t\t\t<div class=\"elementor-accordion-item\">\n\t\t\t\t\t<div id=\"elementor-tab-title-5241\" class=\"elementor-tab-title\" data-tab=\"1\" role=\"tab\" aria-controls=\"elementor-tab-content-5241\" aria-expanded=\"false\">\n\t\t\t\t\t\t\t\t\t\t\t\t\t<span class=\"elementor-accordion-icon elementor-accordion-icon-left\" aria-hidden=\"true\">\n\t\t\t\t\t\t\t\t\t\t\t\t\t\t\t<span class=\"elementor-accordion-icon-closed\"><i class=\"fas fa-plus\"><\/i><\/span>\n\t\t\t\t\t\t\t\t<span class=\"elementor-accordion-icon-opened\"><i class=\"fas fa-minus\"><\/i><\/span>\n\t\t\t\t\t\t\t\t\t\t\t\t\t\t<\/span>\n\t\t\t\t\t\t\t\t\t\t\t\t<a class=\"elementor-accordion-title\" href=\"\">3.1. Le tremblement de terre du N\u00e9pal du 25 avril 2015, Mw = 7,8, et son impact sur les b\u00e2timents du patrimoine culturel<\/a>\n\t\t\t\t\t<\/div>\n\t\t\t\t\t<div id=\"elementor-tab-content-5241\" class=\"elementor-tab-content elementor-clearfix\" data-tab=\"1\" role=\"tabpanel\" aria-labelledby=\"elementor-tab-title-5241\"><p>\t\t<div data-elementor-type=\"wp-post\" data-elementor-id=\"12732\" class=\"elementor elementor-12732 elementor-12665\">\n\t\t\t\t\t\t<div class=\"elementor-inner\">\n\t\t\t\t<div class=\"elementor-section-wrap\">\n\t\t\t\t\t\t\t\t\t<section class=\"has_eae_slider elementor-section elementor-top-section elementor-element elementor-element-b8ca0fc elementor-section-boxed elementor-section-height-default elementor-section-height-default\" data-id=\"b8ca0fc\" data-element_type=\"section\">\n\t\t\t\t\t\t<div class=\"elementor-container elementor-column-gap-default\">\n\t\t\t\t\t\t\t<div class=\"elementor-row\">\n\t\t\t\t\t<div class=\"has_eae_slider elementor-column elementor-col-100 elementor-top-column elementor-element elementor-element-0202e0c\" data-id=\"0202e0c\" data-element_type=\"column\">\n\t\t\t<div class=\"elementor-column-wrap elementor-element-populated\">\n\t\t\t\t\t\t\t<div class=\"elementor-widget-wrap\">\n\t\t\t\t\t\t<div class=\"elementor-element elementor-element-1ab566d elementor-widget elementor-widget-text-editor\" data-id=\"1ab566d\" data-element_type=\"widget\" data-widget_type=\"text-editor.default\">\n\t\t\t\t<div class=\"elementor-widget-container\">\n\t\t\t\t\t\t\t\t<div class=\"elementor-text-editor elementor-clearfix\">\n\t\t\t\t<p>Un tremblement de terre de magnitude 7,8 a frapp\u00e9 le N\u00e9pal le 25 avril 2015 \u00e0 11h56 (heure locale). La secousse a \u00e9t\u00e9 ressentie dans tout le N\u00e9pal ainsi qu&rsquo;en Inde, au Bangladesh et au Tibet. Avec sa r\u00e9plique la plus importante (Mw=7,3) survenue le 12 mai, il a gravement touch\u00e9 14 districts du N\u00e9pal, faisant 8891 morts, 22 303 bless\u00e9s, des millions de sans-abri, des effets environnementaux du tremblement de terre (EEE), des d\u00e9g\u00e2ts sur les b\u00e2timents et les infrastructures et d&rsquo;importantes pertes \u00e9conomiques. Sur la base d&rsquo;une reconnaissance de terrain dans la zone touch\u00e9e imm\u00e9diatement apr\u00e8s le choc principal, aucun EEE primaire n&rsquo;a \u00e9t\u00e9 d\u00e9tect\u00e9, tandis que les EEE secondaires comprenaient des mouvements de pente, une liqu\u00e9faction, des fissures du sol et des anomalies hydrologiques, en particulier dans la vall\u00e9e de Katmandou, ce qui sugg\u00e8re une combinaison d&rsquo;effets de directivit\u00e9 et de bassin profond (Lekkas et al., 2017).<\/p>\n<p>Parmi les types de b\u00e2timents dominants, d&rsquo;anciens b\u00e2timents du patrimoine culturel ont \u00e9t\u00e9 construits dans la zone touch\u00e9e par le tremblement de terre (Lekkas et al., 2017). Ils sont class\u00e9s comme des b\u00e2timents avec des structures traditionnelles en ma\u00e7onnerie de briques et \u00e0 ossature en bois, des structures en ma\u00e7onnerie de briques en mortier de chaux ou de boue et des b\u00e2timents en pierre. Trois styles de conception architecturale sont observ\u00e9s dans la zone touch\u00e9e : (a) Tiered\/Pagoda, (b) Chaitya\/Stupa et (c) Shikhara style. Malgr\u00e9 de nombreuses diff\u00e9rences au sein de chaque style, le principal syst\u00e8me porteur des temples traditionnels est constitu\u00e9 de murs en briques \u00e0 plusieurs niveaux. La couche ext\u00e9rieure est constitu\u00e9e de briques de bonne qualit\u00e9 (argile cuite), la couche interm\u00e9diaire de fragments de briques et de boue et la couche int\u00e9rieure de mat\u00e9riaux de mauvaise qualit\u00e9 (briques s\u00e9ch\u00e9es au soleil).<\/p>\n<p>La ma\u00e7onnerie et les structures du patrimoine culturel ont subi le plus de dommages en raison d&rsquo;une construction inad\u00e9quate et d&rsquo;un mauvais entretien. Dans le cas d&rsquo;une construction plus saine, ces b\u00e2timents sont rest\u00e9s intacts.<\/p>\n<p>Des destructions importantes ont \u00e9t\u00e9 observ\u00e9es dans divers complexes carr\u00e9s, sites du patrimoine mondial et de nombreuses autres structures historiques d&rsquo;importance culturelle et arch\u00e9ologique dans la vall\u00e9e de Katmandou (Lekkas et al., 2017). Les dommages observ\u00e9s varient consid\u00e9rablement en fonction de l&rsquo;\u00e2ge de la construction et des syst\u00e8mes structurels. Ils comprenaient principalement une d\u00e9formation r\u00e9siduelle du rez-de-chauss\u00e9e du temple, des fissures dans les murs de ma\u00e7onnerie, un effondrement partiel ou total des murs de ma\u00e7onnerie, un balancement de la charpente en bois et un effondrement partiel ou total de la structure. Les dommages subis par les structures du patrimoine culturel ancien sont dus \u00e0 l&rsquo;anciennet\u00e9 de la construction, \u00e0 des syst\u00e8mes structurels inhabituels, \u00e0 la fatigue des monuments due aux tremblements de terre ant\u00e9rieurs, au manque d&rsquo;entretien et \u00e0 la mauvaise qualit\u00e9 de la restauration apr\u00e8s le tremblement de terre de 1934 au N\u00e9pal-Bihar (Lekkas et al., 2017).<\/p>\n\t\t\t\t\t<\/div>\n\t\t\t\t\t\t<\/div>\n\t\t\t\t<\/div>\n\t\t\t\t<div class=\"elementor-element elementor-element-dac2856 elementor-widget elementor-widget-image\" data-id=\"dac2856\" data-element_type=\"widget\" data-widget_type=\"image.default\">\n\t\t\t\t<div class=\"elementor-widget-container\">\n\t\t\t\t\t\t\t\t<div class=\"elementor-image\">\n\t\t\t\t\t\t\t\t\t<figure class=\"wp-caption\">\n\t\t\t\t\t\t\t\t\t\t<img loading=\"lazy\" decoding=\"async\" width=\"1024\" height=\"768\" src=\"https:\/\/besafenet.net\/wp-content\/uploads\/2023\/07\/2015-Nepal-earthquake_042-1024x768.jpg\" class=\"attachment-large size-large wp-image-12371\" alt=\"\" srcset=\"https:\/\/besafenet.net\/wp-content\/uploads\/2023\/07\/2015-Nepal-earthquake_042-1024x768.jpg 1024w, https:\/\/besafenet.net\/wp-content\/uploads\/2023\/07\/2015-Nepal-earthquake_042-300x225.jpg 300w, https:\/\/besafenet.net\/wp-content\/uploads\/2023\/07\/2015-Nepal-earthquake_042-150x113.jpg 150w, https:\/\/besafenet.net\/wp-content\/uploads\/2023\/07\/2015-Nepal-earthquake_042-768x576.jpg 768w, https:\/\/besafenet.net\/wp-content\/uploads\/2023\/07\/2015-Nepal-earthquake_042-1536x1152.jpg 1536w, https:\/\/besafenet.net\/wp-content\/uploads\/2023\/07\/2015-Nepal-earthquake_042-2048x1536.jpg 2048w\" sizes=\"(max-width: 1024px) 100vw, 1024px\" \/>\t\t\t\t\t\t\t\t\t\t\t<figcaption class=\"widget-image-caption wp-caption-text\">Dharahara, \u00e9galement appel\u00e9e tour Bhimsen, une tour de neuf \u00e9tages construite en 1832, a \u00e9t\u00e9 compl\u00e8tement d\u00e9truite lors du tremblement de terre du 25 avril 2015 Mw = 7,8 au N\u00e9pal. (Photographie du professeur Dr. Efthymis Lekkas, N\u00e9pal 2015)<\/figcaption>\n\t\t\t\t\t\t\t\t\t\t<\/figure>\n\t\t\t\t\t\t\t\t<\/div>\n\t\t\t\t\t\t<\/div>\n\t\t\t\t<\/div>\n\t\t\t\t\t\t<\/div>\n\t\t\t\t\t<\/div>\n\t\t<\/div>\n\t\t\t\t\t\t\t\t<\/div>\n\t\t\t\t\t<\/div>\n\t\t<\/section>\n\t\t\t\t\t\t\t\t\t<\/div>\n\t\t\t<\/div>\n\t\t\t\t\t<\/div>\n\t\t<\/p>\n<\/div>\n\t\t\t\t<\/div>\n\t\t\t\t\t\t\t\t<\/div>\n\t\t\t\t<\/div>\n\t\t\t\t<\/div>\n\t\t\t\t\t\t<\/div>\n\t\t\t\t\t<\/div>\n\t\t<\/div>\n\t\t\t\t\t\t\t\t<\/div>\n\t\t\t\t\t<\/div>\n\t\t<\/section>\n\t\t\t\t\t\t\t\t\t<\/div>\n\t\t\t<\/div>\n\t\t\t\t\t<\/div>\n\t\t<\/p>\n<\/div>\n\t\t\t\t<\/div>\n\t\t\t\t\t\t\t<div class=\"elementor-accordion-item\">\n\t\t\t\t\t<div id=\"elementor-tab-title-1794\" class=\"elementor-tab-title\" data-tab=\"4\" role=\"tab\" aria-controls=\"elementor-tab-content-1794\" aria-expanded=\"false\">\n\t\t\t\t\t\t\t\t\t\t\t\t\t<span class=\"elementor-accordion-icon elementor-accordion-icon-left\" aria-hidden=\"true\">\n\t\t\t\t\t\t\t\t\t\t\t\t\t\t\t<span class=\"elementor-accordion-icon-closed\"><i class=\"fas fa-plus\"><\/i><\/span>\n\t\t\t\t\t\t\t\t<span class=\"elementor-accordion-icon-opened\"><i class=\"fas fa-minus\"><\/i><\/span>\n\t\t\t\t\t\t\t\t\t\t\t\t\t\t<\/span>\n\t\t\t\t\t\t\t\t\t\t\t\t<a class=\"elementor-accordion-title\" href=\"\">4. Comment les incendies affectent-ils le patrimoine culturel?<\/a>\n\t\t\t\t\t<\/div>\n\t\t\t\t\t<div id=\"elementor-tab-content-1794\" class=\"elementor-tab-content elementor-clearfix\" data-tab=\"4\" role=\"tabpanel\" aria-labelledby=\"elementor-tab-title-1794\"><p>\t\t<div data-elementor-type=\"wp-post\" data-elementor-id=\"12734\" class=\"elementor elementor-12734 elementor-12669\">\n\t\t\t\t\t\t<div class=\"elementor-inner\">\n\t\t\t\t<div class=\"elementor-section-wrap\">\n\t\t\t\t\t\t\t\t\t<section class=\"has_eae_slider elementor-section elementor-top-section elementor-element elementor-element-1881c2e elementor-section-boxed elementor-section-height-default elementor-section-height-default\" data-id=\"1881c2e\" data-element_type=\"section\">\n\t\t\t\t\t\t<div class=\"elementor-container elementor-column-gap-default\">\n\t\t\t\t\t\t\t<div class=\"elementor-row\">\n\t\t\t\t\t<div class=\"has_eae_slider elementor-column elementor-col-100 elementor-top-column elementor-element elementor-element-8072656\" data-id=\"8072656\" data-element_type=\"column\">\n\t\t\t<div class=\"elementor-column-wrap elementor-element-populated\">\n\t\t\t\t\t\t\t<div class=\"elementor-widget-wrap\">\n\t\t\t\t\t\t<div class=\"elementor-element elementor-element-7ff53cb elementor-widget elementor-widget-text-editor\" data-id=\"7ff53cb\" data-element_type=\"widget\" data-widget_type=\"text-editor.default\">\n\t\t\t\t<div class=\"elementor-widget-container\">\n\t\t\t\t\t\t\t\t<div class=\"elementor-text-editor elementor-clearfix\">\n\t\t\t\t<p>La crise climatique a entra\u00een\u00e9 une augmentation de plusieurs risques et des catastrophes qui en d\u00e9coulent. Parmi ces catastrophes, les incendies sont susceptibles d&rsquo;endommager des sites, des b\u00e2timents et des objets du patrimoine culturel. Les incendies peuvent \u00eatre principalement d\u00e9clench\u00e9s par la foudre, les feux de for\u00eat, les fuites de gaz, les feux d&rsquo;artifice, les installations ou \u00e9quipements \u00e9lectriques d\u00e9fectueux, le tabagisme, les bougies, les incendies criminels, les travaux de construction et de r\u00e9novation, etc. De plus, ils accompagnent les vents violents dans la plupart des cas et les tremblements de terre. Plusieurs centaines d&rsquo;incendies destructeurs ont d\u00e9j\u00e0 \u00e9t\u00e9 recens\u00e9s dans le monde et ont eu un impact consid\u00e9rable sur le patrimoine culturel. Ils ont entra\u00een\u00e9 l&rsquo;incendie total ou partiel d&rsquo;archives, de collections ou d&rsquo;objets importants, la d\u00e9formation par \u00e9chauffement et la destruction compl\u00e8te de b\u00e2timents historiques significatifs et l&#8217;embrasement de centres-villes historiques.<\/p>\n\t\t\t\t\t<\/div>\n\t\t\t\t\t\t<\/div>\n\t\t\t\t<\/div>\n\t\t\t\t<div class=\"elementor-element elementor-element-85f48a6 elementor-widget elementor-widget-image\" data-id=\"85f48a6\" data-element_type=\"widget\" data-widget_type=\"image.default\">\n\t\t\t\t<div class=\"elementor-widget-container\">\n\t\t\t\t\t\t\t\t<div class=\"elementor-image\">\n\t\t\t\t\t\t\t\t\t<figure class=\"wp-caption\">\n\t\t\t\t\t\t\t\t\t\t<img loading=\"lazy\" decoding=\"async\" width=\"1024\" height=\"677\" src=\"https:\/\/besafenet.net\/wp-content\/uploads\/2023\/07\/Notre-Dame_Paris_Fire_01-1024x677.jpeg\" class=\"attachment-large size-large wp-image-12355\" alt=\"\" srcset=\"https:\/\/besafenet.net\/wp-content\/uploads\/2023\/07\/Notre-Dame_Paris_Fire_01-1024x677.jpeg 1024w, https:\/\/besafenet.net\/wp-content\/uploads\/2023\/07\/Notre-Dame_Paris_Fire_01-300x198.jpeg 300w, https:\/\/besafenet.net\/wp-content\/uploads\/2023\/07\/Notre-Dame_Paris_Fire_01-150x99.jpeg 150w, https:\/\/besafenet.net\/wp-content\/uploads\/2023\/07\/Notre-Dame_Paris_Fire_01-768x508.jpeg 768w, https:\/\/besafenet.net\/wp-content\/uploads\/2023\/07\/Notre-Dame_Paris_Fire_01.jpeg 1123w\" sizes=\"(max-width: 1024px) 100vw, 1024px\" \/>\t\t\t\t\t\t\t\t\t\t\t<figcaption class=\"widget-image-caption wp-caption-text\"> Vue par drone de la cath\u00e9drale Notre-Dame de Paris, vieille de 850 ans, apr\u00e8s l&rsquo;incendie du 15 avril 2019. L&rsquo;incendie a endommag\u00e9 la toiture au-dessus de la nef et de l&rsquo;autel, ainsi que la fl\u00e8che en bois, qui s&rsquo;est effondr\u00e9e. (Photo du KCRG via CNN)<\/figcaption>\n\t\t\t\t\t\t\t\t\t\t<\/figure>\n\t\t\t\t\t\t\t\t<\/div>\n\t\t\t\t\t\t<\/div>\n\t\t\t\t<\/div>\n\t\t\t\t<div class=\"elementor-element elementor-element-ff62980 elementor-widget elementor-widget-accordion\" data-id=\"ff62980\" data-element_type=\"widget\" data-widget_type=\"accordion.default\">\n\t\t\t\t<div class=\"elementor-widget-container\">\n\t\t\t\t\t<div class=\"elementor-accordion\" role=\"tablist\">\n\t\t\t\t\t\t\t<div class=\"elementor-accordion-item\">\n\t\t\t\t\t<div id=\"elementor-tab-title-2671\" class=\"elementor-tab-title\" data-tab=\"1\" role=\"tab\" aria-controls=\"elementor-tab-content-2671\" aria-expanded=\"false\">\n\t\t\t\t\t\t\t\t\t\t\t\t\t<span class=\"elementor-accordion-icon elementor-accordion-icon-left\" aria-hidden=\"true\">\n\t\t\t\t\t\t\t\t\t\t\t\t\t\t\t<span class=\"elementor-accordion-icon-closed\"><i class=\"fas fa-plus\"><\/i><\/span>\n\t\t\t\t\t\t\t\t<span class=\"elementor-accordion-icon-opened\"><i class=\"fas fa-minus\"><\/i><\/span>\n\t\t\t\t\t\t\t\t\t\t\t\t\t\t<\/span>\n\t\t\t\t\t\t\t\t\t\t\t\t<a class=\"elementor-accordion-title\" href=\"\">4.1. L&rsquo;incendie du 15 avril 2019 dans la cath\u00e9drale Notre-Dame de Paris, vieille de 850 ans<\/a>\n\t\t\t\t\t<\/div>\n\t\t\t\t\t<div id=\"elementor-tab-content-2671\" class=\"elementor-tab-content elementor-clearfix\" data-tab=\"1\" role=\"tabpanel\" aria-labelledby=\"elementor-tab-title-2671\"><p>\t\t<div data-elementor-type=\"wp-post\" data-elementor-id=\"12736\" class=\"elementor elementor-12736 elementor-12671\">\n\t\t\t\t\t\t<div class=\"elementor-inner\">\n\t\t\t\t<div class=\"elementor-section-wrap\">\n\t\t\t\t\t\t\t\t\t<section class=\"has_eae_slider elementor-section elementor-top-section elementor-element elementor-element-d1588d9 elementor-section-boxed elementor-section-height-default elementor-section-height-default\" data-id=\"d1588d9\" data-element_type=\"section\">\n\t\t\t\t\t\t<div class=\"elementor-container elementor-column-gap-default\">\n\t\t\t\t\t\t\t<div class=\"elementor-row\">\n\t\t\t\t\t<div class=\"has_eae_slider elementor-column elementor-col-100 elementor-top-column elementor-element elementor-element-c79a4d4\" data-id=\"c79a4d4\" data-element_type=\"column\">\n\t\t\t<div class=\"elementor-column-wrap elementor-element-populated\">\n\t\t\t\t\t\t\t<div class=\"elementor-widget-wrap\">\n\t\t\t\t\t\t<div class=\"elementor-element elementor-element-216cd0e elementor-widget elementor-widget-text-editor\" data-id=\"216cd0e\" data-element_type=\"widget\" data-widget_type=\"text-editor.default\">\n\t\t\t\t<div class=\"elementor-widget-container\">\n\t\t\t\t\t\t\t\t<div class=\"elementor-text-editor elementor-clearfix\">\n\t\t\t\t<p>La cath\u00e9drale Notre-Dame est inscrite sur la liste du patrimoine mondial de l&rsquo;UNESCO depuis 1991 car elle est une structure religieuse majeure, un chef-d&rsquo;\u0153uvre de l&rsquo;architecture m\u00e9di\u00e9vale, un d\u00e9p\u00f4t de reliques et d&rsquo;\u0153uvres d&rsquo;art importantes, un symbole de Paris et un point de rep\u00e8re fran\u00e7ais.<\/p>\n<p>Le 15 avril 2019, la cath\u00e9drale Notre-Dame de Paris, vieille de 850 ans, a pris feu. Il a \u00e9t\u00e9 suppos\u00e9 que l&rsquo;incendie f\u00fbt li\u00e9 \u00e0 des travaux de r\u00e9novation en cours. La structure principale est rest\u00e9e intacte, mais l&rsquo;incendie a entra\u00een\u00e9 la destruction des fermes m\u00e9di\u00e9vales en bois soutenant le toit et le renversement de la c\u00e9l\u00e8bre fl\u00e8che, entra\u00eenant dans sa chute quelque 750 tonnes de pierre et de plomb.<\/p>\n<p>Les pompiers, les secouristes, le personnel de la cath\u00e9drale et les experts charg\u00e9s de la pr\u00e9servation de l&rsquo;art et de l&rsquo;architecture ont sauv\u00e9 toutes les reliques historiques et les \u0153uvres d&rsquo;art. Ils ont sauv\u00e9 la fa\u00e7ade, les tours, les murs, les contreforts et les vitraux gr\u00e2ce \u00e0 leur intervention rapide. Le grand orgue, qui compte plus de 8 000 tuyaux construits au XVIIIe si\u00e8cle, a \u00e9galement \u00e9t\u00e9 sauv\u00e9, mais il a subi des d\u00e9g\u00e2ts d&rsquo;eau. Heureusement, les statues en cuivre de la fl\u00e8che avaient \u00e9t\u00e9 enlev\u00e9es avant l&rsquo;incendie en raison des travaux de r\u00e9novation en cours. La vo\u00fbte en pierre qui forme le plafond de la cath\u00e9drale Notre-Dame a \u00e9t\u00e9 perc\u00e9e de plusieurs trous, mais est rest\u00e9e globalement intacte.<\/p>\n\t\t\t\t\t<\/div>\n\t\t\t\t\t\t<\/div>\n\t\t\t\t<\/div>\n\t\t\t\t<div class=\"elementor-element elementor-element-97008f6 elementor-widget elementor-widget-image\" data-id=\"97008f6\" data-element_type=\"widget\" data-widget_type=\"image.default\">\n\t\t\t\t<div class=\"elementor-widget-container\">\n\t\t\t\t\t\t\t\t<div class=\"elementor-image\">\n\t\t\t\t\t\t\t\t\t<figure class=\"wp-caption\">\n\t\t\t\t\t\t\t\t\t\t<img loading=\"lazy\" decoding=\"async\" width=\"683\" height=\"1024\" src=\"https:\/\/besafenet.net\/wp-content\/uploads\/2023\/07\/Notre-Dame_Paris_Fire_03-683x1024.jpg\" class=\"attachment-large size-large wp-image-12360\" alt=\"\" srcset=\"https:\/\/besafenet.net\/wp-content\/uploads\/2023\/07\/Notre-Dame_Paris_Fire_03-683x1024.jpg 683w, https:\/\/besafenet.net\/wp-content\/uploads\/2023\/07\/Notre-Dame_Paris_Fire_03-200x300.jpg 200w, https:\/\/besafenet.net\/wp-content\/uploads\/2023\/07\/Notre-Dame_Paris_Fire_03-100x150.jpg 100w, https:\/\/besafenet.net\/wp-content\/uploads\/2023\/07\/Notre-Dame_Paris_Fire_03-768x1152.jpg 768w, https:\/\/besafenet.net\/wp-content\/uploads\/2023\/07\/Notre-Dame_Paris_Fire_03-1024x1536.jpg 1024w, https:\/\/besafenet.net\/wp-content\/uploads\/2023\/07\/Notre-Dame_Paris_Fire_03.jpg 1280w\" sizes=\"(max-width: 683px) 100vw, 683px\" \/>\t\t\t\t\t\t\t\t\t\t\t<figcaption class=\"widget-image-caption wp-caption-text\">Dommages caus\u00e9s par le feu dans le toit de la cath\u00e9drale Notre-Dame de Paris, vieille de 850 ans, apr\u00e8s la catastrophe du 15 avril 2019. (Photo du Ludovic Marin \/ AFP \/  Getty Images)<\/figcaption>\n\t\t\t\t\t\t\t\t\t\t<\/figure>\n\t\t\t\t\t\t\t\t<\/div>\n\t\t\t\t\t\t<\/div>\n\t\t\t\t<\/div>\n\t\t\t\t\t\t<\/div>\n\t\t\t\t\t<\/div>\n\t\t<\/div>\n\t\t\t\t\t\t\t\t<\/div>\n\t\t\t\t\t<\/div>\n\t\t<\/section>\n\t\t\t\t\t\t\t\t\t<\/div>\n\t\t\t<\/div>\n\t\t\t\t\t<\/div>\n\t\t<\/p>\n<\/div>\n\t\t\t\t<\/div>\n\t\t\t\t\t\t\t\t<\/div>\n\t\t\t\t<\/div>\n\t\t\t\t<\/div>\n\t\t\t\t\t\t<\/div>\n\t\t\t\t\t<\/div>\n\t\t<\/div>\n\t\t\t\t\t\t\t\t<\/div>\n\t\t\t\t\t<\/div>\n\t\t<\/section>\n\t\t\t\t\t\t\t\t\t<\/div>\n\t\t\t<\/div>\n\t\t\t\t\t<\/div>\n\t\t<\/p>\n<\/div>\n\t\t\t\t<\/div>\n\t\t\t\t\t\t\t<div class=\"elementor-accordion-item\">\n\t\t\t\t\t<div id=\"elementor-tab-title-1795\" class=\"elementor-tab-title\" data-tab=\"5\" role=\"tab\" aria-controls=\"elementor-tab-content-1795\" aria-expanded=\"false\">\n\t\t\t\t\t\t\t\t\t\t\t\t\t<span class=\"elementor-accordion-icon elementor-accordion-icon-left\" aria-hidden=\"true\">\n\t\t\t\t\t\t\t\t\t\t\t\t\t\t\t<span class=\"elementor-accordion-icon-closed\"><i class=\"fas fa-plus\"><\/i><\/span>\n\t\t\t\t\t\t\t\t<span class=\"elementor-accordion-icon-opened\"><i class=\"fas fa-minus\"><\/i><\/span>\n\t\t\t\t\t\t\t\t\t\t\t\t\t\t<\/span>\n\t\t\t\t\t\t\t\t\t\t\t\t<a class=\"elementor-accordion-title\" href=\"\">5. Comment les inondations affectent-elles le patrimoine culturel?<\/a>\n\t\t\t\t\t<\/div>\n\t\t\t\t\t<div id=\"elementor-tab-content-1795\" class=\"elementor-tab-content elementor-clearfix\" data-tab=\"5\" role=\"tabpanel\" aria-labelledby=\"elementor-tab-title-1795\"><p>\t\t<div data-elementor-type=\"wp-post\" data-elementor-id=\"12738\" class=\"elementor elementor-12738 elementor-12678\">\n\t\t\t\t\t\t<div class=\"elementor-inner\">\n\t\t\t\t<div class=\"elementor-section-wrap\">\n\t\t\t\t\t\t\t\t\t<section class=\"has_eae_slider elementor-section elementor-top-section elementor-element elementor-element-abb8dd8 elementor-section-boxed elementor-section-height-default elementor-section-height-default\" data-id=\"abb8dd8\" data-element_type=\"section\">\n\t\t\t\t\t\t<div class=\"elementor-container elementor-column-gap-default\">\n\t\t\t\t\t\t\t<div class=\"elementor-row\">\n\t\t\t\t\t<div class=\"has_eae_slider elementor-column elementor-col-100 elementor-top-column elementor-element elementor-element-e32a640\" data-id=\"e32a640\" data-element_type=\"column\">\n\t\t\t<div class=\"elementor-column-wrap elementor-element-populated\">\n\t\t\t\t\t\t\t<div class=\"elementor-widget-wrap\">\n\t\t\t\t\t\t<div class=\"elementor-element elementor-element-790f062 elementor-widget elementor-widget-text-editor\" data-id=\"790f062\" data-element_type=\"widget\" data-widget_type=\"text-editor.default\">\n\t\t\t\t<div class=\"elementor-widget-container\">\n\t\t\t\t\t\t\t\t<div class=\"elementor-text-editor elementor-clearfix\">\n\t\t\t\t<p>Les inondations sont les catastrophes naturelles les plus fr\u00e9quentes qui ont des effets n\u00e9gatifs croissants sur l&rsquo;environnement b\u00e2ti. En ce qui concerne leur \u00e9tendue et leur dur\u00e9e, elles peuvent aller de petits \u00e9v\u00e9nements ayant un impact local \u00e0 des \u00e9v\u00e9nements d\u00e9sastreux affectant de vastes territoires et plusieurs pays. Les dommages caus\u00e9s par les inondations varient d&rsquo;un endommagement l\u00e9ger des \u00e9l\u00e9ments non structurels \u00e0 l&rsquo;effondrement partiel ou total de la structure. Ils peuvent \u00eatre principalement attribu\u00e9s aux charges statiques et dynamiques, \u00e0 l&rsquo;\u00e9crasement par des objets flottants, \u00e0 l&rsquo;humidification des mat\u00e9riaux de construction et des \u00e9l\u00e9ments structurels et non structurels du b\u00e2timent, ainsi qu&rsquo;\u00e0 la pollution chimique et \u00e0 l&rsquo;infection biologique. Les inondations soudaines, qui se caract\u00e9risent par une mont\u00e9e et une descente rapides des eaux, repr\u00e9sentent un grand danger pour le patrimoine culturel mobile (par exemple, les archives et les objets dans les mus\u00e9es). Bien que les inondations soient g\u00e9n\u00e9ralement de courte dur\u00e9e, la restauration des sites du patrimoine culturel exige un temps tr\u00e8s long et des efforts consid\u00e9rables.<\/p>\n\t\t\t\t\t<\/div>\n\t\t\t\t\t\t<\/div>\n\t\t\t\t<\/div>\n\t\t\t\t<div class=\"elementor-element elementor-element-0fba611 elementor-widget elementor-widget-image\" data-id=\"0fba611\" data-element_type=\"widget\" data-widget_type=\"image.default\">\n\t\t\t\t<div class=\"elementor-widget-container\">\n\t\t\t\t\t\t\t\t<div class=\"elementor-image\">\n\t\t\t\t\t\t\t\t\t<figure class=\"wp-caption\">\n\t\t\t\t\t\t\t\t\t\t<img loading=\"lazy\" decoding=\"async\" width=\"1024\" height=\"768\" src=\"https:\/\/besafenet.net\/wp-content\/uploads\/2023\/07\/Olympia_Kladeos_012-1024x768.jpg\" class=\"attachment-large size-large wp-image-12365\" alt=\"\" srcset=\"https:\/\/besafenet.net\/wp-content\/uploads\/2023\/07\/Olympia_Kladeos_012-1024x768.jpg 1024w, https:\/\/besafenet.net\/wp-content\/uploads\/2023\/07\/Olympia_Kladeos_012-300x225.jpg 300w, https:\/\/besafenet.net\/wp-content\/uploads\/2023\/07\/Olympia_Kladeos_012-150x113.jpg 150w, https:\/\/besafenet.net\/wp-content\/uploads\/2023\/07\/Olympia_Kladeos_012-768x576.jpg 768w, https:\/\/besafenet.net\/wp-content\/uploads\/2023\/07\/Olympia_Kladeos_012-1536x1152.jpg 1536w, https:\/\/besafenet.net\/wp-content\/uploads\/2023\/07\/Olympia_Kladeos_012.jpg 2048w\" sizes=\"(max-width: 1024px) 100vw, 1024px\" \/>\t\t\t\t\t\t\t\t\t\t\t<figcaption class=\"widget-image-caption wp-caption-text\">Une partie du mur de protection contre les inondations situ\u00e9 \u00e0 l&rsquo;ouest du lit de la rivi\u00e8re Kladeos, en aval du grand pont d&rsquo;Olympie. Les grandes pierres conglom\u00e9ratiques du mur myc\u00e9nien d&rsquo;origine se trouvent dans la partie inf\u00e9rieure et les pierres de champ de la r\u00e9paration romaine se trouvent dans la partie sup\u00e9rieure. L&rsquo;ensemble de la structure \u00e9tait enfoui sous des d\u00e9p\u00f4ts de crue et a \u00e9t\u00e9 r\u00e9v\u00e9l\u00e9 lors des fouilles men\u00e9es par l&rsquo;Institut arch\u00e9ologique allemand. (Photo du Dr. Spyridon Mavroulis)<\/figcaption>\n\t\t\t\t\t\t\t\t\t\t<\/figure>\n\t\t\t\t\t\t\t\t<\/div>\n\t\t\t\t\t\t<\/div>\n\t\t\t\t<\/div>\n\t\t\t\t<div class=\"elementor-element elementor-element-6e54104 elementor-widget elementor-widget-accordion\" data-id=\"6e54104\" data-element_type=\"widget\" data-widget_type=\"accordion.default\">\n\t\t\t\t<div class=\"elementor-widget-container\">\n\t\t\t\t\t<div class=\"elementor-accordion\" role=\"tablist\">\n\t\t\t\t\t\t\t<div class=\"elementor-accordion-item\">\n\t\t\t\t\t<div id=\"elementor-tab-title-1151\" class=\"elementor-tab-title\" data-tab=\"1\" role=\"tab\" aria-controls=\"elementor-tab-content-1151\" aria-expanded=\"false\">\n\t\t\t\t\t\t\t\t\t\t\t\t\t<span class=\"elementor-accordion-icon elementor-accordion-icon-left\" aria-hidden=\"true\">\n\t\t\t\t\t\t\t\t\t\t\t\t\t\t\t<span class=\"elementor-accordion-icon-closed\"><i class=\"fas fa-plus\"><\/i><\/span>\n\t\t\t\t\t\t\t\t<span class=\"elementor-accordion-icon-opened\"><i class=\"fas fa-minus\"><\/i><\/span>\n\t\t\t\t\t\t\t\t\t\t\t\t\t\t<\/span>\n\t\t\t\t\t\t\t\t\t\t\t\t<a class=\"elementor-accordion-title\" href=\"\">5.1. Inondations sur le site arch\u00e9ologique d&rsquo;Olympie (centre-ouest du P\u00e9loponn\u00e8se, Gr\u00e8ce)<\/a>\n\t\t\t\t\t<\/div>\n\t\t\t\t\t<div id=\"elementor-tab-content-1151\" class=\"elementor-tab-content elementor-clearfix\" data-tab=\"1\" role=\"tabpanel\" aria-labelledby=\"elementor-tab-title-1151\"><p>\t\t<div data-elementor-type=\"wp-post\" data-elementor-id=\"12740\" class=\"elementor elementor-12740 elementor-12680\">\n\t\t\t\t\t\t<div class=\"elementor-inner\">\n\t\t\t\t<div class=\"elementor-section-wrap\">\n\t\t\t\t\t\t\t\t\t<section class=\"has_eae_slider elementor-section elementor-top-section elementor-element elementor-element-177ff82 elementor-section-boxed elementor-section-height-default elementor-section-height-default\" data-id=\"177ff82\" data-element_type=\"section\">\n\t\t\t\t\t\t<div class=\"elementor-container elementor-column-gap-default\">\n\t\t\t\t\t\t\t<div class=\"elementor-row\">\n\t\t\t\t\t<div class=\"has_eae_slider elementor-column elementor-col-100 elementor-top-column elementor-element elementor-element-81b549a\" data-id=\"81b549a\" data-element_type=\"column\">\n\t\t\t<div class=\"elementor-column-wrap elementor-element-populated\">\n\t\t\t\t\t\t\t<div class=\"elementor-widget-wrap\">\n\t\t\t\t\t\t<div class=\"elementor-element elementor-element-abcbf8f elementor-widget elementor-widget-text-editor\" data-id=\"abcbf8f\" data-element_type=\"widget\" data-widget_type=\"text-editor.default\">\n\t\t\t\t<div class=\"elementor-widget-container\">\n\t\t\t\t\t\t\t\t<div class=\"elementor-text-editor elementor-clearfix\">\n\t\t\t\t<p>Le site arch\u00e9ologique d&rsquo;Olympie est habit\u00e9 depuis la pr\u00e9histoire. Au 10e si\u00e8cle avant J.-C., Olympie est devenue un centre de culte pour le dieu grec Zeus. L&rsquo;Altis &#8211; le sanctuaire des dieux &#8211; poss\u00e8de l&rsquo;une des plus fortes concentrations de chefs-d&rsquo;\u0153uvre du monde grec antique. Outre les temples, le site comprend les vestiges de toutes les structures sportives \u00e9rig\u00e9es pour les Jeux olympiques, qui se tenaient \u00e0 Olympie tous les quatre ans \u00e0 partir de 776 av.<\/p>\n<p>Au cours de sa longue existence dans une zone soumise \u00e0 des processus endog\u00e8nes et exog\u00e8nes intenses, le site arch\u00e9ologique a \u00e9t\u00e9 affect\u00e9 par plusieurs risques, notamment des tremblements de terre, des glissements de terrain, des inondations et des incendies. Fountoulis et al. (2008) ont pr\u00e9sent\u00e9 les cons\u00e9quences d\u00e9sastreuses de l&rsquo;action fluviale du Kladeos sur les travaux de protection contre les inondations du site d&rsquo;Olympie, de la p\u00e9riode pr\u00e9historique \u00e0 la p\u00e9riode romaine. Ils combinent des donn\u00e9es arch\u00e9ologiques et g\u00e9ologiques pour la zone \u00e9tudi\u00e9e et per\u00e7oivent les changements et les d\u00e9placements du lit adjacent de la rivi\u00e8re Kladeos. Ils ont distingu\u00e9 trois p\u00e9riodes de fortes inondations li\u00e9es aux changements climatiques en se basant sur les erreurs des anciens ouvrages de protection contre les inondations. La premi\u00e8re p\u00e9riode d&rsquo;inondation s&rsquo;est d\u00e9roul\u00e9e de 1300 \u00e0 400 avant J.-C., pendant la transition entre les basses et les hautes temp\u00e9ratures. La deuxi\u00e8me p\u00e9riode d&rsquo;inondation a dur\u00e9 de 200 \u00e0 400 apr\u00e8s JC. La principale caract\u00e9ristique de cette p\u00e9riode est l&rsquo;ampleur des \u00e9v\u00e9nements alluviaux sur la rivi\u00e8re Kladeos, en liaison avec des temp\u00e9ratures relativement \u00e9lev\u00e9es et des d\u00e9bits importants. La troisi\u00e8me p\u00e9riode d&rsquo;inondation s&rsquo;est d\u00e9roul\u00e9e de 700 \u00e0 1400 apr\u00e8s J.-C. et est le r\u00e9sultat d&rsquo;une alternance de conditions chaudes et froides. Au cours de cette p\u00e9riode, le sanctuaire d&rsquo;Olympie a \u00e9t\u00e9 enti\u00e8rement recouvert par les d\u00e9p\u00f4ts de crue et a disparu jusqu&rsquo;aux premi\u00e8res fouilles du XIXe si\u00e8cle.<\/p>\n\t\t\t\t\t<\/div>\n\t\t\t\t\t\t<\/div>\n\t\t\t\t<\/div>\n\t\t\t\t<div class=\"elementor-element elementor-element-dfa41fc elementor-widget elementor-widget-image\" data-id=\"dfa41fc\" data-element_type=\"widget\" data-widget_type=\"image.default\">\n\t\t\t\t<div class=\"elementor-widget-container\">\n\t\t\t\t\t\t\t\t<div class=\"elementor-image\">\n\t\t\t\t\t\t\t\t\t<figure class=\"wp-caption\">\n\t\t\t\t\t\t\t\t\t\t<img loading=\"lazy\" decoding=\"async\" width=\"1024\" height=\"768\" src=\"https:\/\/besafenet.net\/wp-content\/uploads\/2023\/07\/Olympia_Kladeos_02.jpg\" class=\"attachment-large size-large wp-image-12391\" alt=\"\" \/>\t\t\t\t\t\t\t\t\t\t\t<figcaption class=\"widget-image-caption wp-caption-text\">Une partie du mur de protection contre les inondations construit \u00e0 l&rsquo;ouest du lit de la rivi\u00e8re Kladeos, en aval du grand pont d&rsquo;Olympie. L&rsquo;ensemble de la structure \u00e9tait enfoui sous des d\u00e9p\u00f4ts de crue et a \u00e9t\u00e9 r\u00e9v\u00e9l\u00e9 lors des fouilles men\u00e9es par l&rsquo;Institut arch\u00e9ologique allemand. (Photo du Dr. Spyridon Mavroulis)<\/figcaption>\n\t\t\t\t\t\t\t\t\t\t<\/figure>\n\t\t\t\t\t\t\t\t<\/div>\n\t\t\t\t\t\t<\/div>\n\t\t\t\t<\/div>\n\t\t\t\t\t\t<\/div>\n\t\t\t\t\t<\/div>\n\t\t<\/div>\n\t\t\t\t\t\t\t\t<\/div>\n\t\t\t\t\t<\/div>\n\t\t<\/section>\n\t\t\t\t\t\t\t\t\t<\/div>\n\t\t\t<\/div>\n\t\t\t\t\t<\/div>\n\t\t<\/p>\n<\/div>\n\t\t\t\t<\/div>\n\t\t\t\t\t\t\t<div class=\"elementor-accordion-item\">\n\t\t\t\t\t<div id=\"elementor-tab-title-1152\" class=\"elementor-tab-title\" data-tab=\"2\" role=\"tab\" aria-controls=\"elementor-tab-content-1152\" aria-expanded=\"false\">\n\t\t\t\t\t\t\t\t\t\t\t\t\t<span class=\"elementor-accordion-icon elementor-accordion-icon-left\" aria-hidden=\"true\">\n\t\t\t\t\t\t\t\t\t\t\t\t\t\t\t<span class=\"elementor-accordion-icon-closed\"><i class=\"fas fa-plus\"><\/i><\/span>\n\t\t\t\t\t\t\t\t<span class=\"elementor-accordion-icon-opened\"><i class=\"fas fa-minus\"><\/i><\/span>\n\t\t\t\t\t\t\t\t\t\t\t\t\t\t<\/span>\n\t\t\t\t\t\t\t\t\t\t\t\t<a class=\"elementor-accordion-title\" href=\"\">5.2. L&rsquo;impact des tassements diff\u00e9rentiels sur l&rsquo;\u00e9glise Saint-Georges (Le Vieux Caire, \u00c9gypte)<\/a>\n\t\t\t\t\t<\/div>\n\t\t\t\t\t<div id=\"elementor-tab-content-1152\" class=\"elementor-tab-content elementor-clearfix\" data-tab=\"2\" role=\"tabpanel\" aria-labelledby=\"elementor-tab-title-1152\"><p>\t\t<div data-elementor-type=\"wp-post\" data-elementor-id=\"12742\" class=\"elementor elementor-12742 elementor-12685\">\n\t\t\t\t\t\t<div class=\"elementor-inner\">\n\t\t\t\t<div class=\"elementor-section-wrap\">\n\t\t\t\t\t\t\t\t\t<section class=\"has_eae_slider elementor-section elementor-top-section elementor-element elementor-element-9d8d030 elementor-section-boxed elementor-section-height-default elementor-section-height-default\" data-id=\"9d8d030\" data-element_type=\"section\">\n\t\t\t\t\t\t<div class=\"elementor-container elementor-column-gap-default\">\n\t\t\t\t\t\t\t<div class=\"elementor-row\">\n\t\t\t\t\t<div class=\"has_eae_slider elementor-column elementor-col-100 elementor-top-column elementor-element elementor-element-9d1109d\" data-id=\"9d1109d\" data-element_type=\"column\">\n\t\t\t<div class=\"elementor-column-wrap elementor-element-populated\">\n\t\t\t\t\t\t\t<div class=\"elementor-widget-wrap\">\n\t\t\t\t\t\t<div class=\"elementor-element elementor-element-e4ad2b0 elementor-widget elementor-widget-text-editor\" data-id=\"e4ad2b0\" data-element_type=\"widget\" data-widget_type=\"text-editor.default\">\n\t\t\t\t<div class=\"elementor-widget-container\">\n\t\t\t\t\t\t\t\t<div class=\"elementor-text-editor elementor-clearfix\">\n\t\t\t\t<p>L&rsquo;\u00e9glise Saint-Georges (Le Vieux Caire, \u00c9gypte) est un complexe unique de b\u00e2timents en ma\u00e7onnerie comprenant des structures de diff\u00e9rentes \u00e9poques (p\u00e9riodes pharaonique, m\u00e9di\u00e9vale et romaine, construction de 1909, modifications de 1909 \u00e0 1930, reconstruction de 1941). La zone a \u00e9t\u00e9 affect\u00e9e par des inondations avant la construction du haut barrage d&rsquo;Assouan et par le niveau \u00e9lev\u00e9 de la nappe phr\u00e9atique du Nil, ce qui a entra\u00een\u00e9 un chargement et un d\u00e9chargement des sols et des tassements du sol. De plus, le niveau \u00e9lev\u00e9 de la nappe phr\u00e9atique a inond\u00e9 les \u00e9tages inf\u00e9rieurs de la structure. Le complexe de b\u00e2timents est fond\u00e9 sur des sables alluviaux denses, des limons et des sols argileux, pendant les p\u00e9riodes de basses eaux du fleuve. Certaines parties du temple sont fond\u00e9es sur des sols peu profonds, tandis que sa partie int\u00e9rieure est construite sur les vestiges d&rsquo;une tour romaine, qui est fond\u00e9e sur des sols plus profonds. L&rsquo;\u00e9glise pr\u00e9sentait un risque mod\u00e9r\u00e9 d&rsquo;\u00eatre endommag\u00e9e par des vibrations de construction importantes, des tassements diff\u00e9rentiels dus \u00e0 l&rsquo;abaissement de la nappe phr\u00e9atique ou des tremblements de terre (Lekkas et al., 2018).<\/p>\n<p>En tenant compte de divers facteurs, dont les conditions g\u00e9ologiques, g\u00e9otechniques et hydrog\u00e9ologiques du site, les d\u00e9faillances de l&rsquo;\u00e9glise ont \u00e9t\u00e9 attribu\u00e9es \u00e0 la complexit\u00e9 du b\u00e2timent et aux tassements diff\u00e9rentiels induits par les fluctuations du niveau de la nappe phr\u00e9atique (Lekkas et al., 2018). L&rsquo;abaissement de la nappe phr\u00e9atique dans le cadre d&rsquo;un projet d&rsquo;ass\u00e8chement plus important a \u00e9t\u00e9 propos\u00e9 et les tassements attendus ont \u00e9t\u00e9 calcul\u00e9s. Apr\u00e8s la fin de l&rsquo;abaissement de la nappe phr\u00e9atique, les tassements diff\u00e9rentiels ont \u00e9t\u00e9 mesur\u00e9s, confirmant les calculs susmentionn\u00e9s. Pour la pr\u00e9servation du monument, le maintien du niveau de la nappe phr\u00e9atique sous les fondations les plus anciennes et l&rsquo;installation de syst\u00e8mes de surveillance des fissures ont \u00e9t\u00e9 propos\u00e9s (Lekkas et al., 2018).<\/p>\n\t\t\t\t\t<\/div>\n\t\t\t\t\t\t<\/div>\n\t\t\t\t<\/div>\n\t\t\t\t\t\t<\/div>\n\t\t\t\t\t<\/div>\n\t\t<\/div>\n\t\t\t\t\t\t\t\t<\/div>\n\t\t\t\t\t<\/div>\n\t\t<\/section>\n\t\t\t\t\t\t\t\t\t<\/div>\n\t\t\t<\/div>\n\t\t\t\t\t<\/div>\n\t\t<\/p>\n<\/div>\n\t\t\t\t<\/div>\n\t\t\t\t\t\t\t\t<\/div>\n\t\t\t\t<\/div>\n\t\t\t\t<\/div>\n\t\t\t\t\t\t<\/div>\n\t\t\t\t\t<\/div>\n\t\t<\/div>\n\t\t\t\t\t\t\t\t<\/div>\n\t\t\t\t\t<\/div>\n\t\t<\/section>\n\t\t\t\t\t\t\t\t\t<\/div>\n\t\t\t<\/div>\n\t\t\t\t\t<\/div>\n\t\t<\/p>\n<\/div>\n\t\t\t\t<\/div>\n\t\t\t\t\t\t\t<div class=\"elementor-accordion-item\">\n\t\t\t\t\t<div id=\"elementor-tab-title-1796\" class=\"elementor-tab-title\" data-tab=\"6\" role=\"tab\" aria-controls=\"elementor-tab-content-1796\" aria-expanded=\"false\">\n\t\t\t\t\t\t\t\t\t\t\t\t\t<span class=\"elementor-accordion-icon elementor-accordion-icon-left\" aria-hidden=\"true\">\n\t\t\t\t\t\t\t\t\t\t\t\t\t\t\t<span class=\"elementor-accordion-icon-closed\"><i class=\"fas fa-plus\"><\/i><\/span>\n\t\t\t\t\t\t\t\t<span class=\"elementor-accordion-icon-opened\"><i class=\"fas fa-minus\"><\/i><\/span>\n\t\t\t\t\t\t\t\t\t\t\t\t\t\t<\/span>\n\t\t\t\t\t\t\t\t\t\t\t\t<a class=\"elementor-accordion-title\" href=\"\">6. Comment les ruptures de pente affectent-elles le patrimoine culturel?<\/a>\n\t\t\t\t\t<\/div>\n\t\t\t\t\t<div id=\"elementor-tab-content-1796\" class=\"elementor-tab-content elementor-clearfix\" data-tab=\"6\" role=\"tabpanel\" aria-labelledby=\"elementor-tab-title-1796\"><p>\t\t<div data-elementor-type=\"wp-post\" data-elementor-id=\"12744\" class=\"elementor elementor-12744 elementor-12689\">\n\t\t\t\t\t\t<div class=\"elementor-inner\">\n\t\t\t\t<div class=\"elementor-section-wrap\">\n\t\t\t\t\t\t\t\t\t<section class=\"has_eae_slider elementor-section elementor-top-section elementor-element elementor-element-ce95bdc elementor-section-boxed elementor-section-height-default elementor-section-height-default\" data-id=\"ce95bdc\" data-element_type=\"section\">\n\t\t\t\t\t\t<div class=\"elementor-container elementor-column-gap-default\">\n\t\t\t\t\t\t\t<div class=\"elementor-row\">\n\t\t\t\t\t<div class=\"has_eae_slider elementor-column elementor-col-100 elementor-top-column elementor-element elementor-element-d2eb6f9\" data-id=\"d2eb6f9\" data-element_type=\"column\">\n\t\t\t<div class=\"elementor-column-wrap elementor-element-populated\">\n\t\t\t\t\t\t\t<div class=\"elementor-widget-wrap\">\n\t\t\t\t\t\t<div class=\"elementor-element elementor-element-88d3612 elementor-widget elementor-widget-text-editor\" data-id=\"88d3612\" data-element_type=\"widget\" data-widget_type=\"text-editor.default\">\n\t\t\t\t<div class=\"elementor-widget-container\">\n\t\t\t\t\t\t\t\t<div class=\"elementor-text-editor elementor-clearfix\">\n\t\t\t\t<p>Les ruptures de pente sont principalement d\u00e9clench\u00e9es par les tremblements de terre, les fortes pluies, les inondations, l&rsquo;\u00e9rosion fluviale et marine et les activit\u00e9s humaines. Ils ont \u00e9galement un fort potentiel de dommages aux monuments, b\u00e2timents, sites et objets du patrimoine culturel. Ils sont class\u00e9s en diff\u00e9rents types, notamment les chutes, les glissements, les coul\u00e9es et les avalanches de roches et de sols, d\u00e9clench\u00e9s et contr\u00f4l\u00e9s par divers facteurs sismotectoniques, topographiques, climatiques et lithologiques, notamment la lithologie, l&rsquo;altitude, la pente, l&rsquo;aspect, la courbure, la distance par rapport aux failles, aux rivi\u00e8res et aux routes, les pics d&rsquo;acc\u00e9l\u00e9ration du sol et les pr\u00e9cipitations. Ces ph\u00e9nom\u00e8nes peuvent entra\u00eener la dislocation du b\u00e2timent ou de l&rsquo;objet du patrimoine culturel, de graves d\u00e9formations, le renversement des b\u00e2timents et la destruction compl\u00e8te du monument, du b\u00e2timent, du site et de l&rsquo;objet du patrimoine culturel.<\/p>\n\t\t\t\t\t<\/div>\n\t\t\t\t\t\t<\/div>\n\t\t\t\t<\/div>\n\t\t\t\t<div class=\"elementor-element elementor-element-69b6f8b elementor-widget elementor-widget-image\" data-id=\"69b6f8b\" data-element_type=\"widget\" data-widget_type=\"image.default\">\n\t\t\t\t<div class=\"elementor-widget-container\">\n\t\t\t\t\t\t\t\t<div class=\"elementor-image\">\n\t\t\t\t\t\t\t\t\t<figure class=\"wp-caption\">\n\t\t\t\t\t\t\t\t\t\t<img loading=\"lazy\" decoding=\"async\" width=\"1024\" height=\"683\" src=\"https:\/\/besafenet.net\/wp-content\/uploads\/2023\/07\/Delfoi_04.jpg\" class=\"attachment-large size-large wp-image-12386\" alt=\"\" \/>\t\t\t\t\t\t\t\t\t\t\t<figcaption class=\"widget-image-caption wp-caption-text\">Le temple d&rsquo;Apollon, dieu de la musique, de l&rsquo;harmonie, de la lumi\u00e8re, de la gu\u00e9rison et des oracles, occupait la position la plus importante dans le sanctuaire panhell\u00e9nique de Delphes. Il est construit \u00e0 proximit\u00e9 de pentes hautes et abruptes (pierres de Faedriades), qui correspondent \u00e0 un escarpement de faille orient\u00e9 est-ouest qui forme la marge nord du bassin du golfe de Corinthe. Elles sont sujettes \u00e0 des chutes de pierres qui risquent fort d&rsquo;endommager les monuments du site de Delphes. (Photo du professeur Dr. Efthymis Lekkas)<\/figcaption>\n\t\t\t\t\t\t\t\t\t\t<\/figure>\n\t\t\t\t\t\t\t\t<\/div>\n\t\t\t\t\t\t<\/div>\n\t\t\t\t<\/div>\n\t\t\t\t<div class=\"elementor-element elementor-element-17de3be elementor-widget elementor-widget-accordion\" data-id=\"17de3be\" data-element_type=\"widget\" data-widget_type=\"accordion.default\">\n\t\t\t\t<div class=\"elementor-widget-container\">\n\t\t\t\t\t<div class=\"elementor-accordion\" role=\"tablist\">\n\t\t\t\t\t\t\t<div class=\"elementor-accordion-item\">\n\t\t\t\t\t<div id=\"elementor-tab-title-2501\" class=\"elementor-tab-title\" data-tab=\"1\" role=\"tab\" aria-controls=\"elementor-tab-content-2501\" aria-expanded=\"false\">\n\t\t\t\t\t\t\t\t\t\t\t\t\t<span class=\"elementor-accordion-icon elementor-accordion-icon-left\" aria-hidden=\"true\">\n\t\t\t\t\t\t\t\t\t\t\t\t\t\t\t<span class=\"elementor-accordion-icon-closed\"><i class=\"fas fa-plus\"><\/i><\/span>\n\t\t\t\t\t\t\t\t<span class=\"elementor-accordion-icon-opened\"><i class=\"fas fa-minus\"><\/i><\/span>\n\t\t\t\t\t\t\t\t\t\t\t\t\t\t<\/span>\n\t\t\t\t\t\t\t\t\t\t\t\t<a class=\"elementor-accordion-title\" href=\"\">6.1. Rupture de pente sur le site arch\u00e9ologique d&rsquo;Olympie (centre-ouest du P\u00e9loponn\u00e8se, Gr\u00e8ce)<\/a>\n\t\t\t\t\t<\/div>\n\t\t\t\t\t<div id=\"elementor-tab-content-2501\" class=\"elementor-tab-content elementor-clearfix\" data-tab=\"1\" role=\"tabpanel\" aria-labelledby=\"elementor-tab-title-2501\"><p>\t\t<div data-elementor-type=\"wp-post\" data-elementor-id=\"12746\" class=\"elementor elementor-12746 elementor-12692\">\n\t\t\t\t\t\t<div class=\"elementor-inner\">\n\t\t\t\t<div class=\"elementor-section-wrap\">\n\t\t\t\t\t\t\t\t\t<section class=\"has_eae_slider elementor-section elementor-top-section elementor-element elementor-element-720c95c elementor-section-boxed elementor-section-height-default elementor-section-height-default\" data-id=\"720c95c\" data-element_type=\"section\">\n\t\t\t\t\t\t<div class=\"elementor-container elementor-column-gap-default\">\n\t\t\t\t\t\t\t<div class=\"elementor-row\">\n\t\t\t\t\t<div class=\"has_eae_slider elementor-column elementor-col-100 elementor-top-column elementor-element elementor-element-0b752b1\" data-id=\"0b752b1\" data-element_type=\"column\">\n\t\t\t<div class=\"elementor-column-wrap elementor-element-populated\">\n\t\t\t\t\t\t\t<div class=\"elementor-widget-wrap\">\n\t\t\t\t\t\t<div class=\"elementor-element elementor-element-0eb1d67 elementor-widget elementor-widget-text-editor\" data-id=\"0eb1d67\" data-element_type=\"widget\" data-widget_type=\"text-editor.default\">\n\t\t\t\t<div class=\"elementor-widget-container\">\n\t\t\t\t\t\t\t\t<div class=\"elementor-text-editor elementor-clearfix\">\n\t\t\t\t<p>Le site arch\u00e9ologique d&rsquo;Olympie a \u00e9galement \u00e9t\u00e9 affect\u00e9 par des effondrements le long des pentes de la colline adjacente de Cronion. Pour faire face \u00e0 ces ph\u00e9nom\u00e8nes, un mur de soutien compos\u00e9 de blocs de calcaire bioclastique de 0,5&#215;0,5x1m a \u00e9t\u00e9 construit \u00e0 l&rsquo;Anderon des Tr\u00e9sors situ\u00e9 au pied de la colline de Cronion. Il n&rsquo;y a pas de donn\u00e9es sp\u00e9cifiques sur l&rsquo;\u00e9poque de sa construction, mais il a \u00e9t\u00e9 recouvert par des ph\u00e9nom\u00e8nes de reptation et des mouvements de masse du sol de l&rsquo;\u00e9poque et d\u00e9couvert lors des fouilles syst\u00e9matiques de l&rsquo;Institut arch\u00e9ologique allemand (1875-1881). Mariolakos et al. (2004) ont soulign\u00e9 que les ph\u00e9nom\u00e8nes de reptation et les mouvements de masse du sol dans cette partie du site arch\u00e9ologique constituent un probl\u00e8me g\u00e9otechnique multiparam\u00e9trique compliqu\u00e9 avec un fort potentiel d&rsquo;impact sur les structures anciennes, comme cela s&rsquo;est d\u00e9j\u00e0 produit dans les temps anciens.<\/p>\n\t\t\t\t\t<\/div>\n\t\t\t\t\t\t<\/div>\n\t\t\t\t<\/div>\n\t\t\t\t<div class=\"elementor-element elementor-element-c2707e1 elementor-widget elementor-widget-image\" data-id=\"c2707e1\" data-element_type=\"widget\" data-widget_type=\"image.default\">\n\t\t\t\t<div class=\"elementor-widget-container\">\n\t\t\t\t\t\t\t\t<div class=\"elementor-image\">\n\t\t\t\t\t\t\t\t\t<figure class=\"wp-caption\">\n\t\t\t\t\t\t\t\t\t\t<img loading=\"lazy\" decoding=\"async\" width=\"1024\" height=\"683\" src=\"https:\/\/besafenet.net\/wp-content\/uploads\/2023\/07\/Delfoi_03.jpg\" class=\"attachment-large size-large wp-image-12381\" alt=\"\" \/>\t\t\t\t\t\t\t\t\t\t\t<figcaption class=\"widget-image-caption wp-caption-text\">Le site arch\u00e9ologique de Delphes est vuln\u00e9rable aux \u00e9boulements g\u00e9n\u00e9r\u00e9s le long des pierres de Faedriades. Dans le pass\u00e9, le site \u00e9tait partiellement recouvert par des d\u00e9p\u00f4ts r\u00e9sultant de l&rsquo;effondrement des pentes. (Photo par Dr. Spyridon Mavroulis)<\/figcaption>\n\t\t\t\t\t\t\t\t\t\t<\/figure>\n\t\t\t\t\t\t\t\t<\/div>\n\t\t\t\t\t\t<\/div>\n\t\t\t\t<\/div>\n\t\t\t\t\t\t<\/div>\n\t\t\t\t\t<\/div>\n\t\t<\/div>\n\t\t\t\t\t\t\t\t<\/div>\n\t\t\t\t\t<\/div>\n\t\t<\/section>\n\t\t\t\t\t\t\t\t\t<\/div>\n\t\t\t<\/div>\n\t\t\t\t\t<\/div>\n\t\t<\/p>\n<\/div>\n\t\t\t\t<\/div>\n\t\t\t\t\t\t\t\t<\/div>\n\t\t\t\t<\/div>\n\t\t\t\t<\/div>\n\t\t\t\t\t\t<\/div>\n\t\t\t\t\t<\/div>\n\t\t<\/div>\n\t\t\t\t\t\t\t\t<\/div>\n\t\t\t\t\t<\/div>\n\t\t<\/section>\n\t\t\t\t\t\t\t\t\t<\/div>\n\t\t\t<\/div>\n\t\t\t\t\t<\/div>\n\t\t<\/p>\n<\/div>\n\t\t\t\t<\/div>\n\t\t\t\t\t\t\t<div class=\"elementor-accordion-item\">\n\t\t\t\t\t<div id=\"elementor-tab-title-1797\" class=\"elementor-tab-title\" data-tab=\"7\" role=\"tab\" aria-controls=\"elementor-tab-content-1797\" aria-expanded=\"false\">\n\t\t\t\t\t\t\t\t\t\t\t\t\t<span class=\"elementor-accordion-icon elementor-accordion-icon-left\" aria-hidden=\"true\">\n\t\t\t\t\t\t\t\t\t\t\t\t\t\t\t<span class=\"elementor-accordion-icon-closed\"><i class=\"fas fa-plus\"><\/i><\/span>\n\t\t\t\t\t\t\t\t<span class=\"elementor-accordion-icon-opened\"><i class=\"fas fa-minus\"><\/i><\/span>\n\t\t\t\t\t\t\t\t\t\t\t\t\t\t<\/span>\n\t\t\t\t\t\t\t\t\t\t\t\t<a class=\"elementor-accordion-title\" href=\"\">7. Comment l'\u00e9rosion affecte-t-elle le patrimoine culturel?<\/a>\n\t\t\t\t\t<\/div>\n\t\t\t\t\t<div id=\"elementor-tab-content-1797\" class=\"elementor-tab-content elementor-clearfix\" data-tab=\"7\" role=\"tabpanel\" aria-labelledby=\"elementor-tab-title-1797\"><p>\t\t<div data-elementor-type=\"wp-post\" data-elementor-id=\"12748\" class=\"elementor elementor-12748 elementor-12696\">\n\t\t\t\t\t\t<div class=\"elementor-inner\">\n\t\t\t\t<div class=\"elementor-section-wrap\">\n\t\t\t\t\t\t\t\t\t<section class=\"has_eae_slider elementor-section elementor-top-section elementor-element elementor-element-7a0c357 elementor-section-boxed elementor-section-height-default elementor-section-height-default\" data-id=\"7a0c357\" data-element_type=\"section\">\n\t\t\t\t\t\t<div class=\"elementor-container elementor-column-gap-default\">\n\t\t\t\t\t\t\t<div class=\"elementor-row\">\n\t\t\t\t\t<div class=\"has_eae_slider elementor-column elementor-col-100 elementor-top-column elementor-element elementor-element-601aaec\" data-id=\"601aaec\" data-element_type=\"column\">\n\t\t\t<div class=\"elementor-column-wrap elementor-element-populated\">\n\t\t\t\t\t\t\t<div class=\"elementor-widget-wrap\">\n\t\t\t\t\t\t<div class=\"elementor-element elementor-element-b68ec3a elementor-widget elementor-widget-text-editor\" data-id=\"b68ec3a\" data-element_type=\"widget\" data-widget_type=\"text-editor.default\">\n\t\t\t\t<div class=\"elementor-widget-container\">\n\t\t\t\t\t\t\t\t<div class=\"elementor-text-editor elementor-clearfix\">\n\t\t\t\t<p>L&rsquo;\u00e9rosion est attribu\u00e9e aux processus du vent et de l&rsquo;eau. Le vent provoque des charges et des dommages m\u00e9caniques sur les structures car il transporte de l&rsquo;eau, des sels, des poussi\u00e8res et des gaz vers l&rsquo;objet. En outre, il peut augmenter ou diminuer l&rsquo;action chimique et l&rsquo;impact de l&rsquo;eau et des gaz sur les monuments, b\u00e2timents, sites et objets du patrimoine culturel, ce qui entra\u00eene le d\u00e9p\u00f4t de polluants, la corrosion biologique, des cycles de s\u00e9chage et d&rsquo;humidification, l&rsquo;usure m\u00e9canique des surfaces attaqu\u00e9es et l&rsquo;impact de l&rsquo;abrasion. Tous ces effets n\u00e9fastes peuvent causer des dommages consid\u00e9rables, allant de modifications des parties ext\u00e9rieures des structures du patrimoine culturel \u00e0 des dommages structurels, y compris l&rsquo;effondrement partiel ou total. En ce qui concerne les processus d&rsquo;\u00e9rosion marine et fluviale, les monuments, b\u00e2timents et sites du patrimoine culturel situ\u00e9s dans les zones c\u00f4ti\u00e8res et fluviales sont plus vuln\u00e9rables et plus sensibles.<\/p>\n\t\t\t\t\t<\/div>\n\t\t\t\t\t\t<\/div>\n\t\t\t\t<\/div>\n\t\t\t\t<div class=\"elementor-element elementor-element-3780b2b elementor-widget elementor-widget-image\" data-id=\"3780b2b\" data-element_type=\"widget\" data-widget_type=\"image.default\">\n\t\t\t\t<div class=\"elementor-widget-container\">\n\t\t\t\t\t\t\t\t<div class=\"elementor-image\">\n\t\t\t\t\t\t\t\t\t<figure class=\"wp-caption\">\n\t\t\t\t\t\t\t\t\t\t<img loading=\"lazy\" decoding=\"async\" width=\"1\" height=\"1\" src=\"https:\/\/besafenet.net\/wp-content\/uploads\/2023\/07\/Rapa_Nui_01.jpg\" class=\"attachment-large size-large wp-image-12396\" alt=\"\" \/>\t\t\t\t\t\t\t\t\t\t\t<figcaption class=\"widget-image-caption wp-caption-text\">L&rsquo;\u00eele de P\u00e2ques (Rapa Nui) est situ\u00e9e dans l&rsquo;oc\u00e9an Pacifique et est l&rsquo;une des \u00eeles habit\u00e9es les plus \u00e9loign\u00e9es du monde. Son environnement c\u00f4tier est compos\u00e9 de sols pauvres particuli\u00e8rement sensibles \u00e0 l&rsquo;\u00e9rosion c\u00f4ti\u00e8re. L&rsquo;absence de r\u00e9cif pour prot\u00e9ger son environnement c\u00f4tier accro\u00eet cette vuln\u00e9rabilit\u00e9. Les objets culturels situ\u00e9s le long des c\u00f4tes sont menac\u00e9s par l&rsquo;\u00e9rosion c\u00f4ti\u00e8re et l&rsquo;\u00e9l\u00e9vation du niveau de la mer induite par le changement climatique.<\/figcaption>\n\t\t\t\t\t\t\t\t\t\t<\/figure>\n\t\t\t\t\t\t\t\t<\/div>\n\t\t\t\t\t\t<\/div>\n\t\t\t\t<\/div>\n\t\t\t\t<div class=\"elementor-element elementor-element-2900b09 elementor-widget elementor-widget-accordion\" data-id=\"2900b09\" data-element_type=\"widget\" data-widget_type=\"accordion.default\">\n\t\t\t\t<div class=\"elementor-widget-container\">\n\t\t\t\t\t<div class=\"elementor-accordion\" role=\"tablist\">\n\t\t\t\t\t\t\t<div class=\"elementor-accordion-item\">\n\t\t\t\t\t<div id=\"elementor-tab-title-4291\" class=\"elementor-tab-title\" data-tab=\"1\" role=\"tab\" aria-controls=\"elementor-tab-content-4291\" aria-expanded=\"false\">\n\t\t\t\t\t\t\t\t\t\t\t\t\t<span class=\"elementor-accordion-icon elementor-accordion-icon-left\" aria-hidden=\"true\">\n\t\t\t\t\t\t\t\t\t\t\t\t\t\t\t<span class=\"elementor-accordion-icon-closed\"><i class=\"fas fa-plus\"><\/i><\/span>\n\t\t\t\t\t\t\t\t<span class=\"elementor-accordion-icon-opened\"><i class=\"fas fa-minus\"><\/i><\/span>\n\t\t\t\t\t\t\t\t\t\t\t\t\t\t<\/span>\n\t\t\t\t\t\t\t\t\t\t\t\t<a class=\"elementor-accordion-title\" href=\"\">7.1. Crise d&rsquo;\u00e9rosion c\u00f4ti\u00e8re provoqu\u00e9e par les changements climatiques sur l&rsquo;\u00eele de P\u00e2ques (Rapa Nui) (oc\u00e9an Pacifique, Chili)<\/a>\n\t\t\t\t\t<\/div>\n\t\t\t\t\t<div id=\"elementor-tab-content-4291\" class=\"elementor-tab-content elementor-clearfix\" data-tab=\"1\" role=\"tabpanel\" aria-labelledby=\"elementor-tab-title-4291\"><p>\t\t<div data-elementor-type=\"wp-post\" data-elementor-id=\"12750\" class=\"elementor elementor-12750 elementor-12698\">\n\t\t\t\t\t\t<div class=\"elementor-inner\">\n\t\t\t\t<div class=\"elementor-section-wrap\">\n\t\t\t\t\t\t\t\t\t<section class=\"has_eae_slider elementor-section elementor-top-section elementor-element elementor-element-4f5df9a elementor-section-boxed elementor-section-height-default elementor-section-height-default\" data-id=\"4f5df9a\" data-element_type=\"section\">\n\t\t\t\t\t\t<div class=\"elementor-container elementor-column-gap-default\">\n\t\t\t\t\t\t\t<div class=\"elementor-row\">\n\t\t\t\t\t<div class=\"has_eae_slider elementor-column elementor-col-100 elementor-top-column elementor-element elementor-element-00a5ae8\" data-id=\"00a5ae8\" data-element_type=\"column\">\n\t\t\t<div class=\"elementor-column-wrap elementor-element-populated\">\n\t\t\t\t\t\t\t<div class=\"elementor-widget-wrap\">\n\t\t\t\t\t\t<div class=\"elementor-element elementor-element-74ea30b elementor-widget elementor-widget-text-editor\" data-id=\"74ea30b\" data-element_type=\"widget\" data-widget_type=\"text-editor.default\">\n\t\t\t\t<div class=\"elementor-widget-container\">\n\t\t\t\t\t\t\t\t<div class=\"elementor-text-editor elementor-clearfix\">\n\t\t\t\t<p>L&rsquo;\u00eele de P\u00e2ques (Rapa Nui, Chili) est l&rsquo;une des \u00eeles habit\u00e9es les plus recul\u00e9es du monde. Elle \u00e9tait inhabit\u00e9e avant l&rsquo;arriv\u00e9e des Polyn\u00e9siens, probablement entre 300 et 800 apr\u00e8s J\u00e9sus-Christ. La majorit\u00e9 des sites et objets du patrimoine culturel de l&rsquo;\u00eele de Rapa Nui (pr\u00e8s de 90 %) est concentr\u00e9e dans sa partie c\u00f4ti\u00e8re. De plus, par rapport \u00e0 d&rsquo;autres \u00eeles de l&rsquo;oc\u00e9an Pacifique, Rapa Nui n&rsquo;a pas de r\u00e9cif pour prot\u00e9ger son environnement c\u00f4tier compos\u00e9 de sols pauvres des effets n\u00e9fastes de la crise climatique. La synergie des faits susmentionn\u00e9s rend l&rsquo;\u00eele, et plus particuli\u00e8rement son patrimoine culturel c\u00f4tier, extr\u00eamement vuln\u00e9rable \u00e0 la fr\u00e9quence accrue des temp\u00eates et des vents, \u00e0 l&rsquo;\u00e9rosion c\u00f4ti\u00e8re qui en d\u00e9coule, ainsi qu&rsquo;\u00e0 d&rsquo;autres effets n\u00e9fastes attribu\u00e9s \u00e0 l&rsquo;\u00e9volution de la crise climatique. Des centaines de monuments c\u00e9r\u00e9moniels c\u00e9l\u00e8bres entourant l&rsquo;\u00eele sont en grand danger en raison de l&rsquo;impact des effets susmentionn\u00e9s.<\/p>\n\t\t\t\t\t<\/div>\n\t\t\t\t\t\t<\/div>\n\t\t\t\t<\/div>\n\t\t\t\t<div class=\"elementor-element elementor-element-b834b0a elementor-widget elementor-widget-image\" data-id=\"b834b0a\" data-element_type=\"widget\" data-widget_type=\"image.default\">\n\t\t\t\t<div class=\"elementor-widget-container\">\n\t\t\t\t\t\t\t\t<div class=\"elementor-image\">\n\t\t\t\t\t\t\t\t\t<figure class=\"wp-caption\">\n\t\t\t\t\t\t\t\t\t\t<img loading=\"lazy\" decoding=\"async\" width=\"1024\" height=\"576\" src=\"https:\/\/besafenet.net\/wp-content\/uploads\/2023\/07\/Rapa_Nui_03-1024x576.jpg\" class=\"attachment-large size-large wp-image-12401\" alt=\"\" srcset=\"https:\/\/besafenet.net\/wp-content\/uploads\/2023\/07\/Rapa_Nui_03-1024x576.jpg 1024w, https:\/\/besafenet.net\/wp-content\/uploads\/2023\/07\/Rapa_Nui_03-300x169.jpg 300w, https:\/\/besafenet.net\/wp-content\/uploads\/2023\/07\/Rapa_Nui_03-150x84.jpg 150w, https:\/\/besafenet.net\/wp-content\/uploads\/2023\/07\/Rapa_Nui_03-768x432.jpg 768w, https:\/\/besafenet.net\/wp-content\/uploads\/2023\/07\/Rapa_Nui_03-1536x864.jpg 1536w, https:\/\/besafenet.net\/wp-content\/uploads\/2023\/07\/Rapa_Nui_03-2048x1151.jpg 2048w\" sizes=\"(max-width: 1024px) 100vw, 1024px\" \/>\t\t\t\t\t\t\t\t\t\t\t<figcaption class=\"widget-image-caption wp-caption-text\">L&rsquo;\u00eele de P\u00e2ques (Rapa Nui) est connue pour ses pr\u00e8s de 1000 statues monumentales, appel\u00e9es Moai, cr\u00e9\u00e9es par les premiers habitants de Rapa Nui. La plupart d&rsquo;entre elles se trouvent pr\u00e8s du littoral. Elles sont donc extr\u00eamement vuln\u00e9rables \u00e0 l&rsquo;\u00e9l\u00e9vation du niveau de la mer et \u00e0 l&rsquo;\u00e9rosion c\u00f4ti\u00e8re provoqu\u00e9es par le changement climatique.<\/figcaption>\n\t\t\t\t\t\t\t\t\t\t<\/figure>\n\t\t\t\t\t\t\t\t<\/div>\n\t\t\t\t\t\t<\/div>\n\t\t\t\t<\/div>\n\t\t\t\t\t\t<\/div>\n\t\t\t\t\t<\/div>\n\t\t<\/div>\n\t\t\t\t\t\t\t\t<\/div>\n\t\t\t\t\t<\/div>\n\t\t<\/section>\n\t\t\t\t\t\t\t\t\t<\/div>\n\t\t\t<\/div>\n\t\t\t\t\t<\/div>\n\t\t<\/p>\n<\/div>\n\t\t\t\t<\/div>\n\t\t\t\t\t\t\t\t<\/div>\n\t\t\t\t<\/div>\n\t\t\t\t<\/div>\n\t\t\t\t\t\t<\/div>\n\t\t\t\t\t<\/div>\n\t\t<\/div>\n\t\t\t\t\t\t\t\t<\/div>\n\t\t\t\t\t<\/div>\n\t\t<\/section>\n\t\t\t\t\t\t\t\t\t<\/div>\n\t\t\t<\/div>\n\t\t\t\t\t<\/div>\n\t\t<\/p>\n<\/div>\n\t\t\t\t<\/div>\n\t\t\t\t\t\t\t<div class=\"elementor-accordion-item\">\n\t\t\t\t\t<div id=\"elementor-tab-title-1798\" class=\"elementor-tab-title\" data-tab=\"8\" role=\"tab\" aria-controls=\"elementor-tab-content-1798\" aria-expanded=\"false\">\n\t\t\t\t\t\t\t\t\t\t\t\t\t<span class=\"elementor-accordion-icon elementor-accordion-icon-left\" aria-hidden=\"true\">\n\t\t\t\t\t\t\t\t\t\t\t\t\t\t\t<span class=\"elementor-accordion-icon-closed\"><i class=\"fas fa-plus\"><\/i><\/span>\n\t\t\t\t\t\t\t\t<span class=\"elementor-accordion-icon-opened\"><i class=\"fas fa-minus\"><\/i><\/span>\n\t\t\t\t\t\t\t\t\t\t\t\t\t\t<\/span>\n\t\t\t\t\t\t\t\t\t\t\t\t<a class=\"elementor-accordion-title\" href=\"\">8. Comment le changement climatique affecte-t-il le patrimoine culturel?<\/a>\n\t\t\t\t\t<\/div>\n\t\t\t\t\t<div id=\"elementor-tab-content-1798\" class=\"elementor-tab-content elementor-clearfix\" data-tab=\"8\" role=\"tabpanel\" aria-labelledby=\"elementor-tab-title-1798\"><p>\t\t<div data-elementor-type=\"wp-post\" data-elementor-id=\"12752\" class=\"elementor elementor-12752 elementor-12702\">\n\t\t\t\t\t\t<div class=\"elementor-inner\">\n\t\t\t\t<div class=\"elementor-section-wrap\">\n\t\t\t\t\t\t\t\t\t<section class=\"has_eae_slider elementor-section elementor-top-section elementor-element elementor-element-1750e1f elementor-section-boxed elementor-section-height-default elementor-section-height-default\" data-id=\"1750e1f\" data-element_type=\"section\">\n\t\t\t\t\t\t<div class=\"elementor-container elementor-column-gap-default\">\n\t\t\t\t\t\t\t<div class=\"elementor-row\">\n\t\t\t\t\t<div class=\"has_eae_slider elementor-column elementor-col-100 elementor-top-column elementor-element elementor-element-e8c02e8\" data-id=\"e8c02e8\" data-element_type=\"column\">\n\t\t\t<div class=\"elementor-column-wrap elementor-element-populated\">\n\t\t\t\t\t\t\t<div class=\"elementor-widget-wrap\">\n\t\t\t\t\t\t<div class=\"elementor-element elementor-element-6c66108 elementor-widget elementor-widget-text-editor\" data-id=\"6c66108\" data-element_type=\"widget\" data-widget_type=\"text-editor.default\">\n\t\t\t\t<div class=\"elementor-widget-container\">\n\t\t\t\t\t\t\t\t<div class=\"elementor-text-editor elementor-clearfix\">\n\t\t\t\t<p>La crise climatique est consid\u00e9r\u00e9e comme \u00e9tant d&rsquo;une ampleur d\u00e9sastreuse. Elle constitue une menace s\u00e9rieuse pour notre avenir, mais aussi pour notre patrimoine naturel et culturel. Les ph\u00e9nom\u00e8nes m\u00e9t\u00e9orologiques extr\u00eames, y compris les risques hydrologiques et m\u00e9t\u00e9orologiques et les catastrophes qui en d\u00e9coulent, augmentent avec le temps et sont susceptibles de cr\u00e9er de nouvelles conditions ayant des effets n\u00e9fastes directs et indirects dans le monde entier, y compris sur les b\u00e2timents, les sites et les objets du patrimoine culturel. Les effets directs comprennent les dommages structurels et non structurels caus\u00e9s aux b\u00e2timents du patrimoine culturel. Les effets indirects s&rsquo;\u00e9tendent \u00e0 divers secteurs de la vie quotidienne et des activit\u00e9s connexes. Ils doivent \u00eatre consid\u00e9r\u00e9s comme une situation d&rsquo;urgence permanente, qui n\u00e9cessite une r\u00e9ponse efficace pour la durabilit\u00e9 du patrimoine culturel.<\/p>\n<p>Le patrimoine culturel pourrait apporter des solutions aux probl\u00e8mes d\u00e9coulant de la crise climatique et jouer un r\u00f4le important dans le d\u00e9veloppement durable, car il comprend g\u00e9n\u00e9ralement des connaissances sur l&rsquo;environnement, le temps, l&rsquo;atmosph\u00e8re et la biodiversit\u00e9 et propose des techniques respectueuses de l&rsquo;environnement et des pratiques durables.<\/p>\n\t\t\t\t\t<\/div>\n\t\t\t\t\t\t<\/div>\n\t\t\t\t<\/div>\n\t\t\t\t\t\t<\/div>\n\t\t\t\t\t<\/div>\n\t\t<\/div>\n\t\t\t\t\t\t\t\t<\/div>\n\t\t\t\t\t<\/div>\n\t\t<\/section>\n\t\t\t\t\t\t\t\t\t<\/div>\n\t\t\t<\/div>\n\t\t\t\t\t<\/div>\n\t\t<\/p>\n<\/div>\n\t\t\t\t<\/div>\n\t\t\t\t\t\t\t<div class=\"elementor-accordion-item\">\n\t\t\t\t\t<div id=\"elementor-tab-title-1799\" class=\"elementor-tab-title\" data-tab=\"9\" role=\"tab\" aria-controls=\"elementor-tab-content-1799\" aria-expanded=\"false\">\n\t\t\t\t\t\t\t\t\t\t\t\t\t<span class=\"elementor-accordion-icon elementor-accordion-icon-left\" aria-hidden=\"true\">\n\t\t\t\t\t\t\t\t\t\t\t\t\t\t\t<span class=\"elementor-accordion-icon-closed\"><i class=\"fas fa-plus\"><\/i><\/span>\n\t\t\t\t\t\t\t\t<span class=\"elementor-accordion-icon-opened\"><i class=\"fas fa-minus\"><\/i><\/span>\n\t\t\t\t\t\t\t\t\t\t\t\t\t\t<\/span>\n\t\t\t\t\t\t\t\t\t\t\t\t<a class=\"elementor-accordion-title\" href=\"\">9. Quels sont les risques d'origine humaine et les catastrophes connexes qui peuvent affecter le patrimoine culturel?<\/a>\n\t\t\t\t\t<\/div>\n\t\t\t\t\t<div id=\"elementor-tab-content-1799\" class=\"elementor-tab-content elementor-clearfix\" data-tab=\"9\" role=\"tabpanel\" aria-labelledby=\"elementor-tab-title-1799\"><p>\t\t<div data-elementor-type=\"wp-post\" data-elementor-id=\"12754\" class=\"elementor elementor-12754 elementor-12705\">\n\t\t\t\t\t\t<div class=\"elementor-inner\">\n\t\t\t\t<div class=\"elementor-section-wrap\">\n\t\t\t\t\t\t\t\t\t<section class=\"has_eae_slider elementor-section elementor-top-section elementor-element elementor-element-7df017c elementor-section-boxed elementor-section-height-default elementor-section-height-default\" data-id=\"7df017c\" data-element_type=\"section\">\n\t\t\t\t\t\t<div class=\"elementor-container elementor-column-gap-default\">\n\t\t\t\t\t\t\t<div class=\"elementor-row\">\n\t\t\t\t\t<div class=\"has_eae_slider elementor-column elementor-col-100 elementor-top-column elementor-element elementor-element-10a414e\" data-id=\"10a414e\" data-element_type=\"column\">\n\t\t\t<div class=\"elementor-column-wrap elementor-element-populated\">\n\t\t\t\t\t\t\t<div class=\"elementor-widget-wrap\">\n\t\t\t\t\t\t<div class=\"elementor-element elementor-element-ed5a05c elementor-widget elementor-widget-text-editor\" data-id=\"ed5a05c\" data-element_type=\"widget\" data-widget_type=\"text-editor.default\">\n\t\t\t\t<div class=\"elementor-widget-container\">\n\t\t\t\t\t\t\t\t<div class=\"elementor-text-editor elementor-clearfix\">\n\t\t\t\t<p>Les catastrophes d&rsquo;origine humaine susceptibles d&rsquo;affecter le patrimoine culturel sont les conflits arm\u00e9s et les catastrophes technologiques. Selon la d\u00e9finition de l&rsquo;Uppsala Conflict Data Program (UCDP), un conflit arm\u00e9 est une incompatibilit\u00e9 contest\u00e9e qui concerne le gouvernement et\/ou le territoire et o\u00f9 l&rsquo;utilisation de la force arm\u00e9e entre deux parties, dont l&rsquo;une au moins est le gouvernement d&rsquo;un \u00c9tat, entra\u00eene au moins 25 d\u00e9c\u00e8s li\u00e9s \u00e0 la bataille au cours d&rsquo;une ann\u00e9e civile.<\/p>\n<p>Selon le Bureau des Nations unies pour la r\u00e9duction des risques de catastrophes (UNDRR), les risques technologiques sont des risques qui d\u00e9coulent de conditions technologiques ou industrielles. Ils comprennent les accidents technologiques ou industriels, les proc\u00e9dures dangereuses, les d\u00e9ficiences des infrastructures et les activit\u00e9s humaines sp\u00e9cifiques. Ces \u00e9v\u00e9nements sont susceptibles de causer des d\u00e9c\u00e8s, des blessures, des maladies ou d&rsquo;autres effets sur la sant\u00e9, ainsi que des dommages \u00e0 l&rsquo;environnement naturel et b\u00e2ti, notamment aux monuments, b\u00e2timents, sites et objets du patrimoine culturel.<\/p>\n<p>Les risques technologiques peuvent \u00e9galement \u00eatre attribu\u00e9s \u00e0 des risques naturels et \u00e0 des catastrophes connexes, comme dans le cas de la catastrophe nucl\u00e9aire de Fukushima Daiichi provoqu\u00e9e par le tsunami du Grand Est du Japon g\u00e9n\u00e9r\u00e9 par le tremblement de terre de T\u014dhoku (Japon) du 11 mars 2011 (Mw = 9,0).<\/p>\n\t\t\t\t\t<\/div>\n\t\t\t\t\t\t<\/div>\n\t\t\t\t<\/div>\n\t\t\t\t<div class=\"elementor-element elementor-element-9cc4379 elementor-widget elementor-widget-image\" data-id=\"9cc4379\" data-element_type=\"widget\" data-widget_type=\"image.default\">\n\t\t\t\t<div class=\"elementor-widget-container\">\n\t\t\t\t\t\t\t\t<div class=\"elementor-image\">\n\t\t\t\t\t\t\t\t\t<figure class=\"wp-caption\">\n\t\t\t\t\t\t\t\t\t\t<img loading=\"lazy\" decoding=\"async\" width=\"1024\" height=\"633\" src=\"https:\/\/besafenet.net\/wp-content\/uploads\/2023\/07\/Great-Mosque-of-Aleppo.jpg\" class=\"attachment-large size-large wp-image-12620\" alt=\"\" srcset=\"https:\/\/besafenet.net\/wp-content\/uploads\/2023\/07\/Great-Mosque-of-Aleppo.jpg 1024w, https:\/\/besafenet.net\/wp-content\/uploads\/2023\/07\/Great-Mosque-of-Aleppo-300x185.jpg 300w, https:\/\/besafenet.net\/wp-content\/uploads\/2023\/07\/Great-Mosque-of-Aleppo-150x93.jpg 150w, https:\/\/besafenet.net\/wp-content\/uploads\/2023\/07\/Great-Mosque-of-Aleppo-768x475.jpg 768w\" sizes=\"(max-width: 1024px) 100vw, 1024px\" \/>\t\t\t\t\t\t\t\t\t\t\t<figcaption class=\"widget-image-caption wp-caption-text\">Based on UNESCO, Aleppo was once one of the richest cities of all humanity. Built in 715, the Great Mosque of Aleppo, also known as the Umayyad Mosque, reflected the rich and old history of the region, carrying elements from different western and eastern cultures. The Great Mosque, as part of the Ancient City of Aleppo, was declared to be a World Heritage Site by UNESCO in 1986. Unfortunately, it was first added to the list of World Heritage in Danger in 2013, after first becoming a battleground in July 2012.  Photo by George Ourfalian\/AFP\/Getty Images via https:\/\/news.artnet.com\/art-world\/aleppo-evacuation-destruction-cultural-heritage-784538 <\/figcaption>\n\t\t\t\t\t\t\t\t\t\t<\/figure>\n\t\t\t\t\t\t\t\t<\/div>\n\t\t\t\t\t\t<\/div>\n\t\t\t\t<\/div>\n\t\t\t\t<div class=\"elementor-element elementor-element-ba9571d elementor-widget elementor-widget-accordion\" data-id=\"ba9571d\" data-element_type=\"widget\" data-widget_type=\"accordion.default\">\n\t\t\t\t<div class=\"elementor-widget-container\">\n\t\t\t\t\t<div class=\"elementor-accordion\" role=\"tablist\">\n\t\t\t\t\t\t\t<div class=\"elementor-accordion-item\">\n\t\t\t\t\t<div id=\"elementor-tab-title-1951\" class=\"elementor-tab-title\" data-tab=\"1\" role=\"tab\" aria-controls=\"elementor-tab-content-1951\" aria-expanded=\"false\">\n\t\t\t\t\t\t\t\t\t\t\t\t\t<span class=\"elementor-accordion-icon elementor-accordion-icon-left\" aria-hidden=\"true\">\n\t\t\t\t\t\t\t\t\t\t\t\t\t\t\t<span class=\"elementor-accordion-icon-closed\"><i class=\"fas fa-plus\"><\/i><\/span>\n\t\t\t\t\t\t\t\t<span class=\"elementor-accordion-icon-opened\"><i class=\"fas fa-minus\"><\/i><\/span>\n\t\t\t\t\t\t\t\t\t\t\t\t\t\t<\/span>\n\t\t\t\t\t\t\t\t\t\t\t\t<a class=\"elementor-accordion-title\" href=\"\">9.1 Impact des conflits arm\u00e9s sur le patrimoine culturel<\/a>\n\t\t\t\t\t<\/div>\n\t\t\t\t\t<div id=\"elementor-tab-content-1951\" class=\"elementor-tab-content elementor-clearfix\" data-tab=\"1\" role=\"tabpanel\" aria-labelledby=\"elementor-tab-title-1951\"><p>\t\t<div data-elementor-type=\"wp-post\" data-elementor-id=\"12756\" class=\"elementor elementor-12756 elementor-12707\">\n\t\t\t\t\t\t<div class=\"elementor-inner\">\n\t\t\t\t<div class=\"elementor-section-wrap\">\n\t\t\t\t\t\t\t\t\t<section class=\"has_eae_slider elementor-section elementor-top-section elementor-element elementor-element-87d6a54 elementor-section-boxed elementor-section-height-default elementor-section-height-default\" data-id=\"87d6a54\" data-element_type=\"section\">\n\t\t\t\t\t\t<div class=\"elementor-container elementor-column-gap-default\">\n\t\t\t\t\t\t\t<div class=\"elementor-row\">\n\t\t\t\t\t<div class=\"has_eae_slider elementor-column elementor-col-100 elementor-top-column elementor-element elementor-element-8565333\" data-id=\"8565333\" data-element_type=\"column\">\n\t\t\t<div class=\"elementor-column-wrap elementor-element-populated\">\n\t\t\t\t\t\t\t<div class=\"elementor-widget-wrap\">\n\t\t\t\t\t\t<div class=\"elementor-element elementor-element-10b8c5a elementor-widget elementor-widget-text-editor\" data-id=\"10b8c5a\" data-element_type=\"widget\" data-widget_type=\"text-editor.default\">\n\t\t\t\t<div class=\"elementor-widget-container\">\n\t\t\t\t\t\t\t\t<div class=\"elementor-text-editor elementor-clearfix\">\n\t\t\t\t<p>Les risques d&rsquo;origine humaine et les catastrophes qui y sont li\u00e9es, y compris les conflits arm\u00e9s, se caract\u00e9risent par un fort potentiel de dommages consid\u00e9rables aux sites, b\u00e2timents et objets culturels. Plusieurs mus\u00e9es, temples, mausol\u00e9es, tombes et mosqu\u00e9es situ\u00e9s dans des sites du patrimoine mondial de l&rsquo;UNESCO ont \u00e9t\u00e9 r\u00e9cemment d\u00e9truits par des conflits arm\u00e9s dans divers pays du Proche-Orient, dont la Syrie, l&rsquo;Irak et la Jordanie. L&rsquo;un des exemples les plus caract\u00e9ristiques est la ville d&rsquo;Alep en Syrie, qui est devenue un centre de combat. La grande mosqu\u00e9e de la ville poss\u00e9dait un minaret vieux de plus de 1000 ans. En avril 2013, la mosqu\u00e9e a \u00e9t\u00e9 engloutie dans de violents combats et un bombardement a entra\u00een\u00e9 sa destruction compl\u00e8te. Depuis lors, de nombreux b\u00e2timents proches de la mosqu\u00e9e ont \u00e9galement \u00e9t\u00e9 compl\u00e8tement d\u00e9truits par des explosifs.<\/p>\n<p>Des destructions intentionnelles similaires de sites et de b\u00e2timents du patrimoine culturel ont lieu dans le monde entier. Un autre exemple caract\u00e9ristique nous vient d&rsquo;Europe et des conflits arm\u00e9s qui ont eu lieu dans l&rsquo;ex-Yougoslavie dans les ann\u00e9es 1990. Au cours de ces conflits, de nombreux sites et b\u00e2timents, notamment des biblioth\u00e8ques et des mus\u00e9es, des \u00e9glises, des paroisses, des monast\u00e8res, des ponts, des palais et des b\u00e2timents situ\u00e9s dans les centres historiques des villes, ont \u00e9t\u00e9 endommag\u00e9s par des bombardements et d&rsquo;autres activit\u00e9s et, dans de nombreux cas, compl\u00e8tement d\u00e9truits.<\/p>\n\t\t\t\t\t<\/div>\n\t\t\t\t\t\t<\/div>\n\t\t\t\t<\/div>\n\t\t\t\t<div class=\"elementor-element elementor-element-4a67153 elementor-widget elementor-widget-image\" data-id=\"4a67153\" data-element_type=\"widget\" data-widget_type=\"image.default\">\n\t\t\t\t<div class=\"elementor-widget-container\">\n\t\t\t\t\t\t\t\t<div class=\"elementor-image\">\n\t\t\t\t\t\t\t\t\t<figure class=\"wp-caption\">\n\t\t\t\t\t\t\t\t\t\t<img loading=\"lazy\" decoding=\"async\" width=\"1024\" height=\"683\" src=\"https:\/\/besafenet.net\/wp-content\/uploads\/2023\/07\/Aleppo_Conflict_01.jpg\" class=\"attachment-large size-large wp-image-12335\" alt=\"\" srcset=\"https:\/\/besafenet.net\/wp-content\/uploads\/2023\/07\/Aleppo_Conflict_01.jpg 1024w, https:\/\/besafenet.net\/wp-content\/uploads\/2023\/07\/Aleppo_Conflict_01-300x200.jpg 300w, https:\/\/besafenet.net\/wp-content\/uploads\/2023\/07\/Aleppo_Conflict_01-150x100.jpg 150w, https:\/\/besafenet.net\/wp-content\/uploads\/2023\/07\/Aleppo_Conflict_01-768x512.jpg 768w\" sizes=\"(max-width: 1024px) 100vw, 1024px\" \/>\t\t\t\t\t\t\t\t\t\t\t<figcaption class=\"widget-image-caption wp-caption-text\">Based on UNESCO, Aleppo was once one of the richest cities of all humanity. Built in 715, the Great Mosque of Aleppo, also known as the Umayyad Mosque, reflected the rich and old history of the region, carrying elements from different western and eastern cultures. The Great Mosque, as part of the Ancient City of Aleppo, was declared to be a World Heritage Site by UNESCO in 1986. Unfortunately, it was first added to the list of World Heritage in Danger in 2013, after first becoming a battleground in July 2012.  Photo by George Ourfalian\/AFP\/Getty Images via https:\/\/news.artnet.com\/art-world\/aleppo-evacuation-destruction-cultural-heritage-784538 <\/figcaption>\n\t\t\t\t\t\t\t\t\t\t<\/figure>\n\t\t\t\t\t\t\t\t<\/div>\n\t\t\t\t\t\t<\/div>\n\t\t\t\t<\/div>\n\t\t\t\t\t\t<\/div>\n\t\t\t\t\t<\/div>\n\t\t<\/div>\n\t\t\t\t\t\t\t\t<\/div>\n\t\t\t\t\t<\/div>\n\t\t<\/section>\n\t\t\t\t\t\t\t\t\t<\/div>\n\t\t\t<\/div>\n\t\t\t\t\t<\/div>\n\t\t<\/p>\n<\/div>\n\t\t\t\t<\/div>\n\t\t\t\t\t\t\t\t<\/div>\n\t\t\t\t<\/div>\n\t\t\t\t<\/div>\n\t\t\t\t\t\t<\/div>\n\t\t\t\t\t<\/div>\n\t\t<\/div>\n\t\t\t\t\t\t\t\t<\/div>\n\t\t\t\t\t<\/div>\n\t\t<\/section>\n\t\t\t\t\t\t\t\t\t<\/div>\n\t\t\t<\/div>\n\t\t\t\t\t<\/div>\n\t\t<\/p>\n<\/div>\n\t\t\t\t<\/div>\n\t\t\t\t\t\t\t<div class=\"elementor-accordion-item\">\n\t\t\t\t\t<div id=\"elementor-tab-title-17910\" class=\"elementor-tab-title\" data-tab=\"10\" role=\"tab\" aria-controls=\"elementor-tab-content-17910\" aria-expanded=\"false\">\n\t\t\t\t\t\t\t\t\t\t\t\t\t<span class=\"elementor-accordion-icon elementor-accordion-icon-left\" aria-hidden=\"true\">\n\t\t\t\t\t\t\t\t\t\t\t\t\t\t\t<span class=\"elementor-accordion-icon-closed\"><i class=\"fas fa-plus\"><\/i><\/span>\n\t\t\t\t\t\t\t\t<span class=\"elementor-accordion-icon-opened\"><i class=\"fas fa-minus\"><\/i><\/span>\n\t\t\t\t\t\t\t\t\t\t\t\t\t\t<\/span>\n\t\t\t\t\t\t\t\t\t\t\t\t<a class=\"elementor-accordion-title\" href=\"\">10. Comment la pollution de l'air peut-elle affecter les b\u00e2timents et les sites du patrimoine culturel?<\/a>\n\t\t\t\t\t<\/div>\n\t\t\t\t\t<div id=\"elementor-tab-content-17910\" class=\"elementor-tab-content elementor-clearfix\" data-tab=\"10\" role=\"tabpanel\" aria-labelledby=\"elementor-tab-title-17910\"><p>\t\t<div data-elementor-type=\"wp-post\" data-elementor-id=\"12758\" class=\"elementor elementor-12758 elementor-12711\">\n\t\t\t\t\t\t<div class=\"elementor-inner\">\n\t\t\t\t<div class=\"elementor-section-wrap\">\n\t\t\t\t\t\t\t\t\t<section class=\"has_eae_slider elementor-section elementor-top-section elementor-element elementor-element-3539b68 elementor-section-boxed elementor-section-height-default elementor-section-height-default\" data-id=\"3539b68\" data-element_type=\"section\">\n\t\t\t\t\t\t<div class=\"elementor-container elementor-column-gap-default\">\n\t\t\t\t\t\t\t<div class=\"elementor-row\">\n\t\t\t\t\t<div class=\"has_eae_slider elementor-column elementor-col-100 elementor-top-column elementor-element elementor-element-7feea79\" data-id=\"7feea79\" data-element_type=\"column\">\n\t\t\t<div class=\"elementor-column-wrap elementor-element-populated\">\n\t\t\t\t\t\t\t<div class=\"elementor-widget-wrap\">\n\t\t\t\t\t\t<div class=\"elementor-element elementor-element-f7fddf7 elementor-widget elementor-widget-text-editor\" data-id=\"f7fddf7\" data-element_type=\"widget\" data-widget_type=\"text-editor.default\">\n\t\t\t\t<div class=\"elementor-widget-container\">\n\t\t\t\t\t\t\t\t<div class=\"elementor-text-editor elementor-clearfix\">\n\t\t\t\t<p>Les b\u00e2timents du patrimoine culturel sont affect\u00e9s par la pollution de l&rsquo;air. Leurs parties ext\u00e9rieures (murs d&rsquo;enceinte, fa\u00e7ades) ont souvent \u00e9t\u00e9 noircies par les processus industriels pass\u00e9s. Aujourd&rsquo;hui, les b\u00e2timents du patrimoine culturel prennent des teintes plus chaudes, moins g\u00eanantes \u00e0 l&rsquo;\u0153il, mais non moins nocives. Les caract\u00e9ristiques hydrom\u00e9t\u00e9orologiques d&rsquo;une r\u00e9gion peuvent \u00e9galement affecter les b\u00e2timents du patrimoine culturel en favorisant la colonisation biologique sur les parties ext\u00e9rieures des b\u00e2timents et en augmentant le d\u00e9p\u00f4t de mat\u00e9riaux sur les fa\u00e7ades. Ces effets peuvent entra\u00eener non seulement des probl\u00e8mes esth\u00e9tiques, mais aussi des cons\u00e9quences sur les performances des b\u00e2timents touch\u00e9s.<\/p>\n\t\t\t\t\t<\/div>\n\t\t\t\t\t\t<\/div>\n\t\t\t\t<\/div>\n\t\t\t\t<div class=\"elementor-element elementor-element-e68dfd3 elementor-widget elementor-widget-image\" data-id=\"e68dfd3\" data-element_type=\"widget\" data-widget_type=\"image.default\">\n\t\t\t\t<div class=\"elementor-widget-container\">\n\t\t\t\t\t\t\t\t<div class=\"elementor-image\">\n\t\t\t\t\t\t\t\t\t<figure class=\"wp-caption\">\n\t\t\t\t\t\t\t\t\t\t<img loading=\"lazy\" decoding=\"async\" width=\"1024\" height=\"768\" src=\"https:\/\/besafenet.net\/wp-content\/uploads\/2023\/07\/Stephansdom_Vienna_03-1024x768.jpg\" class=\"attachment-large size-large wp-image-12406\" alt=\"\" srcset=\"https:\/\/besafenet.net\/wp-content\/uploads\/2023\/07\/Stephansdom_Vienna_03-1024x768.jpg 1024w, https:\/\/besafenet.net\/wp-content\/uploads\/2023\/07\/Stephansdom_Vienna_03-300x225.jpg 300w, https:\/\/besafenet.net\/wp-content\/uploads\/2023\/07\/Stephansdom_Vienna_03-150x113.jpg 150w, https:\/\/besafenet.net\/wp-content\/uploads\/2023\/07\/Stephansdom_Vienna_03-768x576.jpg 768w, https:\/\/besafenet.net\/wp-content\/uploads\/2023\/07\/Stephansdom_Vienna_03-1536x1152.jpg 1536w, https:\/\/besafenet.net\/wp-content\/uploads\/2023\/07\/Stephansdom_Vienna_03-2048x1536.jpg 2048w\" sizes=\"(max-width: 1024px) 100vw, 1024px\" \/>\t\t\t\t\t\t\t\t\t\t\t<figcaption class=\"widget-image-caption wp-caption-text\">Noircissement des murs p\u00e9rim\u00e9triques ext\u00e9rieurs d\u00fb \u00e0 l&rsquo;accumulation de polluants, en particulier de particules carbon\u00e9es, dans la cath\u00e9drale Saint-\u00c9tienne (Stephansdom) situ\u00e9e au centre de la ville de Vienne (Autriche). Elle a \u00e9t\u00e9 construite en pierre calcaire et la couleur d&rsquo;origine de ses murs ext\u00e9rieurs \u00e9tait blanche. (Photo : Dr. Spyridon Mavroulis, Vienne 2017)<\/figcaption>\n\t\t\t\t\t\t\t\t\t\t<\/figure>\n\t\t\t\t\t\t\t\t<\/div>\n\t\t\t\t\t\t<\/div>\n\t\t\t\t<\/div>\n\t\t\t\t<div class=\"elementor-element elementor-element-ce4fcfb elementor-widget elementor-widget-accordion\" data-id=\"ce4fcfb\" data-element_type=\"widget\" data-widget_type=\"accordion.default\">\n\t\t\t\t<div class=\"elementor-widget-container\">\n\t\t\t\t\t<div class=\"elementor-accordion\" role=\"tablist\">\n\t\t\t\t\t\t\t<div class=\"elementor-accordion-item\">\n\t\t\t\t\t<div id=\"elementor-tab-title-2161\" class=\"elementor-tab-title\" data-tab=\"1\" role=\"tab\" aria-controls=\"elementor-tab-content-2161\" aria-expanded=\"false\">\n\t\t\t\t\t\t\t\t\t\t\t\t\t<span class=\"elementor-accordion-icon elementor-accordion-icon-left\" aria-hidden=\"true\">\n\t\t\t\t\t\t\t\t\t\t\t\t\t\t\t<span class=\"elementor-accordion-icon-closed\"><i class=\"fas fa-plus\"><\/i><\/span>\n\t\t\t\t\t\t\t\t<span class=\"elementor-accordion-icon-opened\"><i class=\"fas fa-minus\"><\/i><\/span>\n\t\t\t\t\t\t\t\t\t\t\t\t\t\t<\/span>\n\t\t\t\t\t\t\t\t\t\t\t\t<a class=\"elementor-accordion-title\" href=\"\">10.1 L&rsquo;impact de la pollution atmosph\u00e9rique sur la cath\u00e9drale Saint-\u00c9tienne (Vienne)<\/a>\n\t\t\t\t\t<\/div>\n\t\t\t\t\t<div id=\"elementor-tab-content-2161\" class=\"elementor-tab-content elementor-clearfix\" data-tab=\"1\" role=\"tabpanel\" aria-labelledby=\"elementor-tab-title-2161\"><p><span style=\"vertical-align: inherit;\"><span style=\"vertical-align: inherit;\">\t\t<div data-elementor-type=\"wp-post\" data-elementor-id=\"12760\" class=\"elementor elementor-12760 elementor-12713\">\n\t\t\t\t\t\t<div class=\"elementor-inner\">\n\t\t\t\t<div class=\"elementor-section-wrap\">\n\t\t\t\t\t\t\t\t\t<section class=\"has_eae_slider elementor-section elementor-top-section elementor-element elementor-element-e631533 elementor-section-boxed elementor-section-height-default elementor-section-height-default\" data-id=\"e631533\" data-element_type=\"section\">\n\t\t\t\t\t\t<div class=\"elementor-container elementor-column-gap-default\">\n\t\t\t\t\t\t\t<div class=\"elementor-row\">\n\t\t\t\t\t<div class=\"has_eae_slider elementor-column elementor-col-100 elementor-top-column elementor-element elementor-element-bfee49f\" data-id=\"bfee49f\" data-element_type=\"column\">\n\t\t\t<div class=\"elementor-column-wrap elementor-element-populated\">\n\t\t\t\t\t\t\t<div class=\"elementor-widget-wrap\">\n\t\t\t\t\t\t<div class=\"elementor-element elementor-element-0bf2711 elementor-widget elementor-widget-text-editor\" data-id=\"0bf2711\" data-element_type=\"widget\" data-widget_type=\"text-editor.default\">\n\t\t\t\t<div class=\"elementor-widget-container\">\n\t\t\t\t\t\t\t\t<div class=\"elementor-text-editor elementor-clearfix\">\n\t\t\t\t<p>La cath\u00e9drale Saint-\u00c9tienne (Stephansdom), achev\u00e9e en 1160, est l&rsquo;un des symboles les plus reconnaissables de Vienne. La cath\u00e9drale mesure 107 m de long, 40 m de large et 136 m de haut \u00e0 son point culminant. Elle a \u00e9t\u00e9 construite en pierre calcaire et la couleur d&rsquo;origine de ses murs p\u00e9rim\u00e9triques ext\u00e9rieurs \u00e9tait blanche. Au fil des si\u00e8cles, ses murs ext\u00e9rieurs ont eu tendance \u00e0 s&rsquo;assombrir en raison de l&rsquo;accumulation de polluants, en particulier de particules carbon\u00e9es. Les mat\u00e9riaux de surface pr\u00e9sentent des couches de pourriture noire qui peuvent entra\u00eener des dommages importants et la perte de mat\u00e9riaux. Des projets de restauration r\u00e9cents et des travaux en cours de d\u00e9veloppement ont permis de redonner progressivement \u00e0 certaines parties de Stephansdom leur blancheur d&rsquo;origine.<\/p>\n\t\t\t\t\t<\/div>\n\t\t\t\t\t\t<\/div>\n\t\t\t\t<\/div>\n\t\t\t\t\t\t<\/div>\n\t\t\t\t\t<\/div>\n\t\t<\/div>\n\t\t\t\t\t\t\t\t<\/div>\n\t\t\t\t\t<\/div>\n\t\t<\/section>\n\t\t\t\t<section class=\"has_eae_slider elementor-section elementor-top-section elementor-element elementor-element-2eac3a8 elementor-section-boxed elementor-section-height-default elementor-section-height-default\" data-id=\"2eac3a8\" data-element_type=\"section\">\n\t\t\t\t\t\t<div class=\"elementor-container elementor-column-gap-default\">\n\t\t\t\t\t\t\t<div class=\"elementor-row\">\n\t\t\t\t\t<div class=\"has_eae_slider elementor-column elementor-col-100 elementor-top-column elementor-element elementor-element-1adce94\" data-id=\"1adce94\" data-element_type=\"column\">\n\t\t\t<div class=\"elementor-column-wrap elementor-element-populated\">\n\t\t\t\t\t\t\t<div class=\"elementor-widget-wrap\">\n\t\t\t\t\t\t<div class=\"elementor-element elementor-element-1244191 elementor-widget elementor-widget-image\" data-id=\"1244191\" data-element_type=\"widget\" data-widget_type=\"image.default\">\n\t\t\t\t<div class=\"elementor-widget-container\">\n\t\t\t\t\t\t\t\t<div class=\"elementor-image\">\n\t\t\t\t\t\t\t\t\t<figure class=\"wp-caption\">\n\t\t\t\t\t\t\t\t\t\t<img loading=\"lazy\" decoding=\"async\" width=\"1\" height=\"1\" src=\"https:\/\/besafenet.net\/wp-content\/uploads\/2023\/07\/Stephansdom_Vienna_053.jpg\" class=\"attachment-large size-large wp-image-12411\" alt=\"\" \/>\t\t\t\t\t\t\t\t\t\t\t<figcaption class=\"widget-image-caption wp-caption-text\">Noircissement des murs p\u00e9rim\u00e9triques ext\u00e9rieurs d\u00fb \u00e0 l&rsquo;accumulation de polluants, en particulier de particules carbon\u00e9es, dans la cath\u00e9drale Saint-\u00c9tienne (Stephansdom) situ\u00e9e au centre de la ville de Vienne (Autriche). Elle a \u00e9t\u00e9 construite en pierre calcaire et la couleur d&rsquo;origine de ses murs ext\u00e9rieurs \u00e9tait blanche. (Photo : Dr. Spyridon Mavroulis, Vienne 2017)<\/figcaption>\n\t\t\t\t\t\t\t\t\t\t<\/figure>\n\t\t\t\t\t\t\t\t<\/div>\n\t\t\t\t\t\t<\/div>\n\t\t\t\t<\/div>\n\t\t\t\t\t\t<\/div>\n\t\t\t\t\t<\/div>\n\t\t<\/div>\n\t\t\t\t\t\t\t\t<\/div>\n\t\t\t\t\t<\/div>\n\t\t<\/section>\n\t\t\t\t\t\t\t\t\t<\/div>\n\t\t\t<\/div>\n\t\t\t\t\t<\/div>\n\t\t<\/span><\/span><\/p>\n<\/div>\n\t\t\t\t<\/div>\n\t\t\t\t\t\t\t\t<\/div>\n\t\t\t\t<\/div>\n\t\t\t\t<\/div>\n\t\t\t\t\t\t<\/div>\n\t\t\t\t\t<\/div>\n\t\t<\/div>\n\t\t\t\t\t\t\t\t<\/div>\n\t\t\t\t\t<\/div>\n\t\t<\/section>\n\t\t\t\t\t\t\t\t\t<\/div>\n\t\t\t<\/div>\n\t\t\t\t\t<\/div>\n\t\t<\/p>\n<\/div>\n\t\t\t\t<\/div>\n\t\t\t\t\t\t\t<div class=\"elementor-accordion-item\">\n\t\t\t\t\t<div id=\"elementor-tab-title-17911\" class=\"elementor-tab-title\" data-tab=\"11\" role=\"tab\" aria-controls=\"elementor-tab-content-17911\" aria-expanded=\"false\">\n\t\t\t\t\t\t\t\t\t\t\t\t\t<span class=\"elementor-accordion-icon elementor-accordion-icon-left\" aria-hidden=\"true\">\n\t\t\t\t\t\t\t\t\t\t\t\t\t\t\t<span class=\"elementor-accordion-icon-closed\"><i class=\"fas fa-plus\"><\/i><\/span>\n\t\t\t\t\t\t\t\t<span class=\"elementor-accordion-icon-opened\"><i class=\"fas fa-minus\"><\/i><\/span>\n\t\t\t\t\t\t\t\t\t\t\t\t\t\t<\/span>\n\t\t\t\t\t\t\t\t\t\t\t\t<a class=\"elementor-accordion-title\" href=\"\">11. Comment les explosions peuvent-elles affecter les sites du patrimoine culturel?<\/a>\n\t\t\t\t\t<\/div>\n\t\t\t\t\t<div id=\"elementor-tab-content-17911\" class=\"elementor-tab-content elementor-clearfix\" data-tab=\"11\" role=\"tabpanel\" aria-labelledby=\"elementor-tab-title-17911\"><p>\t\t<div data-elementor-type=\"wp-post\" data-elementor-id=\"12762\" class=\"elementor elementor-12762 elementor-12717\">\n\t\t\t\t\t\t<div class=\"elementor-inner\">\n\t\t\t\t<div class=\"elementor-section-wrap\">\n\t\t\t\t\t\t\t\t\t<section class=\"has_eae_slider elementor-section elementor-top-section elementor-element elementor-element-31f2203 elementor-section-boxed elementor-section-height-default elementor-section-height-default\" data-id=\"31f2203\" data-element_type=\"section\">\n\t\t\t\t\t\t<div class=\"elementor-container elementor-column-gap-default\">\n\t\t\t\t\t\t\t<div class=\"elementor-row\">\n\t\t\t\t\t<div class=\"has_eae_slider elementor-column elementor-col-100 elementor-top-column elementor-element elementor-element-c0bce7d\" data-id=\"c0bce7d\" data-element_type=\"column\">\n\t\t\t<div class=\"elementor-column-wrap elementor-element-populated\">\n\t\t\t\t\t\t\t<div class=\"elementor-widget-wrap\">\n\t\t\t\t\t\t<div class=\"elementor-element elementor-element-8dcb365 elementor-widget elementor-widget-text-editor\" data-id=\"8dcb365\" data-element_type=\"widget\" data-widget_type=\"text-editor.default\">\n\t\t\t\t<div class=\"elementor-widget-container\">\n\t\t\t\t\t\t\t\t<div class=\"elementor-text-editor elementor-clearfix\">\n\t\t\t\t<p>Une explosion est une lib\u00e9ration rapide, soudaine et \u00e0 grande \u00e9chelle de l&rsquo;\u00e9nergie stock\u00e9e. Cette lib\u00e9ration entra\u00eene une augmentation de la temp\u00e9rature et de la pression qui transforme les mat\u00e9riaux en gaz chauds et comprim\u00e9s. Comme ces gaz sont \u00e0 haute temp\u00e9rature et pression, ils se dilatent rapidement en cr\u00e9ant une onde de pression, connue sous le nom d&rsquo;onde de choc. L&rsquo;onde de choc r\u00e9sulte de la combinaison du souffle de l&rsquo;air et du choc du sol. Lorsque l&rsquo;onde de choc atteint un b\u00e2timent, elle est r\u00e9fl\u00e9chie, ce qui entra\u00eene une amplification de la surpression par un facteur significatif allant de 2 \u00e0 13. Le souffle d&rsquo;air p\u00e9n\u00e8tre dans le b\u00e2timent par les portes et les fen\u00eatres bris\u00e9es et affecte non seulement les \u00e9l\u00e9ments non structurels du b\u00e2timent, mais aussi ses \u00e9l\u00e9ments structurels, \u00e0 savoir les dalles et les colonnes. L&rsquo;onde de choc subit plusieurs diffractions dues \u00e0 l&rsquo;interaction avec diverses surfaces, ce qui entra\u00eene une augmentation ou une diminution de la pression. Le souffle d&rsquo;air est le principal m\u00e9canisme de production de dommages dans l&rsquo;environnement b\u00e2ti, non seulement autour du site de l&rsquo;explosion, mais aussi sur de plus grandes distances.<\/p>\n\t\t\t\t\t<\/div>\n\t\t\t\t\t\t<\/div>\n\t\t\t\t<\/div>\n\t\t\t\t<div class=\"elementor-element elementor-element-e7d826a elementor-widget elementor-widget-image\" data-id=\"e7d826a\" data-element_type=\"widget\" data-widget_type=\"image.default\">\n\t\t\t\t<div class=\"elementor-widget-container\">\n\t\t\t\t\t\t\t\t<div class=\"elementor-image\">\n\t\t\t\t\t\t\t\t\t<figure class=\"wp-caption\">\n\t\t\t\t\t\t\t\t\t\t<img loading=\"lazy\" decoding=\"async\" width=\"1024\" height=\"614\" src=\"https:\/\/besafenet.net\/wp-content\/uploads\/2023\/07\/Beirut_Explosion_06-1024x614.jpg\" class=\"attachment-large size-large wp-image-12345\" alt=\"\" srcset=\"https:\/\/besafenet.net\/wp-content\/uploads\/2023\/07\/Beirut_Explosion_06-1024x614.jpg 1024w, https:\/\/besafenet.net\/wp-content\/uploads\/2023\/07\/Beirut_Explosion_06-300x180.jpg 300w, https:\/\/besafenet.net\/wp-content\/uploads\/2023\/07\/Beirut_Explosion_06-150x90.jpg 150w, https:\/\/besafenet.net\/wp-content\/uploads\/2023\/07\/Beirut_Explosion_06-768x461.jpg 768w, https:\/\/besafenet.net\/wp-content\/uploads\/2023\/07\/Beirut_Explosion_06-1536x922.jpg 1536w, https:\/\/besafenet.net\/wp-content\/uploads\/2023\/07\/Beirut_Explosion_06-2048x1229.jpg 2048w\" sizes=\"(max-width: 1024px) 100vw, 1024px\" \/>\t\t\t\t\t\t\t\t\t\t\t<figcaption class=\"widget-image-caption wp-caption-text\">Vue de drone du Palais Sursock, construit en 1860 par Moussa Sursock. Il est situ\u00e9 dans la rue historique Sursock, dans le quartier Achrafieh de la ville de Beyrouth (Liban) et a \u00e9t\u00e9 s\u00e9v\u00e8rement touch\u00e9 par l&rsquo;explosion du 4 ao\u00fbt 2020 dans le port de la ville.  (Photo du Haytham Al Achkar\/Getty Images via https:\/\/www.theguardian.com\/world\/gallery\/2020\/aug\/13\/beirut-explosion-devastates-sursock-palace-and-museum-in-pictures)<\/figcaption>\n\t\t\t\t\t\t\t\t\t\t<\/figure>\n\t\t\t\t\t\t\t\t<\/div>\n\t\t\t\t\t\t<\/div>\n\t\t\t\t<\/div>\n\t\t\t\t<div class=\"elementor-element elementor-element-6d83d52 elementor-widget elementor-widget-accordion\" data-id=\"6d83d52\" data-element_type=\"widget\" data-widget_type=\"accordion.default\">\n\t\t\t\t<div class=\"elementor-widget-container\">\n\t\t\t\t\t<div class=\"elementor-accordion\" role=\"tablist\">\n\t\t\t\t\t\t\t<div class=\"elementor-accordion-item\">\n\t\t\t\t\t<div id=\"elementor-tab-title-1141\" class=\"elementor-tab-title\" data-tab=\"1\" role=\"tab\" aria-controls=\"elementor-tab-content-1141\" aria-expanded=\"false\">\n\t\t\t\t\t\t\t\t\t\t\t\t\t<span class=\"elementor-accordion-icon elementor-accordion-icon-left\" aria-hidden=\"true\">\n\t\t\t\t\t\t\t\t\t\t\t\t\t\t\t<span class=\"elementor-accordion-icon-closed\"><i class=\"fas fa-plus\"><\/i><\/span>\n\t\t\t\t\t\t\t\t<span class=\"elementor-accordion-icon-opened\"><i class=\"fas fa-minus\"><\/i><\/span>\n\t\t\t\t\t\t\t\t\t\t\t\t\t\t<\/span>\n\t\t\t\t\t\t\t\t\t\t\t\t<a class=\"elementor-accordion-title\" href=\"\">11.1. Risques d&rsquo;origine humaine et impact de l&rsquo;explosion du 4 ao\u00fbt 2020 dans le port de Beyrouth sur le patrimoine culturel de la ville<\/a>\n\t\t\t\t\t<\/div>\n\t\t\t\t\t<div id=\"elementor-tab-content-1141\" class=\"elementor-tab-content elementor-clearfix\" data-tab=\"1\" role=\"tabpanel\" aria-labelledby=\"elementor-tab-title-1141\"><p>\t\t<div data-elementor-type=\"wp-post\" data-elementor-id=\"12764\" class=\"elementor elementor-12764 elementor-12718\">\n\t\t\t\t\t\t<div class=\"elementor-inner\">\n\t\t\t\t<div class=\"elementor-section-wrap\">\n\t\t\t\t\t\t\t\t\t<section class=\"has_eae_slider elementor-section elementor-top-section elementor-element elementor-element-2c1c1d6 elementor-section-boxed elementor-section-height-default elementor-section-height-default\" data-id=\"2c1c1d6\" data-element_type=\"section\">\n\t\t\t\t\t\t<div class=\"elementor-container elementor-column-gap-default\">\n\t\t\t\t\t\t\t<div class=\"elementor-row\">\n\t\t\t\t\t<div class=\"has_eae_slider elementor-column elementor-col-100 elementor-top-column elementor-element elementor-element-948dbb9\" data-id=\"948dbb9\" data-element_type=\"column\">\n\t\t\t<div class=\"elementor-column-wrap elementor-element-populated\">\n\t\t\t\t\t\t\t<div class=\"elementor-widget-wrap\">\n\t\t\t\t\t\t<div class=\"elementor-element elementor-element-e516cbe elementor-widget elementor-widget-text-editor\" data-id=\"e516cbe\" data-element_type=\"widget\" data-widget_type=\"text-editor.default\">\n\t\t\t\t<div class=\"elementor-widget-container\">\n\t\t\t\t\t\t\t\t<div class=\"elementor-text-editor elementor-clearfix\">\n\t\t\t\t<p>Dans l&rsquo;apr\u00e8s-midi du 4 ao\u00fbt 2020, un incendie s&rsquo;est d\u00e9clar\u00e9 dans l&rsquo;entrep\u00f4t 12 du port de Beyrouth. L&rsquo;entrep\u00f4t contenait une \u00e9norme quantit\u00e9 de nitrate d&rsquo;ammonium (2 750 tonnes) et \u00e9tait situ\u00e9 \u00e0 c\u00f4t\u00e9 d&rsquo;un silo \u00e0 grains et \u00e0 proximit\u00e9 d&rsquo;autres installations portuaires. Alors que l&rsquo;incendie progressait, une premi\u00e8re explosion a provoqu\u00e9 un nuage de fum\u00e9e sur plusieurs m\u00e8tres de hauteur, suivi d&rsquo;une longue s\u00e9rie d&rsquo;\u00e9clairs lumineux blancs \u00e0 la base de la colonne de fum\u00e9e, accompagn\u00e9s de bruits d&rsquo;\u00e9clatement. Quelques secondes plus tard, une explosion massive a frapp\u00e9 Beyrouth. Elle a lib\u00e9r\u00e9 un nuage de fum\u00e9e rouge-orange hautement toxique de dioxyde d&rsquo;azote r\u00e9sultant de l&rsquo;explosion du nitrate d&rsquo;ammonium stock\u00e9 et entour\u00e9 d&rsquo;un nuage de condensation blanc. La seconde explosion a fait dispara\u00eetre l&rsquo;entrep\u00f4t, a d\u00e9vast\u00e9 le port et les installations adjacentes et a fortement affect\u00e9 les quartiers r\u00e9sidentiels dens\u00e9ment peupl\u00e9s de la ville et les quartiers commer\u00e7ants du centre-ville (Lekkas et al., 2020). Il a \u00e9t\u00e9 ressenti dans le nord d&rsquo;Isra\u00ebl et \u00e0 Chypre, \u00e0 une distance de 240 kilom\u00e8tres \u00e0 l&rsquo;ouest.<\/p>\n<p>En ce qui concerne l&rsquo;impact sur la population locale \u00e0 Beyrouth, l&rsquo;explosion a \u00e9t\u00e9 ressentie dans un rayon de trois kilom\u00e8tres, une zone o\u00f9 vivent plus de 750 000 personnes. Cette explosion massive a fait 178 morts, plus de 6 000 bless\u00e9s et environ 300 000 sans-abri (donn\u00e9es du 14 ao\u00fbt 2020). Elle a caus\u00e9 des dommages consid\u00e9rables aux b\u00e2timents et aux v\u00e9hicules. L&rsquo;onde de choc de l&rsquo;explosion a \u00e9t\u00e9 le principal facteur expliquant les d\u00e9g\u00e2ts subis par les b\u00e2timents autour du site de l&rsquo;explosion.<\/p>\n<p>L&rsquo;explosion du port de Beyrouth et l&rsquo;onde de choc qui s&rsquo;en est suivie ont gravement endommag\u00e9 certains des quartiers les plus historiques de la ville de Beyrouth, comprenant des centaines de b\u00e2timents historiques, y compris des sites culturels, des zones historiques et des b\u00e2timents patrimoniaux. Les zones historiques touch\u00e9es sont Mar Mikha\u00ebl, Sayf\u00e9, Gemmayzeh, Geitawi, St. Nicolas, Zukak el-Blatt, Minet el-Hosn et Bachoura. 480 b\u00e2timents du patrimoine ont \u00e9t\u00e9 endommag\u00e9s par l&rsquo;explosion. Plus pr\u00e9cis\u00e9ment, 85 ont \u00e9t\u00e9 gravement endommag\u00e9s, 370 mod\u00e9r\u00e9ment et 25 l\u00e9g\u00e8rement. 160 b\u00e2timents historiques pr\u00e9sentant des caract\u00e9ristiques de conception et de construction particuli\u00e8res ont \u00e9galement \u00e9t\u00e9 touch\u00e9s (Minist\u00e8re de la culture &#8211; Direction g\u00e9n\u00e9rale des antiquit\u00e9s, Beyrouth, 2020 ; PwC, 2020).<\/p>\n<p>Les zones de Gemmayzeh et de Mar Mikha\u00ebl se caract\u00e9risent par une grande concentration de b\u00e2timents historiques. La majorit\u00e9 d&rsquo;entre eux a \u00e9t\u00e9 touch\u00e9e par le choc du sol et l&rsquo;onde de choc produite par l&rsquo;explosion du port. Environ 60 b\u00e2timents historiques \u00e9taient sur le point de s&rsquo;effondrer (UNESCO, 2020). Les b\u00e2timents historiques de Beyrouth \u00e9taient d\u00e9j\u00e0 vuln\u00e9rables en raison de leur manque de pr\u00e9servation.<\/p>\n\t\t\t\t\t<\/div>\n\t\t\t\t\t\t<\/div>\n\t\t\t\t<\/div>\n\t\t\t\t<div class=\"elementor-element elementor-element-0724473 elementor-widget elementor-widget-image\" data-id=\"0724473\" data-element_type=\"widget\" data-widget_type=\"image.default\">\n\t\t\t\t<div class=\"elementor-widget-container\">\n\t\t\t\t\t\t\t\t<div class=\"elementor-image\">\n\t\t\t\t\t\t\t\t\t<figure class=\"wp-caption\">\n\t\t\t\t\t\t\t\t\t\t<img loading=\"lazy\" decoding=\"async\" width=\"1024\" height=\"683\" src=\"https:\/\/besafenet.net\/wp-content\/uploads\/2023\/07\/Beirut_Explosion_10-1024x683.jpg\" class=\"attachment-large size-large wp-image-12350\" alt=\"\" srcset=\"https:\/\/besafenet.net\/wp-content\/uploads\/2023\/07\/Beirut_Explosion_10-1024x683.jpg 1024w, https:\/\/besafenet.net\/wp-content\/uploads\/2023\/07\/Beirut_Explosion_10-300x200.jpg 300w, https:\/\/besafenet.net\/wp-content\/uploads\/2023\/07\/Beirut_Explosion_10-150x100.jpg 150w, https:\/\/besafenet.net\/wp-content\/uploads\/2023\/07\/Beirut_Explosion_10-768x512.jpg 768w, https:\/\/besafenet.net\/wp-content\/uploads\/2023\/07\/Beirut_Explosion_10.jpg 1440w\" sizes=\"(max-width: 1024px) 100vw, 1024px\" \/>\t\t\t\t\t\t\t\t\t\t\t<figcaption class=\"widget-image-caption wp-caption-text\">Vue partielle de l&rsquo;int\u00e9rieur endommag\u00e9 du Palais Sursock (Beyrouth, Liban) apr\u00e8s l&rsquo;explosion du 4 ao\u00fbt 2020 dans le port de la ville. L&rsquo;int\u00e9rieur du palais a \u00e9t\u00e9 fortement touch\u00e9 par l&rsquo;onde de choc de l&rsquo;explosion et de nombreux objets culturels ont \u00e9t\u00e9 compl\u00e8tement d\u00e9truits. (Photo du Felipe Dana\/AP via https:\/\/www.theguardian.com\/world\/gallery\/2020\/aug\/13\/beirut-explosion-devastates-sursock-palace-and-museum-in-pictures)<\/figcaption>\n\t\t\t\t\t\t\t\t\t\t<\/figure>\n\t\t\t\t\t\t\t\t<\/div>\n\t\t\t\t\t\t<\/div>\n\t\t\t\t<\/div>\n\t\t\t\t\t\t<\/div>\n\t\t\t\t\t<\/div>\n\t\t<\/div>\n\t\t\t\t\t\t\t\t<\/div>\n\t\t\t\t\t<\/div>\n\t\t<\/section>\n\t\t\t\t\t\t\t\t\t<\/div>\n\t\t\t<\/div>\n\t\t\t\t\t<\/div>\n\t\t<\/p>\n<\/div>\n\t\t\t\t<\/div>\n\t\t\t\t\t\t\t\t<\/div>\n\t\t\t\t<\/div>\n\t\t\t\t<\/div>\n\t\t\t\t\t\t<\/div>\n\t\t\t\t\t<\/div>\n\t\t<\/div>\n\t\t\t\t\t\t\t\t<\/div>\n\t\t\t\t\t<\/div>\n\t\t<\/section>\n\t\t\t\t\t\t\t\t\t<\/div>\n\t\t\t<\/div>\n\t\t\t\t\t<\/div>\n\t\t<\/p>\n<\/div>\n\t\t\t\t<\/div>\n\t\t\t\t\t\t\t<div class=\"elementor-accordion-item\">\n\t\t\t\t\t<div id=\"elementor-tab-title-17912\" class=\"elementor-tab-title\" data-tab=\"12\" role=\"tab\" aria-controls=\"elementor-tab-content-17912\" aria-expanded=\"false\">\n\t\t\t\t\t\t\t\t\t\t\t\t\t<span class=\"elementor-accordion-icon elementor-accordion-icon-left\" aria-hidden=\"true\">\n\t\t\t\t\t\t\t\t\t\t\t\t\t\t\t<span class=\"elementor-accordion-icon-closed\"><i class=\"fas fa-plus\"><\/i><\/span>\n\t\t\t\t\t\t\t\t<span class=\"elementor-accordion-icon-opened\"><i class=\"fas fa-minus\"><\/i><\/span>\n\t\t\t\t\t\t\t\t\t\t\t\t\t\t<\/span>\n\t\t\t\t\t\t\t\t\t\t\t\t<a class=\"elementor-accordion-title\" href=\"\">12. Comment le pillage affecte-t-il le patrimoine culturel?<\/a>\n\t\t\t\t\t<\/div>\n\t\t\t\t\t<div id=\"elementor-tab-content-17912\" class=\"elementor-tab-content elementor-clearfix\" data-tab=\"12\" role=\"tabpanel\" aria-labelledby=\"elementor-tab-title-17912\"><p>\t\t<div data-elementor-type=\"wp-post\" data-elementor-id=\"12766\" class=\"elementor elementor-12766 elementor-12723\">\n\t\t\t\t\t\t<div class=\"elementor-inner\">\n\t\t\t\t<div class=\"elementor-section-wrap\">\n\t\t\t\t\t\t\t\t\t<section class=\"has_eae_slider elementor-section elementor-top-section elementor-element elementor-element-104b66d elementor-section-boxed elementor-section-height-default elementor-section-height-default\" data-id=\"104b66d\" data-element_type=\"section\">\n\t\t\t\t\t\t<div class=\"elementor-container elementor-column-gap-default\">\n\t\t\t\t\t\t\t<div class=\"elementor-row\">\n\t\t\t\t\t<div class=\"has_eae_slider elementor-column elementor-col-100 elementor-top-column elementor-element elementor-element-57bc192\" data-id=\"57bc192\" data-element_type=\"column\">\n\t\t\t<div class=\"elementor-column-wrap elementor-element-populated\">\n\t\t\t\t\t\t\t<div class=\"elementor-widget-wrap\">\n\t\t\t\t\t\t<div class=\"elementor-element elementor-element-a36cef7 elementor-widget elementor-widget-text-editor\" data-id=\"a36cef7\" data-element_type=\"widget\" data-widget_type=\"text-editor.default\">\n\t\t\t\t<div class=\"elementor-widget-container\">\n\t\t\t\t\t\t\t\t<div class=\"elementor-text-editor elementor-clearfix\">\n\t\t\t\t<p>Le pillage d&rsquo;antiquit\u00e9s consiste en des fouilles ill\u00e9gales sur un site dans le but d&rsquo;enlever et de vendre les objets culturels qui s&rsquo;y trouvent. Pour trouver et enlever ces objets, les pilleurs creusent g\u00e9n\u00e9ralement un trou peu profond de quelques m\u00e8tres, mais ils utilisent parfois des outils et des \u00e9quipements lourds, qui menacent l&rsquo;acc\u00e8s aux b\u00e2timents et aux sites du patrimoine culturel et d\u00e9truisent les \u00e9l\u00e9ments non structurels et structurels des b\u00e2timents, ce qui entra\u00eene leur destruction compl\u00e8te. Cette activit\u00e9 est end\u00e9mique dans les pays et les r\u00e9gions de la mer M\u00e9diterran\u00e9e, notamment l&rsquo;Italie, la Gr\u00e8ce, la Turquie, Chypre et l&rsquo;\u00c9gypte, qui regorgent de sites et d&rsquo;objets du patrimoine culturel arch\u00e9ologique. Des activit\u00e9s ill\u00e9gales similaires ont lieu en Afrique, en Asie du Sud-Est et en Am\u00e9rique du Sud, o\u00f9 une grande partie des civilisations pass\u00e9es sont encore inconnues des sciences historiques et arch\u00e9ologiques formelles et ont \u00e9t\u00e9 d\u00e9couvertes.<\/p>\n\t\t\t\t\t<\/div>\n\t\t\t\t\t\t<\/div>\n\t\t\t\t<\/div>\n\t\t\t\t\t\t<\/div>\n\t\t\t\t\t<\/div>\n\t\t<\/div>\n\t\t\t\t\t\t\t\t<\/div>\n\t\t\t\t\t<\/div>\n\t\t<\/section>\n\t\t\t\t\t\t\t\t\t<\/div>\n\t\t\t<\/div>\n\t\t\t\t\t<\/div>\n\t\t<\/p>\n<\/div>\n\t\t\t\t<\/div>\n\t\t\t\t\t\t\t\t<\/div>\n\t\t\t\t<\/div>\n\t\t\t\t<\/div>\n\t\t\t\t\t\t<\/div>\n\t\t\t\t\t<\/div>\n\t\t<\/div>\n\t\t\t\t\t\t\t\t<\/div>\n\t\t\t\t\t<\/div>\n\t\t<\/section>\n\t\t\t\t\t\t\t\t\t<\/div>\n\t\t\t<\/div>\n\t\t\t\t\t<\/div>\n\t\t","protected":false},"excerpt":{"rendered":"<p>Vulnerabilit\u00e0 Patrimoine culturel Prepared by the European Centre on Prevention and Forecasting of Earthquakes (ECPFE) &amp; the Editorial Board Conform\u00e9ment \u00e0 la Convention de l&rsquo;UNESCO concernant la protection du patrimoine mondial, culturel et naturel de 1972, les \u00e9l\u00e9ments suivants sont consid\u00e9r\u00e9s comme faisant partie du patrimoine culturel : Les monuments : \u0153uvres architecturales, \u0153uvres de [&hellip;]<\/p>\n","protected":false},"author":1,"featured_media":0,"parent":12608,"menu_order":0,"comment_status":"closed","ping_status":"closed","template":"","meta":{"_acf_changed":false,"footnotes":""},"acf":[],"yoast_head":"<!-- This site is optimized with the Yoast SEO plugin v22.1 - https:\/\/yoast.com\/wordpress\/plugins\/seo\/ -->\n<title>Patrimoine culturel - BeSafeNet<\/title>\n<meta name=\"robots\" content=\"index, follow, max-snippet:-1, max-image-preview:large, max-video-preview:-1\" \/>\n<link rel=\"canonical\" href=\"https:\/\/besafenet.net\/fr\/vulnerability\/cultural-herritage\/\" \/>\n<meta property=\"og:locale\" content=\"fr_FR\" \/>\n<meta property=\"og:type\" content=\"article\" \/>\n<meta property=\"og:title\" content=\"Patrimoine culturel - BeSafeNet\" \/>\n<meta property=\"og:description\" content=\"Vulnerabilit\u00e0 Patrimoine culturel Prepared by the European Centre on Prevention and Forecasting of Earthquakes (ECPFE) &amp; the Editorial Board Conform\u00e9ment \u00e0 la Convention de l&rsquo;UNESCO concernant la protection du patrimoine mondial, culturel et naturel de 1972, les \u00e9l\u00e9ments suivants sont consid\u00e9r\u00e9s comme faisant partie du patrimoine culturel : Les monuments : \u0153uvres architecturales, \u0153uvres de [&hellip;]\" \/>\n<meta property=\"og:url\" content=\"https:\/\/besafenet.net\/fr\/vulnerability\/cultural-herritage\/\" \/>\n<meta property=\"og:site_name\" content=\"BeSafeNet\" \/>\n<meta property=\"article:modified_time\" content=\"2023-07-31T08:46:44+00:00\" \/>\n<meta property=\"og:image\" content=\"https:\/\/besafenet.net\/wp-content\/uploads\/2023\/07\/Delfoi_04.jpg\" \/>\n<meta name=\"twitter:card\" content=\"summary_large_image\" \/>\n<meta name=\"twitter:label1\" content=\"Est. reading time\" \/>\n\t<meta name=\"twitter:data1\" content=\"82 minutes\" \/>\n<script type=\"application\/ld+json\" class=\"yoast-schema-graph\">{\"@context\":\"https:\/\/schema.org\",\"@graph\":[{\"@type\":\"WebPage\",\"@id\":\"https:\/\/besafenet.net\/fr\/vulnerability\/cultural-herritage\/\",\"url\":\"https:\/\/besafenet.net\/fr\/vulnerability\/cultural-herritage\/\",\"name\":\"Patrimoine culturel - BeSafeNet\",\"isPartOf\":{\"@id\":\"https:\/\/besafenet.net\/#website\"},\"datePublished\":\"2023-07-27T09:13:22+00:00\",\"dateModified\":\"2023-07-31T08:46:44+00:00\",\"breadcrumb\":{\"@id\":\"https:\/\/besafenet.net\/fr\/vulnerability\/cultural-herritage\/#breadcrumb\"},\"inLanguage\":\"fr-FR\",\"potentialAction\":[{\"@type\":\"ReadAction\",\"target\":[\"https:\/\/besafenet.net\/fr\/vulnerability\/cultural-herritage\/\"]}]},{\"@type\":\"BreadcrumbList\",\"@id\":\"https:\/\/besafenet.net\/fr\/vulnerability\/cultural-herritage\/#breadcrumb\",\"itemListElement\":[{\"@type\":\"ListItem\",\"position\":1,\"name\":\"Home\",\"item\":\"https:\/\/besafenet.net\/el\/\"},{\"@type\":\"ListItem\",\"position\":2,\"name\":\"Vulnerabilit\u00e9\",\"item\":\"https:\/\/besafenet.net\/fr\/vulnerability\/\"},{\"@type\":\"ListItem\",\"position\":3,\"name\":\"Patrimoine culturel\"}]},{\"@type\":\"WebSite\",\"@id\":\"https:\/\/besafenet.net\/#website\",\"url\":\"https:\/\/besafenet.net\/\",\"name\":\"BeSafeNet\",\"description\":\"\",\"publisher\":{\"@id\":\"https:\/\/besafenet.net\/#organization\"},\"potentialAction\":[{\"@type\":\"SearchAction\",\"target\":{\"@type\":\"EntryPoint\",\"urlTemplate\":\"https:\/\/besafenet.net\/?s={search_term_string}\"},\"query-input\":\"required name=search_term_string\"}],\"inLanguage\":\"fr-FR\"},{\"@type\":\"Organization\",\"@id\":\"https:\/\/besafenet.net\/#organization\",\"name\":\"BeSafeNet\",\"url\":\"https:\/\/besafenet.net\/\",\"logo\":{\"@type\":\"ImageObject\",\"inLanguage\":\"fr-FR\",\"@id\":\"https:\/\/besafenet.net\/#\/schema\/logo\/image\/\",\"url\":\"https:\/\/besafenet.net\/wp-content\/uploads\/2020\/11\/besafe-logo.svg\",\"contentUrl\":\"https:\/\/besafenet.net\/wp-content\/uploads\/2020\/11\/besafe-logo.svg\",\"width\":1,\"height\":1,\"caption\":\"BeSafeNet\"},\"image\":{\"@id\":\"https:\/\/besafenet.net\/#\/schema\/logo\/image\/\"}}]}<\/script>\n<!-- \/ Yoast SEO plugin. -->","yoast_head_json":{"title":"Patrimoine culturel - BeSafeNet","robots":{"index":"index","follow":"follow","max-snippet":"max-snippet:-1","max-image-preview":"max-image-preview:large","max-video-preview":"max-video-preview:-1"},"canonical":"https:\/\/besafenet.net\/fr\/vulnerability\/cultural-herritage\/","og_locale":"fr_FR","og_type":"article","og_title":"Patrimoine culturel - BeSafeNet","og_description":"Vulnerabilit\u00e0 Patrimoine culturel Prepared by the European Centre on Prevention and Forecasting of Earthquakes (ECPFE) &amp; the Editorial Board Conform\u00e9ment \u00e0 la Convention de l&rsquo;UNESCO concernant la protection du patrimoine mondial, culturel et naturel de 1972, les \u00e9l\u00e9ments suivants sont consid\u00e9r\u00e9s comme faisant partie du patrimoine culturel : Les monuments : \u0153uvres architecturales, \u0153uvres de [&hellip;]","og_url":"https:\/\/besafenet.net\/fr\/vulnerability\/cultural-herritage\/","og_site_name":"BeSafeNet","article_modified_time":"2023-07-31T08:46:44+00:00","og_image":[{"url":"https:\/\/besafenet.net\/wp-content\/uploads\/2023\/07\/Delfoi_04.jpg"}],"twitter_card":"summary_large_image","twitter_misc":{"Est. reading time":"82 minutes"},"schema":{"@context":"https:\/\/schema.org","@graph":[{"@type":"WebPage","@id":"https:\/\/besafenet.net\/fr\/vulnerability\/cultural-herritage\/","url":"https:\/\/besafenet.net\/fr\/vulnerability\/cultural-herritage\/","name":"Patrimoine culturel - BeSafeNet","isPartOf":{"@id":"https:\/\/besafenet.net\/#website"},"datePublished":"2023-07-27T09:13:22+00:00","dateModified":"2023-07-31T08:46:44+00:00","breadcrumb":{"@id":"https:\/\/besafenet.net\/fr\/vulnerability\/cultural-herritage\/#breadcrumb"},"inLanguage":"fr-FR","potentialAction":[{"@type":"ReadAction","target":["https:\/\/besafenet.net\/fr\/vulnerability\/cultural-herritage\/"]}]},{"@type":"BreadcrumbList","@id":"https:\/\/besafenet.net\/fr\/vulnerability\/cultural-herritage\/#breadcrumb","itemListElement":[{"@type":"ListItem","position":1,"name":"Home","item":"https:\/\/besafenet.net\/el\/"},{"@type":"ListItem","position":2,"name":"Vulnerabilit\u00e9","item":"https:\/\/besafenet.net\/fr\/vulnerability\/"},{"@type":"ListItem","position":3,"name":"Patrimoine culturel"}]},{"@type":"WebSite","@id":"https:\/\/besafenet.net\/#website","url":"https:\/\/besafenet.net\/","name":"BeSafeNet","description":"","publisher":{"@id":"https:\/\/besafenet.net\/#organization"},"potentialAction":[{"@type":"SearchAction","target":{"@type":"EntryPoint","urlTemplate":"https:\/\/besafenet.net\/?s={search_term_string}"},"query-input":"required name=search_term_string"}],"inLanguage":"fr-FR"},{"@type":"Organization","@id":"https:\/\/besafenet.net\/#organization","name":"BeSafeNet","url":"https:\/\/besafenet.net\/","logo":{"@type":"ImageObject","inLanguage":"fr-FR","@id":"https:\/\/besafenet.net\/#\/schema\/logo\/image\/","url":"https:\/\/besafenet.net\/wp-content\/uploads\/2020\/11\/besafe-logo.svg","contentUrl":"https:\/\/besafenet.net\/wp-content\/uploads\/2020\/11\/besafe-logo.svg","width":1,"height":1,"caption":"BeSafeNet"},"image":{"@id":"https:\/\/besafenet.net\/#\/schema\/logo\/image\/"}}]}},"_links":{"self":[{"href":"https:\/\/besafenet.net\/fr\/wp-json\/wp\/v2\/pages\/12631"}],"collection":[{"href":"https:\/\/besafenet.net\/fr\/wp-json\/wp\/v2\/pages"}],"about":[{"href":"https:\/\/besafenet.net\/fr\/wp-json\/wp\/v2\/types\/page"}],"author":[{"embeddable":true,"href":"https:\/\/besafenet.net\/fr\/wp-json\/wp\/v2\/users\/1"}],"replies":[{"embeddable":true,"href":"https:\/\/besafenet.net\/fr\/wp-json\/wp\/v2\/comments?post=12631"}],"version-history":[{"count":5,"href":"https:\/\/besafenet.net\/fr\/wp-json\/wp\/v2\/pages\/12631\/revisions"}],"predecessor-version":[{"id":13270,"href":"https:\/\/besafenet.net\/fr\/wp-json\/wp\/v2\/pages\/12631\/revisions\/13270"}],"up":[{"embeddable":true,"href":"https:\/\/besafenet.net\/fr\/wp-json\/wp\/v2\/pages\/12608"}],"wp:attachment":[{"href":"https:\/\/besafenet.net\/fr\/wp-json\/wp\/v2\/media?parent=12631"}],"curies":[{"name":"wp","href":"https:\/\/api.w.org\/{rel}","templated":true}]}}