{"id":14283,"date":"2023-10-25T13:33:40","date_gmt":"2023-10-25T12:33:40","guid":{"rendered":"https:\/\/besafenet.net\/vulnerability\/crise-climatique\/"},"modified":"2023-11-16T07:59:56","modified_gmt":"2023-11-16T06:59:56","slug":"crise-climatique","status":"publish","type":"page","link":"https:\/\/besafenet.net\/fr\/vulnerability\/crise-climatique\/","title":{"rendered":"CRISE CLIMATIQUE"},"content":{"rendered":"\t\t<div data-elementor-type=\"wp-page\" data-elementor-id=\"14283\" class=\"elementor elementor-14283 elementor-14083\">\n\t\t\t\t\t\t<div class=\"elementor-inner\">\n\t\t\t\t<div class=\"elementor-section-wrap\">\n\t\t\t\t\t\t\t\t\t<section class=\"has_eae_slider elementor-section elementor-top-section elementor-element elementor-element-4c9d767 heading-section elementor-section-boxed elementor-section-height-default elementor-section-height-default\" data-id=\"4c9d767\" data-element_type=\"section\" data-settings=\"{&quot;background_background&quot;:&quot;classic&quot;}\">\n\t\t\t\t\t\t<div class=\"elementor-container elementor-column-gap-default\">\n\t\t\t\t\t\t\t<div class=\"elementor-row\">\n\t\t\t\t\t<div class=\"has_eae_slider elementor-column elementor-col-50 elementor-top-column elementor-element elementor-element-a97712b\" data-id=\"a97712b\" data-element_type=\"column\">\n\t\t\t<div class=\"elementor-column-wrap elementor-element-populated\">\n\t\t\t\t\t\t\t<div class=\"elementor-widget-wrap\">\n\t\t\t\t\t\t<div class=\"elementor-element elementor-element-4021034 elementor-widget elementor-widget-heading\" data-id=\"4021034\" data-element_type=\"widget\" data-widget_type=\"heading.default\">\n\t\t\t\t<div class=\"elementor-widget-container\">\n\t\t\t<h2 class=\"elementor-heading-title elementor-size-default\">Vulnerabilit\u00e0<\/h2>\t\t<\/div>\n\t\t\t\t<\/div>\n\t\t\t\t<div class=\"elementor-element elementor-element-d566587 elementor-widget elementor-widget-heading\" data-id=\"d566587\" data-element_type=\"widget\" data-widget_type=\"heading.default\">\n\t\t\t\t<div class=\"elementor-widget-container\">\n\t\t\t<h1 class=\"elementor-heading-title elementor-size-default\">Crise Climatique<\/h1>\t\t<\/div>\n\t\t\t\t<\/div>\n\t\t\t\t\t\t<\/div>\n\t\t\t\t\t<\/div>\n\t\t<\/div>\n\t\t\t\t<div class=\"has_eae_slider elementor-column elementor-col-50 elementor-top-column elementor-element elementor-element-521a1b8\" data-id=\"521a1b8\" data-element_type=\"column\">\n\t\t\t<div class=\"elementor-column-wrap elementor-element-populated\">\n\t\t\t\t\t\t\t<div class=\"elementor-widget-wrap\">\n\t\t\t\t\t\t<div class=\"elementor-element elementor-element-12ebe32 elementor-widget-divider--view-line elementor-widget elementor-widget-divider\" data-id=\"12ebe32\" data-element_type=\"widget\" data-widget_type=\"divider.default\">\n\t\t\t\t<div class=\"elementor-widget-container\">\n\t\t\t\t\t<div class=\"elementor-divider\">\n\t\t\t<span class=\"elementor-divider-separator\">\n\t\t\t\t\t\t<\/span>\n\t\t<\/div>\n\t\t\t\t<\/div>\n\t\t\t\t<\/div>\n\t\t\t\t<div class=\"elementor-element elementor-element-88bd7b9 small-txt elementor-widget elementor-widget-text-editor\" data-id=\"88bd7b9\" data-element_type=\"widget\" data-widget_type=\"text-editor.default\">\n\t\t\t\t<div class=\"elementor-widget-container\">\n\t\t\t\t\t\t\t\t<div class=\"elementor-text-editor elementor-clearfix\">\n\t\t\t\t<div class=\"elementor-element elementor-element-88bd7b9 small-txt elementor-widget elementor-widget-text-editor\" data-id=\"88bd7b9\" data-element_type=\"widget\" data-widget_type=\"text-editor.default\"><div class=\"elementor-widget-container\"><div class=\"elementor-text-editor elementor-clearfix\"><h6><span class=\"ui-provider a b c d e f g h i j k l m n o p q r s t u v w x y z ab ac ae af ag ah ai aj ak\" dir=\"ltr\">Prepared by Prof. Anthony Micallef &amp; the Editorial Board<\/span><\/h6><\/div><\/div><\/div>\t\t\t\t\t<\/div>\n\t\t\t\t\t\t<\/div>\n\t\t\t\t<\/div>\n\t\t\t\t<div class=\"elementor-element elementor-element-bb52964 elementor-widget-divider--view-line elementor-widget elementor-widget-divider\" data-id=\"bb52964\" data-element_type=\"widget\" data-widget_type=\"divider.default\">\n\t\t\t\t<div class=\"elementor-widget-container\">\n\t\t\t\t\t<div class=\"elementor-divider\">\n\t\t\t<span class=\"elementor-divider-separator\">\n\t\t\t\t\t\t<\/span>\n\t\t<\/div>\n\t\t\t\t<\/div>\n\t\t\t\t<\/div>\n\t\t\t\t\t\t<\/div>\n\t\t\t\t\t<\/div>\n\t\t<\/div>\n\t\t\t\t\t\t\t\t<\/div>\n\t\t\t\t\t<\/div>\n\t\t<\/section>\n\t\t\t\t<section class=\"has_eae_slider elementor-section elementor-top-section elementor-element elementor-element-6dbba1e elementor-section-full_width elementor-section-height-min-height elementor-section-height-default elementor-section-items-middle\" data-id=\"6dbba1e\" data-element_type=\"section\" data-settings=\"{&quot;background_background&quot;:&quot;classic&quot;}\">\n\t\t\t\t\t\t<div class=\"elementor-container elementor-column-gap-default\">\n\t\t\t\t\t\t\t<div class=\"elementor-row\">\n\t\t\t\t\t<div class=\"has_eae_slider elementor-column elementor-col-100 elementor-top-column elementor-element elementor-element-a071dd3\" data-id=\"a071dd3\" data-element_type=\"column\">\n\t\t\t<div class=\"elementor-column-wrap elementor-element-populated\">\n\t\t\t\t\t\t\t<div class=\"elementor-widget-wrap\">\n\t\t\t\t\t\t<div class=\"elementor-element elementor-element-ff70686 elementor-widget elementor-widget-image\" data-id=\"ff70686\" data-element_type=\"widget\" data-widget_type=\"image.default\">\n\t\t\t\t<div class=\"elementor-widget-container\">\n\t\t\t\t\t\t\t\t<div class=\"elementor-image\">\n\t\t\t\t\t\t\t\t\t\t\t\t<img loading=\"lazy\" decoding=\"async\" width=\"1024\" height=\"683\" src=\"https:\/\/besafenet.net\/wp-content\/uploads\/2023\/07\/Delfoi_04.jpg\" class=\"attachment-large size-large wp-image-12386\" alt=\"\" \/>\t\t\t\t\t\t\t\t\t\t\t\t\t\t<\/div>\n\t\t\t\t\t\t<\/div>\n\t\t\t\t<\/div>\n\t\t\t\t\t\t<\/div>\n\t\t\t\t\t<\/div>\n\t\t<\/div>\n\t\t\t\t\t\t\t\t<\/div>\n\t\t\t\t\t<\/div>\n\t\t<\/section>\n\t\t\t\t<section class=\"has_eae_slider elementor-section elementor-top-section elementor-element elementor-element-c674064 elementor-section-boxed elementor-section-height-default elementor-section-height-default\" data-id=\"c674064\" data-element_type=\"section\">\n\t\t\t\t\t\t<div class=\"elementor-container elementor-column-gap-default\">\n\t\t\t\t\t\t\t<div class=\"elementor-row\">\n\t\t\t\t\t<div class=\"has_eae_slider elementor-column elementor-col-100 elementor-top-column elementor-element elementor-element-16e8608\" data-id=\"16e8608\" data-element_type=\"column\">\n\t\t\t<div class=\"elementor-column-wrap elementor-element-populated\">\n\t\t\t\t\t\t\t<div class=\"elementor-widget-wrap\">\n\t\t\t\t\t\t<div class=\"elementor-element elementor-element-23f80de elementor-share-buttons--view-icon elementor-share-buttons--align-right elementor-share-buttons--skin-gradient elementor-share-buttons--shape-square elementor-grid-0 elementor-share-buttons--color-official elementor-widget elementor-widget-global elementor-global-6741 elementor-widget-share-buttons\" data-id=\"23f80de\" data-element_type=\"widget\" data-widget_type=\"share-buttons.default\">\n\t\t\t\t<div class=\"elementor-widget-container\">\n\t\t\t\t\t<div class=\"elementor-grid\">\n\t\t\t\t\t\t\t\t<div class=\"elementor-grid-item\">\n\t\t\t\t\t\t<div\n\t\t\t\t\t\t\tclass=\"elementor-share-btn elementor-share-btn_twitter\"\n\t\t\t\t\t\t\trole=\"button\"\n\t\t\t\t\t\t\ttabindex=\"0\"\n\t\t\t\t\t\t\taria-label=\"Share on twitter\"\n\t\t\t\t\t\t>\n\t\t\t\t\t\t\t\t\t\t\t\t\t\t\t<span class=\"elementor-share-btn__icon\">\n\t\t\t\t\t\t\t\t<i class=\"fab fa-twitter\" aria-hidden=\"true\"><\/i>\t\t\t\t\t\t\t<\/span>\n\t\t\t\t\t\t\t\t\t\t\t\t\t\t\t\t\t\t\t\t<\/div>\n\t\t\t\t\t<\/div>\n\t\t\t\t\t\t<\/div>\n\t\t\t\t<\/div>\n\t\t\t\t<\/div>\n\t\t\t\t<div class=\"elementor-element elementor-element-835a4dc elementor-widget elementor-widget-text-editor\" data-id=\"835a4dc\" data-element_type=\"widget\" data-widget_type=\"text-editor.default\">\n\t\t\t\t<div class=\"elementor-widget-container\">\n\t\t\t\t\t\t\t\t<div class=\"elementor-text-editor elementor-clearfix\">\n\t\t\t\t<p><strong>La crise climatique<\/strong><\/p><p>Le ph\u00e9nom\u00e8ne du changement climatique peut \u00eatre d\u00e9fini comme \u00ab\u00a0<em>une variation significative des conditions m\u00e9t\u00e9orologiques moyennes sur plusieurs d\u00e9cennies ou plus<\/em>\u00ab\u00a0. Toutefois, ces changements climatiques peuvent \u00eatre consid\u00e9r\u00e9s comme ayant deux composantes, \u00e0 savoir les changements climatiques d&rsquo;origine humaine et les changements climatiques d&rsquo;origine naturelle (figure 1). Dans ce contexte, le changement climatique a \u00e9galement \u00e9t\u00e9 d\u00e9fini comme un <em>\u00ab\u00a0changement observ\u00e9 dans le climat \u00e0 l&rsquo;\u00e9chelle mondiale, r\u00e9gionale ou sous-r\u00e9gionale, caus\u00e9 par des processus naturels et\/ou l&rsquo;activit\u00e9 humaine\u00a0\u00bb.<\/em><\/p><p><u>Le changement climatique naturel <\/u>fait r\u00e9f\u00e9rence aux changements climatiques caus\u00e9s par la quantit\u00e9 d&rsquo;\u00e9nergie entrante et sortante de la Terre. Ces changements sont caus\u00e9s par des \u00e9l\u00e9ments naturels tels que l&rsquo;intensit\u00e9 du soleil, l&rsquo;orbite de la Terre, l&rsquo;activit\u00e9 volcanique et les concentrations de gaz \u00e0 effet de serre d&rsquo;origine naturelle. Toutefois, il est important de noter que ces influences sont trop mineures ou se produisent trop lentement pour expliquer le r\u00e9chauffement rapide de la plan\u00e8te enregistr\u00e9 depuis la r\u00e9volution industrielle.<\/p>\t\t\t\t\t<\/div>\n\t\t\t\t\t\t<\/div>\n\t\t\t\t<\/div>\n\t\t\t\t<div class=\"elementor-element elementor-element-c628453 climate_crisis_img elementor-widget elementor-widget-image\" data-id=\"c628453\" data-element_type=\"widget\" data-widget_type=\"image.default\">\n\t\t\t\t<div class=\"elementor-widget-container\">\n\t\t\t\t\t\t\t\t<div class=\"elementor-image\">\n\t\t\t\t\t\t\t\t\t<figure class=\"wp-caption\">\n\t\t\t\t\t\t\t\t\t\t<img loading=\"lazy\" decoding=\"async\" width=\"383\" height=\"250\" src=\"https:\/\/besafenet.net\/wp-content\/uploads\/2023\/10\/Figure-1_resize.jpg\" class=\"attachment-large size-large wp-image-14095\" alt=\"\" srcset=\"https:\/\/besafenet.net\/wp-content\/uploads\/2023\/10\/Figure-1_resize.jpg 383w, https:\/\/besafenet.net\/wp-content\/uploads\/2023\/10\/Figure-1_resize-300x196.jpg 300w, https:\/\/besafenet.net\/wp-content\/uploads\/2023\/10\/Figure-1_resize-150x98.jpg 150w\" sizes=\"(max-width: 383px) 100vw, 383px\" \/>\t\t\t\t\t\t\t\t\t\t\t<figcaption class=\"widget-image-caption wp-caption-text\">Figure 1 : Influences humaines et naturelles sur le r\u00e9chauffement climatique (Source : Agence am\u00e9ricaine pour la protection de l'environnement : Agence am\u00e9ricaine de protection de l'environnement. Climate Change Science - Causes of Climate Change. https:\/\/www.epa.gov\/climatechange-science\/causes-climate-change)<\/figcaption>\n\t\t\t\t\t\t\t\t\t\t<\/figure>\n\t\t\t\t\t\t\t\t<\/div>\n\t\t\t\t\t\t<\/div>\n\t\t\t\t<\/div>\n\t\t\t\t<div class=\"elementor-element elementor-element-f8f8f89 elementor-widget elementor-widget-text-editor\" data-id=\"f8f8f89\" data-element_type=\"widget\" data-widget_type=\"text-editor.default\">\n\t\t\t\t<div class=\"elementor-widget-container\">\n\t\t\t\t\t\t\t\t<div class=\"elementor-text-editor elementor-clearfix\">\n\t\t\t\t<p>\u00a0<span style=\"font-size: 1rem;\">Lorsque l&rsquo;on parle de changement climatique d<\/span><u style=\"font-size: 1rem;\">&lsquo;origine humaine<\/u><span style=\"font-size: 1rem;\">, l&rsquo;utilisation du terme \u00ab\u00a0<\/span><em style=\"font-size: 1rem;\">changement climatique\u00a0\u00bb a <\/em><span style=\"font-size: 1rem;\">\u00e9t\u00e9 critiqu\u00e9e par de nombreuses personnes qui consid\u00e8rent qu&rsquo;il n&rsquo;y a pas suffisamment d&rsquo;urgence pour ses cons\u00e9quences d\u00e9sastreuses, li\u00e9es \u00e0 ce qui est, par essence, une perturbation du climat naturel.<\/span><\/p><p>\u00c0 cette fin, il est plus appropri\u00e9 d&rsquo;utiliser le terme de <strong><em>crise climatique <\/em><\/strong>pour d\u00e9signer les perturbations m\u00e9t\u00e9orologiques de plus en plus alarmantes observ\u00e9es depuis le d\u00e9but de la r\u00e9volution industrielle, qui a entra\u00een\u00e9 une combustion acc\u00e9l\u00e9r\u00e9e des combustibles fossiles, une augmentation des rejets d&rsquo;a\u00e9rosols et de gaz \u00e0 effet de serre, une modification de l&rsquo;utilisation des sols et la d\u00e9forestation. La poursuite des \u00e9missions de gaz \u00e0 effet de serre a entra\u00een\u00e9 un r\u00e9chauffement de la plan\u00e8te, c&rsquo;est-\u00e0-dire une augmentation de la temp\u00e9rature moyenne mondiale pr\u00e8s de la surface de la terre. La crise climatique d\u00e9signe une s\u00e9rie de perturbations m\u00e9t\u00e9orologiques dues au r\u00e9chauffement de la plan\u00e8te, telles que l&rsquo;\u00e9l\u00e9vation du niveau de la mer, les ouragans et les ondes de temp\u00eate de plus en plus intenses, les changements dans les r\u00e9gimes de pr\u00e9cipitations et les inondations<strong>. <\/strong>Contrairement \u00e0 d&rsquo;autres risques qui se manifestent sporadiquement, la crise climatique est active en permanence depuis plusieurs d\u00e9cennies et menace d\u00e9sormais la stabilit\u00e9 du syst\u00e8me terrestre dans son ensemble.<\/p><p>Selon les rapports de l&rsquo;Organisation m\u00e9t\u00e9orologique mondiale (OMM), les \u00e9missions de gaz \u00e0 effet de serre dues aux activit\u00e9s humaines ont atteint en 2021 un niveau record et rien ne semble indiquer qu&rsquo;elles vont diminuer. Sur la base d&rsquo;un aper\u00e7u des rapports sur les \u00e9carts d&rsquo;\u00e9mission du Programme des Nations unies pour l&rsquo;environnement (PNUE) sur une d\u00e9cennie, il appara\u00eet que nous allons probablement continuer sur la m\u00eame voie effrayante du statu quo.<\/p><p>L&rsquo;accord de Paris sur le changement climatique, \u00e9tabli en 2015, visait \u00e0 limiter le r\u00e9chauffement \u00e9ventuel \u00e0 moins de 2 degr\u00e9s Celsius et encourageait les efforts pour restreindre l&rsquo;augmentation \u00e0 1,5 degr\u00e9 Celsius. Cependant, les quatre ann\u00e9es pr\u00e9c\u00e9dant 2019 ont \u00e9t\u00e9 enregistr\u00e9es comme les plus chaudes jamais observ\u00e9es. Dans un rapport publi\u00e9 par l&rsquo;Organisation m\u00e9t\u00e9orologique mondiale (OMM) en septembre 2019, il a \u00e9t\u00e9 not\u00e9 que nous avions d\u00e9j\u00e0 d\u00e9pass\u00e9 les niveaux pr\u00e9industriels d&rsquo;au moins un (1) degr\u00e9 Celsius, ce qui est dangereusement proche de ce que les scientifiques consid\u00e8rent comme un risque inacceptable. L&rsquo;absence de r\u00e9duction des \u00e9missions mondiales pourrait entra\u00eener une augmentation des temp\u00e9ratures de plus de trois (3) degr\u00e9s Celsius d&rsquo;ici \u00e0 2100, ce qui entra\u00eenerait d&rsquo;autres dommages irr\u00e9versibles pour nos \u00e9cosyst\u00e8mes.<\/p><p>Les effets n\u00e9fastes de l&rsquo;augmentation des temp\u00e9ratures sur le monde naturel, la biodiversit\u00e9 et le bien-\u00eatre humain sont de plus en plus \u00e9vidents. Les ann\u00e9es 2016 et 2020 ont \u00e9t\u00e9 parmi les plus chaudes jamais enregistr\u00e9es depuis que les donn\u00e9es sur les temp\u00e9ratures de surface annuelles ont commenc\u00e9 \u00e0 \u00eatre collect\u00e9es en 1880. En 2022, la plan\u00e8te a \u00e9t\u00e9 frapp\u00e9e par des vagues de chaleur qui ont pulv\u00e9ris\u00e9 les pr\u00e9c\u00e9dents records. Les donn\u00e9es du National Center for Environmental Information des \u00c9tats-Unis d&rsquo;Am\u00e9rique montrent que la temp\u00e9rature globale \u00e0 la surface de la terre a d\u00e9pass\u00e9 la moyenne du XXe si\u00e8cle de 0,82 \u00b0C (1,48 \u00b0F) au cours de la d\u00e9cennie pr\u00e9c\u00e9dant 2020. Il est \u00e9vident qu&rsquo;une action urgente est n\u00e9cessaire pour faire face \u00e0 cette crise mondiale.<\/p><p>Le changement climatique induit par l&rsquo;homme a \u00e9t\u00e9 qualifi\u00e9 de probl\u00e8me le plus important de notre \u00e9poque, et nous nous trouvons \u00e0 un moment critique. Les cons\u00e9quences du changement climatique induit par l&rsquo;homme, telles que l&rsquo;\u00e9volution des conditions m\u00e9t\u00e9orologiques qui met en p\u00e9ril la production alimentaire et l&rsquo;\u00e9l\u00e9vation du niveau de la mer qui accro\u00eet le risque d&rsquo;inondations catastrophiques, sont tr\u00e8s r\u00e9pandues et d&rsquo;une ampleur in\u00e9gal\u00e9e. Si des mesures imm\u00e9diates et radicales ne sont pas prises, il sera de plus en plus difficile et co\u00fbteux de s&rsquo;adapter \u00e0 ces r\u00e9percussions \u00e0 l&rsquo;avenir.<\/p><p>En r\u00e9ponse \u00e0 la prise de conscience croissante de cette menace mondiale, un nombre consid\u00e9rable d&rsquo;initiatives ont \u00e9t\u00e9 prises pour y faire face. Cependant, nous sommes malheureusement loin d&rsquo;avoir atteint cet objectif. Pour reprendre les mots du secr\u00e9taire g\u00e9n\u00e9ral des Nations unies<strong>, <\/strong>Ant\u00f3nio Guterres, lors du sommet 2019 sur l&rsquo;action pour le climat, <strong>\u00ab\u00a0<em>l&rsquo;urgence climatique est une course que nous sommes en train de perdre, mais c&rsquo;est une course que nous pouvons gagner\u00a0\u00bb.<\/em><\/strong><\/p><p><strong><em>Note de clarification\u00a0<\/em><\/strong><\/p><p><em>Tout au long de la section suivante sur la crise climatique, il a \u00e9t\u00e9 fait r\u00e9f\u00e9rence \u00e0 des \u00e9tudes ant\u00e9rieures qui ont utilis\u00e9 de mani\u00e8re trompeuse le terme \u00ab\u00a0changement climatique\u00a0\u00bb alors qu&rsquo;elles se r\u00e9f\u00e9raient sp\u00e9cifiquement au changement climatique induit par l&rsquo;homme et\/ou au r\u00e9chauffement plan\u00e9taire.\u00a0<\/em><\/p><p><em>Par cons\u00e9quent, pour \u00e9viter tout malentendu tout au long de cet article, il convient de pr\u00e9ciser que toute r\u00e9f\u00e9rence ult\u00e9rieure au terme \u00ab\u00a0changement climatique\u00a0\u00bb (tel qu&rsquo;il a \u00e9t\u00e9 utilis\u00e9 dans des \u00e9tudes ant\u00e9rieures) doit \u00eatre comprise comme faisant r\u00e9f\u00e9rence \u00e0 la composante du changement climatique induite par l&rsquo;homme, qui s&rsquo;est essentiellement traduite par un r\u00e9chauffement plan\u00e9taire (induit par l&rsquo;homme).<\/em><\/p><p><em>La crise climatique r\u00e9sulte de divers ph\u00e9nom\u00e8nes de plus en plus dangereux li\u00e9s au r\u00e9chauffement de la plan\u00e8te, qui a entra\u00een\u00e9 des perturbations m\u00e9t\u00e9orologiques de plus en plus graves.<\/em><\/p><h4><strong>\u00c9v\u00e9nements<\/strong> r\u00e9cents<strong> de la crise climatique<\/strong><\/h4><p><strong>Avertissements sur la crise climatique:<\/strong> Les cinq prochaines ann\u00e9es devraient \u00eatre la p\u00e9riode la plus chaude jamais enregistr\u00e9e dans l&rsquo;histoire de l&rsquo;humanit\u00e9.<\/p><p>Selon l&rsquo;Organisation m\u00e9t\u00e9orologique mondiale (OMM), 2016 a \u00e9t\u00e9 l&rsquo;ann\u00e9e la plus chaude jamais enregistr\u00e9e en raison d&rsquo;un puissant ph\u00e9nom\u00e8ne El Ni\u00f1o et des activit\u00e9s humaines contribuant aux <strong>\u00e9missions de gaz \u00e0 effet de serre<\/strong>.\u00a0 Cependant, il a \u00e9t\u00e9 postul\u00e9 que m\u00eame un ph\u00e9nom\u00e8ne relativement faible en 2023 pourrait conduire \u00e0 de nouveaux records pour l&rsquo;ann\u00e9e la plus chaude en 2023 et 2024.<\/p><p>L&rsquo;Organisation m\u00e9t\u00e9orologique mondiale (OMM) des Nations unies a signal\u00e9 que si les huit ann\u00e9es les plus chaudes jamais enregistr\u00e9es se sont produites entre 2015 et 2022, la p\u00e9riode allant de 2023 \u00e0 2027 risque fort d&rsquo;\u00eatre encore plus chaude. Cette pr\u00e9vision alarmante est attribu\u00e9e \u00e0 un El Nino r\u00e9chauffant, qui, en conjonction avec le changement climatique induit par l&rsquo;homme, augmentera les temp\u00e9ratures au-del\u00e0 des objectifs d\u00e9finis dans l&rsquo;Accord de Paris de 2015 sur le changement climatique. Cet accord international visait \u00e0 limiter le r\u00e9chauffement climatique \u00e0 \u00ab\u00a0bien moins\u00a0\u00bb de deux degr\u00e9s Celsius par rapport aux niveaux pr\u00e9industriels (mesur\u00e9s entre 1850 et 1900), et de pr\u00e9f\u00e9rence \u00e0 1,5 \u00b0C. Les cons\u00e9quences d&rsquo;une telle hausse des temp\u00e9ratures auront des r\u00e9percussions consid\u00e9rables sur la sant\u00e9, la s\u00e9curit\u00e9 alimentaire, la gestion de l&rsquo;eau et l&rsquo;environnement.<\/p><p><strong>Inondations <\/strong><\/p><p>Sur une p\u00e9riode de six jours (du 1er au 17 mai 2023), la r\u00e9gion d&rsquo;\u00c9milie-Romagne en Italie a connu deux \u00e9pisodes cons\u00e9cutifs de fortes pr\u00e9cipitations totalisant 80 heures de pluie continue. \u00c0 la suite de ces \u00e9v\u00e9nements, 379 glissements de terrain se sont produits dans 57 municipalit\u00e9s diff\u00e9rentes, entra\u00eenant la fermeture de 672 routes. Parmi celles-ci, 414 routes ont \u00e9t\u00e9 compl\u00e8tement bloqu\u00e9es, ce qui a isol\u00e9 certaines parties des zones rurales. En raison de la gravit\u00e9 de la situation, environ 23 000 personnes ont d\u00fb \u00eatre \u00e9vacu\u00e9es de diverses zones, notamment Ravenne, Forl\u00ec, Bologne et Rimini. L&rsquo;impact a \u00e9t\u00e9 particuli\u00e8rement d\u00e9vastateur dans la communaut\u00e9 de Conselice, qui a subi trois impacts distincts de ces \u00e9v\u00e9nements. En outre, \u00e0 Faenza, la situation \u00e9tait d\u00e9sastreuse, les niveaux d&rsquo;eau atteignant le deuxi\u00e8me \u00e9tage de certaines maisons, ce qui a n\u00e9cessit\u00e9 une intervention urgente et substantielle.<\/p><p><strong>Vagues de chaleur <\/strong><\/p><p>Des scientifiques ont \u00e9tabli que la vague de chaleur d&rsquo;avril 2023 en M\u00e9diterran\u00e9e occidentale (Espagne, Portugal, Maroc et Alg\u00e9rie), qui a \u00e9tabli de nouveaux records de temp\u00e9rature, aurait \u00e9t\u00e9 pratiquement impossible sans la pr\u00e9sence de la crise climatique. Les chercheurs estiment que le r\u00e9chauffement plan\u00e9taire a multipli\u00e9 par au moins 100 la probabilit\u00e9 de cet \u00e9v\u00e9nement extr\u00eame. Les vagues de chaleur du d\u00e9but de l&rsquo;ann\u00e9e ont \u00e9t\u00e9 identifi\u00e9es comme particuli\u00e8rement pr\u00e9judiciables, car les gens \u00e9taient moins bien pr\u00e9par\u00e9s que pendant la saison estivale. En outre, la vague de chaleur a aggrav\u00e9 la situation des agriculteurs qui \u00e9taient d\u00e9j\u00e0 aux prises avec une s\u00e9cheresse prolong\u00e9e, et elle s&rsquo;est produite \u00e0 un stade critique de la saison de croissance des cultures, en particulier pour le bl\u00e9.<\/p><p>L&rsquo;augmentation acc\u00e9l\u00e9r\u00e9e des temp\u00e9ratures extr\u00eames dans la r\u00e9gion est particuli\u00e8rement pr\u00e9occupante, car elle d\u00e9passe les pr\u00e9visions des mod\u00e8les climatiques. Malheureusement, la M\u00e9diterran\u00e9e est l&rsquo;une des r\u00e9gions d&rsquo;Europe les plus sensibles aux effets du changement climatique induit par l&rsquo;homme. Si les \u00e9missions de gaz \u00e0 effet de serre ne sont pas stopp\u00e9es, l&rsquo;avenir nous r\u00e9serve des vagues de chaleur de plus en plus fr\u00e9quentes et de plus en plus graves.<\/p><p>Selon le bulletin climatique de juillet 2022 publi\u00e9 par le Copernicus Climate Change Service, le mois de juillet a figur\u00e9 parmi les trois mois les plus chauds \u00e0 l&rsquo;\u00e9chelle mondiale et s&rsquo;est class\u00e9 au sixi\u00e8me rang des mois les plus chauds en Europe (figure 2). Au Groenland, les temp\u00e9ratures ont \u00e9t\u00e9 sup\u00e9rieures de 8<sup>o<\/sup> C \u00e0 la moyenne.<\/p>\t\t\t\t\t<\/div>\n\t\t\t\t\t\t<\/div>\n\t\t\t\t<\/div>\n\t\t\t\t<div class=\"elementor-element elementor-element-034c4cd climate_crisis_img elementor-widget elementor-widget-image\" data-id=\"034c4cd\" data-element_type=\"widget\" data-widget_type=\"image.default\">\n\t\t\t\t<div class=\"elementor-widget-container\">\n\t\t\t\t\t\t\t\t<div class=\"elementor-image\">\n\t\t\t\t\t\t\t\t\t<figure class=\"wp-caption\">\n\t\t\t\t\t\t\t\t\t\t<img loading=\"lazy\" decoding=\"async\" width=\"768\" height=\"392\" src=\"https:\/\/besafenet.net\/wp-content\/uploads\/2023\/10\/shutterstock_1459700438_resize-768x392.jpg\" class=\"attachment-medium_large size-medium_large wp-image-14100\" alt=\"\" srcset=\"https:\/\/besafenet.net\/wp-content\/uploads\/2023\/10\/shutterstock_1459700438_resize-768x392.jpg 768w, https:\/\/besafenet.net\/wp-content\/uploads\/2023\/10\/shutterstock_1459700438_resize-300x153.jpg 300w, https:\/\/besafenet.net\/wp-content\/uploads\/2023\/10\/shutterstock_1459700438_resize-1024x523.jpg 1024w, https:\/\/besafenet.net\/wp-content\/uploads\/2023\/10\/shutterstock_1459700438_resize-150x77.jpg 150w, https:\/\/besafenet.net\/wp-content\/uploads\/2023\/10\/shutterstock_1459700438_resize-1536x785.jpg 1536w, https:\/\/besafenet.net\/wp-content\/uploads\/2023\/10\/shutterstock_1459700438_resize-2048x1046.jpg 2048w\" sizes=\"(max-width: 768px) 100vw, 768px\" \/>\t\t\t\t\t\t\t\t\t\t\t<figcaption class=\"widget-image-caption wp-caption-text\">Figure 2 : vagues de chaleur successives en Europe depuis 2000.<\/figcaption>\n\t\t\t\t\t\t\t\t\t\t<\/figure>\n\t\t\t\t\t\t\t\t<\/div>\n\t\t\t\t\t\t<\/div>\n\t\t\t\t<\/div>\n\t\t\t\t<div class=\"elementor-element elementor-element-a5a1eec elementor-widget elementor-widget-text-editor\" data-id=\"a5a1eec\" data-element_type=\"widget\" data-widget_type=\"text-editor.default\">\n\t\t\t\t<div class=\"elementor-widget-container\">\n\t\t\t\t\t\t\t\t<div class=\"elementor-text-editor elementor-clearfix\">\n\t\t\t\t<p><strong><em>Le rapport de l&rsquo;<\/em><\/strong><strong><em>Organisation m\u00e9t\u00e9orologique mondiale (<\/em><\/strong><strong><em>OMM<\/em><\/strong><strong><em>) <\/em><\/strong><strong><em>sur l&rsquo;\u00e9tat du climat mondial <\/em><\/strong><strong><em>pour <\/em><\/strong><strong><em>2022 <\/em><\/strong><strong><em>a mis en \u00e9vidence des tendances suppl\u00e9mentaires tr\u00e8s inqui\u00e9tantes<\/em><\/strong><\/p>\n<p><b>\u00c9missions de gaz \u00e0 effet de serre&nbsp;<\/b><\/p>\n<p>En 2021, les niveaux de dioxyde de carbone ont atteint 149 % des niveaux pr\u00e9industriels (1850-1900), les niveaux de m\u00e9thane 262 % (ce qui le rend 25 fois plus efficace que le dioxyde de carbone pour pi\u00e9ger la chaleur dans l&rsquo;atmosph\u00e8re) et les niveaux d&rsquo;oxyde nitreux 124 %. En particulier, l&rsquo;augmentation du m\u00e9thane entre 2020 et 2021 a \u00e9t\u00e9 la plus importante jamais enregistr\u00e9e (figure 3). Ces \u00e9missions de gaz \u00e0 effet de serre ont continu\u00e9 \u00e0 augmenter en 2022.<\/p>\t\t\t\t\t<\/div>\n\t\t\t\t\t\t<\/div>\n\t\t\t\t<\/div>\n\t\t\t\t<div class=\"elementor-element elementor-element-84ab1bb climate_crisis_img elementor-widget elementor-widget-image\" data-id=\"84ab1bb\" data-element_type=\"widget\" data-widget_type=\"image.default\">\n\t\t\t\t<div class=\"elementor-widget-container\">\n\t\t\t\t\t\t\t\t<div class=\"elementor-image\">\n\t\t\t\t\t\t\t\t\t<figure class=\"wp-caption\">\n\t\t\t\t\t\t\t\t\t\t<img loading=\"lazy\" decoding=\"async\" width=\"375\" height=\"375\" src=\"https:\/\/besafenet.net\/wp-content\/uploads\/2023\/10\/Figure-3_resize.jpg\" class=\"attachment-large size-large wp-image-14105\" alt=\"\" srcset=\"https:\/\/besafenet.net\/wp-content\/uploads\/2023\/10\/Figure-3_resize.jpg 375w, https:\/\/besafenet.net\/wp-content\/uploads\/2023\/10\/Figure-3_resize-300x300.jpg 300w, https:\/\/besafenet.net\/wp-content\/uploads\/2023\/10\/Figure-3_resize-150x150.jpg 150w\" sizes=\"(max-width: 375px) 100vw, 375px\" \/>\t\t\t\t\t\t\t\t\t\t\t<figcaption class=\"widget-image-caption wp-caption-text\">Figure 3 : Importance des \u00e9missions de m\u00e9thane dans la crise climatique. Cette image est bas\u00e9e sur les calculs des services du Fonds mon\u00e9taire international et exclut les \u00e9missions provenant de l'utilisation des terres et des changements d'utilisation des terres. Source : Fonds mon\u00e9taire international : Fonds mon\u00e9taire international, https:\/\/www.imf.org\/en\/Blogs\/Articles\/2022\/11\/02\/methane-emissions-must-fall-for-world-to-hit-temperature-targets<\/figcaption>\n\t\t\t\t\t\t\t\t\t\t<\/figure>\n\t\t\t\t\t\t\t\t<\/div>\n\t\t\t\t\t\t<\/div>\n\t\t\t\t<\/div>\n\t\t\t\t<div class=\"elementor-element elementor-element-94fd765 elementor-widget elementor-widget-text-editor\" data-id=\"94fd765\" data-element_type=\"widget\" data-widget_type=\"text-editor.default\">\n\t\t\t\t<div class=\"elementor-widget-container\">\n\t\t\t\t\t\t\t\t<div class=\"elementor-text-editor elementor-clearfix\">\n\t\t\t\t<p><strong>Augmentation des temp\u00e9ratures<\/strong><\/p>\n<p>En 2022, la Terre \u00e9tait plus chaude d&rsquo;environ 1,15 \u00b1 0,13 \u00b0C par rapport \u00e0 la moyenne pr\u00e9industrielle, marquant ainsi les 8 derni\u00e8res ann\u00e9es comme les plus chaudes jamais enregistr\u00e9es. Malgr\u00e9 la pr\u00e9sence de La Ni\u00f1a, l&rsquo;ann\u00e9e 2022 s&rsquo;est class\u00e9e au 5e ou 6e rang des ann\u00e9es les plus chaudes.<\/p>\n<p>Au cours de l&rsquo;ann\u00e9e 2022, d&rsquo;importantes r\u00e9gions ont connu des pr\u00e9cipitations sup\u00e9rieures \u00e0 la normale, notamment de grandes parties de l&rsquo;Asie, le sud-ouest du Pacifique, certaines parties du nord de l&rsquo;Am\u00e9rique du Sud et des Cara\u00efbes, l&rsquo;est de la r\u00e9gion du Sahel, certaines parties de l&rsquo;Afrique australe, le Soudan et l&rsquo;Europe de l&rsquo;Est. \u00c0 l&rsquo;inverse, les r\u00e9gions o\u00f9 les pr\u00e9cipitations sont d\u00e9ficitaires sont l&rsquo;Europe occidentale et centrale, l&rsquo;Afrique du Nord-Ouest, certaines parties du Moyen-Orient, l&rsquo;Asie centrale et l&rsquo;Himalaya, l&rsquo;Afrique de l&rsquo;Est et Madagascar, l&rsquo;Am\u00e9rique du Sud centrale et m\u00e9ridionale, ainsi que l&rsquo;Am\u00e9rique du Nord centrale et occidentale.<\/p>\n<p><strong>R\u00e9chauffement des <\/strong><strong>oc\u00e9ans<\/strong><\/p>\n<p>Le r\u00e9chauffement des oc\u00e9ans est particuli\u00e8rement pr\u00e9occupant, car les changements qui se produisent actuellement risquent d&rsquo;\u00eatre irr\u00e9versibles sur des \u00e9chelles de temps allant du centenaire au mill\u00e9naire. Les relev\u00e9s montrent que le r\u00e9chauffement des oc\u00e9ans s&rsquo;est poursuivi au cours de l&rsquo;ann\u00e9e 2022 et que cette tendance devrait se poursuivre \u00e0 l&rsquo;avenir.<\/p>\n<p><strong>L&rsquo;\u00e9l\u00e9vation du niveau de la mer&nbsp;<\/strong><\/p>\n<p>Au cours des 30 ann\u00e9es de surveillance par satellite (altim\u00e8tre), l&rsquo;oc\u00e9an a connu une augmentation annuelle moyenne du niveau de la mer d&rsquo;environ 3,4 \u00b1 0,3 mm. En outre, en 2022, l&rsquo;\u00e9l\u00e9vation globale du niveau moyen de la mer s&rsquo;est poursuivie.<\/p>\n<p><strong>Glace de mer arctique <\/strong><strong>et <\/strong><strong>antarctique<\/strong><\/p>\n<p>Pendant la majeure partie de l&rsquo;ann\u00e9e 2022, l&rsquo;\u00e9tendue de la glace de mer arctique est rest\u00e9e inf\u00e9rieure \u00e0 la moyenne observ\u00e9e sur une longue p\u00e9riode.<\/p>\n<p>En septembre, plus pr\u00e9cis\u00e9ment, l&rsquo;\u00e9tendue \u00e9tait inf\u00e9rieure de 0,71 million de km\u00b2 \u00e0 la moyenne \u00e0 long terme, ce qui repr\u00e9sentait la 11e plus faible \u00e9tendue minimale mensuelle de glace enregistr\u00e9e par les satellites. Le 25 f\u00e9vrier 2022, l&rsquo;\u00e9tendue de la glace de mer antarctique a atteint un minimum historique de 1,92 million de km\u00b2, soit pr\u00e8s de 1 million de km\u00b2 de moins que la moyenne observ\u00e9e entre 1991 et 2020.<\/p>\n<p><strong>Inlandsis du Groenland<\/strong><\/p>\n<p>Pendant 26 ann\u00e9es cons\u00e9cutives, l&rsquo;inlandsis groenlandais a connu une baisse continue de son bilan massique total. \u00c0 l&rsquo;\u00e9chelle mondiale, les glaciers perdent r\u00e9guli\u00e8rement de la masse depuis le d\u00e9but de l&rsquo;enregistrement des donn\u00e9es.<\/p>\n<p><strong>\u00c9v\u00e9nements extr\u00eames<\/strong><\/p>\n<p>L&rsquo;ann\u00e9e 2022 a \u00e9t\u00e9 marqu\u00e9e par des ph\u00e9nom\u00e8nes m\u00e9t\u00e9orologiques extraordinaires. Les incidents climatiques ont \u00e9t\u00e9 caract\u00e9ris\u00e9s par des p\u00e9riodes de s\u00e9cheresse sans pr\u00e9c\u00e9dent, des vagues de chaleur torride, des incendies de for\u00eat massifs, des d\u00e9luges et un niveau de glace de mer antarctique plus bas que jamais. Les premiers jours de l&rsquo;ann\u00e9e 2023, dont le 1er janvier le plus chaud jamais enregistr\u00e9, prouvent que le sch\u00e9ma des ph\u00e9nom\u00e8nes climatiques et m\u00e9t\u00e9orologiques graves persiste. L&rsquo;ann\u00e9e derni\u00e8re, les pr\u00e9cipitations excessives ou insuffisantes ont jou\u00e9 un r\u00f4le important dans de nombreux ph\u00e9nom\u00e8nes m\u00e9t\u00e9orologiques ou climatiques extr\u00eames, mena\u00e7ant gravement des communaut\u00e9s enti\u00e8res et affectant des vies en cr\u00e9ant une ins\u00e9curit\u00e9 alimentaire et hydrique dans diverses r\u00e9gions. Des s\u00e9cheresses prolong\u00e9es, associ\u00e9es \u00e0 des temp\u00e9ratures record, ont contribu\u00e9 \u00e0 accro\u00eetre le risque d&rsquo;incendies de for\u00eat, qui ont atteint leur paroxysme durant la saison estivale en Europe, dans la r\u00e9gion m\u00e9diterran\u00e9enne et dans le nord-ouest des \u00c9tats-Unis.<\/p>\n<p><strong>S\u00e9cheresse&nbsp;<\/strong><\/p>\n<p>La s\u00e9cheresse qui a s\u00e9vi en Europe en 2022 pourrait \u00eatre la plus grave depuis cinq si\u00e8cles. Elle peut \u00eatre attribu\u00e9e \u00e0 un d\u00e9ficit important de pr\u00e9cipitations, associ\u00e9 \u00e0 une s\u00e9rie de vagues de chaleur r\u00e9currentes qui ont touch\u00e9 l&rsquo;Europe de mai \u00e0 octobre. Selon l&rsquo;indicateur combin\u00e9 de s\u00e9cheresse publi\u00e9 par l&rsquo;Observatoire europ\u00e9en de la s\u00e9cheresse (OED), plus de 25 % du territoire de l&rsquo;UE \u00e9tait marqu\u00e9 d&rsquo;un symbole d&rsquo;alerte au d\u00e9but du mois de septembre. En France, par exemple, les niveaux d&rsquo;eau dans les rivi\u00e8res et les r\u00e9servoirs ont atteint des niveaux exceptionnellement bas, ce qui a incit\u00e9 les autorit\u00e9s du pays \u00e0 mettre en \u0153uvre des mesures de restriction de l&rsquo;approvisionnement en eau. Ainsi, en juillet 2022, 90 d\u00e9partements sur 96 ont \u00e9t\u00e9 touch\u00e9s.<\/p>\n<p><strong>L&rsquo;\u00e9tendue de la glace de mer&nbsp;<\/strong><\/p>\n<p>Selon le Copernicus Climate Change Service, la glace de mer de l&rsquo;Antarctique a connu en juin et en juillet l&rsquo;\u00e9tendue mensuelle la plus faible jamais observ\u00e9e en 44 ans de donn\u00e9es satellitaires. Elle \u00e9tait inf\u00e9rieure de 9 % \u00e0 la moyenne en juin et de 7 % en juillet. Cette tendance inqui\u00e9tante s&rsquo;est maintenue tout au long de l&rsquo;ann\u00e9e, les niveaux de glace de mer dans l&rsquo;Arctique et l&rsquo;Antarctique restant inf\u00e9rieurs \u00e0 la moyenne, m\u00eame au cours des derniers mois de l&rsquo;ann\u00e9e 2022. En septembre 2022, l&rsquo;\u00e9tendue mensuelle moyenne de la glace de mer dans l&rsquo;Arctique a atteint 5,4 millions de kilom\u00e8tres carr\u00e9s, soit 0,7 million de kilom\u00e8tres carr\u00e9s (11 %) de moins que la moyenne enregistr\u00e9e entre 1991 et 2020. Dans le cas de l&rsquo;Antarctique, l&rsquo;\u00e9tendue moyenne de la glace de mer \u00e9tait de 18,5 millions de kilom\u00e8tres carr\u00e9s, soit une diminution de 0,6 million de kilom\u00e8tres carr\u00e9s (3 %) par rapport \u00e0 la moyenne enregistr\u00e9e entre 1991 et 2020.<\/p>\n<p><strong>Incendies de for\u00eat&nbsp;<\/strong><\/p>\n<p>Le Service europ\u00e9en d&rsquo;information sur les feux de for\u00eat (EFFIS) a indiqu\u00e9 qu&rsquo;au 17 d\u00e9cembre 2022, plus de 786 000 hectares de terres avaient br\u00fbl\u00e9 dans l&rsquo;Union europ\u00e9enne, avec un total de plus de 2 700 incendies de for\u00eat enregistr\u00e9s. La superficie br\u00fbl\u00e9e en 2022 est pr\u00e8s de 2,5 fois sup\u00e9rieure \u00e0 la moyenne enregistr\u00e9e entre 2006 et 2021. L&rsquo;Espagne a connu l&rsquo;impact le plus s\u00e9v\u00e8re, avec plus de 300 000 hectares d\u00e9vast\u00e9s par le feu. Une image captur\u00e9e par l&rsquo;un des satellites Copernicus Sentinel-2 le 25 juin montre un incendie d\u00e9sastreux qui a embras\u00e9 la province de Zamora dans la r\u00e9gion de Castilla y Le\u00f3n. Un autre \u00e9v\u00e9nement notable de l&rsquo;ann\u00e9e derni\u00e8re a \u00e9t\u00e9 la vague de chaleur marine qui s&rsquo;est abattue sur la mer M\u00e9diterran\u00e9e au cours de l&rsquo;\u00e9t\u00e9. Les anomalies des temp\u00e9ratures de surface de la mer ont atteint des pics de cinq degr\u00e9s au-dessus de la moyenne dans certaines zones le long de la c\u00f4te nord-ouest de l&rsquo;Italie et de la c\u00f4te sud-est de la France.<\/p>\t\t\t\t\t<\/div>\n\t\t\t\t\t\t<\/div>\n\t\t\t\t<\/div>\n\t\t\t\t<div class=\"elementor-element elementor-element-4bc8ac1 pink-theme  accordion_references elementor-widget elementor-widget-accordion\" data-id=\"4bc8ac1\" data-element_type=\"widget\" data-widget_type=\"accordion.default\">\n\t\t\t\t<div class=\"elementor-widget-container\">\n\t\t\t\t\t<div class=\"elementor-accordion\" role=\"tablist\">\n\t\t\t\t\t\t\t<div class=\"elementor-accordion-item\">\n\t\t\t\t\t<div id=\"elementor-tab-title-7941\" class=\"elementor-tab-title\" data-tab=\"1\" role=\"tab\" aria-controls=\"elementor-tab-content-7941\" aria-expanded=\"false\">\n\t\t\t\t\t\t\t\t\t\t\t\t\t<span class=\"elementor-accordion-icon elementor-accordion-icon-left\" aria-hidden=\"true\">\n\t\t\t\t\t\t\t\t\t\t\t\t\t\t\t<span class=\"elementor-accordion-icon-closed\"><i class=\"fas fa-plus\"><\/i><\/span>\n\t\t\t\t\t\t\t\t<span class=\"elementor-accordion-icon-opened\"><i class=\"fas fa-minus\"><\/i><\/span>\n\t\t\t\t\t\t\t\t\t\t\t\t\t\t<\/span>\n\t\t\t\t\t\t\t\t\t\t\t\t<a class=\"elementor-accordion-title\" href=\"\">1. Qu'est-ce que la crise climatique ? <\/a>\n\t\t\t\t\t<\/div>\n\t\t\t\t\t<div id=\"elementor-tab-content-7941\" class=\"elementor-tab-content elementor-clearfix\" data-tab=\"1\" role=\"tabpanel\" aria-labelledby=\"elementor-tab-title-7941\"><p>\t\t<div data-elementor-type=\"wp-post\" data-elementor-id=\"14259\" class=\"elementor elementor-14259 elementor-14114\">\n\t\t\t\t\t\t<div class=\"elementor-inner\">\n\t\t\t\t<div class=\"elementor-section-wrap\">\n\t\t\t\t\t\t\t\t\t<section class=\"has_eae_slider elementor-section elementor-top-section elementor-element elementor-element-dad3310 elementor-section-boxed elementor-section-height-default elementor-section-height-default\" data-id=\"dad3310\" data-element_type=\"section\">\n\t\t\t\t\t\t<div class=\"elementor-container elementor-column-gap-default\">\n\t\t\t\t\t\t\t<div class=\"elementor-row\">\n\t\t\t\t\t<div class=\"has_eae_slider elementor-column elementor-col-100 elementor-top-column elementor-element elementor-element-ba2902d\" data-id=\"ba2902d\" data-element_type=\"column\">\n\t\t\t<div class=\"elementor-column-wrap elementor-element-populated\">\n\t\t\t\t\t\t\t<div class=\"elementor-widget-wrap\">\n\t\t\t\t\t\t<div class=\"elementor-element elementor-element-a089178 elementor-widget elementor-widget-text-editor\" data-id=\"a089178\" data-element_type=\"widget\" data-widget_type=\"text-editor.default\">\n\t\t\t\t<div class=\"elementor-widget-container\">\n\t\t\t\t\t\t\t\t<div class=\"elementor-text-editor elementor-clearfix\">\n\t\t\t\t<p>L&rsquo;expression \u00ab\u00a0crise climatique\u00a0\u00bb fait r\u00e9f\u00e9rence au ph\u00e9nom\u00e8ne du r\u00e9chauffement climatique et \u00e0 ses effets n\u00e9gatifs sur l&rsquo;environnement. Elle englobe les concepts de changement climatique et les r\u00e9percussions d&rsquo;un tel changement. Cette expression, ainsi que celle d&rsquo;\u00a0\u00bburgence climatique\u00a0\u00bb, est employ\u00e9e pour d\u00e9crire le p\u00e9ril que repr\u00e9sente le r\u00e9chauffement de la plan\u00e8te pour l&rsquo;humanit\u00e9 et la Terre, et pour souligner l&rsquo;urgence de prendre des mesures proactives pour lutter contre le changement climatique.<\/p>\n<p>La crise climatique fait r\u00e9f\u00e9rence \u00e0 l&rsquo;impact des changements climatiques induits par l&rsquo;homme (variations \u00e0 long terme des temp\u00e9ratures et des conditions m\u00e9t\u00e9orologiques), cons\u00e9quence de l&rsquo;augmentation des \u00e9missions de gaz \u00e0 effet de serre et du r\u00e9chauffement de la plan\u00e8te, qui entra\u00eenent un certain nombre de r\u00e9percussions dangereuses (le r\u00e9chauffement de la plan\u00e8te g\u00e9n\u00e8re une d\u00e9gradation de l&rsquo;environnement, des catastrophes naturelles, des conditions m\u00e9t\u00e9orologiques extr\u00eames (par exemple, des pr\u00e9cipitations intenses et prolong\u00e9es entra\u00eenant des inondations &#8211; figure 4), une ins\u00e9curit\u00e9 des ressources alimentaires et hydriques, des perturbations \u00e9conomiques, des conflits et du terrorisme, ainsi que des pertes de vies humaines). La fonte des calottes glaciaires et des glaciers et le r\u00e9chauffement des oc\u00e9ans entra\u00eenent une \u00e9l\u00e9vation du niveau des mers, la destruction des r\u00e9cifs coralliens et l&rsquo;acidification des oc\u00e9ans ; ces perturbations m\u00e9t\u00e9orologiques se traduisent \u00e9galement par des incendies de for\u00eat plus fr\u00e9quents et plus intenses et par des ph\u00e9nom\u00e8nes m\u00e9t\u00e9orologiques extr\u00eames tels que les r\u00e9gimes de pr\u00e9cipitations, les ouragans et les ondes de temp\u00eate.<\/p>\n\t\t\t\t\t<\/div>\n\t\t\t\t\t\t<\/div>\n\t\t\t\t<\/div>\n\t\t\t\t<div class=\"elementor-element elementor-element-8f6607e climate_crisis_img elementor-widget elementor-widget-image\" data-id=\"8f6607e\" data-element_type=\"widget\" data-widget_type=\"image.default\">\n\t\t\t\t<div class=\"elementor-widget-container\">\n\t\t\t\t\t\t\t\t<div class=\"elementor-image\">\n\t\t\t\t\t\t\t\t\t<figure class=\"wp-caption\">\n\t\t\t\t\t\t\t\t\t\t<img loading=\"lazy\" decoding=\"async\" width=\"768\" height=\"512\" src=\"https:\/\/besafenet.net\/wp-content\/uploads\/2023\/10\/shutterstock_69270463_resize-768x512.jpg\" class=\"attachment-medium_large size-medium_large wp-image-14115\" alt=\"\" srcset=\"https:\/\/besafenet.net\/wp-content\/uploads\/2023\/10\/shutterstock_69270463_resize-768x512.jpg 768w, https:\/\/besafenet.net\/wp-content\/uploads\/2023\/10\/shutterstock_69270463_resize-300x200.jpg 300w, https:\/\/besafenet.net\/wp-content\/uploads\/2023\/10\/shutterstock_69270463_resize-1024x683.jpg 1024w, https:\/\/besafenet.net\/wp-content\/uploads\/2023\/10\/shutterstock_69270463_resize-150x100.jpg 150w, https:\/\/besafenet.net\/wp-content\/uploads\/2023\/10\/shutterstock_69270463_resize-1536x1024.jpg 1536w, https:\/\/besafenet.net\/wp-content\/uploads\/2023\/10\/shutterstock_69270463_resize-2048x1365.jpg 2048w\" sizes=\"(max-width: 768px) 100vw, 768px\" \/>\t\t\t\t\t\t\t\t\t\t\t<figcaption class=\"widget-image-caption wp-caption-text\">Figure 4 : Pluies intenses et prolong\u00e9es entra\u00eenant des inondations, des perturbations \u00e9conomiques et des pertes de vies humaines.<\/figcaption>\n\t\t\t\t\t\t\t\t\t\t<\/figure>\n\t\t\t\t\t\t\t\t<\/div>\n\t\t\t\t\t\t<\/div>\n\t\t\t\t<\/div>\n\t\t\t\t<div class=\"elementor-element elementor-element-56cb1c1 elementor-widget elementor-widget-text-editor\" data-id=\"56cb1c1\" data-element_type=\"widget\" data-widget_type=\"text-editor.default\">\n\t\t\t\t<div class=\"elementor-widget-container\">\n\t\t\t\t\t\t\t\t<div class=\"elementor-text-editor elementor-clearfix\">\n\t\t\t\t<p>Les termes \u00ab\u00a0crise climatique\u00a0\u00bb et \u00ab\u00a0urgence climatique\u00a0\u00bb font r\u00e9f\u00e9rence \u00e0 ce que de nombreux scientifiques consid\u00e8rent comme une augmentation indispensable du niveau d&rsquo;effort mondial visant \u00e0 pr\u00e9venir une trag\u00e9die humaine incommensurable et \u00e0 pr\u00e9server notre biosph\u00e8re des menaces g\u00e9n\u00e9r\u00e9es par la poursuite des \u00e9missions de gaz \u00e0 effet de serre.<\/p>\n\t\t\t\t\t<\/div>\n\t\t\t\t\t\t<\/div>\n\t\t\t\t<\/div>\n\t\t\t\t<div class=\"elementor-element elementor-element-e0eef35 elementor-widget elementor-widget-accordion\" data-id=\"e0eef35\" data-element_type=\"widget\" data-widget_type=\"accordion.default\">\n\t\t\t\t<div class=\"elementor-widget-container\">\n\t\t\t\t\t<div class=\"elementor-accordion\" role=\"tablist\">\n\t\t\t\t\t\t\t<div class=\"elementor-accordion-item\">\n\t\t\t\t\t<div id=\"elementor-tab-title-2351\" class=\"elementor-tab-title\" data-tab=\"1\" role=\"tab\" aria-controls=\"elementor-tab-content-2351\" aria-expanded=\"false\">\n\t\t\t\t\t\t\t\t\t\t\t\t\t<span class=\"elementor-accordion-icon elementor-accordion-icon-left\" aria-hidden=\"true\">\n\t\t\t\t\t\t\t\t\t\t\t\t\t\t\t<span class=\"elementor-accordion-icon-closed\"><i class=\"fas fa-plus\"><\/i><\/span>\n\t\t\t\t\t\t\t\t<span class=\"elementor-accordion-icon-opened\"><i class=\"fas fa-minus\"><\/i><\/span>\n\t\t\t\t\t\t\t\t\t\t\t\t\t\t<\/span>\n\t\t\t\t\t\t\t\t\t\t\t\t<a class=\"elementor-accordion-title\" href=\"\">1.1. La crise climatique<\/a>\n\t\t\t\t\t<\/div>\n\t\t\t\t\t<div id=\"elementor-tab-content-2351\" class=\"elementor-tab-content elementor-clearfix\" data-tab=\"1\" role=\"tabpanel\" aria-labelledby=\"elementor-tab-title-2351\"><p>Bien qu&rsquo;il ait \u00e9t\u00e9 utilis\u00e9 d\u00e8s 1980 par l&rsquo;ancien vice-pr\u00e9sident am\u00e9ricain Al Gore, le terme \u00ab\u00a0crise climatique\u00a0\u00bb s&rsquo;est impos\u00e9 comme une r\u00e9f\u00e9rence significative \u00e0 la question du changement climatique apr\u00e8s une s\u00e9rie d&rsquo;avertissements scientifiques d\u00e9sastreux sur le sujet. \u00c0 la fin de l&rsquo;ann\u00e9e 2018, la Chambre des repr\u00e9sentants des \u00c9tats-Unis a cr\u00e9\u00e9 le House Select Committee on the Climate Crisis, qui remplace le Select Committee on Energy Independence and Global Warming (comit\u00e9 sp\u00e9cial sur l&rsquo;ind\u00e9pendance \u00e9nerg\u00e9tique et le r\u00e9chauffement climatique).<\/p>\n<p>Le langage relatif au changement climatique a sembl\u00e9 subir une transformation significative en 2019, en corr\u00e9lation avec la r\u00e9f\u00e9rence plus emphatique \u00e0 la crise climatique en 2018 par le discours du Secr\u00e9taire g\u00e9n\u00e9ral de l&rsquo;ONU au Sommet de l&rsquo;action pour le climat.<\/p>\n<\/div>\n\t\t\t\t<\/div>\n\t\t\t\t\t\t\t\t<\/div>\n\t\t\t\t<\/div>\n\t\t\t\t<\/div>\n\t\t\t\t\t\t<\/div>\n\t\t\t\t\t<\/div>\n\t\t<\/div>\n\t\t\t\t\t\t\t\t<\/div>\n\t\t\t\t\t<\/div>\n\t\t<\/section>\n\t\t\t\t\t\t\t\t\t<\/div>\n\t\t\t<\/div>\n\t\t\t\t\t<\/div>\n\t\t<\/p><\/div>\n\t\t\t\t<\/div>\n\t\t\t\t\t\t\t<div class=\"elementor-accordion-item\">\n\t\t\t\t\t<div id=\"elementor-tab-title-7942\" class=\"elementor-tab-title\" data-tab=\"2\" role=\"tab\" aria-controls=\"elementor-tab-content-7942\" aria-expanded=\"false\">\n\t\t\t\t\t\t\t\t\t\t\t\t\t<span class=\"elementor-accordion-icon elementor-accordion-icon-left\" aria-hidden=\"true\">\n\t\t\t\t\t\t\t\t\t\t\t\t\t\t\t<span class=\"elementor-accordion-icon-closed\"><i class=\"fas fa-plus\"><\/i><\/span>\n\t\t\t\t\t\t\t\t<span class=\"elementor-accordion-icon-opened\"><i class=\"fas fa-minus\"><\/i><\/span>\n\t\t\t\t\t\t\t\t\t\t\t\t\t\t<\/span>\n\t\t\t\t\t\t\t\t\t\t\t\t<a class=\"elementor-accordion-title\" href=\"\">2.\tQuels sont les types de changements climatiques (\u00e0 l'origine de la crise climatique) ?<\/a>\n\t\t\t\t\t<\/div>\n\t\t\t\t\t<div id=\"elementor-tab-content-7942\" class=\"elementor-tab-content elementor-clearfix\" data-tab=\"2\" role=\"tabpanel\" aria-labelledby=\"elementor-tab-title-7942\"><p>\t\t<div data-elementor-type=\"wp-post\" data-elementor-id=\"14261\" class=\"elementor elementor-14261 elementor-14135\">\n\t\t\t\t\t\t<div class=\"elementor-inner\">\n\t\t\t\t<div class=\"elementor-section-wrap\">\n\t\t\t\t\t\t\t\t\t<section class=\"has_eae_slider elementor-section elementor-top-section elementor-element elementor-element-2e16791 elementor-section-boxed elementor-section-height-default elementor-section-height-default\" data-id=\"2e16791\" data-element_type=\"section\">\n\t\t\t\t\t\t<div class=\"elementor-container elementor-column-gap-default\">\n\t\t\t\t\t\t\t<div class=\"elementor-row\">\n\t\t\t\t\t<div class=\"has_eae_slider elementor-column elementor-col-100 elementor-top-column elementor-element elementor-element-bcb81d2\" data-id=\"bcb81d2\" data-element_type=\"column\">\n\t\t\t<div class=\"elementor-column-wrap elementor-element-populated\">\n\t\t\t\t\t\t\t<div class=\"elementor-widget-wrap\">\n\t\t\t\t\t\t<div class=\"elementor-element elementor-element-b83c3c5 elementor-widget__width-initial elementor-widget elementor-widget-text-editor\" data-id=\"b83c3c5\" data-element_type=\"widget\" data-widget_type=\"text-editor.default\">\n\t\t\t\t<div class=\"elementor-widget-container\">\n\t\t\t\t\t\t\t\t<div class=\"elementor-text-editor elementor-clearfix\">\n\t\t\t\t<p>Les changements climatiques \u00e0 long terme ont \u00e9t\u00e9 provoqu\u00e9s soit par des causes naturelles, soit par des actions humaines.<\/p><p>Les changements <u>naturels \u00e0 <\/u>long terme du climat de la Terre ont \u00e9t\u00e9 \u00e0 l&rsquo;origine de p\u00e9riodes glaciaires tr\u00e8s froides et de p\u00e9riodes interglaciaires plus chaudes. \u00c0 l&rsquo;heure actuelle, nous connaissons une p\u00e9riode interglaciaire exceptionnellement longue, et l&rsquo;on pense que le changement climatique provoqu\u00e9 par l&rsquo;homme a retard\u00e9 le d\u00e9but de la prochaine p\u00e9riode glaciaire. Les experts estiment que ce retard pourrait faire durer la p\u00e9riode interglaciaire de l&rsquo;Holoc\u00e8ne pendant 150 000 ans suppl\u00e9mentaires.<\/p><p><strong>Des changements <\/strong>beaucoup plus <strong>rapides et \u00e0 long terme <\/strong>du climat de la Terre, <strong>provoqu\u00e9s par l&rsquo;homme, <\/strong>ont d\u00e9but\u00e9 depuis la r\u00e9volution industrielle dans les ann\u00e9es 1700, \u00e0 la suite des \u00e9missions de dioxyde de carbone et de m\u00e9thane, qui entra\u00eenent principalement un r\u00e9chauffement de la plan\u00e8te et des variations tr\u00e8s importantes des conditions m\u00e9t\u00e9orologiques moyennes, influen\u00e7ant entre autres les ph\u00e9nom\u00e8nes m\u00e9t\u00e9orologiques extr\u00eames tels que les pr\u00e9cipitations, la s\u00e9cheresse, les ouragans et les ondes de temp\u00eate (figure 5).<\/p>\t\t\t\t\t<\/div>\n\t\t\t\t\t\t<\/div>\n\t\t\t\t<\/div>\n\t\t\t\t<div class=\"elementor-element elementor-element-d2f541a climate_crisis_img elementor-widget elementor-widget-image\" data-id=\"d2f541a\" data-element_type=\"widget\" data-widget_type=\"image.default\">\n\t\t\t\t<div class=\"elementor-widget-container\">\n\t\t\t\t\t\t\t\t<div class=\"elementor-image\">\n\t\t\t\t\t\t\t\t\t<figure class=\"wp-caption\">\n\t\t\t\t\t\t\t\t\t\t<img loading=\"lazy\" decoding=\"async\" width=\"480\" height=\"270\" src=\"https:\/\/besafenet.net\/wp-content\/uploads\/2023\/10\/Figure-5_resize.jpg\" class=\"attachment-medium_large size-medium_large wp-image-14136\" alt=\"\" srcset=\"https:\/\/besafenet.net\/wp-content\/uploads\/2023\/10\/Figure-5_resize.jpg 480w, https:\/\/besafenet.net\/wp-content\/uploads\/2023\/10\/Figure-5_resize-300x169.jpg 300w, https:\/\/besafenet.net\/wp-content\/uploads\/2023\/10\/Figure-5_resize-150x84.jpg 150w\" sizes=\"(max-width: 480px) 100vw, 480px\" \/>\t\t\t\t\t\t\t\t\t\t\t<figcaption class=\"widget-image-caption wp-caption-text\">Figure 5 : Changements climatiques rapides et \u00e0 long terme induits par l&rsquo;homme. Source : Amrita Karmakar, 2021.<\/figcaption>\n\t\t\t\t\t\t\t\t\t\t<\/figure>\n\t\t\t\t\t\t\t\t<\/div>\n\t\t\t\t\t\t<\/div>\n\t\t\t\t<\/div>\n\t\t\t\t<div class=\"elementor-element elementor-element-2af6fa6 elementor-widget elementor-widget-accordion\" data-id=\"2af6fa6\" data-element_type=\"widget\" data-widget_type=\"accordion.default\">\n\t\t\t\t<div class=\"elementor-widget-container\">\n\t\t\t\t\t<div class=\"elementor-accordion\" role=\"tablist\">\n\t\t\t\t\t\t\t<div class=\"elementor-accordion-item\">\n\t\t\t\t\t<div id=\"elementor-tab-title-4501\" class=\"elementor-tab-title\" data-tab=\"1\" role=\"tab\" aria-controls=\"elementor-tab-content-4501\" aria-expanded=\"false\">\n\t\t\t\t\t\t\t\t\t\t\t\t\t<span class=\"elementor-accordion-icon elementor-accordion-icon-left\" aria-hidden=\"true\">\n\t\t\t\t\t\t\t\t\t\t\t\t\t\t\t<span class=\"elementor-accordion-icon-closed\"><i class=\"fas fa-plus\"><\/i><\/span>\n\t\t\t\t\t\t\t\t<span class=\"elementor-accordion-icon-opened\"><i class=\"fas fa-minus\"><\/i><\/span>\n\t\t\t\t\t\t\t\t\t\t\t\t\t\t<\/span>\n\t\t\t\t\t\t\t\t\t\t\t\t<a class=\"elementor-accordion-title\" href=\"\">2.1\tLes g\u00e9n\u00e9rateurs de changements climatiques naturels comprennent<\/a>\n\t\t\t\t\t<\/div>\n\t\t\t\t\t<div id=\"elementor-tab-content-4501\" class=\"elementor-tab-content elementor-clearfix\" data-tab=\"1\" role=\"tabpanel\" aria-labelledby=\"elementor-tab-title-4501\"><p><em>Changements dans l&rsquo;orbite et la rotation de la Terre<\/em><\/p><p>Le climat de la Terre a \u00e9t\u00e9 consid\u00e9rablement influenc\u00e9 par les modifications de son orbite et de son axe de rotation dans le pass\u00e9. L&rsquo;ensoleillement estival de l&rsquo;h\u00e9misph\u00e8re nord, qui est influenc\u00e9 par les modifications de l&rsquo;orbite de la plan\u00e8te, est consid\u00e9r\u00e9 comme la cause principale des cycles glaciaires pr\u00e9c\u00e9dents. Ces cycles comprennent des p\u00e9riodes prolong\u00e9es de temp\u00e9ratures froides (p\u00e9riodes glaciaires) ainsi que des p\u00e9riodes plus courtes de temp\u00e9ratures plus chaudes (p\u00e9riodes interglaciaires) entre les p\u00e9riodes glaciaires. Au cours de la p\u00e9riode la plus froide de la derni\u00e8re p\u00e9riode glaciaire, la temp\u00e9rature moyenne de la plan\u00e8te \u00e9tait d&rsquo;environ 11\u00b0F ( &#8211; 11,67\u00b0C) inf\u00e9rieure \u00e0 la temp\u00e9rature actuelle. En revanche, au plus fort de la derni\u00e8re p\u00e9riode interglaciaire, la temp\u00e9rature moyenne de la plan\u00e8te n&rsquo;\u00e9tait sup\u00e9rieure que de 2 \u00b0F ( &#8211; 16,67 \u00b0 C) \u00e0 ce qu&rsquo;elle est actuellement.<\/p><p><em>Variations de l&rsquo;activit\u00e9 solaire<\/em><\/p><p>Les modifications de la quantit\u00e9 d&rsquo;\u00e9nergie \u00e9mise par le soleil peuvent avoir un impact sur l&rsquo;intensit\u00e9 de la lumi\u00e8re solaire qui atteint la surface de la terre. Bien que ces modifications puissent avoir un impact sur le climat de la plan\u00e8te, elles ont eu un impact n\u00e9gligeable sur les changements climatiques observ\u00e9s au cours des derni\u00e8res d\u00e9cennies. Depuis 1978, des satellites sont utilis\u00e9s pour mesurer la quantit\u00e9 d&rsquo;\u00e9nergie solaire qui atteint la terre, et ces mesures indiquent qu&rsquo;il n&rsquo;y a pas eu d&rsquo;augmentation globale de la quantit\u00e9 d&rsquo;\u00e9nergie \u00e9mise par le soleil, malgr\u00e9 le fait que les temp\u00e9ratures \u00e0 la surface de la terre ont augment\u00e9.<\/p><p><em>Changements dans la r\u00e9flectivit\u00e9 de la Terre<\/em><\/p><p>L&rsquo;absorption ou la r\u00e9flexion de la lumi\u00e8re solaire sur la plan\u00e8te est influenc\u00e9e par sa surface et son atmosph\u00e8re. L&rsquo;\u00e9nergie solaire est davantage absorb\u00e9e par les surfaces sombres comme l&rsquo;oc\u00e9an, les for\u00eats et le sol, tandis que les surfaces claires comme la neige, la glace et les nuages ont tendance \u00e0 la r\u00e9fl\u00e9chir. La Terre absorbe environ 70 % de la lumi\u00e8re solaire qu&rsquo;elle re\u00e7oit. Les donn\u00e9es historiques sugg\u00e8rent que les modifications naturelles de la surface de la terre, telles que la fonte des glaces de mer et des glaces continentales, ont d\u00e9j\u00e0 influenc\u00e9 le changement climatique, souvent en interaction avec d&rsquo;autres processus. Ces changements peuvent servir de m\u00e9canismes de r\u00e9troaction.<\/p><p><em>Activit\u00e9 volcanique<\/em><\/p><p>Les volcans ont eu un impact significatif sur le climat, les \u00e9ruptions volcaniques pass\u00e9es ayant lib\u00e9r\u00e9 de grandes quantit\u00e9s de dioxyde de carbone. Certaines \u00e9ruptions explosives peuvent lib\u00e9rer dans la haute atmosph\u00e8re des particules telles que le SO2, qui peuvent renvoyer suffisamment de lumi\u00e8re solaire dans l&rsquo;espace pour refroidir la surface de la plan\u00e8te pendant quelques ann\u00e9es. Ces particules sont appel\u00e9es a\u00e9rosols r\u00e9frig\u00e9rants. Toutefois, ces a\u00e9rosols ne provoquent pas de changement climatique \u00e0 long terme, car ils restent moins longtemps dans l&rsquo;atmosph\u00e8re que les gaz \u00e0 effet de serre. En outre, les activit\u00e9s humaines \u00e9mettent chaque ann\u00e9e plus de 100 fois plus de dioxyde de carbone que les volcans.<\/p><p><em>\u00c9volution des concentrations de dioxyde de carbone d&rsquo;origine naturelle<\/em><\/p><p>Au cours des derni\u00e8res centaines de milliers d&rsquo;ann\u00e9es, les niveaux de dioxyde de carbone dans l&rsquo;atmosph\u00e8re ont fluctu\u00e9 en corr\u00e9lation avec les cycles des glaciers. Lors des p\u00e9riodes interglaciaires plus chaudes, les niveaux de dioxyde de carbone \u00e9taient \u00e9lev\u00e9s, tandis que lors des p\u00e9riodes glaciaires plus froides, les niveaux de dioxyde de carbone \u00e9taient r\u00e9duits. La temp\u00e9rature de la surface de la terre et des oc\u00e9ans peut avoir un impact sur les sources et les puits naturels de ces gaz, ce qui entra\u00eene une modification des concentrations de gaz \u00e0 effet de serre dans l&rsquo;atmosph\u00e8re. Cette fluctuation des concentrations a agi comme un m\u00e9canisme de r\u00e9troaction climatique, augmentant l&rsquo;ampleur des changements de temp\u00e9rature r\u00e9sultant des d\u00e9placements \u00e0 long terme de l&rsquo;orbite terrestre.<\/p><\/div>\n\t\t\t\t<\/div>\n\t\t\t\t\t\t\t\t<\/div>\n\t\t\t\t<\/div>\n\t\t\t\t<\/div>\n\t\t\t\t\t\t<\/div>\n\t\t\t\t\t<\/div>\n\t\t<\/div>\n\t\t\t\t\t\t\t\t<\/div>\n\t\t\t\t\t<\/div>\n\t\t<\/section>\n\t\t\t\t\t\t\t\t\t<\/div>\n\t\t\t<\/div>\n\t\t\t\t\t<\/div>\n\t\t<\/p><\/div>\n\t\t\t\t<\/div>\n\t\t\t\t\t\t\t<div class=\"elementor-accordion-item\">\n\t\t\t\t\t<div id=\"elementor-tab-title-7943\" class=\"elementor-tab-title\" data-tab=\"3\" role=\"tab\" aria-controls=\"elementor-tab-content-7943\" aria-expanded=\"false\">\n\t\t\t\t\t\t\t\t\t\t\t\t\t<span class=\"elementor-accordion-icon elementor-accordion-icon-left\" aria-hidden=\"true\">\n\t\t\t\t\t\t\t\t\t\t\t\t\t\t\t<span class=\"elementor-accordion-icon-closed\"><i class=\"fas fa-plus\"><\/i><\/span>\n\t\t\t\t\t\t\t\t<span class=\"elementor-accordion-icon-opened\"><i class=\"fas fa-minus\"><\/i><\/span>\n\t\t\t\t\t\t\t\t\t\t\t\t\t\t<\/span>\n\t\t\t\t\t\t\t\t\t\t\t\t<a class=\"elementor-accordion-title\" href=\"\">3.\tPourquoi la crise climatique se produit-elle ?<\/a>\n\t\t\t\t\t<\/div>\n\t\t\t\t\t<div id=\"elementor-tab-content-7943\" class=\"elementor-tab-content elementor-clearfix\" data-tab=\"3\" role=\"tabpanel\" aria-labelledby=\"elementor-tab-title-7943\"><p>\t\t<div data-elementor-type=\"wp-post\" data-elementor-id=\"14263\" class=\"elementor elementor-14263 elementor-14147\">\n\t\t\t\t\t\t<div class=\"elementor-inner\">\n\t\t\t\t<div class=\"elementor-section-wrap\">\n\t\t\t\t\t\t\t\t\t<section class=\"has_eae_slider elementor-section elementor-top-section elementor-element elementor-element-4f5e946 elementor-section-boxed elementor-section-height-default elementor-section-height-default\" data-id=\"4f5e946\" data-element_type=\"section\">\n\t\t\t\t\t\t<div class=\"elementor-container elementor-column-gap-default\">\n\t\t\t\t\t\t\t<div class=\"elementor-row\">\n\t\t\t\t\t<div class=\"has_eae_slider elementor-column elementor-col-100 elementor-top-column elementor-element elementor-element-07fb15b\" data-id=\"07fb15b\" data-element_type=\"column\">\n\t\t\t<div class=\"elementor-column-wrap elementor-element-populated\">\n\t\t\t\t\t\t\t<div class=\"elementor-widget-wrap\">\n\t\t\t\t\t\t<div class=\"elementor-element elementor-element-f199b37 elementor-widget elementor-widget-text-editor\" data-id=\"f199b37\" data-element_type=\"widget\" data-widget_type=\"text-editor.default\">\n\t\t\t\t<div class=\"elementor-widget-container\">\n\t\t\t\t\t\t\t\t<div class=\"elementor-text-editor elementor-clearfix\">\n\t\t\t\t<p>La crise climatique est principalement (mais pas uniquement) due \u00e0 la combustion de combustibles fossiles tels que le charbon, le p\u00e9trole et le gaz, qui g\u00e9n\u00e8re des \u00e9missions de gaz \u00e0 effet de serre fonctionnant comme une couverture enveloppant la Terre, capturant la chaleur du soleil et provoquant une hausse des temp\u00e9ratures<em>. <\/em>Les principaux gaz \u00e0 effet de serre \u00e0 l&rsquo;origine du changement climatique induit par l&rsquo;homme sont le dioxyde de carbone et le m\u00e9thane<em>. <\/em><\/p>\n<p>Les \u00e9missions de gaz \u00e0 effet de serre sont g\u00e9n\u00e9r\u00e9es par diverses activit\u00e9s, notamment l&rsquo;utilisation de l&rsquo;essence pour le transport ou du charbon pour le chauffage (figure 6). Le d\u00e9frichement et l&rsquo;abattage des for\u00eats peuvent \u00e9galement lib\u00e9rer du dioxyde de carbone. L&rsquo;agriculture (principalement l&rsquo;\u00e9levage et l&rsquo;utilisation d&rsquo;engrais), les op\u00e9rations p\u00e9troli\u00e8res et gazi\u00e8res et les appareils contenant des gaz fluor\u00e9s sont des sources majeures d&rsquo;\u00e9missions de gaz \u00e0 effet de serre.<\/p>\n\t\t\t\t\t<\/div>\n\t\t\t\t\t\t<\/div>\n\t\t\t\t<\/div>\n\t\t\t\t<div class=\"elementor-element elementor-element-2fe1c7b climate_crisis_img elementor-widget elementor-widget-image\" data-id=\"2fe1c7b\" data-element_type=\"widget\" data-widget_type=\"image.default\">\n\t\t\t\t<div class=\"elementor-widget-container\">\n\t\t\t\t\t\t\t\t<div class=\"elementor-image\">\n\t\t\t\t\t\t\t\t\t<figure class=\"wp-caption\">\n\t\t\t\t\t\t\t\t\t\t<img loading=\"lazy\" decoding=\"async\" width=\"768\" height=\"445\" src=\"https:\/\/besafenet.net\/wp-content\/uploads\/2023\/10\/shutterstock_741598_resize-768x445.jpg\" class=\"attachment-medium_large size-medium_large wp-image-14149\" alt=\"\" srcset=\"https:\/\/besafenet.net\/wp-content\/uploads\/2023\/10\/shutterstock_741598_resize-768x445.jpg 768w, https:\/\/besafenet.net\/wp-content\/uploads\/2023\/10\/shutterstock_741598_resize-300x174.jpg 300w, https:\/\/besafenet.net\/wp-content\/uploads\/2023\/10\/shutterstock_741598_resize-1024x594.jpg 1024w, https:\/\/besafenet.net\/wp-content\/uploads\/2023\/10\/shutterstock_741598_resize-150x87.jpg 150w, https:\/\/besafenet.net\/wp-content\/uploads\/2023\/10\/shutterstock_741598_resize-1536x891.jpg 1536w, https:\/\/besafenet.net\/wp-content\/uploads\/2023\/10\/shutterstock_741598_resize.jpg 1752w\" sizes=\"(max-width: 768px) 100vw, 768px\" \/>\t\t\t\t\t\t\t\t\t\t\t<figcaption class=\"widget-image-caption wp-caption-text\">Figure 6. \u00c9missions de gaz \u00e0 effet de serre d&rsquo;origine industrielle.<\/figcaption>\n\t\t\t\t\t\t\t\t\t\t<\/figure>\n\t\t\t\t\t\t\t\t<\/div>\n\t\t\t\t\t\t<\/div>\n\t\t\t\t<\/div>\n\t\t\t\t<div class=\"elementor-element elementor-element-59914a5 elementor-widget elementor-widget-text-editor\" data-id=\"59914a5\" data-element_type=\"widget\" data-widget_type=\"text-editor.default\">\n\t\t\t\t<div class=\"elementor-widget-container\">\n\t\t\t\t\t\t\t\t<div class=\"elementor-text-editor elementor-clearfix\">\n\t\t\t\t<p>L&rsquo;ampleur de la crise climatique peut \u00e9galement \u00eatre influenc\u00e9e par un certain nombre de ph\u00e9nom\u00e8nes climatiques naturels tels que le Ni\u00f1o et La Ni\u00f1a. El Ni\u00f1o a un effet multiplicateur sur le changement climatique d&rsquo;origine humaine et fait augmenter les temp\u00e9ratures moyennes \u00e0 la surface du globe.<\/p>\n\t\t\t\t\t<\/div>\n\t\t\t\t\t\t<\/div>\n\t\t\t\t<\/div>\n\t\t\t\t<div class=\"elementor-element elementor-element-cd30d22 elementor-widget elementor-widget-accordion\" data-id=\"cd30d22\" data-element_type=\"widget\" data-widget_type=\"accordion.default\">\n\t\t\t\t<div class=\"elementor-widget-container\">\n\t\t\t\t\t<div class=\"elementor-accordion\" role=\"tablist\">\n\t\t\t\t\t\t\t<div class=\"elementor-accordion-item\">\n\t\t\t\t\t<div id=\"elementor-tab-title-2151\" class=\"elementor-tab-title\" data-tab=\"1\" role=\"tab\" aria-controls=\"elementor-tab-content-2151\" aria-expanded=\"false\">\n\t\t\t\t\t\t\t\t\t\t\t\t\t<span class=\"elementor-accordion-icon elementor-accordion-icon-left\" aria-hidden=\"true\">\n\t\t\t\t\t\t\t\t\t\t\t\t\t\t\t<span class=\"elementor-accordion-icon-closed\"><i class=\"fas fa-plus\"><\/i><\/span>\n\t\t\t\t\t\t\t\t<span class=\"elementor-accordion-icon-opened\"><i class=\"fas fa-minus\"><\/i><\/span>\n\t\t\t\t\t\t\t\t\t\t\t\t\t\t<\/span>\n\t\t\t\t\t\t\t\t\t\t\t\t<a class=\"elementor-accordion-title\" href=\"\">3.1\tLe ph\u00e9nom\u00e8ne El Ni\u00f1o<\/a>\n\t\t\t\t\t<\/div>\n\t\t\t\t\t<div id=\"elementor-tab-content-2151\" class=\"elementor-tab-content elementor-clearfix\" data-tab=\"1\" role=\"tabpanel\" aria-labelledby=\"elementor-tab-title-2151\"><p>El Ni\u00f1o est g\u00e9n\u00e9ralement associ\u00e9 \u00e0 des temp\u00e9ratures de surface plus \u00e9lev\u00e9es dans le centre et l&rsquo;est de l&rsquo;oc\u00e9an Pacifique tropical. Dans des r\u00e9gions telles que le sud de l&rsquo;Am\u00e9rique du Sud, le sud des \u00c9tats-Unis, la Corne de l&rsquo;Afrique et l&rsquo;Asie centrale, les pr\u00e9cipitations sont g\u00e9n\u00e9ralement plus abondantes, tandis que l&rsquo;Australie, l&rsquo;Indon\u00e9sie et certaines parties de l&rsquo;Asie m\u00e9ridionale peuvent conna\u00eetre des s\u00e9cheresses extr\u00eames. En outre, les eaux chaudes d&rsquo;El Ni\u00f1o peuvent potentiellement alimenter des ouragans dans le centre et l&rsquo;est de l&rsquo;oc\u00e9an Pacifique pendant les mois d&rsquo;\u00e9t\u00e9 dans l&rsquo;h\u00e9misph\u00e8re nord, mais peuvent entraver la formation d&rsquo;ouragans dans le bassin atlantique, selon l&rsquo;Organisation m\u00e9t\u00e9orologique mondiale (OMM). Le ph\u00e9nom\u00e8ne El Ni\u00f1o se produit g\u00e9n\u00e9ralement tous les deux \u00e0 sept ans et dure en moyenne de neuf \u00e0 douze mois.<\/p>\n<p><strong>G\u00e9n\u00e9rateurs de gaz \u00e0 effet de serre<\/strong><\/p>\n<p>La <u>combustion de <\/u><u>combustibles fossiles (<\/u><u>charbon, p\u00e9trole et gaz<\/u><u>) <\/u>pour produire de l&rsquo;\u00e9nergie destin\u00e9e \u00e0 la production d&rsquo;\u00e9lectricit\u00e9, aux transports (voitures et avions) et aux processus industriels.\u00a0 Cela produit deux principaux gaz \u00e0 effet de serre sous la forme de dioxyde de carbone (CO2) et d&rsquo;oxyde nitreux (NO).<\/p>\n<p><u>La d\u00e9forestation<\/u><u>. La <\/u>d\u00e9forestation perturbe le r\u00f4le pr\u00e9cieux des arbres dans le maintien de la stabilit\u00e9 du climat gr\u00e2ce \u00e0 leur capacit\u00e9 \u00e0 absorber le dioxyde de carbone (CO2) de l&rsquo;air. En cons\u00e9quence, le carbone qui \u00e9tait autrefois stock\u00e9 dans ces arbres est lib\u00e9r\u00e9, ce qui contribue \u00e0 l&rsquo;intensification de l&rsquo;effet de serre.<\/p>\n<p><u>L&rsquo;\u00e9levage <\/u><u>\u00e0 grande \u00e9chelle<\/u><strong>. <\/strong>Lors de la digestion des aliments, les vaches et les moutons produisent de grandes quantit\u00e9s de m\u00e9thane (CH<sub>4<\/sub> ) qui est rejet\u00e9 dans l&rsquo;atmosph\u00e8re.<\/p>\n<p><u>Les engrais contenant de l&rsquo;azote <\/u>produisent des \u00e9missions d&rsquo;oxyde nitreux.<\/p>\n<p><u>Utilisation de gaz fluor\u00e9s. <\/u>La production et l&rsquo;utilisation d&rsquo;appareils domestiques et industriels (tels que les r\u00e9frig\u00e9rateurs, les climatiseurs, les mousses et les bombes a\u00e9rosols) contenant des gaz fluor\u00e9s entra\u00eenent des \u00e9missions par fuite de gaz au cours du processus de fabrication et tout au long de la dur\u00e9e de vie du produit. On estime que les gaz \u00e0 effet de serre fluor\u00e9s ont un effet de r\u00e9chauffement plan\u00e9taire jusqu&rsquo;\u00e0 25 000 fois sup\u00e9rieur \u00e0 celui du dioxyde de carbone (CO<sub>2<\/sub> ).<\/p>\n<\/div>\n\t\t\t\t<\/div>\n\t\t\t\t\t\t\t\t<\/div>\n\t\t\t\t<\/div>\n\t\t\t\t<\/div>\n\t\t\t\t\t\t<\/div>\n\t\t\t\t\t<\/div>\n\t\t<\/div>\n\t\t\t\t\t\t\t\t<\/div>\n\t\t\t\t\t<\/div>\n\t\t<\/section>\n\t\t\t\t\t\t\t\t\t<\/div>\n\t\t\t<\/div>\n\t\t\t\t\t<\/div>\n\t\t<\/p><\/div>\n\t\t\t\t<\/div>\n\t\t\t\t\t\t\t<div class=\"elementor-accordion-item\">\n\t\t\t\t\t<div id=\"elementor-tab-title-7944\" class=\"elementor-tab-title\" data-tab=\"4\" role=\"tab\" aria-controls=\"elementor-tab-content-7944\" aria-expanded=\"false\">\n\t\t\t\t\t\t\t\t\t\t\t\t\t<span class=\"elementor-accordion-icon elementor-accordion-icon-left\" aria-hidden=\"true\">\n\t\t\t\t\t\t\t\t\t\t\t\t\t\t\t<span class=\"elementor-accordion-icon-closed\"><i class=\"fas fa-plus\"><\/i><\/span>\n\t\t\t\t\t\t\t\t<span class=\"elementor-accordion-icon-opened\"><i class=\"fas fa-minus\"><\/i><\/span>\n\t\t\t\t\t\t\t\t\t\t\t\t\t\t<\/span>\n\t\t\t\t\t\t\t\t\t\t\t\t<a class=\"elementor-accordion-title\" href=\"\">4.\tO\u00f9 se produit la crise climatique ?<\/a>\n\t\t\t\t\t<\/div>\n\t\t\t\t\t<div id=\"elementor-tab-content-7944\" class=\"elementor-tab-content elementor-clearfix\" data-tab=\"4\" role=\"tabpanel\" aria-labelledby=\"elementor-tab-title-7944\"><p>\t\t<div data-elementor-type=\"wp-post\" data-elementor-id=\"14265\" class=\"elementor elementor-14265 elementor-14159\">\n\t\t\t\t\t\t<div class=\"elementor-inner\">\n\t\t\t\t<div class=\"elementor-section-wrap\">\n\t\t\t\t\t\t\t\t\t<section class=\"has_eae_slider elementor-section elementor-top-section elementor-element elementor-element-5d78256 elementor-section-boxed elementor-section-height-default elementor-section-height-default\" data-id=\"5d78256\" data-element_type=\"section\">\n\t\t\t\t\t\t<div class=\"elementor-container elementor-column-gap-default\">\n\t\t\t\t\t\t\t<div class=\"elementor-row\">\n\t\t\t\t\t<div class=\"has_eae_slider elementor-column elementor-col-100 elementor-top-column elementor-element elementor-element-ca98209\" data-id=\"ca98209\" data-element_type=\"column\">\n\t\t\t<div class=\"elementor-column-wrap elementor-element-populated\">\n\t\t\t\t\t\t\t<div class=\"elementor-widget-wrap\">\n\t\t\t\t\t\t<div class=\"elementor-element elementor-element-89e8e03 elementor-widget elementor-widget-text-editor\" data-id=\"89e8e03\" data-element_type=\"widget\" data-widget_type=\"text-editor.default\">\n\t\t\t\t<div class=\"elementor-widget-container\">\n\t\t\t\t\t\t\t\t<div class=\"elementor-text-editor elementor-clearfix\">\n\t\t\t\t<p>La crise climatique est un probl\u00e8me mondial (figure 7). Elle touche tous les coins de la plan\u00e8te, aucune zone n&rsquo;\u00e9tant \u00e9pargn\u00e9e par ses cons\u00e9quences destructrices. Le r\u00e9chauffement des temp\u00e9ratures nuit aux environnements naturels et amplifie la fr\u00e9quence et la gravit\u00e9 de diverses catastrophes naturelles et conditions m\u00e9t\u00e9orologiques extr\u00eames telles que les s\u00e9cheresses, les incendies de for\u00eat, les ouragans et les ondes de temp\u00eate. En outre, l&rsquo;augmentation des temp\u00e9ratures mondiales contribue \u00e0 l&rsquo;ins\u00e9curit\u00e9 alimentaire et hydrique, perturbe les \u00e9conomies et est directement associ\u00e9e \u00e0 un potentiel accru de conflits et de terrorisme. L&rsquo;augmentation de la temp\u00e9rature des oc\u00e9ans et la fonte des glaciers entra\u00eenent une hausse du niveau des mers, qui affecte particuli\u00e8rement les c\u00f4tes basses, et provoquent une acidification des oc\u00e9ans, qui a de graves r\u00e9percussions sur la vie marine. Les r\u00e9cifs coralliens sont d\u00e9truits par le r\u00e9chauffement des oc\u00e9ans et l&rsquo;intensification des temp\u00eates oc\u00e9aniques.<\/p>\n<p>La crise climatique est une question globale, interconnect\u00e9e avec l&rsquo;ensemble du syst\u00e8me terrestre. A titre d&rsquo;illustration, certains ph\u00e9nom\u00e8nes m\u00e9t\u00e9orologiques li\u00e9s aux r\u00e9gions tropicales et subtropicales sont responsables de l&rsquo;apparition de pr\u00e9cipitations extr\u00eames dans l&rsquo;Arctique.<\/p>\n\t\t\t\t\t<\/div>\n\t\t\t\t\t\t<\/div>\n\t\t\t\t<\/div>\n\t\t\t\t<div class=\"elementor-element elementor-element-b8c423f climate_crisis_img elementor-widget elementor-widget-image\" data-id=\"b8c423f\" data-element_type=\"widget\" data-widget_type=\"image.default\">\n\t\t\t\t<div class=\"elementor-widget-container\">\n\t\t\t\t\t\t\t\t<div class=\"elementor-image\">\n\t\t\t\t\t\t\t\t\t<figure class=\"wp-caption\">\n\t\t\t\t\t\t\t\t\t\t<img loading=\"lazy\" decoding=\"async\" width=\"768\" height=\"480\" src=\"https:\/\/besafenet.net\/wp-content\/uploads\/2023\/10\/shutterstock_1532836706_resize-768x480.jpg\" class=\"attachment-medium_large size-medium_large wp-image-14160\" alt=\"\" srcset=\"https:\/\/besafenet.net\/wp-content\/uploads\/2023\/10\/shutterstock_1532836706_resize-768x480.jpg 768w, https:\/\/besafenet.net\/wp-content\/uploads\/2023\/10\/shutterstock_1532836706_resize-300x188.jpg 300w, https:\/\/besafenet.net\/wp-content\/uploads\/2023\/10\/shutterstock_1532836706_resize-1024x640.jpg 1024w, https:\/\/besafenet.net\/wp-content\/uploads\/2023\/10\/shutterstock_1532836706_resize-150x94.jpg 150w, https:\/\/besafenet.net\/wp-content\/uploads\/2023\/10\/shutterstock_1532836706_resize-1536x960.jpg 1536w, https:\/\/besafenet.net\/wp-content\/uploads\/2023\/10\/shutterstock_1532836706_resize-2048x1280.jpg 2048w\" sizes=\"(max-width: 768px) 100vw, 768px\" \/>\t\t\t\t\t\t\t\t\t\t\t<figcaption class=\"widget-image-caption wp-caption-text\">Figure 7 : La nature globale de la crise climatique<\/figcaption>\n\t\t\t\t\t\t\t\t\t\t<\/figure>\n\t\t\t\t\t\t\t\t<\/div>\n\t\t\t\t\t\t<\/div>\n\t\t\t\t<\/div>\n\t\t\t\t<div class=\"elementor-element elementor-element-b635ef0 elementor-widget elementor-widget-accordion\" data-id=\"b635ef0\" data-element_type=\"widget\" data-widget_type=\"accordion.default\">\n\t\t\t\t<div class=\"elementor-widget-container\">\n\t\t\t\t\t<div class=\"elementor-accordion\" role=\"tablist\">\n\t\t\t\t\t\t\t<div class=\"elementor-accordion-item\">\n\t\t\t\t\t<div id=\"elementor-tab-title-1911\" class=\"elementor-tab-title\" data-tab=\"1\" role=\"tab\" aria-controls=\"elementor-tab-content-1911\" aria-expanded=\"false\">\n\t\t\t\t\t\t\t\t\t\t\t\t\t<span class=\"elementor-accordion-icon elementor-accordion-icon-left\" aria-hidden=\"true\">\n\t\t\t\t\t\t\t\t\t\t\t\t\t\t\t<span class=\"elementor-accordion-icon-closed\"><i class=\"fas fa-plus\"><\/i><\/span>\n\t\t\t\t\t\t\t\t<span class=\"elementor-accordion-icon-opened\"><i class=\"fas fa-minus\"><\/i><\/span>\n\t\t\t\t\t\t\t\t\t\t\t\t\t\t<\/span>\n\t\t\t\t\t\t\t\t\t\t\t\t<a class=\"elementor-accordion-title\" href=\"\">4.1.\tVariabilit\u00e9 des effets de la crise climatique<\/a>\n\t\t\t\t\t<\/div>\n\t\t\t\t\t<div id=\"elementor-tab-content-1911\" class=\"elementor-tab-content elementor-clearfix\" data-tab=\"1\" role=\"tabpanel\" aria-labelledby=\"elementor-tab-title-1911\"><p>Si la crise climatique est un ph\u00e9nom\u00e8ne mondial qui touche tous les pays, il faut reconna\u00eetre que les impacts varieront en fonction des vuln\u00e9rabilit\u00e9s des diff\u00e9rents pays, ce qui influe sur leur capacit\u00e9 \u00e0 r\u00e9agir et \u00e0 se remettre de ces impacts. Lors de la COP27 (conf\u00e9rence sur le changement climatique, 2022), une \u00e9valuation a \u00e9t\u00e9 r\u00e9alis\u00e9e pour tenter d&rsquo;identifier les pays les plus susceptibles d&rsquo;\u00eatre touch\u00e9s en cas de catastrophe climatique, sans aucune chance de r\u00e9tablissement. Parmi les dix pays les plus touch\u00e9s identifi\u00e9s, les cinq premiers \u00e9taient :<\/p>\n<p>Tchad &#8211; vuln\u00e9rabilit\u00e9 maximale en raison d&rsquo;inondations \u00e0 l&rsquo;\u00e9chelle nationale, d&rsquo;une intensification des affrontements militaires et de la famine.<\/p>\n<p>Somalie &#8211; s\u00e9cheresse et probl\u00e8mes politiques dans le pays.<\/p>\n<p>Syrie &#8211; apr\u00e8s une d\u00e9cennie de guerre, de s\u00e9cheresse et le tremblement de terre de 2023.<\/p>\n<p>R\u00e9publique d\u00e9mocratique du Congo &#8211; plus de 100 groupes arm\u00e9s, maladies multiples telles que la malaria et Ebola, famine.<\/p>\n<p>Afghanistan &#8211; Perte de l&rsquo;aide internationale en raison du r\u00e9gime taliban, trois ann\u00e9es cons\u00e9cutives de s\u00e9cheresse et d&rsquo;inondations.<\/p>\n<\/div>\n\t\t\t\t<\/div>\n\t\t\t\t\t\t\t\t<\/div>\n\t\t\t\t<\/div>\n\t\t\t\t<\/div>\n\t\t\t\t\t\t<\/div>\n\t\t\t\t\t<\/div>\n\t\t<\/div>\n\t\t\t\t\t\t\t\t<\/div>\n\t\t\t\t\t<\/div>\n\t\t<\/section>\n\t\t\t\t\t\t\t\t\t<\/div>\n\t\t\t<\/div>\n\t\t\t\t\t<\/div>\n\t\t<\/p><\/div>\n\t\t\t\t<\/div>\n\t\t\t\t\t\t\t<div class=\"elementor-accordion-item\">\n\t\t\t\t\t<div id=\"elementor-tab-title-7945\" class=\"elementor-tab-title\" data-tab=\"5\" role=\"tab\" aria-controls=\"elementor-tab-content-7945\" aria-expanded=\"false\">\n\t\t\t\t\t\t\t\t\t\t\t\t\t<span class=\"elementor-accordion-icon elementor-accordion-icon-left\" aria-hidden=\"true\">\n\t\t\t\t\t\t\t\t\t\t\t\t\t\t\t<span class=\"elementor-accordion-icon-closed\"><i class=\"fas fa-plus\"><\/i><\/span>\n\t\t\t\t\t\t\t\t<span class=\"elementor-accordion-icon-opened\"><i class=\"fas fa-minus\"><\/i><\/span>\n\t\t\t\t\t\t\t\t\t\t\t\t\t\t<\/span>\n\t\t\t\t\t\t\t\t\t\t\t\t<a class=\"elementor-accordion-title\" href=\"\">5.\tQuelles sont les cons\u00e9quences de la crise climatique ? <\/a>\n\t\t\t\t\t<\/div>\n\t\t\t\t\t<div id=\"elementor-tab-content-7945\" class=\"elementor-tab-content elementor-clearfix\" data-tab=\"5\" role=\"tabpanel\" aria-labelledby=\"elementor-tab-title-7945\"><p>\t\t<div data-elementor-type=\"wp-post\" data-elementor-id=\"14267\" class=\"elementor elementor-14267 elementor-14168\">\n\t\t\t\t\t\t<div class=\"elementor-inner\">\n\t\t\t\t<div class=\"elementor-section-wrap\">\n\t\t\t\t\t\t\t\t\t<section class=\"has_eae_slider elementor-section elementor-top-section elementor-element elementor-element-3a7a83c elementor-section-boxed elementor-section-height-default elementor-section-height-default\" data-id=\"3a7a83c\" data-element_type=\"section\">\n\t\t\t\t\t\t<div class=\"elementor-container elementor-column-gap-default\">\n\t\t\t\t\t\t\t<div class=\"elementor-row\">\n\t\t\t\t\t<div class=\"has_eae_slider elementor-column elementor-col-100 elementor-top-column elementor-element elementor-element-d21b6dc\" data-id=\"d21b6dc\" data-element_type=\"column\">\n\t\t\t<div class=\"elementor-column-wrap elementor-element-populated\">\n\t\t\t\t\t\t\t<div class=\"elementor-widget-wrap\">\n\t\t\t\t\t\t<div class=\"elementor-element elementor-element-c5c5225 elementor-widget elementor-widget-text-editor\" data-id=\"c5c5225\" data-element_type=\"widget\" data-widget_type=\"text-editor.default\">\n\t\t\t\t<div class=\"elementor-widget-container\">\n\t\t\t\t\t\t\t\t<div class=\"elementor-text-editor elementor-clearfix\">\n\t\t\t\t<p>\u00c0 l&rsquo;\u00e9chelle mondiale, le GIEC a reconnu l&rsquo;existence de plusieurs probl\u00e8mes importants pour la stabilit\u00e9 du syst\u00e8me terrestre :<\/p>\n<ul>\n<li>Des cons\u00e9quences irr\u00e9versibles : M\u00eame en cas d&rsquo;\u00e9volution relativement mod\u00e9r\u00e9e de la temp\u00e9rature mondiale, les effets seront durables, notamment sur les \u00e9cosyst\u00e8mes arctiques, les r\u00e9cifs coralliens et la biodiversit\u00e9.<\/li>\n<li>\u00c9v\u00e9nements m\u00e9t\u00e9orologiques extr\u00eames : Pr\u00e9voir des cas plus fr\u00e9quents et plus intenses de ph\u00e9nom\u00e8nes m\u00e9t\u00e9orologiques violents tels que des pr\u00e9cipitations intenses et des vagues de chaleur.<\/li>\n<li>De graves r\u00e9percussions sur les populations pauvres et vuln\u00e9rables du monde entier : Les communaut\u00e9s les plus pauvres et les plus vuln\u00e9rables du monde souffriront \u00e9norm\u00e9ment, notamment en raison de l&rsquo;augmentation des conflits r\u00e9gionaux et du terrorisme.<\/li>\n<li>Atteinte \u00e0 l&rsquo;environnement et \u00e0 l&rsquo;\u00e9conomie : Les \u00e9cosyst\u00e8mes naturels et les syst\u00e8mes \u00e9conomiques subiront des effets n\u00e9fastes.<\/li>\n<li>Incidents singuliers importants : Il pourrait s&rsquo;agir de nouvelles hausses du niveau des mers dues \u00e0 la fonte des grandes nappes glaciaires du Groenland et de l&rsquo;Antarctique (figure 8).<\/li>\n<\/ul>\n<p>La crise climatique n&rsquo;est pas seulement responsable de l&rsquo;augmentation de la fr\u00e9quence et de l&rsquo;intensit\u00e9 des ph\u00e9nom\u00e8nes extr\u00eames, mais aussi de modifications progressives de l&rsquo;environnement telles que l&rsquo;\u00e9l\u00e9vation du niveau des mers, la salinisation des eaux souterraines, la s\u00e9cheresse et l&rsquo;extension des zones d\u00e9sertiques, la p\u00e9nurie d&rsquo;eau et de nourriture, les incendies graves, les inondations, la fonte des glaciers et de la banquise, la sant\u00e9 et les pertes de vies humaines.<\/p>\n\t\t\t\t\t<\/div>\n\t\t\t\t\t\t<\/div>\n\t\t\t\t<\/div>\n\t\t\t\t<div class=\"elementor-element elementor-element-e86c1ff climate_crisis_img elementor-widget elementor-widget-image\" data-id=\"e86c1ff\" data-element_type=\"widget\" data-widget_type=\"image.default\">\n\t\t\t\t<div class=\"elementor-widget-container\">\n\t\t\t\t\t\t\t\t<div class=\"elementor-image\">\n\t\t\t\t\t\t\t\t\t<figure class=\"wp-caption\">\n\t\t\t\t\t\t\t\t\t\t<img loading=\"lazy\" decoding=\"async\" width=\"768\" height=\"512\" src=\"https:\/\/besafenet.net\/wp-content\/uploads\/2023\/10\/shutterstock_1738791689_resize-768x512.jpg\" class=\"attachment-medium_large size-medium_large wp-image-14169\" alt=\"\" srcset=\"https:\/\/besafenet.net\/wp-content\/uploads\/2023\/10\/shutterstock_1738791689_resize-768x512.jpg 768w, https:\/\/besafenet.net\/wp-content\/uploads\/2023\/10\/shutterstock_1738791689_resize-300x200.jpg 300w, https:\/\/besafenet.net\/wp-content\/uploads\/2023\/10\/shutterstock_1738791689_resize-1024x683.jpg 1024w, https:\/\/besafenet.net\/wp-content\/uploads\/2023\/10\/shutterstock_1738791689_resize-150x100.jpg 150w, https:\/\/besafenet.net\/wp-content\/uploads\/2023\/10\/shutterstock_1738791689_resize-1536x1024.jpg 1536w, https:\/\/besafenet.net\/wp-content\/uploads\/2023\/10\/shutterstock_1738791689_resize.jpg 1974w\" sizes=\"(max-width: 768px) 100vw, 768px\" \/>\t\t\t\t\t\t\t\t\t\t\t<figcaption class=\"widget-image-caption wp-caption-text\">Figure 8 : Fonte de plus en plus rapide des glaciers et des couches de glace.<\/figcaption>\n\t\t\t\t\t\t\t\t\t\t<\/figure>\n\t\t\t\t\t\t\t\t<\/div>\n\t\t\t\t\t\t<\/div>\n\t\t\t\t<\/div>\n\t\t\t\t<div class=\"elementor-element elementor-element-d24919f elementor-widget elementor-widget-accordion\" data-id=\"d24919f\" data-element_type=\"widget\" data-widget_type=\"accordion.default\">\n\t\t\t\t<div class=\"elementor-widget-container\">\n\t\t\t\t\t<div class=\"elementor-accordion\" role=\"tablist\">\n\t\t\t\t\t\t\t<div class=\"elementor-accordion-item\">\n\t\t\t\t\t<div id=\"elementor-tab-title-2201\" class=\"elementor-tab-title\" data-tab=\"1\" role=\"tab\" aria-controls=\"elementor-tab-content-2201\" aria-expanded=\"false\">\n\t\t\t\t\t\t\t\t\t\t\t\t\t<span class=\"elementor-accordion-icon elementor-accordion-icon-left\" aria-hidden=\"true\">\n\t\t\t\t\t\t\t\t\t\t\t\t\t\t\t<span class=\"elementor-accordion-icon-closed\"><i class=\"fas fa-plus\"><\/i><\/span>\n\t\t\t\t\t\t\t\t<span class=\"elementor-accordion-icon-opened\"><i class=\"fas fa-minus\"><\/i><\/span>\n\t\t\t\t\t\t\t\t\t\t\t\t\t\t<\/span>\n\t\t\t\t\t\t\t\t\t\t\t\t<a class=\"elementor-accordion-title\" href=\"\">5.1. Impacts actuels de la crise climatique<\/a>\n\t\t\t\t\t<\/div>\n\t\t\t\t\t<div id=\"elementor-tab-content-2201\" class=\"elementor-tab-content elementor-clearfix\" data-tab=\"1\" role=\"tabpanel\" aria-labelledby=\"elementor-tab-title-2201\"><p><strong>P\u00e9nurie d&rsquo;eau <\/strong><strong>et de nourriture <\/strong><\/p><p>Le changement climatique induit par l&rsquo;homme a un impact n\u00e9gatif sur la disponibilit\u00e9 et la qualit\u00e9 de l&rsquo;eau, tant pour la boisson que pour l&rsquo;agriculture. Dans de nombreuses r\u00e9gions, les cultures qui ont toujours prosp\u00e9r\u00e9 sont aujourd&rsquo;hui en difficult\u00e9, ce qui rend la s\u00e9curit\u00e9 alimentaire plus pr\u00e9caire. La perte de s\u00e9curit\u00e9 alimentaire affecte en fin de compte le plus les populations pauvres et vuln\u00e9rables. Par cons\u00e9quent, on s&rsquo;attend \u00e0 ce que le r\u00e9chauffement climatique accentue les disparit\u00e9s \u00e9conomiques entre les pays les plus riches et les plus pauvres.<\/p><p><strong>Graves incendies de for\u00eat <\/strong><\/p><p>Le r\u00e9chauffement climatique et la s\u00e9cheresse qui lui est souvent associ\u00e9e ont entra\u00een\u00e9 une prolongation de la saison des feux de for\u00eat, une augmentation de la fr\u00e9quence des incendies et une extension des zones br\u00fbl\u00e9es. L&rsquo;allongement de la saison des feux de for\u00eat dans plusieurs r\u00e9gions peut \u00eatre attribu\u00e9 \u00e0 des printemps plus chauds, \u00e0 des p\u00e9riodes de s\u00e9cheresse prolong\u00e9es en \u00e9t\u00e9, ainsi qu&rsquo;\u00e0 une v\u00e9g\u00e9tation et \u00e0 un sol plus secs. Cette menace est encore aggrav\u00e9e par la diminution du manteau neigeux et la fonte pr\u00e9coce des neiges au printemps, qui r\u00e9duisent la disponibilit\u00e9 de l&rsquo;eau pendant les mois chauds de l&rsquo;\u00e9t\u00e9, augmentant ainsi le risque d&rsquo;incendies de for\u00eat.<\/p><p><strong>Inondations<\/strong><\/p><p>En raison des effets du changement climatique induit par l&rsquo;homme, l&rsquo;atmosph\u00e8re se r\u00e9chauffe, et pour chaque degr\u00e9 Celsius d&rsquo;augmentation de la temp\u00e9rature, l&rsquo;air peut contenir 7 % de vapeur d&rsquo;eau en plus.<\/p><p>De fortes pr\u00e9cipitations peuvent provoquer des crues soudaines si elles se produisent sur une courte p\u00e9riode, tandis que des pr\u00e9cipitations mod\u00e9r\u00e9es sur plusieurs jours peuvent faire d\u00e9border des rivi\u00e8res ou des barrages. Les communaut\u00e9s c\u00f4ti\u00e8res, en particulier, sont tr\u00e8s vuln\u00e9rables en raison des effets combin\u00e9s de l&rsquo;\u00e9l\u00e9vation du niveau de la mer, des ondes de temp\u00eate et d&rsquo;une planification et d&rsquo;une gestion insuffisantes des inondations.<\/p><p><strong>Fonte des glaces polaires <\/strong><strong>et \u00e9l\u00e9vation du <\/strong><strong>niveau de la mer<\/strong><\/p><p>La fonte des glaciers et des calottes glaciaires dans les r\u00e9gions montagneuses et polaires s&rsquo;acc\u00e9l\u00e8re, entra\u00eenant une augmentation du niveau des mers. Plus de la moiti\u00e9 des grandes villes du monde comptant plus de cinq millions d&rsquo;habitants sont situ\u00e9es dans des r\u00e9gions vuln\u00e9rables \u00e0 l&rsquo;\u00e9l\u00e9vation du niveau des mers. Si aucune mesure imm\u00e9diate n&rsquo;est prise, de vastes zones de ces villes pourraient \u00eatre submerg\u00e9es, ce qui entra\u00eenerait le d\u00e9placement de millions de personnes au cours de notre vie.<\/p><p><strong>D\u00e9r\u00e8glement climatique et ph\u00e9nom\u00e8nes m\u00e9t\u00e9orologiques extr\u00eames <\/strong><\/p><p>La fr\u00e9quence et l&rsquo;intensit\u00e9 des ph\u00e9nom\u00e8nes m\u00e9t\u00e9orologiques extr\u00eames et des catastrophes li\u00e9es au climat augmentent en raison du r\u00e9chauffement de la plan\u00e8te. Les vagues de chaleur, les s\u00e9cheresses, les typhons et les ouragans causent d&rsquo;importantes destructions dans le monde entier, sur tous les continents. \u00c0 l&rsquo;heure actuelle, 90 % des catastrophes sont li\u00e9es au temps et au climat, ce qui repr\u00e9sente un co\u00fbt de plusieurs milliards de dollars pour l&rsquo;\u00e9conomie mondiale chaque ann\u00e9e et plonge des millions de personnes dans la pauvret\u00e9.<\/p><p><strong>Diminution de la biodiversit\u00e9<\/strong><\/p><p>Outre les pratiques non durables d&rsquo;utilisation des sols, le changement climatique induit par l&rsquo;homme devient \u00e9galement un facteur important de r\u00e9duction de la biodiversit\u00e9. Il a entra\u00een\u00e9 des changements dans les \u00e9cosyst\u00e8mes marins, d&rsquo;eau douce et terrestres \u00e0 l&rsquo;\u00e9chelle mondiale, conduisant \u00e0 l&rsquo;extinction d&rsquo;esp\u00e8ces locales, \u00e0 une augmentation de la pr\u00e9valence des maladies et \u00e0 une mortalit\u00e9 massive de la flore et de la faune. L&rsquo;augmentation des temp\u00e9ratures sur terre a pouss\u00e9 les plantes et les animaux \u00e0 se d\u00e9placer vers des altitudes ou des latitudes plus \u00e9lev\u00e9es, souvent vers les p\u00f4les, ce qui a des effets consid\u00e9rables sur les \u00e9cosyst\u00e8mes. La perte des services \u00e9cosyst\u00e9miques, tels que la nourriture, les m\u00e9dicaments et les moyens de subsistance fournis par la nature, peut \u00e9galement affecter la sant\u00e9 humaine.<\/p><p><strong>Augmentation des conflits et du terrorisme<\/strong><\/p><p>La crise climatique intensifie la concurrence pour les ressources essentielles telles que la nourriture, l&rsquo;eau et la terre, ce qui provoque des pressions socio-\u00e9conomiques et entra\u00eene souvent des d\u00e9placements humains \u00e0 grande \u00e9chelle. Ces populations sont de plus en plus susceptibles d&rsquo;\u00eatre la cible de recrutements terroristes et de violences. Selon la Banque mondiale, si aucune mesure n&rsquo;est prise, plus de 140 millions de personnes en Asie du Sud, en Afrique subsaharienne et en Am\u00e9rique latine seront contraintes de migrer \u00e0 l&rsquo;int\u00e9rieur de leurs r\u00e9gions respectives d&rsquo;ici 2050.<\/p><p><strong>Sant\u00e9 et pertes de vies humaines<\/strong><\/p><p>Les effets du r\u00e9chauffement climatique sur la sant\u00e9 et les pertes de vies humaines sont dus \u00e0 l&rsquo;augmentation des risques de malnutrition, de paludisme, de diarrh\u00e9e, de stress thermique et d&rsquo;accidents, ainsi qu&rsquo;aux effets des ph\u00e9nom\u00e8nes m\u00e9t\u00e9orologiques extr\u00eames (inondations, incendies et temp\u00eates). La principale raison des d\u00e9c\u00e8s li\u00e9s aux conditions m\u00e9t\u00e9orologiques en Europe est le stress thermique qui peut aggraver les conditions de sant\u00e9 existantes telles que les maladies respiratoires, cardiovasculaires, c\u00e9r\u00e9brovasculaires et les affections li\u00e9es au diab\u00e8te. Selon les donn\u00e9es fournies par diff\u00e9rents pays, on estime qu&rsquo;en 2022, la chaleur a \u00e9t\u00e9 responsable de la mort d&rsquo;au moins 15 000 personnes, l&rsquo;Espagne faisant \u00e9tat de pr\u00e8s de 4 000 d\u00e9c\u00e8s, le Portugal de plus de 1 000, le Royaume-Uni de plus de 3 200 et l&rsquo;Allemagne d&rsquo;environ 4 500 d\u00e9c\u00e8s au cours des mois d&rsquo;\u00e9t\u00e9.<\/p><p><strong>Impacts <\/strong><strong><em><u>pr\u00e9vus de <\/u><\/em><\/strong><strong>la crise climatique<\/strong><\/p><p>La persistance des gaz \u00e0 effet de serre dans l&rsquo;atmosph\u00e8re signifie que leurs concentrations continueront d&rsquo;augmenter et resteront \u00e9lev\u00e9es pendant des centaines d&rsquo;ann\u00e9es, m\u00eame si les \u00e9missions cessaient d&rsquo;augmenter. M\u00eame si nous parvenons \u00e0 stabiliser la composition de l&rsquo;atmosph\u00e8re en r\u00e9duisant radicalement les \u00e9missions de gaz \u00e0 effet de serre, les temp\u00e9ratures de l&rsquo;air en surface continueront d&rsquo;augmenter. Cela est d\u00fb aux oc\u00e9ans, qui emmagasinent la chaleur et mettent plusieurs d\u00e9cennies \u00e0 s&rsquo;adapter pleinement \u00e0 des concentrations plus \u00e9lev\u00e9es de gaz \u00e0 effet de serre. Par cons\u00e9quent, les effets des concentrations accrues de gaz \u00e0 effet de serre et des temp\u00e9ratures plus chaudes sur les oc\u00e9ans continueront d&rsquo;influencer le climat pendant plusieurs d\u00e9cennies, voire plusieurs si\u00e8cles.<\/p><\/div>\n\t\t\t\t<\/div>\n\t\t\t\t\t\t\t\t<\/div>\n\t\t\t\t<\/div>\n\t\t\t\t<\/div>\n\t\t\t\t\t\t<\/div>\n\t\t\t\t\t<\/div>\n\t\t<\/div>\n\t\t\t\t\t\t\t\t<\/div>\n\t\t\t\t\t<\/div>\n\t\t<\/section>\n\t\t\t\t\t\t\t\t\t<\/div>\n\t\t\t<\/div>\n\t\t\t\t\t<\/div>\n\t\t<\/p><\/div>\n\t\t\t\t<\/div>\n\t\t\t\t\t\t\t<div class=\"elementor-accordion-item\">\n\t\t\t\t\t<div id=\"elementor-tab-title-7946\" class=\"elementor-tab-title\" data-tab=\"6\" role=\"tab\" aria-controls=\"elementor-tab-content-7946\" aria-expanded=\"false\">\n\t\t\t\t\t\t\t\t\t\t\t\t\t<span class=\"elementor-accordion-icon elementor-accordion-icon-left\" aria-hidden=\"true\">\n\t\t\t\t\t\t\t\t\t\t\t\t\t\t\t<span class=\"elementor-accordion-icon-closed\"><i class=\"fas fa-plus\"><\/i><\/span>\n\t\t\t\t\t\t\t\t<span class=\"elementor-accordion-icon-opened\"><i class=\"fas fa-minus\"><\/i><\/span>\n\t\t\t\t\t\t\t\t\t\t\t\t\t\t<\/span>\n\t\t\t\t\t\t\t\t\t\t\t\t<a class=\"elementor-accordion-title\" href=\"\"> 6.\tLes cons\u00e9quences de la crise climatique peuvent-elles \u00eatre influenc\u00e9es par le comportement humain ?<\/a>\n\t\t\t\t\t<\/div>\n\t\t\t\t\t<div id=\"elementor-tab-content-7946\" class=\"elementor-tab-content elementor-clearfix\" data-tab=\"6\" role=\"tabpanel\" aria-labelledby=\"elementor-tab-title-7946\"><p>\t\t<div data-elementor-type=\"wp-post\" data-elementor-id=\"14269\" class=\"elementor elementor-14269 elementor-14179\">\n\t\t\t\t\t\t<div class=\"elementor-inner\">\n\t\t\t\t<div class=\"elementor-section-wrap\">\n\t\t\t\t\t\t\t\t\t<section class=\"has_eae_slider elementor-section elementor-top-section elementor-element elementor-element-9cfbaed elementor-section-boxed elementor-section-height-default elementor-section-height-default\" data-id=\"9cfbaed\" data-element_type=\"section\">\n\t\t\t\t\t\t<div class=\"elementor-container elementor-column-gap-default\">\n\t\t\t\t\t\t\t<div class=\"elementor-row\">\n\t\t\t\t\t<div class=\"has_eae_slider elementor-column elementor-col-100 elementor-top-column elementor-element elementor-element-3d47cbc\" data-id=\"3d47cbc\" data-element_type=\"column\">\n\t\t\t<div class=\"elementor-column-wrap elementor-element-populated\">\n\t\t\t\t\t\t\t<div class=\"elementor-widget-wrap\">\n\t\t\t\t\t\t<div class=\"elementor-element elementor-element-b117c82 elementor-widget elementor-widget-text-editor\" data-id=\"b117c82\" data-element_type=\"widget\" data-widget_type=\"text-editor.default\">\n\t\t\t\t<div class=\"elementor-widget-container\">\n\t\t\t\t\t\t\t\t<div class=\"elementor-text-editor elementor-clearfix\">\n\t\t\t\t<p>Si le comportement humain est le principal moteur des changements climatiques et du r\u00e9chauffement de la plan\u00e8te, il joue \u00e9galement un r\u00f4le essentiel dans l&rsquo;adaptation \u00e0 certains de ses effets n\u00e9gatifs. Par exemple, les nations qui ont \u00e9t\u00e9 confront\u00e9es \u00e0 des niveaux d&rsquo;eau \u00e9lev\u00e9s pendant une p\u00e9riode prolong\u00e9e ont eu la possibilit\u00e9 de s&rsquo;adapter en d\u00e9veloppant, par exemple, des d\u00e9fenses avanc\u00e9es contre les inondations (figure 9).<\/p>\n\t\t\t\t\t<\/div>\n\t\t\t\t\t\t<\/div>\n\t\t\t\t<\/div>\n\t\t\t\t<div class=\"elementor-element elementor-element-eb6766c climate_crisis_img elementor-widget elementor-widget-image\" data-id=\"eb6766c\" data-element_type=\"widget\" data-widget_type=\"image.default\">\n\t\t\t\t<div class=\"elementor-widget-container\">\n\t\t\t\t\t\t\t\t<div class=\"elementor-image\">\n\t\t\t\t\t\t\t\t\t<figure class=\"wp-caption\">\n\t\t\t\t\t\t\t\t\t\t<img loading=\"lazy\" decoding=\"async\" width=\"768\" height=\"393\" src=\"https:\/\/besafenet.net\/wp-content\/uploads\/2023\/10\/shutterstock_1406514167_resize-768x393.jpg\" class=\"attachment-medium_large size-medium_large wp-image-14180\" alt=\"\" srcset=\"https:\/\/besafenet.net\/wp-content\/uploads\/2023\/10\/shutterstock_1406514167_resize-768x393.jpg 768w, https:\/\/besafenet.net\/wp-content\/uploads\/2023\/10\/shutterstock_1406514167_resize-300x154.jpg 300w, https:\/\/besafenet.net\/wp-content\/uploads\/2023\/10\/shutterstock_1406514167_resize-1024x524.jpg 1024w, https:\/\/besafenet.net\/wp-content\/uploads\/2023\/10\/shutterstock_1406514167_resize-150x77.jpg 150w, https:\/\/besafenet.net\/wp-content\/uploads\/2023\/10\/shutterstock_1406514167_resize-1536x787.jpg 1536w, https:\/\/besafenet.net\/wp-content\/uploads\/2023\/10\/shutterstock_1406514167_resize-2048x1049.jpg 2048w\" sizes=\"(max-width: 768px) 100vw, 768px\" \/>\t\t\t\t\t\t\t\t\t\t\t<figcaption class=\"widget-image-caption wp-caption-text\">Figure 9 : Barri\u00e8re r\u00e9tractable sur la Tamise (Royaume-Uni), con\u00e7ue pour prot\u00e9ger la plaine inondable de Londres des mar\u00e9es exceptionnellement hautes et des ondes de temp\u00eate provenant de la mer du Nord.<\/figcaption>\n\t\t\t\t\t\t\t\t\t\t<\/figure>\n\t\t\t\t\t\t\t\t<\/div>\n\t\t\t\t\t\t<\/div>\n\t\t\t\t<\/div>\n\t\t\t\t<div class=\"elementor-element elementor-element-9d7e071 elementor-widget elementor-widget-text-editor\" data-id=\"9d7e071\" data-element_type=\"widget\" data-widget_type=\"text-editor.default\">\n\t\t\t\t<div class=\"elementor-widget-container\">\n\t\t\t\t\t\t\t\t<div class=\"elementor-text-editor elementor-clearfix\">\n\t\t\t\t<p>L&rsquo;adaptation aux effets du changement climatique implique le processus d&rsquo;ajustement aux conditions climatiques actuelles ou futures anticip\u00e9es. Elle consiste \u00e9galement \u00e0 mieux utiliser les circonstances potentiellement avantageuses qui peuvent r\u00e9sulter du changement climatique, telles que l&rsquo;allongement des p\u00e9riodes de culture ou l&rsquo;am\u00e9lioration des rendements dans certaines zones. Les autorit\u00e9s locales jouent un r\u00f4le crucial dans l&rsquo;adaptation \u00e0 ces changements :<\/p>\n<ul>\n<li>\u00e9laborer des strat\u00e9gies pour faire face aux vagues de chaleur et \u00e0 la hausse des temp\u00e9ratures, mettre en \u0153uvre des syst\u00e8mes de chauss\u00e9e plus efficaces pour g\u00e9rer les inondations et les eaux pluviales et am\u00e9liorer les m\u00e9thodes de stockage et d&rsquo;utilisation de l&rsquo;eau ;<\/li>\n<li>faire face \u00e0 la multiplication des catastrophes graves en am\u00e9liorant les connaissances et les comp\u00e9tences des personnes moins privil\u00e9gi\u00e9es et en \u00e9largissant l&rsquo;\u00e9ventail de leurs biens mat\u00e9riels.<\/li>\n<li>assurer la protection des r\u00e9gions c\u00f4ti\u00e8res contre les effets de l&rsquo;\u00e9l\u00e9vation du niveau de la mer par des activit\u00e9s telles que le remblayage des plages et la restauration des dunes de sable.<\/li>\n<li>g\u00e9rer les terres et les for\u00eats en favorisant l&rsquo;adaptation des \u00e9cosyst\u00e8mes par des modifications de la diversit\u00e9 des esp\u00e8ces ou de la structure des for\u00eats.<\/li>\n<li>se pr\u00e9parer \u00e0 la s\u00e9cheresse et l&rsquo;att\u00e9nuer en cultivant des vari\u00e9t\u00e9s r\u00e9sistantes.<\/li>\n<li>pr\u00e9server l&rsquo;\u00e9nergie et les infrastructures publiques en int\u00e9grant des caract\u00e9ristiques de r\u00e9silience climatique dans la planification et la conception des projets d&rsquo;infrastructure.<\/li>\n<\/ul>\n\t\t\t\t\t<\/div>\n\t\t\t\t\t\t<\/div>\n\t\t\t\t<\/div>\n\t\t\t\t<div class=\"elementor-element elementor-element-14c8ca9 elementor-widget elementor-widget-accordion\" data-id=\"14c8ca9\" data-element_type=\"widget\" data-widget_type=\"accordion.default\">\n\t\t\t\t<div class=\"elementor-widget-container\">\n\t\t\t\t\t<div class=\"elementor-accordion\" role=\"tablist\">\n\t\t\t\t\t\t\t<div class=\"elementor-accordion-item\">\n\t\t\t\t\t<div id=\"elementor-tab-title-2171\" class=\"elementor-tab-title\" data-tab=\"1\" role=\"tab\" aria-controls=\"elementor-tab-content-2171\" aria-expanded=\"false\">\n\t\t\t\t\t\t\t\t\t\t\t\t\t<span class=\"elementor-accordion-icon elementor-accordion-icon-left\" aria-hidden=\"true\">\n\t\t\t\t\t\t\t\t\t\t\t\t\t\t\t<span class=\"elementor-accordion-icon-closed\"><i class=\"fas fa-plus\"><\/i><\/span>\n\t\t\t\t\t\t\t\t<span class=\"elementor-accordion-icon-opened\"><i class=\"fas fa-minus\"><\/i><\/span>\n\t\t\t\t\t\t\t\t\t\t\t\t\t\t<\/span>\n\t\t\t\t\t\t\t\t\t\t\t\t<a class=\"elementor-accordion-title\" href=\"\">6.1\tAdaptation \u00e0 la crise climatique<\/a>\n\t\t\t\t\t<\/div>\n\t\t\t\t\t<div id=\"elementor-tab-content-2171\" class=\"elementor-tab-content elementor-clearfix\" data-tab=\"1\" role=\"tabpanel\" aria-labelledby=\"elementor-tab-title-2171\"><p>Les principes cl\u00e9s d&rsquo;une adaptation r\u00e9ussie comprennent la reconnaissance du fait que les strat\u00e9gies d&rsquo;adaptation doivent \u00eatre adapt\u00e9es \u00e0 des lieux et \u00e0 des contextes sp\u00e9cifiques. Il n&rsquo;existe pas de solution universelle pour att\u00e9nuer les risques qui convienne \u00e0 toutes les situations. Pour am\u00e9liorer la planification et l&rsquo;ex\u00e9cution des efforts d&rsquo;adaptation, il est important de coordonner les actions \u00e0 diff\u00e9rents niveaux, des individus aux entit\u00e9s gouvernementales. Une premi\u00e8re mesure cruciale pour s&rsquo;adapter au changement climatique futur consiste \u00e0 r\u00e9duire la vuln\u00e9rabilit\u00e9 et l&rsquo;exposition aux fluctuations climatiques actuelles.<\/p>\n<\/div>\n\t\t\t\t<\/div>\n\t\t\t\t\t\t\t\t<\/div>\n\t\t\t\t<\/div>\n\t\t\t\t<\/div>\n\t\t\t\t\t\t<\/div>\n\t\t\t\t\t<\/div>\n\t\t<\/div>\n\t\t\t\t\t\t\t\t<\/div>\n\t\t\t\t\t<\/div>\n\t\t<\/section>\n\t\t\t\t\t\t\t\t\t<\/div>\n\t\t\t<\/div>\n\t\t\t\t\t<\/div>\n\t\t<\/p><\/div>\n\t\t\t\t<\/div>\n\t\t\t\t\t\t\t<div class=\"elementor-accordion-item\">\n\t\t\t\t\t<div id=\"elementor-tab-title-7947\" class=\"elementor-tab-title\" data-tab=\"7\" role=\"tab\" aria-controls=\"elementor-tab-content-7947\" aria-expanded=\"false\">\n\t\t\t\t\t\t\t\t\t\t\t\t\t<span class=\"elementor-accordion-icon elementor-accordion-icon-left\" aria-hidden=\"true\">\n\t\t\t\t\t\t\t\t\t\t\t\t\t\t\t<span class=\"elementor-accordion-icon-closed\"><i class=\"fas fa-plus\"><\/i><\/span>\n\t\t\t\t\t\t\t\t<span class=\"elementor-accordion-icon-opened\"><i class=\"fas fa-minus\"><\/i><\/span>\n\t\t\t\t\t\t\t\t\t\t\t\t\t\t<\/span>\n\t\t\t\t\t\t\t\t\t\t\t\t<a class=\"elementor-accordion-title\" href=\"\">7.\tLes causes de la crise climatique peuvent-elles \u00eatre influenc\u00e9es par le comportement humain ? <\/a>\n\t\t\t\t\t<\/div>\n\t\t\t\t\t<div id=\"elementor-tab-content-7947\" class=\"elementor-tab-content elementor-clearfix\" data-tab=\"7\" role=\"tabpanel\" aria-labelledby=\"elementor-tab-title-7947\"><p>\t\t<div data-elementor-type=\"wp-post\" data-elementor-id=\"14271\" class=\"elementor elementor-14271 elementor-14188\">\n\t\t\t\t\t\t<div class=\"elementor-inner\">\n\t\t\t\t<div class=\"elementor-section-wrap\">\n\t\t\t\t\t\t\t\t\t<section class=\"has_eae_slider elementor-section elementor-top-section elementor-element elementor-element-98cb293 elementor-section-boxed elementor-section-height-default elementor-section-height-default\" data-id=\"98cb293\" data-element_type=\"section\">\n\t\t\t\t\t\t<div class=\"elementor-container elementor-column-gap-default\">\n\t\t\t\t\t\t\t<div class=\"elementor-row\">\n\t\t\t\t\t<div class=\"has_eae_slider elementor-column elementor-col-100 elementor-top-column elementor-element elementor-element-6657f4a\" data-id=\"6657f4a\" data-element_type=\"column\">\n\t\t\t<div class=\"elementor-column-wrap elementor-element-populated\">\n\t\t\t\t\t\t\t<div class=\"elementor-widget-wrap\">\n\t\t\t\t\t\t<div class=\"elementor-element elementor-element-ec938e2 elementor-widget elementor-widget-text-editor\" data-id=\"ec938e2\" data-element_type=\"widget\" data-widget_type=\"text-editor.default\">\n\t\t\t\t<div class=\"elementor-widget-container\">\n\t\t\t\t\t\t\t\t<div class=\"elementor-text-editor elementor-clearfix\">\n\t\t\t\t<p>La population humaine a amplifi\u00e9 l&rsquo;impact de la crise climatique sur la plan\u00e8te en raison de l&rsquo;augmentation de son nombre, de l&rsquo;utilisation excessive des ressources naturelles et des \u00e9missions de gaz \u00e0 effet de serre qui en d\u00e9coulent, qui ont augment\u00e9 de mani\u00e8re significative au cours des 10 \u00e0 15 derni\u00e8res d\u00e9cennies (figure 8). Cependant, la promotion de changements dans le nombre de personnes et les habitudes de consommation soul\u00e8ve des questions \u00e9thiques qui doivent \u00eatre prises en compte.<\/p>\n<p>Chaque fois qu&rsquo;une tonne de CO2 est rejet\u00e9e, elle aggrave le probl\u00e8me du r\u00e9chauffement de la plan\u00e8te. Par cons\u00e9quent, toute diminution des \u00e9missions contribue \u00e0 att\u00e9nuer ce probl\u00e8me. Pour enrayer compl\u00e8tement le r\u00e9chauffement de la plan\u00e8te, il est n\u00e9cessaire que les \u00e9missions de CO2 atteignent le niveau z\u00e9ro \u00e0 l&rsquo;\u00e9chelle mondiale. En outre, la r\u00e9duction des \u00e9missions d&rsquo;autres gaz \u00e0 effet de serre, comme le m\u00e9thane, peut \u00e9galement contribuer de mani\u00e8re significative \u00e0 ralentir le processus de r\u00e9chauffement de la plan\u00e8te, en particulier dans un avenir proche.<\/p>\n\t\t\t\t\t<\/div>\n\t\t\t\t\t\t<\/div>\n\t\t\t\t<\/div>\n\t\t\t\t<div class=\"elementor-element elementor-element-e845c2c climate_crisis_img elementor-widget elementor-widget-image\" data-id=\"e845c2c\" data-element_type=\"widget\" data-widget_type=\"image.default\">\n\t\t\t\t<div class=\"elementor-widget-container\">\n\t\t\t\t\t\t\t\t<div class=\"elementor-image\">\n\t\t\t\t\t\t\t\t\t<figure class=\"wp-caption\">\n\t\t\t\t\t\t\t\t\t\t<img loading=\"lazy\" decoding=\"async\" width=\"768\" height=\"384\" src=\"https:\/\/besafenet.net\/wp-content\/uploads\/2023\/10\/Figure-10_resize-768x384.jpg\" class=\"attachment-medium_large size-medium_large wp-image-14189\" alt=\"\" srcset=\"https:\/\/besafenet.net\/wp-content\/uploads\/2023\/10\/Figure-10_resize-768x384.jpg 768w, https:\/\/besafenet.net\/wp-content\/uploads\/2023\/10\/Figure-10_resize-300x150.jpg 300w, https:\/\/besafenet.net\/wp-content\/uploads\/2023\/10\/Figure-10_resize-150x75.jpg 150w, https:\/\/besafenet.net\/wp-content\/uploads\/2023\/10\/Figure-10_resize.jpg 1000w\" sizes=\"(max-width: 768px) 100vw, 768px\" \/>\t\t\t\t\t\t\t\t\t\t\t<figcaption class=\"widget-image-caption wp-caption-text\">Figure 10 : Temp\u00e9rature annuelle \u00e0 la surface du globe et dioxyde de carbone atmosph\u00e9rique (1850-2022) Source : NOAA, SCIENCE AND INFORMATION FOR A CLIMATESMART NATION. Graphique original du Dr. Howard Diamond (NOAA ARL), et adapt\u00e9 par NOAA Climate.gov. Publi\u00e9 : 15 mai 2023. https:\/\/www.climate.gov\/media\/13840<\/figcaption>\n\t\t\t\t\t\t\t\t\t\t<\/figure>\n\t\t\t\t\t\t\t\t<\/div>\n\t\t\t\t\t\t<\/div>\n\t\t\t\t<\/div>\n\t\t\t\t<div class=\"elementor-element elementor-element-15a95a0 elementor-widget elementor-widget-text-editor\" data-id=\"15a95a0\" data-element_type=\"widget\" data-widget_type=\"text-editor.default\">\n\t\t\t\t<div class=\"elementor-widget-container\">\n\t\t\t\t\t\t\t\t<div class=\"elementor-text-editor elementor-clearfix\">\n\t\t\t\t<p>Le comportement humain peut \u00e9galement influencer les causes de la crise climatique en br\u00fblant moins de combustibles fossiles, en changeant les attitudes et en augmentant la prise de conscience. M\u00eame parmi les personnes qui reconnaissent le lien entre les actions humaines et le changement climatique, nombreuses sont celles qui ne prennent pas suffisamment de mesures pour s&rsquo;attaquer au probl\u00e8me. Cela peut s&rsquo;expliquer par un manque de sensibilisation \u00e0 l&rsquo;impact de leurs comportements quotidiens sur la consommation d&rsquo;\u00e9nergie et les \u00e9missions de carbone, ainsi que par un manque de connaissances sur les comportements alternatifs. Cette situation est consid\u00e9r\u00e9e comme un facteur important expliquant pourquoi les modes de vie individuels et les pratiques organisationnelles continuent \u00e0 ne pas \u00eatre durables.<\/p>\n\t\t\t\t\t<\/div>\n\t\t\t\t\t\t<\/div>\n\t\t\t\t<\/div>\n\t\t\t\t<div class=\"elementor-element elementor-element-8a0a8b1 elementor-widget elementor-widget-accordion\" data-id=\"8a0a8b1\" data-element_type=\"widget\" data-widget_type=\"accordion.default\">\n\t\t\t\t<div class=\"elementor-widget-container\">\n\t\t\t\t\t<div class=\"elementor-accordion\" role=\"tablist\">\n\t\t\t\t\t\t\t<div class=\"elementor-accordion-item\">\n\t\t\t\t\t<div id=\"elementor-tab-title-1441\" class=\"elementor-tab-title\" data-tab=\"1\" role=\"tab\" aria-controls=\"elementor-tab-content-1441\" aria-expanded=\"false\">\n\t\t\t\t\t\t\t\t\t\t\t\t\t<span class=\"elementor-accordion-icon elementor-accordion-icon-left\" aria-hidden=\"true\">\n\t\t\t\t\t\t\t\t\t\t\t\t\t\t\t<span class=\"elementor-accordion-icon-closed\"><i class=\"fas fa-plus\"><\/i><\/span>\n\t\t\t\t\t\t\t\t<span class=\"elementor-accordion-icon-opened\"><i class=\"fas fa-minus\"><\/i><\/span>\n\t\t\t\t\t\t\t\t\t\t\t\t\t\t<\/span>\n\t\t\t\t\t\t\t\t\t\t\t\t<a class=\"elementor-accordion-title\" href=\"\">7.1\tInfluence du comportement humain sur les causes de la crise climatique<\/a>\n\t\t\t\t\t<\/div>\n\t\t\t\t\t<div id=\"elementor-tab-content-1441\" class=\"elementor-tab-content elementor-clearfix\" data-tab=\"1\" role=\"tabpanel\" aria-labelledby=\"elementor-tab-title-1441\"><p>Le monde conna\u00eet des transformations rapides de son climat, r\u00e9sultat de l&rsquo;action humaine (consommation \u00e9conomique et environnementale \/ surproduction et surconsommation).<\/p>\n<p>Il est essentiel de comprendre les valeurs et les croyances qui sous-tendent les d\u00e9cisions des individus et les politiques qui favorisent la croissance d\u00e9mographique et la consommation. Ces comportements jouent un r\u00f4le important dans le changement climatique, mais ils ne sont pas uniformes dans les diff\u00e9rents contextes culturels et soci\u00e9taux. Par cons\u00e9quent, une approche unique peut ne pas \u00eatre appropri\u00e9e ou juste pour aborder les liens entre la population, la consommation et le changement climatique.<\/p>\n<p>L&rsquo;absence de solutions technologiques irr\u00e9prochables en raison de facteurs tels que le co\u00fbt et les cons\u00e9quences environnementales et sociales potentielles associ\u00e9es \u00e0 leur production limite l&rsquo;utilisation de cette mesure pour enrayer la crise climatique.<\/p>\n<\/div>\n\t\t\t\t<\/div>\n\t\t\t\t\t\t\t\t<\/div>\n\t\t\t\t<\/div>\n\t\t\t\t<\/div>\n\t\t\t\t\t\t<\/div>\n\t\t\t\t\t<\/div>\n\t\t<\/div>\n\t\t\t\t\t\t\t\t<\/div>\n\t\t\t\t\t<\/div>\n\t\t<\/section>\n\t\t\t\t\t\t\t\t\t<\/div>\n\t\t\t<\/div>\n\t\t\t\t\t<\/div>\n\t\t<\/p><\/div>\n\t\t\t\t<\/div>\n\t\t\t\t\t\t\t<div class=\"elementor-accordion-item\">\n\t\t\t\t\t<div id=\"elementor-tab-title-7948\" class=\"elementor-tab-title\" data-tab=\"8\" role=\"tab\" aria-controls=\"elementor-tab-content-7948\" aria-expanded=\"false\">\n\t\t\t\t\t\t\t\t\t\t\t\t\t<span class=\"elementor-accordion-icon elementor-accordion-icon-left\" aria-hidden=\"true\">\n\t\t\t\t\t\t\t\t\t\t\t\t\t\t\t<span class=\"elementor-accordion-icon-closed\"><i class=\"fas fa-plus\"><\/i><\/span>\n\t\t\t\t\t\t\t\t<span class=\"elementor-accordion-icon-opened\"><i class=\"fas fa-minus\"><\/i><\/span>\n\t\t\t\t\t\t\t\t\t\t\t\t\t\t<\/span>\n\t\t\t\t\t\t\t\t\t\t\t\t<a class=\"elementor-accordion-title\" href=\"\">8.\tPeut-on pr\u00e9voir certains aspects de la crise climatique ?<\/a>\n\t\t\t\t\t<\/div>\n\t\t\t\t\t<div id=\"elementor-tab-content-7948\" class=\"elementor-tab-content elementor-clearfix\" data-tab=\"8\" role=\"tabpanel\" aria-labelledby=\"elementor-tab-title-7948\"><p>\t\t<div data-elementor-type=\"wp-post\" data-elementor-id=\"14273\" class=\"elementor elementor-14273 elementor-14196\">\n\t\t\t\t\t\t<div class=\"elementor-inner\">\n\t\t\t\t<div class=\"elementor-section-wrap\">\n\t\t\t\t\t\t\t\t\t<section class=\"has_eae_slider elementor-section elementor-top-section elementor-element elementor-element-777f620 elementor-section-boxed elementor-section-height-default elementor-section-height-default\" data-id=\"777f620\" data-element_type=\"section\">\n\t\t\t\t\t\t<div class=\"elementor-container elementor-column-gap-default\">\n\t\t\t\t\t\t\t<div class=\"elementor-row\">\n\t\t\t\t\t<div class=\"has_eae_slider elementor-column elementor-col-100 elementor-top-column elementor-element elementor-element-aec080d\" data-id=\"aec080d\" data-element_type=\"column\">\n\t\t\t<div class=\"elementor-column-wrap elementor-element-populated\">\n\t\t\t\t\t\t\t<div class=\"elementor-widget-wrap\">\n\t\t\t\t\t\t<div class=\"elementor-element elementor-element-37e5a5d elementor-widget elementor-widget-text-editor\" data-id=\"37e5a5d\" data-element_type=\"widget\" data-widget_type=\"text-editor.default\">\n\t\t\t\t<div class=\"elementor-widget-container\">\n\t\t\t\t\t\t\t\t<div class=\"elementor-text-editor elementor-clearfix\">\n\t\t\t\t<p>Les mod\u00e8les climatiques sont des programmes informatiques que les scientifiques utilisent pour pr\u00e9voir le climat futur en simulant les diff\u00e9rents facteurs qui peuvent influencer le climat d&rsquo;une r\u00e9gion. Les mod\u00e8les climatiques permettent aux scientifiques de prendre en compte tous les facteurs susceptibles d&rsquo;influer sur le climat de la Terre, y compris les facteurs qui restent constants, tels que la latitude, l&rsquo;altitude et la distance par rapport au soleil, ainsi que les facteurs qui changent, tels que les \u00e9ruptions volcaniques, la pollution atmosph\u00e9rique et les d\u00e9placements des continents au cours de millions d&rsquo;ann\u00e9es. En ajustant un facteur, tel que la temp\u00e9rature des oc\u00e9ans dans le mod\u00e8le, les scientifiques peuvent pr\u00e9dire comment d&rsquo;autres facteurs seront affect\u00e9s par le changement. En fin de compte, un mod\u00e8le climatique est une repr\u00e9sentation holistique de l&rsquo;interconnexion des divers facteurs qui influencent le climat de notre plan\u00e8te (figure 11).<\/p>\n\t\t\t\t\t<\/div>\n\t\t\t\t\t\t<\/div>\n\t\t\t\t<\/div>\n\t\t\t\t<div class=\"elementor-element elementor-element-446407b climate_crisis_img elementor-widget elementor-widget-image\" data-id=\"446407b\" data-element_type=\"widget\" data-widget_type=\"image.default\">\n\t\t\t\t<div class=\"elementor-widget-container\">\n\t\t\t\t\t\t\t\t<div class=\"elementor-image\">\n\t\t\t\t\t\t\t\t\t<figure class=\"wp-caption\">\n\t\t\t\t\t\t\t\t\t\t<img decoding=\"async\" src=\"https:\/\/besafenet.net\/wp-content\/uploads\/elementor\/thumbs\/shutterstock_1315769720_resize-1-qedhwq1ejxjqrpuw6jyeuzr89binq9xli5873ek3uk.jpg\" title=\"Hurricane,With,Added,Wind,Speed,Direction,Scheem.,Shades,Of,Blue-green\" alt=\"Hurricane,With,Added,Wind,Speed,Direction,Scheem.,Shades,Of,Blue-green\" loading=\"lazy\" \/>\t\t\t\t\t\t\t\t\t\t\t<figcaption class=\"widget-image-caption wp-caption-text\">Figure 11 : Pr\u00e9visions des mod\u00e8les climatiques concernant le d\u00e9veloppement et le d\u00e9placement des ouragans.<\/figcaption>\n\t\t\t\t\t\t\t\t\t\t<\/figure>\n\t\t\t\t\t\t\t\t<\/div>\n\t\t\t\t\t\t<\/div>\n\t\t\t\t<\/div>\n\t\t\t\t<div class=\"elementor-element elementor-element-9bbda2c elementor-widget elementor-widget-text-editor\" data-id=\"9bbda2c\" data-element_type=\"widget\" data-widget_type=\"text-editor.default\">\n\t\t\t\t<div class=\"elementor-widget-container\">\n\t\t\t\t\t\t\t\t<div class=\"elementor-text-editor elementor-clearfix\">\n\t\t\t\t<p>Pour confirmer l&rsquo;exactitude des mod\u00e8les informatiques, l&rsquo;atmosph\u00e8re de notre plan\u00e8te et ses diff\u00e9rents aspects font l&rsquo;objet d&rsquo;une surveillance intensive par des satellites destin\u00e9s \u00e0 l&rsquo;observation de la Terre. En outre, les arbres anciens et les carottes de glace extraites des profondeurs des glaciers et des nappes glaciaires donnent aux scientifiques un aper\u00e7u des climats pass\u00e9s. En combinant les donn\u00e9es provenant de ces sources, les scientifiques sont en mesure de mieux comprendre l&rsquo;impact que les modifications de notre plan\u00e8te et de son atmosph\u00e8re ont eu sur le climat au fil du temps.<\/p>\n\t\t\t\t\t<\/div>\n\t\t\t\t\t\t<\/div>\n\t\t\t\t<\/div>\n\t\t\t\t<div class=\"elementor-element elementor-element-c747b36 elementor-widget elementor-widget-accordion\" data-id=\"c747b36\" data-element_type=\"widget\" data-widget_type=\"accordion.default\">\n\t\t\t\t<div class=\"elementor-widget-container\">\n\t\t\t\t\t<div class=\"elementor-accordion\" role=\"tablist\">\n\t\t\t\t\t\t\t<div class=\"elementor-accordion-item\">\n\t\t\t\t\t<div id=\"elementor-tab-title-2081\" class=\"elementor-tab-title\" data-tab=\"1\" role=\"tab\" aria-controls=\"elementor-tab-content-2081\" aria-expanded=\"false\">\n\t\t\t\t\t\t\t\t\t\t\t\t\t<span class=\"elementor-accordion-icon elementor-accordion-icon-left\" aria-hidden=\"true\">\n\t\t\t\t\t\t\t\t\t\t\t\t\t\t\t<span class=\"elementor-accordion-icon-closed\"><i class=\"fas fa-plus\"><\/i><\/span>\n\t\t\t\t\t\t\t\t<span class=\"elementor-accordion-icon-opened\"><i class=\"fas fa-minus\"><\/i><\/span>\n\t\t\t\t\t\t\t\t\t\t\t\t\t\t<\/span>\n\t\t\t\t\t\t\t\t\t\t\t\t<a class=\"elementor-accordion-title\" href=\"\">8.1\tPr\u00e9vision de la crise climatique<\/a>\n\t\t\t\t\t<\/div>\n\t\t\t\t\t<div id=\"elementor-tab-content-2081\" class=\"elementor-tab-content elementor-clearfix\" data-tab=\"1\" role=\"tabpanel\" aria-labelledby=\"elementor-tab-title-2081\"><p>L&rsquo;ampleur du changement climatique d&rsquo;origine humaine qui se produira \u00e0 la fin de ce si\u00e8cle est d\u00e9termin\u00e9e par les choix que nous faisons aujourd&rsquo;hui. Si nous prenons des mesures pour r\u00e9duire les niveaux de CO2 et stopper leur augmentation apr\u00e8s 2050, il en r\u00e9sultera un sc\u00e9nario optimal dans lequel la temp\u00e9rature moyenne mondiale n&rsquo;augmentera que de 1 \u00e0 1,5\u00b0C. En revanche, si nous ne parvenons pas \u00e0 r\u00e9duire les \u00e9missions de CO2 et qu&rsquo;elles continuent d&rsquo;augmenter, le sc\u00e9nario le plus pessimiste se traduira par un r\u00e9chauffement de 4,5 \u00e0 5 \u00b0C, selon le rapport du groupe de travail I du GIEC de 2021.<\/p>\n<p>Le Groupe d&rsquo;experts intergouvernemental sur l&rsquo;\u00e9volution du climat (GIEC) est compos\u00e9 de scientifiques originaires de diff\u00e9rents pays qui travaillent ensemble pour aborder la question du changement climatique en \u00e9tudiant les changements climatiques pass\u00e9s jusqu&rsquo;\u00e0 nos jours et en utilisant des mod\u00e8les climatiques pour pr\u00e9dire les changements futurs selon diff\u00e9rents sc\u00e9narios d&rsquo;\u00e9missions de gaz \u00e0 effet de serre.<\/p>\n<p>Les effets du changement climatique induit par l&rsquo;homme devraient varier d&rsquo;une r\u00e9gion \u00e0 l&rsquo;autre. Par exemple, l&rsquo;augmentation de la temp\u00e9rature devrait \u00eatre plus importante sur les terres que sur les oc\u00e9ans, et plus prononc\u00e9e dans les hautes latitudes que dans les tropiques et les latitudes moyennes.<\/p>\n<\/div>\n\t\t\t\t<\/div>\n\t\t\t\t\t\t\t<div class=\"elementor-accordion-item\">\n\t\t\t\t\t<div id=\"elementor-tab-title-2082\" class=\"elementor-tab-title\" data-tab=\"2\" role=\"tab\" aria-controls=\"elementor-tab-content-2082\" aria-expanded=\"false\">\n\t\t\t\t\t\t\t\t\t\t\t\t\t<span class=\"elementor-accordion-icon elementor-accordion-icon-left\" aria-hidden=\"true\">\n\t\t\t\t\t\t\t\t\t\t\t\t\t\t\t<span class=\"elementor-accordion-icon-closed\"><i class=\"fas fa-plus\"><\/i><\/span>\n\t\t\t\t\t\t\t\t<span class=\"elementor-accordion-icon-opened\"><i class=\"fas fa-minus\"><\/i><\/span>\n\t\t\t\t\t\t\t\t\t\t\t\t\t\t<\/span>\n\t\t\t\t\t\t\t\t\t\t\t\t<a class=\"elementor-accordion-title\" href=\"\">8.2 \tImpacts pr\u00e9visibles de la \tcrise climatique<\/a>\n\t\t\t\t\t<\/div>\n\t\t\t\t\t<div id=\"elementor-tab-content-2082\" class=\"elementor-tab-content elementor-clearfix\" data-tab=\"2\" role=\"tabpanel\" aria-labelledby=\"elementor-tab-title-2082\"><p>L&rsquo;augmentation des temp\u00e9ratures, qui se produit d\u00e9j\u00e0, entra\u00eene des modifications de divers \u00e9l\u00e9ments du syst\u00e8me climatique, notamment les r\u00e9gimes de pr\u00e9cipitations, la formation des nuages et les chutes de neige. En outre, elle affecte les oc\u00e9ans, les \u00e9cosyst\u00e8mes, la couverture glaciaire et tous les autres \u00e9l\u00e9ments interconnect\u00e9s du syst\u00e8me complexe de la Terre.<\/p><p><strong>\u00c9volution des pr\u00e9cipitations<\/strong><\/p><p>Si la temp\u00e9rature moyenne de la Terre augmente, le cycle de l&rsquo;eau s&rsquo;acc\u00e9l\u00e9rera en raison d&rsquo;une \u00e9vaporation accrue, ce qui entra\u00eenera une augmentation de la vapeur d&rsquo;eau dans l&rsquo;atmosph\u00e8re et des pr\u00e9cipitations. Une augmentation de la temp\u00e9rature de 1<sup>o<\/sup> C pourrait entra\u00eener une hausse de 7 % des pr\u00e9cipitations mondiales, ce qui se traduirait par une augmentation de la pluie et de la neige et une plus grande probabilit\u00e9 d&rsquo;inondations dans certaines r\u00e9gions. La probabilit\u00e9 de fortes pr\u00e9cipitations devrait \u00eatre multipli\u00e9e par 1,7 et leur intensit\u00e9 pourrait augmenter de 14 % avec une augmentation de la temp\u00e9rature de 2\u00b0C. Cependant, les changements de pr\u00e9cipitations ne seront pas uniformes, certains endroits recevant plus et d&rsquo;autres moins.<\/p><p><strong>Fonte de la neige et de la glace<\/strong><\/p><p>Le r\u00e9chauffement climatique s&rsquo;accompagne d&rsquo;une fonte sensible de la neige et de la glace. Des \u00e9tudes indiquent que la fonte des nappes glaciaires, des glaciers et d&rsquo;autres formes de neige et de glace terrestres au cours des mois d&rsquo;\u00e9t\u00e9 d\u00e9passera la quantit\u00e9 de pr\u00e9cipitations hivernales, ce qui entra\u00eenera une diminution globale des niveaux de neige et de glace. Cette tendance s&rsquo;est manifest\u00e9e au cours du si\u00e8cle dernier par la diminution de la taille des glaciers de montagne et du perg\u00e9lisol arctique. La calotte glaciaire du Groenland fond \u00e9galement \u00e0 un rythme plus rapide, tandis que la glace de mer dans les r\u00e9gions arctiques et antarctiques devrait diminuer. En fait, l&rsquo;\u00e9paisseur de la glace de mer arctique en \u00e9t\u00e9 a diminu\u00e9 de moiti\u00e9 depuis 1950, et cette tendance est plus prononc\u00e9e dans l&rsquo;Arctique que dans l&rsquo;Antarctique. La fonte des glaces pourrait \u00e9galement affecter la circulation oc\u00e9anique et, bien que l&rsquo;ampleur exacte de la fonte soit incertaine, on s&rsquo;attend \u00e0 ce que l&rsquo;oc\u00e9an Arctique soit lib\u00e9r\u00e9 des glaces pendant les mois d&rsquo;\u00e9t\u00e9 d&rsquo;ici la fin du si\u00e8cle.<\/p><p><strong>L&rsquo;\u00e9l\u00e9vation du niveau de la mer<\/strong><\/p><p>L&rsquo;\u00e9l\u00e9vation du niveau de la mer est due au r\u00e9chauffement du climat, qui a deux causes : (1) la fonte des glaciers et des nappes glaciaires qui ajoutent de l&rsquo;eau aux oc\u00e9ans et augmentent le niveau de la mer, et (2) la dilatation de l&rsquo;eau chaude des oc\u00e9ans, qui augmente son volume et, par cons\u00e9quent, le niveau de la mer. Depuis 1880, le niveau de la mer a augment\u00e9 d&rsquo;environ 0,10 \u00e0 0,20 m\u00e8tre (0,3 \u00e0 0,75 pied), selon les r\u00e9gions. L&rsquo;\u00e9l\u00e9vation du niveau de la mer est due \u00e0 parts \u00e9gales \u00e0 la fonte des glaces et \u00e0 la dilatation thermique, bien qu&rsquo;il existe une certaine incertitude quant \u00e0 leurs contributions respectives. Les mod\u00e8les climatiques pr\u00e9voient que d&rsquo;ici 2050, le niveau de la mer augmentera encore de 0,25 \u00e0 0,30 m\u00e8tre, et d&rsquo;ici 2100, il devrait s&rsquo;\u00e9lever d&rsquo;environ 1,1 m\u00e8tre (3,5 pieds) si les \u00e9missions de gaz \u00e0 effet de serre ne sont pas r\u00e9duites de mani\u00e8re significative. Cela pourrait entra\u00eener une hausse du niveau de la mer dans les zones de faible altitude, mettant en p\u00e9ril les communaut\u00e9s c\u00f4ti\u00e8res, les zones humides et le commerce mondial. M\u00eame si les \u00e9missions de gaz \u00e0 effet de serre sont rapidement r\u00e9duites, les niveaux actuels entra\u00eeneront probablement une \u00e9l\u00e9vation du niveau de la mer d&rsquo;environ 0,6 m\u00e8tre (2 pieds) d&rsquo;ici la fin du si\u00e8cle.<\/p><p><strong>Acidification des oc\u00e9ans <\/strong><\/p><p>Les oc\u00e9ans de la Terre devraient servir de mesure de protection contre le changement climatique en absorbant une partie de la chaleur exc\u00e9dentaire et du dioxyde de carbone pr\u00e9sents dans l&rsquo;atmosph\u00e8re. S&rsquo;il s&rsquo;agit d&rsquo;une bonne nouvelle \u00e0 court terme, elle devient plus probl\u00e9matique \u00e0 long terme. La combinaison du dioxyde de carbone et de l&rsquo;eau de mer entra\u00eene la cr\u00e9ation d&rsquo;un acide carbonique doux. Les scientifiques pensent que ce processus a entra\u00een\u00e9 une diminution d&rsquo;environ 0,1 pH de l&rsquo;acidit\u00e9 de l&rsquo;oc\u00e9an depuis l&rsquo;\u00e8re pr\u00e9industrielle. D&rsquo;ici \u00e0 2100, on pr\u00e9voit une nouvelle acidification d&rsquo;environ 0,14 \u00e0 0,35 pH. L&rsquo;augmentation de l&rsquo;acidit\u00e9 des oc\u00e9ans pose des probl\u00e8mes aux r\u00e9cifs coralliens et \u00e0 d&rsquo;autres organismes marins.<\/p><p>L&rsquo;acidification des oc\u00e9ans est une cons\u00e9quence de l&rsquo;augmentation de la concentration de CO2. Environ 25 % des \u00e9missions annuelles de CO2 d&rsquo;origine humaine dans l&rsquo;atmosph\u00e8re sont absorb\u00e9es par les oc\u00e9ans, ce qui contribue \u00e0 att\u00e9nuer les effets du changement climatique induit par l&rsquo;homme. Toutefois, ce ph\u00e9nom\u00e8ne s&rsquo;accompagne de cons\u00e9quences \u00e9cologiques importantes pour l&rsquo;oc\u00e9an.<\/p><p>L&rsquo;acidit\u00e9 de l&rsquo;eau de mer est accentu\u00e9e par la r\u00e9action entre le CO2 et l&rsquo;oc\u00e9an. Ce ph\u00e9nom\u00e8ne constitue une menace pour les organismes et les services \u00e9cosyst\u00e9miques, tels que la s\u00e9curit\u00e9 alimentaire, en mettant en p\u00e9ril la p\u00eache et l&rsquo;aquaculture. Elle a \u00e9galement un impact sur la protection des c\u00f4tes en affaiblissant les r\u00e9cifs coralliens, qui servent de barri\u00e8re au littoral, et en entravant le tourisme. En outre, \u00e0 mesure que le pH de l&rsquo;oc\u00e9an diminue et devient plus acide, sa capacit\u00e9 \u00e0 absorber le CO2 de l&rsquo;atmosph\u00e8re diminue. Au cours des 26 000 derni\u00e8res ann\u00e9es, le pH moyen de l&rsquo;oc\u00e9an n&rsquo;a cess\u00e9 de diminuer \u00e0 un rythme sans pr\u00e9c\u00e9dent.<\/p><p><strong>Modifications des courants oc\u00e9aniques<\/strong><\/p><p>Le r\u00e9chauffement climatique est susceptible de perturber la circulation thermohaline, c&rsquo;est-\u00e0-dire les vastes courants oc\u00e9aniques aliment\u00e9s par les variations de temp\u00e9rature et de salinit\u00e9. L&rsquo;afflux d&rsquo;eau douce provenant de la fonte des glaces et les modifications des r\u00e9gimes de pr\u00e9cipitations peuvent modifier les niveaux de salinit\u00e9 dans les oc\u00e9ans. Par cons\u00e9quent, l&rsquo;interaction entre le changement de salinit\u00e9 et l&rsquo;augmentation de la temp\u00e9rature de l&rsquo;eau a la capacit\u00e9 d&rsquo;interf\u00e9rer avec ces courants. Dans des sc\u00e9narios extr\u00eames, certaines r\u00e9gions de l&rsquo;oc\u00e9an peuvent subir une perturbation compl\u00e8te ou un arr\u00eat de la circulation thermohaline, ce qui a des r\u00e9percussions importantes sur le climat g\u00e9n\u00e9ral.<\/p><p><strong>\u00c9volution des ph\u00e9nom\u00e8nes m\u00e9t\u00e9orologiques violents<\/strong><\/p><p>Certains climatologues avancent que les caract\u00e9ristiques des ouragans, typhons et autres cyclones tropicaux pourraient subir des transformations en raison de l&rsquo;impact du r\u00e9chauffement climatique. Ces temp\u00eates colossales sont aliment\u00e9es par la chaleur des eaux chaudes de surface des oc\u00e9ans. On s&rsquo;attend \u00e0 ce que l&rsquo;augmentation future de la temp\u00e9rature des oc\u00e9ans entra\u00eene une amplification de ces temp\u00eates. Si le nombre total de cyclones tropicaux dans le monde n&rsquo;augmentera pas n\u00e9cessairement, un plus grand pourcentage de ces cyclones pourrait \u00eatre de la nature la plus redoutable et la plus d\u00e9vastatrice. Certains scientifiques observent des signes d&rsquo;une augmentation des temp\u00eates les plus puissantes, mais d&rsquo;autres ont des avis divergents.<\/p><p><strong>Nuages changeants<\/strong><\/p><p>La formation de nuages pose un certain probl\u00e8me d&rsquo;impr\u00e9visibilit\u00e9 dans les mod\u00e8les climatiques mondiaux. Lorsque la Terre conna\u00eet des temp\u00e9ratures plus \u00e9lev\u00e9es, les taux d&rsquo;\u00e9vaporation s&rsquo;acc\u00e9l\u00e8rent, ce qui entra\u00eene une augmentation de la vapeur d&rsquo;eau dans l&rsquo;atmosph\u00e8re et, par cons\u00e9quent, de la formation de nuages. Cependant, l&rsquo;impact des diff\u00e9rents types de nuages sur le climat varie selon les endroits. Certains nuages font de l&rsquo;ombre, ce qui a pour effet de refroidir le climat, tandis que d&rsquo;autres contribuent \u00e0 l&rsquo;effet de serre en pi\u00e9geant la chaleur par le biais de la vapeur d&rsquo;eau et des gouttelettes. Bien que les scientifiques pr\u00e9voient un environnement plus nuageux dans un monde plus chaud, la mani\u00e8re pr\u00e9cise dont la n\u00e9bulosit\u00e9 accrue interagira avec le syst\u00e8me climatique reste incertaine. Par cons\u00e9quent, l&rsquo;\u00e9tude de l&rsquo;influence des nuages sur le syst\u00e8me climatique est un domaine actif de la recherche scientifique.<\/p><p><strong>Risques pour la vie marine<\/strong><\/p><p>Le r\u00e9chauffement des temp\u00e9ratures \u00e0 la surface de la mer entra\u00eenera des modifications des \u00e9cosyst\u00e8mes oc\u00e9aniques. Les poissons et autres cr\u00e9atures similaires ont la capacit\u00e9 de se d\u00e9placer vers des \u00e9cosyst\u00e8mes d&rsquo;eau plus fra\u00eeche situ\u00e9s \u00e0 des latitudes plus \u00e9lev\u00e9es. Cependant, de nombreux organismes marins tels que les laminaires et les coraux, qui n&rsquo;ont pas la capacit\u00e9 de nager, sont en grand danger. L&rsquo;augmentation des temp\u00e9ratures dans les eaux oc\u00e9aniques peu profondes a entra\u00een\u00e9 la disparition d&rsquo;environ 25 % des r\u00e9cifs coralliens de la plan\u00e8te au cours des derni\u00e8res d\u00e9cennies. Un grand nombre d&rsquo;animaux coralliens ont p\u00e9ri en raison de leur vuln\u00e9rabilit\u00e9 au blanchiment, un ph\u00e9nom\u00e8ne li\u00e9 \u00e0 l&rsquo;\u00e9l\u00e9vation de la temp\u00e9rature de l&rsquo;eau.<\/p><p><strong>Risques pour la vie sur terre<\/strong><\/p><p>La modification des temp\u00e9ratures, des r\u00e9gimes de pr\u00e9cipitations et du calendrier des saisons entra\u00eenera des changements dans la r\u00e9partition de diverses plantes et animaux. Comme les esp\u00e8ces ne peuvent se d\u00e9velopper que dans des habitats ad\u00e9quats, une r\u00e9duction des zones o\u00f9 elles peuvent survivre entra\u00eenera l&rsquo;extinction de nombreuses esp\u00e8ces. Si le r\u00e9chauffement climatique est limit\u00e9 \u00e0 2\u00b0C, on estime qu&rsquo;environ 18 % des insectes, 16 % des plantes et 8 % des vert\u00e9br\u00e9s perdront plus de la moiti\u00e9 de leur aire de r\u00e9partition g\u00e9ographique. En revanche, si l&rsquo;on maintient le r\u00e9chauffement \u00e0 1,5 \u00b0C, la perte d&rsquo;habitat pour les insectes, les plantes et les vert\u00e9br\u00e9s devrait diminuer d&rsquo;environ 50 %. \u00c0 l&rsquo;inverse, certaines esp\u00e8ces, comme les moustiques vecteurs de maladies, pourraient \u00e9tendre leur aire de r\u00e9partition en raison du r\u00e9chauffement climatique. L&rsquo;augmentation des temp\u00e9ratures de surface devrait \u00e9galement amplifier l&rsquo;occurrence des vagues de chaleur et des s\u00e9cheresses, qui peuvent avoir un impact n\u00e9gatif sur la production agricole, augmenter le risque d&rsquo;incendies de for\u00eat et m\u00eame affecter la sant\u00e9 humaine.<\/p><p><strong>Des changements brusques sont \u00e9galement possibles en raison du r\u00e9chauffement du climat<\/strong><\/p><p>Certaines transformations climatiques se produisent progressivement et peuvent \u00eatre anticip\u00e9es, tandis que d&rsquo;autres apparaissent soudainement et sont difficiles \u00e0 pr\u00e9voir. Cette derni\u00e8re cat\u00e9gorie est commun\u00e9ment appel\u00e9e \u00ab\u00a0points de basculement\u00a0\u00bb. Un point de basculement signifie un changement substantiel et brutal qui ne peut pas \u00eatre facilement arr\u00eat\u00e9, m\u00eame avec la mise en \u0153uvre de mesures extr\u00eames. Les points de basculement potentiels sont les suivants<\/p><p><strong>L&rsquo;effondrement des grandes nappes glaciaires du Groenland et de l&rsquo;Antarctique<\/strong><\/p><p>La fonte continue de ces couches de glace est un ph\u00e9nom\u00e8ne persistant. N\u00e9anmoins, des indices sugg\u00e8rent que la fonte progressive pourrait s&rsquo;intensifier et devenir incontr\u00f4lable, entra\u00eenant une r\u00e9duction soudaine et substantielle de la glace. Cet effondrement potentiel pourrait entra\u00eener des modifications importantes du niveau de la mer et avoir des r\u00e9percussions sur les courants oc\u00e9aniques.<\/p><p><strong>Perturbation de la circulation thermohaline<\/strong><\/p><p>En cas d&rsquo;alt\u00e9ration significative ou d&rsquo;arr\u00eat complet de la circulation oc\u00e9anique, le processus de transfert de chaleur au sein du syst\u00e8me climatique serait profond\u00e9ment modifi\u00e9.<\/p><p><strong>Une lib\u00e9ration soudaine de m\u00e9thane<\/strong><\/p><p>Si le m\u00e9thane, un puissant gaz \u00e0 effet de serre, \u00e9tait rapidement lib\u00e9r\u00e9 de ses d\u00e9p\u00f4ts dans le perg\u00e9lisol arctique et des formations de glace uniques sous le plancher oc\u00e9anique, il acc\u00e9l\u00e9rerait le rythme du r\u00e9chauffement climatique. La lib\u00e9ration de m\u00e9thane cr\u00e9erait un cycle de r\u00e9troaction, entra\u00eenant une amplification du r\u00e9chauffement de l&rsquo;effet de serre caus\u00e9 par le m\u00e9thane, qui \u00e0 son tour d\u00e9clencherait de nouvelles \u00e9missions de m\u00e9thane. Certains chercheurs pensent que les brusques pouss\u00e9es de m\u00e9thane pourraient avoir contribu\u00e9 \u00e0 des ph\u00e9nom\u00e8nes d&rsquo;extinction importants au cours de l&rsquo;histoire.<\/p><p><strong>Absorption du carbone par les oc\u00e9ans<\/strong><\/p><p>Actuellement, l&rsquo;oc\u00e9an agit comme un puits de CO2 en l&rsquo;absorbant de l&rsquo;atmosph\u00e8re. Cependant, il arrivera un jour o\u00f9 l&rsquo;eau de mer atteindra son point de saturation et ne pourra plus absorber de CO2. D\u00e8s lors, toutes les \u00e9missions de CO2 d&rsquo;origine humaine resteront dans l&rsquo;atmosph\u00e8re, ce qui entra\u00eenera une acc\u00e9l\u00e9ration de l&rsquo;effet de serre. En outre, l&rsquo;acidification des oc\u00e9ans pourrait perturber la vie marine, en provoquant la mort du plancton photosynth\u00e9tique, ce qui entraverait sa capacit\u00e9 \u00e0 \u00e9liminer le CO2 de l&rsquo;air. En outre, la pr\u00e9sence d&rsquo;oc\u00e9ans acides peut entra\u00eener la dissolution des coquilles de divers organismes marins, lib\u00e9rant ainsi le carbone qui y est stock\u00e9 dans l&rsquo;environnement.<\/p><p>Bien qu&rsquo;il soit peu probable que ces points de basculement se produisent au cours des prochaines d\u00e9cennies, leurs cons\u00e9quences potentielles sont extr\u00eamement graves. La nature irr\u00e9versible de ces changements souligne la n\u00e9cessit\u00e9 de les prendre en compte lors de l&rsquo;\u00e9valuation des risques globaux li\u00e9s au changement climatique induit par l&rsquo;homme.<\/p><\/div>\n\t\t\t\t<\/div>\n\t\t\t\t\t\t\t\t<\/div>\n\t\t\t\t<\/div>\n\t\t\t\t<\/div>\n\t\t\t\t\t\t<\/div>\n\t\t\t\t\t<\/div>\n\t\t<\/div>\n\t\t\t\t\t\t\t\t<\/div>\n\t\t\t\t\t<\/div>\n\t\t<\/section>\n\t\t\t\t\t\t\t\t\t<\/div>\n\t\t\t<\/div>\n\t\t\t\t\t<\/div>\n\t\t<\/p><\/div>\n\t\t\t\t<\/div>\n\t\t\t\t\t\t\t<div class=\"elementor-accordion-item\">\n\t\t\t\t\t<div id=\"elementor-tab-title-7949\" class=\"elementor-tab-title\" data-tab=\"9\" role=\"tab\" aria-controls=\"elementor-tab-content-7949\" aria-expanded=\"false\">\n\t\t\t\t\t\t\t\t\t\t\t\t\t<span class=\"elementor-accordion-icon elementor-accordion-icon-left\" aria-hidden=\"true\">\n\t\t\t\t\t\t\t\t\t\t\t\t\t\t\t<span class=\"elementor-accordion-icon-closed\"><i class=\"fas fa-plus\"><\/i><\/span>\n\t\t\t\t\t\t\t\t<span class=\"elementor-accordion-icon-opened\"><i class=\"fas fa-minus\"><\/i><\/span>\n\t\t\t\t\t\t\t\t\t\t\t\t\t\t<\/span>\n\t\t\t\t\t\t\t\t\t\t\t\t<a class=\"elementor-accordion-title\" href=\"\">9.\tExiste-t-il un moyen de pr\u00e9venir ou de ralentir la crise climatique ?<\/a>\n\t\t\t\t\t<\/div>\n\t\t\t\t\t<div id=\"elementor-tab-content-7949\" class=\"elementor-tab-content elementor-clearfix\" data-tab=\"9\" role=\"tabpanel\" aria-labelledby=\"elementor-tab-title-7949\"><p>\t\t<div data-elementor-type=\"wp-post\" data-elementor-id=\"14275\" class=\"elementor elementor-14275 elementor-14209\">\n\t\t\t\t\t\t<div class=\"elementor-inner\">\n\t\t\t\t<div class=\"elementor-section-wrap\">\n\t\t\t\t\t\t\t\t\t<section class=\"has_eae_slider elementor-section elementor-top-section elementor-element elementor-element-81df010 elementor-section-boxed elementor-section-height-default elementor-section-height-default\" data-id=\"81df010\" data-element_type=\"section\">\n\t\t\t\t\t\t<div class=\"elementor-container elementor-column-gap-default\">\n\t\t\t\t\t\t\t<div class=\"elementor-row\">\n\t\t\t\t\t<div class=\"has_eae_slider elementor-column elementor-col-100 elementor-top-column elementor-element elementor-element-c3bae58\" data-id=\"c3bae58\" data-element_type=\"column\">\n\t\t\t<div class=\"elementor-column-wrap elementor-element-populated\">\n\t\t\t\t\t\t\t<div class=\"elementor-widget-wrap\">\n\t\t\t\t\t\t<div class=\"elementor-element elementor-element-21a612c elementor-widget elementor-widget-text-editor\" data-id=\"21a612c\" data-element_type=\"widget\" data-widget_type=\"text-editor.default\">\n\t\t\t\t<div class=\"elementor-widget-container\">\n\t\t\t\t\t\t\t\t<div class=\"elementor-text-editor elementor-clearfix\">\n\t\t\t\t<p>La crise climatique est d\u00e9j\u00e0 l\u00e0 et, bien qu&rsquo;il ne soit pas possible d&rsquo;arr\u00eater imm\u00e9diatement le r\u00e9chauffement de la plan\u00e8te, nous avons la possibilit\u00e9 d&rsquo;en r\u00e9duire la vitesse et d&rsquo;en limiter l&rsquo;ampleur en r\u00e9duisant les \u00e9missions de gaz \u00e0 effet de serre produites par l&rsquo;homme. M\u00eame si toutes les \u00e9missions humaines de gaz qui retiennent la chaleur s&rsquo;arr\u00eataient soudainement aujourd&rsquo;hui, la temp\u00e9rature de la Terre continuerait d&rsquo;augmenter pendant quelques d\u00e9cennies, car l&rsquo;exc\u00e8s de chaleur d\u00e9j\u00e0 absorb\u00e9 par les oc\u00e9ans serait progressivement rel\u00e2ch\u00e9 dans l&rsquo;atmosph\u00e8re. Cependant, une fois l&rsquo;exc\u00e8s de chaleur rayonn\u00e9 vers l&rsquo;espace, la temp\u00e9rature de la Terre finirait par se stabiliser \u00e0 un nouveau niveau, quoique plus \u00e9lev\u00e9.<\/p>\n<p>Un certain nombre de trait\u00e9s mondiaux, tels que la Convention-cadre des Nations unies sur les changements climatiques (CCNUCC) de 1992 et l&rsquo;Accord de Paris sur le changement climatique de 2015, traitent \u00e9galement du ralentissement et de la pr\u00e9vention de la crise climatique. D&rsquo;autres accords, qui ne traitent pas sp\u00e9cifiquement du changement climatique, ont \u00e9galement contribu\u00e9 \u00e0 son \u00e9limination partielle ; par exemple, en interdisant la production et l&rsquo;utilisation de chlorofluorocarbones (CFC), le protocole de Montr\u00e9al a \u00e9limin\u00e9 un facteur important du changement climatique.<\/p>\n<p>La pr\u00e9servation et la revitalisation des environnements naturels contribuent \u00e9galement \u00e0 cet effort. Les tourbi\u00e8res (marais et mar\u00e9cages) ne couvrent que 3 % de la surface terrestre mondiale, mais elles stockent deux fois plus de carbone que toutes les for\u00eats r\u00e9unies (figure 12). Les herbiers marins et les mangroves ont la capacit\u00e9 d&rsquo;absorber le dioxyde de carbone de l&rsquo;air et de le stocker, d\u00e9passant jusqu&rsquo;\u00e0 quatre fois les taux de s\u00e9questration du carbone des for\u00eats terrestres. Cette caract\u00e9ristique rend les mangroves particuli\u00e8rement pr\u00e9cieuses dans la lutte contre le changement climatique induit par l&rsquo;homme.<\/p>\n\t\t\t\t\t<\/div>\n\t\t\t\t\t\t<\/div>\n\t\t\t\t<\/div>\n\t\t\t\t<div class=\"elementor-element elementor-element-e0df400 climate_crisis_img elementor-widget elementor-widget-image\" data-id=\"e0df400\" data-element_type=\"widget\" data-widget_type=\"image.default\">\n\t\t\t\t<div class=\"elementor-widget-container\">\n\t\t\t\t\t\t\t\t<div class=\"elementor-image\">\n\t\t\t\t\t\t\t\t\t<figure class=\"wp-caption\">\n\t\t\t\t\t\t\t\t\t\t<img decoding=\"async\" src=\"https:\/\/besafenet.net\/wp-content\/uploads\/elementor\/thumbs\/shutterstock_1987657391_resize-qedi9twf2m99l2ysk0rly3ryxbg8t97sml2d49t8js.jpg\" title=\"Peat,Erosion,And,Flowing,Water,In,A,Wetland,Area,On\" alt=\"Peat,Erosion,And,Flowing,Water,In,A,Wetland,Area,On\" loading=\"lazy\" \/>\t\t\t\t\t\t\t\t\t\t\t<figcaption class=\"widget-image-caption wp-caption-text\">Figure 12 : Les tourbi\u00e8res (marais et mar\u00e9cages) ne couvrent que 3 % de la surface terrestre mondiale, mais elles stockent deux fois plus de carbone que toutes les for\u00eats r\u00e9unies. La pr\u00e9servation et la revitalisation de cet environnement naturel contribuent \u00e0 pr\u00e9venir ou \u00e0 ralentir la crise climatique.<\/figcaption>\n\t\t\t\t\t\t\t\t\t\t<\/figure>\n\t\t\t\t\t\t\t\t<\/div>\n\t\t\t\t\t\t<\/div>\n\t\t\t\t<\/div>\n\t\t\t\t<div class=\"elementor-element elementor-element-ba5323d elementor-widget elementor-widget-accordion\" data-id=\"ba5323d\" data-element_type=\"widget\" data-widget_type=\"accordion.default\">\n\t\t\t\t<div class=\"elementor-widget-container\">\n\t\t\t\t\t<div class=\"elementor-accordion\" role=\"tablist\">\n\t\t\t\t\t\t\t<div class=\"elementor-accordion-item\">\n\t\t\t\t\t<div id=\"elementor-tab-title-1951\" class=\"elementor-tab-title\" data-tab=\"1\" role=\"tab\" aria-controls=\"elementor-tab-content-1951\" aria-expanded=\"false\">\n\t\t\t\t\t\t\t\t\t\t\t\t\t<span class=\"elementor-accordion-icon elementor-accordion-icon-left\" aria-hidden=\"true\">\n\t\t\t\t\t\t\t\t\t\t\t\t\t\t\t<span class=\"elementor-accordion-icon-closed\"><i class=\"fas fa-plus\"><\/i><\/span>\n\t\t\t\t\t\t\t\t<span class=\"elementor-accordion-icon-opened\"><i class=\"fas fa-minus\"><\/i><\/span>\n\t\t\t\t\t\t\t\t\t\t\t\t\t\t<\/span>\n\t\t\t\t\t\t\t\t\t\t\t\t<a class=\"elementor-accordion-title\" href=\"\">9.1\tPr\u00e9venir la crise climatique<\/a>\n\t\t\t\t\t<\/div>\n\t\t\t\t\t<div id=\"elementor-tab-content-1951\" class=\"elementor-tab-content elementor-clearfix\" data-tab=\"1\" role=\"tabpanel\" aria-labelledby=\"elementor-tab-title-1951\"><p>Une collaboration \u00e9troite entre les gouvernements, les entreprises, la soci\u00e9t\u00e9 civile, les jeunes et les universit\u00e9s peut permettre de cr\u00e9er un monde plus r\u00e9silient en exploitant des technologies innovantes pouvant \u00eatre utilis\u00e9es \u00e0 grande \u00e9chelle, en utilisant des sources d&rsquo;\u00e9nergie renouvelables et en mettant en \u0153uvre des solutions bas\u00e9es sur la nature (par exemple, des m\u00e9thodes agricoles am\u00e9lior\u00e9es, le rajeunissement des terres, la pr\u00e9servation et l&rsquo;incorporation de pratiques respectueuses de l&rsquo;environnement dans les r\u00e9seaux de production et de distribution alimentaires).<\/p>\n<p>Bien que la technologie ait jou\u00e9 un r\u00f4le dans l&rsquo;exacerbation du changement climatique, le d\u00e9veloppement de technologies nouvelles et efficaces peut nous aider \u00e0 r\u00e9duire les \u00e9missions globales et \u00e0 cr\u00e9er un environnement mondial plus propre. Actuellement, des solutions technologiques facilement accessibles existent d\u00e9j\u00e0 pour plus de 70 % des \u00e9missions actuelles. En outre, les sources d&rsquo;\u00e9nergie renouvelables sont devenues des alternatives rentables dans de nombreuses r\u00e9gions, et les v\u00e9hicules \u00e9lectriques sont sur le point d&rsquo;\u00eatre adopt\u00e9s \u00e0 grande \u00e9chelle. Les approches centr\u00e9es sur la nature nous permettent d&rsquo;att\u00e9nuer une fraction de notre impact carbone tout en renfor\u00e7ant les fonctions cruciales des \u00e9cosyst\u00e8mes, la biodiversit\u00e9, la disponibilit\u00e9 d&rsquo;eau propre, l&rsquo;am\u00e9lioration des conditions de vie et la stabilit\u00e9 alimentaire.<\/p>\n<p>Lors de la Conf\u00e9rence des Nations unies sur le changement climatique (COP21) de 2015 \u00e0 Paris, 196 parties participantes ont adopt\u00e9 un trait\u00e9 juridiquement contraignant dont l&rsquo;objectif est de limiter le r\u00e9chauffement climatique \u00e0 un niveau pr\u00e9f\u00e9rable de 1,5 \u00b0C et \u00e0 un maximum de 2 \u00b0C par rapport aux niveaux pr\u00e9industriels. Toutefois, un r\u00e9cent rapport des Nations unies sugg\u00e8re qu&rsquo;il est tr\u00e8s improbable d&rsquo;atteindre les objectifs fix\u00e9s par l&rsquo;Accord de Paris. Au lieu de cela, les politiques existantes devraient entra\u00eener une hausse de la temp\u00e9rature pouvant atteindre 2,8 \u00b0C d&rsquo;ici la fin du si\u00e8cle. Le rapport indique que pour rester sur la voie d&rsquo;une augmentation de 2 \u00b0C, les nouveaux engagements devraient \u00eatre quatre fois plus \u00e9lev\u00e9s, et sept fois plus \u00e9lev\u00e9s pour une augmentation de 1,5 \u00b0C.<\/p>\n<p>En outre, la sauvegarde, l&rsquo;administration et le rajeunissement des \u00e9cosyst\u00e8mes (tels que les oc\u00e9ans et les for\u00eats) qui servent de r\u00e9servoirs naturels de carbone et offrent des solutions d\u00e9riv\u00e9es de la nature pour lutter contre le changement climatique induit par l&rsquo;homme sont d&rsquo;une importance capitale. Le renforcement de la capacit\u00e9 de la nature \u00e0 absorber les \u00e9missions peut repr\u00e9senter environ un tiers des r\u00e9ductions n\u00e9cessaires des \u00e9missions de gaz \u00e0 effet de serre au cours de la prochaine d\u00e9cennie.<\/p>\n<\/div>\n\t\t\t\t<\/div>\n\t\t\t\t\t\t\t\t<\/div>\n\t\t\t\t<\/div>\n\t\t\t\t<\/div>\n\t\t\t\t\t\t<\/div>\n\t\t\t\t\t<\/div>\n\t\t<\/div>\n\t\t\t\t\t\t\t\t<\/div>\n\t\t\t\t\t<\/div>\n\t\t<\/section>\n\t\t\t\t\t\t\t\t\t<\/div>\n\t\t\t<\/div>\n\t\t\t\t\t<\/div>\n\t\t<\/p><\/div>\n\t\t\t\t<\/div>\n\t\t\t\t\t\t\t<div class=\"elementor-accordion-item\">\n\t\t\t\t\t<div id=\"elementor-tab-title-79410\" class=\"elementor-tab-title\" data-tab=\"10\" role=\"tab\" aria-controls=\"elementor-tab-content-79410\" aria-expanded=\"false\">\n\t\t\t\t\t\t\t\t\t\t\t\t\t<span class=\"elementor-accordion-icon elementor-accordion-icon-left\" aria-hidden=\"true\">\n\t\t\t\t\t\t\t\t\t\t\t\t\t\t\t<span class=\"elementor-accordion-icon-closed\"><i class=\"fas fa-plus\"><\/i><\/span>\n\t\t\t\t\t\t\t\t<span class=\"elementor-accordion-icon-opened\"><i class=\"fas fa-minus\"><\/i><\/span>\n\t\t\t\t\t\t\t\t\t\t\t\t\t\t<\/span>\n\t\t\t\t\t\t\t\t\t\t\t\t<a class=\"elementor-accordion-title\" href=\"\">10.\tEst-il possible d'att\u00e9nuer les cons\u00e9quences de la crise climatique ?<\/a>\n\t\t\t\t\t<\/div>\n\t\t\t\t\t<div id=\"elementor-tab-content-79410\" class=\"elementor-tab-content elementor-clearfix\" data-tab=\"10\" role=\"tabpanel\" aria-labelledby=\"elementor-tab-title-79410\"><p>\t\t<div data-elementor-type=\"wp-post\" data-elementor-id=\"14277\" class=\"elementor elementor-14277 elementor-14218\">\n\t\t\t\t\t\t<div class=\"elementor-inner\">\n\t\t\t\t<div class=\"elementor-section-wrap\">\n\t\t\t\t\t\t\t\t\t<section class=\"has_eae_slider elementor-section elementor-top-section elementor-element elementor-element-aac99d4 elementor-section-boxed elementor-section-height-default elementor-section-height-default\" data-id=\"aac99d4\" data-element_type=\"section\">\n\t\t\t\t\t\t<div class=\"elementor-container elementor-column-gap-default\">\n\t\t\t\t\t\t\t<div class=\"elementor-row\">\n\t\t\t\t\t<div class=\"has_eae_slider elementor-column elementor-col-100 elementor-top-column elementor-element elementor-element-cad924a\" data-id=\"cad924a\" data-element_type=\"column\">\n\t\t\t<div class=\"elementor-column-wrap elementor-element-populated\">\n\t\t\t\t\t\t\t<div class=\"elementor-widget-wrap\">\n\t\t\t\t\t\t<div class=\"elementor-element elementor-element-0d8386d elementor-widget elementor-widget-text-editor\" data-id=\"0d8386d\" data-element_type=\"widget\" data-widget_type=\"text-editor.default\">\n\t\t\t\t<div class=\"elementor-widget-container\">\n\t\t\t\t\t\t\t\t<div class=\"elementor-text-editor elementor-clearfix\">\n\t\t\t\t<p>Partout dans le monde, les individus, les \u00e9cosyst\u00e8mes et les structures sont de plus en plus vuln\u00e9rables aux effets n\u00e9fastes des catastrophes et des risques li\u00e9s au climat, qui peuvent entra\u00eener diverses formes de dommages et de destructions.<\/p>\n<p>\u00c9tant donn\u00e9 que la d\u00e9tection pr\u00e9coce des risques li\u00e9s aux al\u00e9as peut conduire \u00e0 une r\u00e9duction r\u00e9ussie des risques, on estime que l&rsquo;adoption d&rsquo;une approche bas\u00e9e sur la pr\u00e9paration est cruciale pour faire face aux diff\u00e9rents risques. Cette approche implique la r\u00e9alisation d&rsquo;une \u00e9valuation des risques adapt\u00e9e au contexte local, puis le choix de m\u00e9thodes et d&rsquo;objectifs appropri\u00e9s pour att\u00e9nuer et g\u00e9rer ces risques. Il est \u00e9galement important d&rsquo;\u00e9largir le champ d&rsquo;action au-del\u00e0 des risques climatiques individuels et d&rsquo;adopter une strat\u00e9gie globale visant \u00e0 renforcer la r\u00e9silience des groupes particuli\u00e8rement vuln\u00e9rables au sein de la soci\u00e9t\u00e9 (figure 13), ainsi que du secteur priv\u00e9 et des organes de gouvernance locaux. En adoptant cette approche, il est possible de renforcer la r\u00e9silience globale et d&rsquo;\u00e9viter que des \u00e9v\u00e9nements extr\u00eames ne se transforment en catastrophes.<\/p>\n<p>L&rsquo;objectif est d&rsquo;assurer la s\u00e9curit\u00e9 et le bien-\u00eatre des personnes, de minimiser l&rsquo;impact n\u00e9gatif sur l&rsquo;\u00e9conomie et l&rsquo;environnement, et de prot\u00e9ger les sources de revenus des populations face aux diff\u00e9rents risques. Il est primordial d&rsquo;impliquer les diff\u00e9rentes parties prenantes, ainsi que les personnes affect\u00e9es et vuln\u00e9rables, dans les processus de prise de d\u00e9cision. Cette participation permet d&rsquo;obtenir un soutien pour la mise en \u0153uvre des mesures, de sensibiliser et de pr\u00e9venir, r\u00e9duire et g\u00e9rer les pertes et dommages li\u00e9s au climat qui pourraient survenir.<\/p>\n\t\t\t\t\t<\/div>\n\t\t\t\t\t\t<\/div>\n\t\t\t\t<\/div>\n\t\t\t\t<div class=\"elementor-element elementor-element-98fed0b climate_crisis_img elementor-widget elementor-widget-image\" data-id=\"98fed0b\" data-element_type=\"widget\" data-widget_type=\"image.default\">\n\t\t\t\t<div class=\"elementor-widget-container\">\n\t\t\t\t\t\t\t\t<div class=\"elementor-image\">\n\t\t\t\t\t\t\t\t\t<figure class=\"wp-caption\">\n\t\t\t\t\t\t\t\t\t\t<img loading=\"lazy\" decoding=\"async\" width=\"768\" height=\"512\" src=\"https:\/\/besafenet.net\/wp-content\/uploads\/2023\/10\/shutterstock_editorial_1780770011_resize-768x512.jpg\" class=\"attachment-medium_large size-medium_large wp-image-14222\" alt=\"\" srcset=\"https:\/\/besafenet.net\/wp-content\/uploads\/2023\/10\/shutterstock_editorial_1780770011_resize-768x512.jpg 768w, https:\/\/besafenet.net\/wp-content\/uploads\/2023\/10\/shutterstock_editorial_1780770011_resize-300x200.jpg 300w, https:\/\/besafenet.net\/wp-content\/uploads\/2023\/10\/shutterstock_editorial_1780770011_resize-1024x683.jpg 1024w, https:\/\/besafenet.net\/wp-content\/uploads\/2023\/10\/shutterstock_editorial_1780770011_resize-150x100.jpg 150w, https:\/\/besafenet.net\/wp-content\/uploads\/2023\/10\/shutterstock_editorial_1780770011_resize-1536x1024.jpg 1536w, https:\/\/besafenet.net\/wp-content\/uploads\/2023\/10\/shutterstock_editorial_1780770011_resize-2048x1365.jpg 2048w\" sizes=\"(max-width: 768px) 100vw, 768px\" \/>\t\t\t\t\t\t\t\t\t\t\t<figcaption class=\"widget-image-caption wp-caption-text\">Figure 13 : Inondations dans les pays sous-d\u00e9velopp\u00e9s.<\/figcaption>\n\t\t\t\t\t\t\t\t\t\t<\/figure>\n\t\t\t\t\t\t\t\t<\/div>\n\t\t\t\t\t\t<\/div>\n\t\t\t\t<\/div>\n\t\t\t\t<div class=\"elementor-element elementor-element-249437e elementor-widget elementor-widget-accordion\" data-id=\"249437e\" data-element_type=\"widget\" data-widget_type=\"accordion.default\">\n\t\t\t\t<div class=\"elementor-widget-container\">\n\t\t\t\t\t<div class=\"elementor-accordion\" role=\"tablist\">\n\t\t\t\t\t\t\t<div class=\"elementor-accordion-item\">\n\t\t\t\t\t<div id=\"elementor-tab-title-3831\" class=\"elementor-tab-title\" data-tab=\"1\" role=\"tab\" aria-controls=\"elementor-tab-content-3831\" aria-expanded=\"false\">\n\t\t\t\t\t\t\t\t\t\t\t\t\t<span class=\"elementor-accordion-icon elementor-accordion-icon-left\" aria-hidden=\"true\">\n\t\t\t\t\t\t\t\t\t\t\t\t\t\t\t<span class=\"elementor-accordion-icon-closed\"><i class=\"fas fa-plus\"><\/i><\/span>\n\t\t\t\t\t\t\t\t<span class=\"elementor-accordion-icon-opened\"><i class=\"fas fa-minus\"><\/i><\/span>\n\t\t\t\t\t\t\t\t\t\t\t\t\t\t<\/span>\n\t\t\t\t\t\t\t\t\t\t\t\t<a class=\"elementor-accordion-title\" href=\"\">10.1 Le processus de gestion des risques climatiques<\/a>\n\t\t\t\t\t<\/div>\n\t\t\t\t\t<div id=\"elementor-tab-content-3831\" class=\"elementor-tab-content elementor-clearfix\" data-tab=\"1\" role=\"tabpanel\" aria-labelledby=\"elementor-tab-title-3831\"><p><strong>a.\u00a0\u00a0\u00a0\u00a0 <\/strong><strong>Analyse et \u00e9valuation des risques climatiques<\/strong><\/p><p>La gestion des risques climatiques repose sur des \u00e9valuations approfondies et continues des risques. En analysant les risques li\u00e9s aux dangers et en d\u00e9terminant leur impact potentiel, on \u00e9tablit une base solide pour hi\u00e9rarchiser les actions n\u00e9cessaires et explorer des solutions de rechange qui tiennent compte d&rsquo;un large \u00e9ventail de risques.<\/p><p><strong>b.\u00a0\u00a0\u00a0\u00a0 <\/strong><strong>Mesures mises en \u0153uvre pour la gestion int\u00e9gr\u00e9e des risques climatiques<\/strong><\/p><p>La gestion int\u00e9gr\u00e9e des risques climatiques englobe un large \u00e9ventail de strat\u00e9gies et d&rsquo;outils qui comprennent des mesures proactives telles que la mise en \u0153uvre de r\u00e9glementations personnalis\u00e9es en mati\u00e8re de construction et d&rsquo;utilisation des sols qui tiennent compte des risques, ainsi que des tactiques d&rsquo;adaptation traditionnelles telles que des semences am\u00e9lior\u00e9es et des m\u00e9thodes agricoles alternatives.<\/p><p><strong>c.\u00a0\u00a0\u00a0\u00a0\u00a0 <\/strong><strong>Prise de d\u00e9cision et mise en \u0153uvre<\/strong><\/p><p>Les d\u00e9cideurs publics et priv\u00e9s prennent en compte les mesures de gestion int\u00e9gr\u00e9e des risques climatiques identifi\u00e9es et les co\u00fbts associ\u00e9s, ce qui leur permet de mieux les hi\u00e9rarchiser, les financer et les mettre en \u0153uvre.<\/p><\/div>\n\t\t\t\t<\/div>\n\t\t\t\t\t\t\t\t<\/div>\n\t\t\t\t<\/div>\n\t\t\t\t<\/div>\n\t\t\t\t\t\t<\/div>\n\t\t\t\t\t<\/div>\n\t\t<\/div>\n\t\t\t\t\t\t\t\t<\/div>\n\t\t\t\t\t<\/div>\n\t\t<\/section>\n\t\t\t\t\t\t\t\t\t<\/div>\n\t\t\t<\/div>\n\t\t\t\t\t<\/div>\n\t\t<\/p><\/div>\n\t\t\t\t<\/div>\n\t\t\t\t\t\t\t<div class=\"elementor-accordion-item\">\n\t\t\t\t\t<div id=\"elementor-tab-title-79411\" class=\"elementor-tab-title\" data-tab=\"11\" role=\"tab\" aria-controls=\"elementor-tab-content-79411\" aria-expanded=\"false\">\n\t\t\t\t\t\t\t\t\t\t\t\t\t<span class=\"elementor-accordion-icon elementor-accordion-icon-left\" aria-hidden=\"true\">\n\t\t\t\t\t\t\t\t\t\t\t\t\t\t\t<span class=\"elementor-accordion-icon-closed\"><i class=\"fas fa-plus\"><\/i><\/span>\n\t\t\t\t\t\t\t\t<span class=\"elementor-accordion-icon-opened\"><i class=\"fas fa-minus\"><\/i><\/span>\n\t\t\t\t\t\t\t\t\t\t\t\t\t\t<\/span>\n\t\t\t\t\t\t\t\t\t\t\t\t<a class=\"elementor-accordion-title\" href=\"\">11.\tQue faire pendant la crise climatique ?<\/a>\n\t\t\t\t\t<\/div>\n\t\t\t\t\t<div id=\"elementor-tab-content-79411\" class=\"elementor-tab-content elementor-clearfix\" data-tab=\"11\" role=\"tabpanel\" aria-labelledby=\"elementor-tab-title-79411\"><p>\t\t<div data-elementor-type=\"wp-post\" data-elementor-id=\"14279\" class=\"elementor elementor-14279 elementor-14229\">\n\t\t\t\t\t\t<div class=\"elementor-inner\">\n\t\t\t\t<div class=\"elementor-section-wrap\">\n\t\t\t\t\t\t\t\t\t<section class=\"has_eae_slider elementor-section elementor-top-section elementor-element elementor-element-2fb6b70 elementor-section-boxed elementor-section-height-default elementor-section-height-default\" data-id=\"2fb6b70\" data-element_type=\"section\">\n\t\t\t\t\t\t<div class=\"elementor-container elementor-column-gap-default\">\n\t\t\t\t\t\t\t<div class=\"elementor-row\">\n\t\t\t\t\t<div class=\"has_eae_slider elementor-column elementor-col-100 elementor-top-column elementor-element elementor-element-da5bf21\" data-id=\"da5bf21\" data-element_type=\"column\">\n\t\t\t<div class=\"elementor-column-wrap elementor-element-populated\">\n\t\t\t\t\t\t\t<div class=\"elementor-widget-wrap\">\n\t\t\t\t\t\t<div class=\"elementor-element elementor-element-6ce0b73 elementor-widget elementor-widget-text-editor\" data-id=\"6ce0b73\" data-element_type=\"widget\" data-widget_type=\"text-editor.default\">\n\t\t\t\t<div class=\"elementor-widget-container\">\n\t\t\t\t\t\t\t\t<div class=\"elementor-text-editor elementor-clearfix\">\n\t\t\t\t<p>La crise climatique est de plus en plus consid\u00e9r\u00e9e comme la cause des catastrophes naturelles, mais un nombre croissant de scientifiques mettent en garde contre le fait qu&rsquo;en imputant les catastrophes uniquement au climat, on n\u00e9glige les mauvaises d\u00e9cisions politiques et de planification qui aggravent encore ces \u00e9v\u00e9nements. \u00c0 cet \u00e9gard, la politique et la planification doivent \u00eatre r\u00e9examin\u00e9es d&rsquo;urgence \u00e0 la lumi\u00e8re des connaissances et de l&rsquo;exp\u00e9rience accrues de la crise climatique.<\/p>\n<p>L&rsquo;\u00e9volution souhait\u00e9e vers une soci\u00e9t\u00e9 \u00e0 faibles \u00e9missions de carbone n\u00e9cessite la participation active des citoyens, en particulier de ceux qui r\u00e9sident dans les \u00e9conomies avanc\u00e9es. Dans un premier temps, il serait judicieux qu&rsquo;en tant que citoyen, vous vous informiez le plus possible sur la crise climatique. \u00catre mieux inform\u00e9 de la nature des risques, c&rsquo;est \u00eatre mieux pr\u00e9par\u00e9 \u00e0 y survivre. En second lieu, il convient d&rsquo;\u00e9tudier les possibilit\u00e9s qui s&rsquo;offrent \u00e0 vous pour apporter une contribution personnelle \u00e0 la lutte contre la crise climatique. \u00c0 cet \u00e9gard, les Nations unies promeuvent la campagne <strong>ActNow <\/strong>qui encourage l&rsquo;action personnelle en r\u00e9ponse \u00e0 la crise climatique et aux pr\u00e9occupations en mati\u00e8re de d\u00e9veloppement durable. Environ 2\/3 des \u00e9missions de gaz \u00e0 effet de serre dans le monde sont li\u00e9es aux m\u00e9nages.<\/p>\n\t\t\t\t\t<\/div>\n\t\t\t\t\t\t<\/div>\n\t\t\t\t<\/div>\n\t\t\t\t<div class=\"elementor-element elementor-element-b853aa3 elementor-widget elementor-widget-accordion\" data-id=\"b853aa3\" data-element_type=\"widget\" data-widget_type=\"accordion.default\">\n\t\t\t\t<div class=\"elementor-widget-container\">\n\t\t\t\t\t<div class=\"elementor-accordion\" role=\"tablist\">\n\t\t\t\t\t\t\t<div class=\"elementor-accordion-item\">\n\t\t\t\t\t<div id=\"elementor-tab-title-1931\" class=\"elementor-tab-title\" data-tab=\"1\" role=\"tab\" aria-controls=\"elementor-tab-content-1931\" aria-expanded=\"false\">\n\t\t\t\t\t\t\t\t\t\t\t\t\t<span class=\"elementor-accordion-icon elementor-accordion-icon-left\" aria-hidden=\"true\">\n\t\t\t\t\t\t\t\t\t\t\t\t\t\t\t<span class=\"elementor-accordion-icon-closed\"><i class=\"fas fa-plus\"><\/i><\/span>\n\t\t\t\t\t\t\t\t<span class=\"elementor-accordion-icon-opened\"><i class=\"fas fa-minus\"><\/i><\/span>\n\t\t\t\t\t\t\t\t\t\t\t\t\t\t<\/span>\n\t\t\t\t\t\t\t\t\t\t\t\t<a class=\"elementor-accordion-title\" href=\"\">11.1\tLa campagne ActNow des Nations unies<\/a>\n\t\t\t\t\t<\/div>\n\t\t\t\t\t<div id=\"elementor-tab-content-1931\" class=\"elementor-tab-content elementor-clearfix\" data-tab=\"1\" role=\"tabpanel\" aria-labelledby=\"elementor-tab-title-1931\"><p><strong>La campagne ActNow des Nations unies encourage l&rsquo;action personnelle par le biais de dix initiatives visant \u00e0 lutter contre la crise climatique :<\/strong><\/p><p><em>\u00c9conomiser l&rsquo;\u00e9nergie \u00e0 la maison<\/em><\/p><p>R\u00e9duire la consommation d&rsquo;\u00e9nergie dans votre foyer<\/p><p>Une grande partie de l&rsquo;\u00e9nergie que nous utilisons pour l&rsquo;\u00e9lectricit\u00e9 et le chauffage provient du charbon, du p\u00e9trole et du gaz. Pour r\u00e9duire la consommation d&rsquo;\u00e9nergie, vous pouvez employer plusieurs strat\u00e9gies, comme r\u00e9duire le chauffage et la climatisation, adopter des ampoules LED et des appareils \u00e9lectriques \u00e0 faible consommation d&rsquo;\u00e9nergie, laver les v\u00eatements \u00e0 l&rsquo;eau froide et opter pour le s\u00e9chage \u00e0 l&rsquo;air libre plut\u00f4t que pour le s\u00e8che-linge. L&rsquo;am\u00e9lioration de l&rsquo;efficacit\u00e9 \u00e9nerg\u00e9tique de votre maison, comme l&rsquo;am\u00e9lioration de l&rsquo;isolation ou le remplacement d&rsquo;une chaudi\u00e8re au mazout ou au gaz par une pompe \u00e0 chaleur \u00e9lectrique, peut potentiellement r\u00e9duire votre empreinte carbone d&rsquo;environ 900 kilogrammes de CO2e par an.<\/p><p><em>Marcher, faire du v\u00e9lo ou prendre les transports en commun<\/em><\/p><p>Choisir de marcher, de faire du v\u00e9lo ou d&rsquo;utiliser les transports publics<\/p><p>De nombreuses rues \u00e0 travers le monde sont encombr\u00e9es de voitures qui fonctionnent principalement au diesel ou \u00e0 l&rsquo;essence. Opter pour la marche ou le v\u00e9lo plut\u00f4t que pour la voiture permet de r\u00e9duire efficacement les \u00e9missions de gaz \u00e0 effet de serre tout en \u00e9tant b\u00e9n\u00e9fique pour la sant\u00e9 et le bien-\u00eatre physique. Pour les trajets plus longs, il est conseill\u00e9 d&rsquo;utiliser le train ou le bus. En outre, lorsque c&rsquo;est possible, le covoiturage est une option recommand\u00e9e. Adopter un mode de vie sans voiture peut conduire \u00e0 une r\u00e9duction significative de votre empreinte carbone, jusqu&rsquo;\u00e0 2 tonnes de CO2e par an, par rapport \u00e0 un mode de vie d\u00e9pendant de la voiture.<\/p><p><em>Manger plus de l\u00e9gumes<\/em><\/p><p>Augmentez votre consommation de l\u00e9gumes pour r\u00e9duire votre empreinte \u00e9cologique. La consommation d&rsquo;une plus grande quantit\u00e9 de l\u00e9gumes, de fruits, de c\u00e9r\u00e9ales compl\u00e8tes, de l\u00e9gumineuses, de noix et de graines, tout en r\u00e9duisant la consommation de viande et de produits laitiers, peut avoir un effet positif substantiel. La production d&rsquo;aliments d&rsquo;origine v\u00e9g\u00e9tale g\u00e9n\u00e8re g\u00e9n\u00e9ralement moins d&rsquo;\u00e9missions de gaz \u00e0 effet de serre et n\u00e9cessite moins d&rsquo;\u00e9nergie, de terres et de ressources en eau. Passer d&rsquo;un r\u00e9gime mixte \u00e0 un r\u00e9gime v\u00e9g\u00e9tarien peut permettre de r\u00e9duire l&#8217;empreinte carbone d&rsquo;environ 500 kilogrammes de CO2e par an (ou jusqu&rsquo;\u00e0 900 kilogrammes dans le cas d&rsquo;un r\u00e9gime v\u00e9g\u00e9talien).<\/p><p><em>Pensez \u00e0 votre voyage<\/em><\/p><p>Lorsque vous pensez \u00e0 vos voyages, il est important de reconna\u00eetre que les avions consomment des quantit\u00e9s substantielles de combustibles fossiles, ce qui entra\u00eene d&rsquo;importantes \u00e9missions de gaz \u00e0 effet de serre. Par cons\u00e9quent, r\u00e9duire le nombre de vols que vous prenez est l&rsquo;une des m\u00e9thodes les plus rapides pour diminuer votre empreinte \u00e9cologique. Dans la mesure du possible, optez pour des r\u00e9unions virtuelles, des trajets en train ou envisagez m\u00eame d&rsquo;annuler les voyages longue distance. En supprimant un seul vol aller-retour prolong\u00e9, vous pouvez potentiellement r\u00e9duire votre empreinte carbone de pr\u00e8s de 2 tonnes de CO2e.<\/p><p><em>Jeter moins de nourriture<\/em><\/p><p>L&rsquo;\u00e9limination des aliments entra\u00eene le gaspillage des ressources et de l&rsquo;\u00e9nergie investies dans leur culture, leur production, leur emballage et leur transport. En outre, lorsque les aliments se d\u00e9composent dans les d\u00e9charges, ils lib\u00e8rent du m\u00e9thane, un puissant gaz \u00e0 effet de serre. Pour minimiser les d\u00e9chets, tirez le meilleur parti de vos achats et compostez les restes. En r\u00e9duisant les d\u00e9chets alimentaires, vous pouvez potentiellement diminuer votre empreinte carbone annuelle de 300 kilogrammes de CO2e.<\/p><p><em>R\u00e9duire, r\u00e9utiliser, r\u00e9parer et recycler<\/em><\/p><p>L&rsquo;achat d&rsquo;appareils \u00e9lectroniques, de v\u00eatements et de divers autres produits contribue aux \u00e9missions de carbone tout au long de leur processus de production, depuis l&rsquo;extraction des mati\u00e8res premi\u00e8res jusqu&rsquo;\u00e0 la fabrication et au transport des marchandises sur le march\u00e9. Pour pr\u00e9server notre climat, il est conseill\u00e9 de minimiser notre consommation, d&rsquo;opter pour des articles de seconde main, de r\u00e9parer les biens dans la mesure du possible et de recycler. La production de chaque kilogramme de textile entra\u00eene l&rsquo;\u00e9mission d&rsquo;environ 17 kilogrammes de CO2e. En r\u00e9duisant l&rsquo;acquisition de nouveaux v\u00eatements et d&rsquo;autres biens de consommation, il est possible de diminuer \u00e0 la fois notre empreinte carbone et la quantit\u00e9 de d\u00e9chets g\u00e9n\u00e9r\u00e9s.<\/p><p><em>Changer la source d&rsquo;\u00e9nergie de votre logement<\/em><\/p><p>Renseignez-vous aupr\u00e8s de votre fournisseur d&rsquo;\u00e9lectricit\u00e9 sur la source de votre \u00e9nergie r\u00e9sidentielle, qu&rsquo;il s&rsquo;agisse de p\u00e9trole, de charbon ou de gaz. Si cela est possible, \u00e9tudiez la possibilit\u00e9 de passer \u00e0 des solutions durables telles que l&rsquo;\u00e9nergie \u00e9olienne ou solaire. Une autre possibilit\u00e9 consiste \u00e0 installer des panneaux solaires sur votre toit pour produire de l&rsquo;\u00e9nergie pour votre foyer. En passant d&rsquo;une \u00e9nergie bas\u00e9e sur le p\u00e9trole, le gaz ou le charbon \u00e0 des sources renouvelables telles que l&rsquo;\u00e9nergie \u00e9olienne ou solaire, vous pouvez potentiellement r\u00e9duire votre empreinte carbone annuelle de 1,5 tonne de CO2e.<\/p><p><em>Passer \u00e0 un v\u00e9hicule \u00e9lectrique<\/em><\/p><p>Si vous envisagez d&rsquo;acheter un v\u00e9hicule, il est conseill\u00e9 d&rsquo;opter pour une voiture \u00e9lectrique en raison de la disponibilit\u00e9 croissante d&rsquo;un plus grand nombre de mod\u00e8les abordables. Dans de nombreux pays, les voitures \u00e9lectriques ont l&rsquo;avantage de r\u00e9duire la pollution de l&rsquo;air et d&rsquo;\u00e9mettre beaucoup moins de gaz \u00e0 effet de serre que les v\u00e9hicules fonctionnant au gaz ou au diesel. Cependant, il est important de noter que de nombreuses voitures \u00e9lectriques d\u00e9pendent encore de l&rsquo;\u00e9lectricit\u00e9 produite \u00e0 partir de combustibles fossiles, et que la production de leurs batteries et de leurs moteurs fait appel \u00e0 des min\u00e9raux rares qui ont souvent un co\u00fbt environnemental et social consid\u00e9rable. Passer d&rsquo;une voiture \u00e0 essence ou diesel \u00e0 un v\u00e9hicule \u00e9lectrique peut effectivement r\u00e9duire votre empreinte carbone d&rsquo;environ 2 tonnes de CO2e par an. Par ailleurs, un v\u00e9hicule hybride peut vous permettre d&rsquo;\u00e9conomiser environ 700 kilogrammes de CO2e par an.<\/p><p><em>Faites fructifier votre argent<\/em><\/p><p>Les choix que nous faisons dans nos d\u00e9penses ont un impact sur l&rsquo;environnement. Vous pouvez d\u00e9cider des produits et des services que vous soutenez. Pour r\u00e9duire votre empreinte \u00e9cologique, optez pour des articles provenant d&rsquo;entreprises qui utilisent les ressources de mani\u00e8re responsable et qui s&rsquo;efforcent de r\u00e9duire leurs \u00e9missions de gaz et leurs d\u00e9chets. Lorsque votre argent est investi en votre nom, par exemple dans le cadre d&rsquo;un fonds de pension, il peut soutenir par inadvertance des activit\u00e9s telles que l&rsquo;extraction de combustibles fossiles ou la d\u00e9forestation. En veillant \u00e0 ce que votre \u00e9pargne soit orient\u00e9e vers des entreprises respectueuses de l&rsquo;environnement, vous pouvez r\u00e9duire consid\u00e9rablement votre empreinte carbone.<\/p><p><em>Exprimez-vous<\/em><\/p><p>Encourager la participation active et rallier d&rsquo;autres personnes pour qu&rsquo;elles s&rsquo;engagent dans des mesures proactives. Cette approche est une m\u00e9thode rapide et tr\u00e8s efficace pour provoquer des changements significatifs. Engagez des conversations avec votre entourage, y compris vos voisins, vos coll\u00e8gues, vos amis et votre famille. Exprimez votre soutien \u00e0 des transformations ambitieuses aupr\u00e8s des chefs d&rsquo;entreprise. Lancez des appels aux dirigeants locaux et mondiaux, en les exhortant \u00e0 prendre des mesures imm\u00e9diates. La r\u00e9solution des probl\u00e8mes climatiques est une responsabilit\u00e9 collective qui concerne chacun d&rsquo;entre nous. Bien qu&rsquo;aucun individu ne puisse s&rsquo;y attaquer seul, ensemble nous avons le pouvoir de faire la diff\u00e9rence.<\/p><\/div>\n\t\t\t\t<\/div>\n\t\t\t\t\t\t\t\t<\/div>\n\t\t\t\t<\/div>\n\t\t\t\t<\/div>\n\t\t\t\t\t\t<\/div>\n\t\t\t\t\t<\/div>\n\t\t<\/div>\n\t\t\t\t\t\t\t\t<\/div>\n\t\t\t\t\t<\/div>\n\t\t<\/section>\n\t\t\t\t\t\t\t\t\t<\/div>\n\t\t\t<\/div>\n\t\t\t\t\t<\/div>\n\t\t<\/p><\/div>\n\t\t\t\t<\/div>\n\t\t\t\t\t\t\t<div class=\"elementor-accordion-item\">\n\t\t\t\t\t<div id=\"elementor-tab-title-79412\" class=\"elementor-tab-title\" data-tab=\"12\" role=\"tab\" aria-controls=\"elementor-tab-content-79412\" aria-expanded=\"false\">\n\t\t\t\t\t\t\t\t\t\t\t\t\t<span class=\"elementor-accordion-icon elementor-accordion-icon-left\" aria-hidden=\"true\">\n\t\t\t\t\t\t\t\t\t\t\t\t\t\t\t<span class=\"elementor-accordion-icon-closed\"><i class=\"fas fa-plus\"><\/i><\/span>\n\t\t\t\t\t\t\t\t<span class=\"elementor-accordion-icon-opened\"><i class=\"fas fa-minus\"><\/i><\/span>\n\t\t\t\t\t\t\t\t\t\t\t\t\t\t<\/span>\n\t\t\t\t\t\t\t\t\t\t\t\t<a class=\"elementor-accordion-title\" href=\"\">12.\tQuels sont les types de cartes sur la crise climatique ?<\/a>\n\t\t\t\t\t<\/div>\n\t\t\t\t\t<div id=\"elementor-tab-content-79412\" class=\"elementor-tab-content elementor-clearfix\" data-tab=\"12\" role=\"tabpanel\" aria-labelledby=\"elementor-tab-title-79412\"><p>\t\t<div data-elementor-type=\"wp-post\" data-elementor-id=\"14281\" class=\"elementor elementor-14281 elementor-14233\">\n\t\t\t\t\t\t<div class=\"elementor-inner\">\n\t\t\t\t<div class=\"elementor-section-wrap\">\n\t\t\t\t\t\t\t\t\t<section class=\"has_eae_slider elementor-section elementor-top-section elementor-element elementor-element-99e0be0 elementor-section-boxed elementor-section-height-default elementor-section-height-default\" data-id=\"99e0be0\" data-element_type=\"section\">\n\t\t\t\t\t\t<div class=\"elementor-container elementor-column-gap-default\">\n\t\t\t\t\t\t\t<div class=\"elementor-row\">\n\t\t\t\t\t<div class=\"has_eae_slider elementor-column elementor-col-100 elementor-top-column elementor-element elementor-element-fafe39e\" data-id=\"fafe39e\" data-element_type=\"column\">\n\t\t\t<div class=\"elementor-column-wrap elementor-element-populated\">\n\t\t\t\t\t\t\t<div class=\"elementor-widget-wrap\">\n\t\t\t\t\t\t<div class=\"elementor-element elementor-element-45d9da4 elementor-widget elementor-widget-text-editor\" data-id=\"45d9da4\" data-element_type=\"widget\" data-widget_type=\"text-editor.default\">\n\t\t\t\t<div class=\"elementor-widget-container\">\n\t\t\t\t\t\t\t\t<div class=\"elementor-text-editor elementor-clearfix\">\n\t\t\t\t<p>De nombreuses cartes font r\u00e9f\u00e9rence \u00e0 la crise climatique en offrant des illustrations tangibles de la mani\u00e8re dont le changement climatique induit par l&rsquo;homme aura un impact sur divers aspects tels que les incendies de for\u00eat, l&rsquo;agriculture, la disponibilit\u00e9 de l&rsquo;eau, l&rsquo;\u00e9l\u00e9vation du niveau de la mer, la vie marine, la s\u00e9cheresse et les conditions m\u00e9t\u00e9orologiques, et en mettant en \u00e9vidence les transformations qui en r\u00e9sulteront (figure 14).<\/p>\n<p>Le probl\u00e8me de la crise climatique est que, bien qu&rsquo;il s&rsquo;agisse du d\u00e9fi le plus monumental auquel l&rsquo;humanit\u00e9 ait jamais \u00e9t\u00e9 confront\u00e9e, il reste largement imperceptible pour le commun des mortels. Les scientifiques qui s&rsquo;efforcent de sensibiliser le public \u00e0 un concept difficile \u00e0 comprendre ont d\u00e9velopp\u00e9 un certain nombre de cartes statiques et interactives qui montrent efficacement les impacts r\u00e9els et pr\u00e9vus de la crise climatique.Haut de page<\/p>\n\t\t\t\t\t<\/div>\n\t\t\t\t\t\t<\/div>\n\t\t\t\t<\/div>\n\t\t\t\t<div class=\"elementor-element elementor-element-bd3b760 climate_crisis_img_12 elementor-widget elementor-widget-image\" data-id=\"bd3b760\" data-element_type=\"widget\" data-widget_type=\"image.default\">\n\t\t\t\t<div class=\"elementor-widget-container\">\n\t\t\t\t\t\t\t\t<div class=\"elementor-image\">\n\t\t\t\t\t\t\t\t\t<figure class=\"wp-caption\">\n\t\t\t\t\t\t\t\t\t\t<img loading=\"lazy\" decoding=\"async\" width=\"493\" height=\"231\" src=\"https:\/\/besafenet.net\/wp-content\/uploads\/2023\/10\/Figure-14_resize-1.jpg\" class=\"attachment-medium_large size-medium_large wp-image-14239\" alt=\"\" srcset=\"https:\/\/besafenet.net\/wp-content\/uploads\/2023\/10\/Figure-14_resize-1.jpg 493w, https:\/\/besafenet.net\/wp-content\/uploads\/2023\/10\/Figure-14_resize-1-300x141.jpg 300w, https:\/\/besafenet.net\/wp-content\/uploads\/2023\/10\/Figure-14_resize-1-150x70.jpg 150w\" sizes=\"(max-width: 493px) 100vw, 493px\" \/>\t\t\t\t\t\t\t\t\t\t\t<figcaption class=\"widget-image-caption wp-caption-text\">Figure 14 : cet ensemble de donn\u00e9es mondiales de la NASA montre les changements pr\u00e9vus dans le monde entier au niveau r\u00e9gional en r\u00e9ponse \u00e0 diff\u00e9rents sc\u00e9narios d&rsquo;augmentation du dioxyde de carbone simul\u00e9s par 21 mod\u00e8les climatiques. Les donn\u00e9es \u00e0 haute r\u00e9solution, qui peuvent \u00eatre visualis\u00e9es quotidiennement \u00e0 l&rsquo;\u00e9chelle d&rsquo;une ville ou d&rsquo;un village, aideront les scientifiques et les planificateurs \u00e0 \u00e9valuer les risques climatiques afin de mieux comprendre les effets locaux et mondiaux des dangers, tels que les s\u00e9cheresses graves, les inondations, les vagues de chaleur et les pertes de productivit\u00e9 agricole. Source : https:\/\/www.nasa.gov\/press-release\/nasa-releases-detailed-global-climate-change-projections<\/figcaption>\n\t\t\t\t\t\t\t\t\t\t<\/figure>\n\t\t\t\t\t\t\t\t<\/div>\n\t\t\t\t\t\t<\/div>\n\t\t\t\t<\/div>\n\t\t\t\t<div class=\"elementor-element elementor-element-78dedd0 elementor-widget elementor-widget-text-editor\" data-id=\"78dedd0\" data-element_type=\"widget\" data-widget_type=\"text-editor.default\">\n\t\t\t\t<div class=\"elementor-widget-container\">\n\t\t\t\t\t\t\t\t<div class=\"elementor-text-editor elementor-clearfix\">\n\t\t\t\t<p>La technologie de l&rsquo;information g\u00e9ospatiale, utilis\u00e9e dans certaines cartes, peut contribuer de mani\u00e8re significative \u00e0 l&rsquo;\u00e9tude du r\u00e9chauffement climatique en \u00e9tablissant un lien entre la crise climatique, les risques sp\u00e9cifiques et les individus. L&rsquo;approche la plus efficace consiste \u00e0 cartographier les effets du changement climatique induit par l&rsquo;homme \u00e0 l&rsquo;\u00e9chelle locale \u00e0 l&rsquo;aide d&rsquo;images satellites.<\/p>\n\t\t\t\t\t<\/div>\n\t\t\t\t\t\t<\/div>\n\t\t\t\t<\/div>\n\t\t\t\t<div class=\"elementor-element elementor-element-6c1baf5 elementor-widget elementor-widget-accordion\" data-id=\"6c1baf5\" data-element_type=\"widget\" data-widget_type=\"accordion.default\">\n\t\t\t\t<div class=\"elementor-widget-container\">\n\t\t\t\t\t<div class=\"elementor-accordion\" role=\"tablist\">\n\t\t\t\t\t\t\t<div class=\"elementor-accordion-item\">\n\t\t\t\t\t<div id=\"elementor-tab-title-1131\" class=\"elementor-tab-title\" data-tab=\"1\" role=\"tab\" aria-controls=\"elementor-tab-content-1131\" aria-expanded=\"false\">\n\t\t\t\t\t\t\t\t\t\t\t\t\t<span class=\"elementor-accordion-icon elementor-accordion-icon-left\" aria-hidden=\"true\">\n\t\t\t\t\t\t\t\t\t\t\t\t\t\t\t<span class=\"elementor-accordion-icon-closed\"><i class=\"fas fa-plus\"><\/i><\/span>\n\t\t\t\t\t\t\t\t<span class=\"elementor-accordion-icon-opened\"><i class=\"fas fa-minus\"><\/i><\/span>\n\t\t\t\t\t\t\t\t\t\t\t\t\t\t<\/span>\n\t\t\t\t\t\t\t\t\t\t\t\t<a class=\"elementor-accordion-title\" href=\"\">12.1 Quelques exemples de cartes traitant de la crise climatique.<\/a>\n\t\t\t\t\t<\/div>\n\t\t\t\t\t<div id=\"elementor-tab-content-1131\" class=\"elementor-tab-content elementor-clearfix\" data-tab=\"1\" role=\"tabpanel\" aria-labelledby=\"elementor-tab-title-1131\"><ol><li><p>Google Planetary Earth Engine\u00a0<span style=\"text-decoration: underline;\">(<a href=\"https:\/\/earthengine.google.com\/timelapse\/\">Google Earth Engine<\/a>)<\/span><\/p><\/li><li><p>Cartes de la NASA sur le changement climatique <span style=\"text-decoration: underline;\">(<a href=\"http:\/\/earthobservatory.nasa.gov\/GlobalMaps\/\">Nasa\u2019s Earth Climate Change Global Map<\/a>)<\/span><\/p><\/li><li><p>Analyse de l\u2019\u00e9l\u00e9vation du niveau de la mer <span style=\"text-decoration: underline;\">(<a href=\"http:\/\/choices.climatecentral.org\/\">Surging Sea Map<\/a>)<\/span><\/p><\/li><li><p>La carte interactive \u00ab\u00a0Four Degree\u00a0\u00bb du Met Office <span style=\"text-decoration: underline;\">(<a href=\"https:\/\/sustaineurope.com\/the-met-office.htm\">https:\/\/sustaineurope.com\/the-met-office.htm<\/a>)<\/span><\/p><\/li><li><p>Si toute la glace fondait <span style=\"text-decoration: underline;\">(<a href=\"https:\/\/www.nationalgeographic.com\/magazine\/article\/rising-seas-ice-melt-new-shoreline-maps\">National Geographic Sea Level maps<\/a>)<\/span><\/p><\/li><li><p>Glaciers en voie de disparition <span style=\"text-decoration: underline;\">(<a href=\"http:\/\/wgsg.maps.arcgis.com\/apps\/MapJournal\/index.html?appid=d8a0c755316540acbf12bb240442cea7&amp;webmap=e964d4ab3e8d487b88f089a9875f093e\">Disappearing Glaciers story map<\/a>)<\/span><\/p><\/li><li><p>Carte de l\u2019histoire de l\u2019empreinte mondiale d\u2019Esri <span style=\"text-decoration: underline;\">(<a href=\"http:\/\/www.footprintnetwork.org\/\">Global Footprint Network<\/a>)<\/span><\/p><\/li><li><p>\u00c9missions de carbone <span style=\"text-decoration: underline;\">(<a href=\"http:\/\/www.carbonmap.org\/\">Carbon Emissions map<\/a>)<\/span><\/p><\/li><li><p>Climate Commons <span style=\"text-decoration: underline;\">(<a href=\"http:\/\/earthjournalism.net\/projects\/climate-commons\">Climate Commons<\/a>)<\/span><\/p><\/li><li><p>ElkanoData Pollution (<a href=\"http:\/\/data.worldbank.org\/topic\/environment\">World Bank master database<\/a>)<\/p><\/li><li><p>Carte de l\u2019impact climatique qui fournit une image tr\u00e8s localis\u00e9e des impacts climatiques futurs aux \u00c9tats-Unis et dans le monde.<\/p><\/li><\/ol><\/div>\n\t\t\t\t<\/div>\n\t\t\t\t\t\t\t\t<\/div>\n\t\t\t\t<\/div>\n\t\t\t\t<\/div>\n\t\t\t\t\t\t<\/div>\n\t\t\t\t\t<\/div>\n\t\t<\/div>\n\t\t\t\t\t\t\t\t<\/div>\n\t\t\t\t\t<\/div>\n\t\t<\/section>\n\t\t\t\t\t\t\t\t\t<\/div>\n\t\t\t<\/div>\n\t\t\t\t\t<\/div>\n\t\t<\/p><\/div>\n\t\t\t\t<\/div>\n\t\t\t\t\t\t\t<div class=\"elementor-accordion-item\">\n\t\t\t\t\t<div id=\"elementor-tab-title-79413\" class=\"elementor-tab-title\" data-tab=\"13\" role=\"tab\" aria-controls=\"elementor-tab-content-79413\" aria-expanded=\"false\">\n\t\t\t\t\t\t\t\t\t\t\t\t\t<span class=\"elementor-accordion-icon elementor-accordion-icon-left\" aria-hidden=\"true\">\n\t\t\t\t\t\t\t\t\t\t\t\t\t\t\t<span class=\"elementor-accordion-icon-closed\"><i class=\"fas fa-plus\"><\/i><\/span>\n\t\t\t\t\t\t\t\t<span class=\"elementor-accordion-icon-opened\"><i class=\"fas fa-minus\"><\/i><\/span>\n\t\t\t\t\t\t\t\t\t\t\t\t\t\t<\/span>\n\t\t\t\t\t\t\t\t\t\t\t\t<a class=\"elementor-accordion-title\" href=\"\">R\u00e9f\u00e9rences<\/a>\n\t\t\t\t\t<\/div>\n\t\t\t\t\t<div id=\"elementor-tab-content-79413\" class=\"elementor-tab-content elementor-clearfix\" data-tab=\"13\" role=\"tabpanel\" aria-labelledby=\"elementor-tab-title-79413\"><p><span data-contrast=\"none\">Climate change and human behaviour.\u202f<\/span><i><span data-contrast=\"none\">Nat Hum Behav<\/span><\/i><span data-contrast=\"none\">\u202f<\/span><b><span data-contrast=\"none\">6<\/span><\/b><span data-contrast=\"none\">, 1441\u20131442 (2022). https:\/\/doi.org\/10.1038\/s41562-022-01490-9<\/span><span data-ccp-props=\"{&quot;201341983&quot;:0,&quot;335551550&quot;:6,&quot;335551620&quot;:6,&quot;335559685&quot;:709,&quot;335559739&quot;:0,&quot;335559740&quot;:240,&quot;335559991&quot;:709}\">\u00a0<\/span><\/p><p><span data-contrast=\"none\">Dayton-Johnson, J. (2006), \u00ab\u00a0Natural Disaster and Vulnerability\u00a0\u00bb,\u202f<\/span><i><span data-contrast=\"none\">OECD Development Centre Policy Briefs<\/span><\/i><span data-contrast=\"none\">, No. 29, OECD Publishing, Paris,\u202f<\/span><a href=\"https:\/\/doi.org\/10.1787\/202670544086\"><span data-contrast=\"none\">https:\/\/doi.org\/10.1787\/202670544086<\/span><\/a><span data-contrast=\"none\">.<\/span><span data-ccp-props=\"{&quot;201341983&quot;:0,&quot;335551550&quot;:6,&quot;335551620&quot;:6,&quot;335559685&quot;:709,&quot;335559739&quot;:0,&quot;335559740&quot;:240,&quot;335559991&quot;:709}\">\u00a0<\/span><\/p><p><span data-contrast=\"none\">Keenan, R.J. Climate change impacts and adaptation in forest management: a review.\u202f<\/span><i><span data-contrast=\"none\">Annals of Forest Science<\/span><\/i><span data-contrast=\"none\">\u202f<\/span><b><span data-contrast=\"none\">72<\/span><\/b><span data-contrast=\"none\">, 145\u2013167 (2015). <\/span><a href=\"https:\/\/doi.org\/10.1007\/s13595-014-0446-5\"><span data-contrast=\"none\">https:\/\/doi.org\/10.1007\/s13595-014-0446-5<\/span><\/a><span data-ccp-props=\"{&quot;201341983&quot;:0,&quot;335551550&quot;:6,&quot;335551620&quot;:6,&quot;335559685&quot;:709,&quot;335559739&quot;:0,&quot;335559740&quot;:240,&quot;335559991&quot;:709}\">\u00a0<\/span><\/p><p><span data-contrast=\"auto\">IPCC, 2014: Summary for Policymakers. In: Climate Change 2014: Mitigation of Climate Change. Contribution of Working Group III to the Fifth Assessment Report of the Intergovernmental Panel on Climate Change [Edenhofer, O., R. Pichs-Madruga, Y. Sokona, E. Farahani, S. Kadner, K. Seyboth, A. Adler, I. Baum, S. Brunner, P. Eickemeier, B. Kriemann, J. Savolainen, S. Schl\u00f6mer, C. von Stechow, T. Zwickel and J.C. Minx (eds.)]. Cambridge University Press, Cambridge, United Kingdom and New York, NY, USA.<\/span><span data-ccp-props=\"{&quot;201341983&quot;:0,&quot;335551550&quot;:6,&quot;335551620&quot;:6,&quot;335559685&quot;:709,&quot;335559739&quot;:0,&quot;335559740&quot;:240,&quot;335559991&quot;:709}\">\u00a0<\/span><\/p><p><span data-contrast=\"auto\">IPCC, 2014: Summary for policymakers. In: Climate Change 2014: Impacts,Adaptation, and Vulnerability. Part A: Global and Sectoral Aspects. Contribution of Working Group II to the Fifth Assessment Report of the Intergovernmental Panel on Climate Change [Field, C.B., V.R. Barros, D.J. Dokken, K.J. Mach, M.D. Mastrandrea, T.E. Bilir, M. Chatterjee, K.L. Ebi, Y.O. Estrada, R.C. Genova, B. Girma, E.S. Kissel, A.N. Levy, S. MacCracken, P.R. Mastrandrea, and L.L.White (eds.)]. Cambridge University Press, Cambridge, United Kingdom and New York, NY, USA, pp. 1-32.<\/span><span data-ccp-props=\"{&quot;201341983&quot;:0,&quot;335551550&quot;:6,&quot;335551620&quot;:6,&quot;335559685&quot;:709,&quot;335559739&quot;:0,&quot;335559740&quot;:240,&quot;335559991&quot;:709}\">\u00a0<\/span><\/p><p><span data-contrast=\"none\">OECD (2019),\u202f<\/span><i><span data-contrast=\"none\">Responding to Rising Seas:\u202fOECD <\/span><\/i><span data-contrast=\"none\">Country Approaches to Tackling Coastal Risks, OECD Publishing, Paris,\u202f<\/span><a href=\"https:\/\/doi.org\/10.1787\/9789264312487-en\"><span data-contrast=\"none\">https:\/\/doi.org\/10.1787\/9789264312487-en<\/span><\/a><span data-contrast=\"none\">.<\/span><\/p><p><span data-contrast=\"none\">OECD (2018), \u00ab\u00a0Climate-resilient infrastructure\u00a0\u00bb,\u202f<\/span><i><span data-contrast=\"none\">OECD Environment Policy Papers<\/span><\/i><span data-contrast=\"none\">, No. 14, OECD Publishing, Paris,\u202f<\/span><a href=\"https:\/\/doi.org\/10.1787\/4fdf9eaf-en\"><span data-contrast=\"none\">https:\/\/doi.org\/10.1787\/4fdf9eaf-en<\/span><\/a><span data-contrast=\"none\">.<\/span><span data-ccp-props=\"{&quot;201341983&quot;:0,&quot;335551550&quot;:6,&quot;335551620&quot;:6,&quot;335559685&quot;:709,&quot;335559739&quot;:0,&quot;335559740&quot;:240,&quot;335559991&quot;:709}\">\u00a0<\/span><\/p><p><span data-contrast=\"auto\">Pearce, F. Yale Environment 360, Yale School Of The Environment<\/span><span data-ccp-props=\"{&quot;201341983&quot;:0,&quot;335551550&quot;:6,&quot;335551620&quot;:6,&quot;335559685&quot;:709,&quot;335559739&quot;:0,&quot;335559740&quot;:240,&quot;335559991&quot;:709}\">\u00a0<\/span><\/p><p><i><span data-contrast=\"none\">It\u2019s Not Just Climate: Are We Ignoring Other Causes of Disasters?<\/span><\/i> <span data-contrast=\"none\">February\u202f<\/span><span data-contrast=\"none\">8,\u202f2022<\/span><span data-contrast=\"auto\">.<\/span><span data-ccp-props=\"{&quot;201341983&quot;:0,&quot;335551550&quot;:6,&quot;335551620&quot;:6,&quot;335559685&quot;:709,&quot;335559739&quot;:0,&quot;335559740&quot;:240}\">\u00a0<\/span><\/p><p><a href=\"https:\/\/e360.yale.edu\/features\/its-not-just-climate-are-we-ignoring-other-causes-of-disasters\"><span data-contrast=\"none\">https:\/\/e360.yale.edu\/features\/its-not-just-climate-are-we-ignoring-other-causes-of-disasters<\/span><\/a><span data-ccp-props=\"{&quot;201341983&quot;:0,&quot;335551550&quot;:6,&quot;335551620&quot;:6,&quot;335559685&quot;:709,&quot;335559739&quot;:0,&quot;335559740&quot;:240}\">\u00a0<\/span><\/p><p><span data-contrast=\"none\">Romm, Madeline. 2022. <\/span><i><span data-contrast=\"none\">A Climate of Terror? Climate Change as an Indirect Contributor to Terrorism.<\/span><\/i> <span data-contrast=\"none\">College Park, MD: START<\/span> <a href=\"https:\/\/www.start.umd.edu\/pubs\/Climate_Change_Terrorism_Rapid_Review_1_FINAL.pdf\"><span data-contrast=\"none\">https:\/\/www.start.umd.edu\/pubs\/Climate_Change_Terrorism_Rapid_Review_1_FINAL.pdf<\/span><\/a><span data-ccp-props=\"{&quot;201341983&quot;:0,&quot;335551550&quot;:6,&quot;335551620&quot;:6,&quot;335559685&quot;:709,&quot;335559739&quot;:0,&quot;335559740&quot;:240,&quot;335559991&quot;:709}\">\u00a0<\/span><\/p><p><span data-contrast=\"auto\">Swim<\/span><span data-contrast=\"auto\">,<\/span><span data-contrast=\"auto\"> J<\/span><span data-contrast=\"auto\">.<\/span><span data-contrast=\"auto\">K<\/span><span data-contrast=\"auto\">., <\/span><span data-contrast=\"auto\">Clayton<\/span><span data-contrast=\"none\">,\u202f<\/span><span data-contrast=\"none\">S., <\/span><span data-contrast=\"auto\">Howard<\/span><span data-contrast=\"auto\">,<\/span> <span data-contrast=\"auto\">G<\/span><span data-contrast=\"auto\">, <\/span><span data-contrast=\"auto\">S<\/span><span data-contrast=\"auto\">,.<\/span> <i><span data-contrast=\"auto\">Human Behavioral Contributions to Climate Change Psychological and Contextual Drivers<\/span><\/i><span data-contrast=\"auto\">. <\/span><span data-contrast=\"none\">American Psychologist, 2011 &#8211; psycnet.apa.org<\/span> <a href=\"https:\/\/www.apa.org\/pubs\/journals\/releases\/amp-66-4-251.pdf\"><span data-contrast=\"none\">https:\/\/www.apa.org\/pubs\/journals\/releases\/amp-66-4-251.pdf<\/span><\/a><span data-ccp-props=\"{&quot;201341983&quot;:0,&quot;335551550&quot;:6,&quot;335551620&quot;:6,&quot;335559685&quot;:709,&quot;335559739&quot;:0,&quot;335559740&quot;:240,&quot;335559991&quot;:709}\">\u00a0<\/span><\/p><p><u><strong>Ressources Web<\/strong><\/u><\/p><p><span data-contrast=\"none\">ActionAid &#8211; <\/span><i><span data-contrast=\"none\">Climate change and flooding<\/span><\/i><span data-contrast=\"none\">, <\/span><span data-contrast=\"none\">10 February 2023<\/span> <a href=\"https:\/\/www.actionaid.org.uk\/our-work\/emergencies-disasters-humanitarian-response\/climate-change-and-flooding#:~:text=How%20is%20climate%20change%20connected,to%20form%20heavy%20rainfall1%20\"><span data-contrast=\"none\">https:\/\/www.actionaid.org.uk\/our-work\/emergencies-disasters-humanitarian-response\/climate-change-and-flooding#:~:text=How%20is%20climate%20change%20connected,to%20form%20heavy%20rainfall1%20<\/span><\/a> <span data-contrast=\"none\">(<\/span><span data-contrast=\"none\">accessed <\/span><span data-contrast=\"none\">23.05.23).<\/span><span data-ccp-props=\"{&quot;201341983&quot;:0,&quot;335551550&quot;:6,&quot;335551620&quot;:6,&quot;335559685&quot;:709,&quot;335559739&quot;:0,&quot;335559740&quot;:240,&quot;335559991&quot;:709}\">\u00a0<\/span><\/p><p><b><span data-contrast=\"none\">Vladimir Spasi\u0107<\/span><\/b><b><span data-contrast=\"none\">, <\/span><\/b><span data-contrast=\"none\">Balkan Green Energy News, <\/span><b><span data-contrast=\"none\">January 10, 2023<\/span><\/b><b><span data-contrast=\"none\">. <\/span><\/b><i><span data-contrast=\"none\">2022 \u2013 year of extreme weather, climate events<\/span><\/i><i><span data-contrast=\"none\">.<\/span><\/i> <a href=\"https:\/\/balkangreenenergynews.com\/2022-year-of-extreme-weather-climate-events\/\"><span data-contrast=\"none\">https:\/\/balkangreenenergynews.com\/2022-year-of-extreme-weather-climate-events\/<\/span><\/a><span data-contrast=\"auto\"> (accessed 26.05.23).<\/span><span data-ccp-props=\"{&quot;201341983&quot;:0,&quot;335551550&quot;:6,&quot;335551620&quot;:6,&quot;335559685&quot;:709,&quot;335559739&quot;:0,&quot;335559740&quot;:240,&quot;335559991&quot;:709}\">\u00a0<\/span><\/p><p><span data-contrast=\"none\">Cooperative Institute for Research in Environmental Sciences at the University of Colorado Boulder<\/span><span data-contrast=\"none\"> (CIRES)<\/span><i><span data-contrast=\"none\"> \u2018<\/span><\/i><i><span data-contrast=\"none\">What Happens In The Tropics Can Reach The Arctic And Set Up Extreme Precipitation Events<\/span><\/i><i><span data-contrast=\"none\">\u2019<\/span><\/i><span data-contrast=\"none\">, <\/span><span data-contrast=\"none\">April<\/span><span data-contrast=\"none\"> 21, 2023<\/span><span data-contrast=\"none\">.<\/span><span data-ccp-props=\"{&quot;201341983&quot;:0,&quot;335551550&quot;:6,&quot;335551620&quot;:6,&quot;335559685&quot;:709,&quot;335559739&quot;:0,&quot;335559740&quot;:240,&quot;335559991&quot;:709}\">\u00a0<\/span><\/p><p><a href=\"https:\/\/cires.colorado.edu\/news\/what-happens-tropics-can-reach-arctic-and-set-extreme-precipitation-events\"><span data-contrast=\"none\">https:\/\/cires.colorado.edu\/news\/what-happens-tropics-can-reach-arctic-and-set-extreme-precipitation-events <\/span><span data-contrast=\"none\">(<\/span><\/a><span data-contrast=\"none\">accessed <\/span><span data-contrast=\"none\">18.05.23).<\/span><span data-ccp-props=\"{&quot;201341983&quot;:0,&quot;335551550&quot;:6,&quot;335551620&quot;:6,&quot;335559685&quot;:709,&quot;335559739&quot;:0,&quot;335559740&quot;:240}\">\u00a0<\/span><\/p><p><span data-contrast=\"none\">Columbia Magazine, Science &amp; Technology<\/span><i><span data-contrast=\"none\"> Climate Change Fuels Significant Increase In US Forest Fires<\/span><\/i><span data-contrast=\"none\">. Ed. David J. Craig, , Winter 2016-2017.<\/span><span data-ccp-props=\"{&quot;201341983&quot;:0,&quot;335551550&quot;:6,&quot;335551620&quot;:6,&quot;335559685&quot;:709,&quot;335559739&quot;:0,&quot;335559740&quot;:240,&quot;335559991&quot;:709}\">\u00a0<\/span><\/p><p><a href=\"https:\/\/magazine.columbia.edu\/article\/climate-change-fuels-significant-increase-us-forest-fires\"><span data-contrast=\"none\">https:\/\/magazine.columbia.edu\/article\/climate-change-fuels-significant-increase-us-forest-fires<\/span><\/a><span data-contrast=\"none\">.\u00a0<\/span><span data-ccp-props=\"{&quot;201341983&quot;:0,&quot;335551550&quot;:6,&quot;335551620&quot;:6,&quot;335559685&quot;:709,&quot;335559739&quot;:0,&quot;335559740&quot;:240}\">\u00a0<\/span><\/p><p><span data-contrast=\"auto\">European Commission web page on <\/span><i><span data-contrast=\"auto\">Climate <\/span><\/i><i><span data-contrast=\"auto\">C<\/span><\/i><i><span data-contrast=\"auto\">hange and wildfires<\/span><\/i><span data-ccp-props=\"{&quot;201341983&quot;:0,&quot;335551550&quot;:6,&quot;335551620&quot;:6,&quot;335559685&quot;:709,&quot;335559739&quot;:0,&quot;335559740&quot;:240,&quot;335559991&quot;:709}\">\u00a0<\/span><\/p><p><a href=\"https:\/\/joint-research-centre.ec.europa.eu\/system\/files\/2020-09\/09_pesetaiv_wildfires_sc_august2020_en.pdf\"><span data-contrast=\"none\">https:\/\/joint-research-centre.ec.europa.eu\/system\/files\/2020-09\/09_pesetaiv_wildfires_sc_august2020_en.pdf<\/span><\/a><span data-contrast=\"auto\"> accessed 25.05.23).<\/span><span data-ccp-props=\"{&quot;201341983&quot;:0,&quot;335551550&quot;:6,&quot;335551620&quot;:6,&quot;335559685&quot;:709,&quot;335559739&quot;:0,&quot;335559740&quot;:240}\">\u00a0<\/span><\/p><p><span data-contrast=\"none\">European Commission web page on Climate Action \u2018<\/span><i><span data-contrast=\"none\">Causes of climate change<\/span><\/i><i><span data-contrast=\"none\">\u2019<\/span><\/i><span data-contrast=\"none\">. <\/span><a href=\"https:\/\/climate.ec.europa.eu\/climate-change\/causes-climate-change_en\"><span data-contrast=\"none\">https:\/\/climate.ec.europa.eu\/climate-change\/causes-climate-change_en<\/span><\/a><span data-contrast=\"none\">\u00a0<\/span><span data-ccp-props=\"{&quot;201341983&quot;:0,&quot;335551550&quot;:6,&quot;335551620&quot;:6,&quot;335559685&quot;:709,&quot;335559739&quot;:0,&quot;335559740&quot;:240,&quot;335559991&quot;:709}\">\u00a0<\/span><\/p><p><span data-contrast=\"none\">(accessed 18.05.23)<\/span><span data-ccp-props=\"{&quot;201341983&quot;:0,&quot;335551550&quot;:6,&quot;335551620&quot;:6,&quot;335559685&quot;:709,&quot;335559739&quot;:0,&quot;335559740&quot;:240,&quot;335559991&quot;:709}\">\u00a0<\/span><\/p><p aria-level=\"1\"><span data-contrast=\"none\">German Federal Ministry for Economic Cooperation and Development web page on <\/span><span data-contrast=\"none\">Climate Change And Development<\/span><span data-contrast=\"none\"> (<\/span><span data-contrast=\"none\">14\/10\/2022<\/span><span data-contrast=\"none\">): <\/span><b><i><span data-contrast=\"none\">Analysing and managing climate risks<\/span><\/i><\/b><b><i><span data-contrast=\"none\">.<\/span><\/i><\/b><span data-contrast=\"none\">. <\/span><a href=\"https:\/\/www.bmz.de\/en\/issues\/climate-change-and-development\/climate-risk-management\"><i><span data-contrast=\"none\">https:\/\/www.bmz.de\/en\/issues\/climate-change-and-development\/climate-risk-management<\/span><\/i><\/a><span data-ccp-props=\"{&quot;134245418&quot;:true,&quot;134245529&quot;:true,&quot;201341983&quot;:2,&quot;335551550&quot;:6,&quot;335551620&quot;:6,&quot;335559685&quot;:709,&quot;335559738&quot;:0,&quot;335559739&quot;:0,&quot;335559740&quot;:288,&quot;335559991&quot;:709}\">\u00a0<\/span><\/p><p><span data-contrast=\"none\">(accessed 31.05.23)<\/span><span data-ccp-props=\"{&quot;201341983&quot;:0,&quot;335551550&quot;:6,&quot;335551620&quot;:6,&quot;335559685&quot;:709,&quot;335559739&quot;:0,&quot;335559740&quot;:240}\">\u00a0<\/span><\/p><p><span data-contrast=\"none\">GISGeography webpage: <\/span><span data-contrast=\"none\">10 Climate Change Maps \u2013 The Climate Explained<\/span><span data-contrast=\"none\">. <\/span><span data-contrast=\"none\">August 15, 2022<\/span><span data-contrast=\"none\">.<\/span><span data-ccp-props=\"{&quot;201341983&quot;:0,&quot;335551550&quot;:6,&quot;335551620&quot;:6,&quot;335559685&quot;:709,&quot;335559739&quot;:0,&quot;335559740&quot;:240,&quot;335559991&quot;:709}\">\u00a0<\/span><\/p><p><a href=\"https:\/\/gisgeography.com\/climate-change-effects-maps\/\"><span data-contrast=\"none\">https:\/\/gisgeography.com\/climate-change-effects-maps\/<\/span><\/a><span data-ccp-props=\"{&quot;201341983&quot;:0,&quot;335551550&quot;:6,&quot;335551620&quot;:6,&quot;335559685&quot;:709,&quot;335559739&quot;:0,&quot;335559740&quot;:240}\">\u00a0<\/span><\/p><p><b><span data-contrast=\"none\">IMF Blog, 2022. <\/span><\/b><i><span data-contrast=\"none\">Methane Emissions Must Fall for World to Hit Temperature Targets<\/span><\/i><span data-contrast=\"none\"> (Authors: <\/span><span data-contrast=\"auto\">Black<\/span><span data-contrast=\"none\">,<\/span><span data-contrast=\"none\"> S.,<\/span><span data-contrast=\"none\">\u202f<\/span><span data-contrast=\"auto\">Parry<\/span><span data-contrast=\"none\">,<\/span><span data-contrast=\"none\"> I., <\/span><span data-contrast=\"auto\">Vernon<\/span><span data-contrast=\"auto\">, N. Published 02. 11. 22).<\/span> <a href=\"https:\/\/www.imf.org\/en\/Blogs\/Articles\/2022\/11\/02\/methane-emissions-must-fall-for-world-to-hit-temperature-targets\"><i><span data-contrast=\"none\">https:\/\/www.imf.org\/en\/Blogs\/Articles\/2022\/11\/02\/methane-emissions-must-fall-for-world-to-hit-temperature-targets<\/span><\/i><\/a><i><span data-contrast=\"none\">. <\/span><\/i><span data-contrast=\"none\">(accessed 10.09.23).<\/span><span data-ccp-props=\"{&quot;201341983&quot;:0,&quot;335551550&quot;:6,&quot;335551620&quot;:6,&quot;335559685&quot;:709,&quot;335559739&quot;:0,&quot;335559740&quot;:240,&quot;335559991&quot;:709}\">\u00a0<\/span><\/p><p><span data-contrast=\"none\">IPCC Working Group <\/span><span data-contrast=\"none\">on Impact s Adaptation and Vulnerability (2014)<\/span><span data-ccp-props=\"{&quot;201341983&quot;:0,&quot;335551550&quot;:6,&quot;335551620&quot;:6,&quot;335559685&quot;:709,&quot;335559739&quot;:0,&quot;335559740&quot;:240,&quot;335559991&quot;:709}\">\u00a0<\/span><\/p><p><a href=\"https:\/\/www.ipcc.ch\/site\/assets\/uploads\/2018\/03\/WGIIAR5_SPM_Top_Level_Findings-1.pdf\"><span data-contrast=\"none\">https:\/\/www.ipcc.ch\/site\/assets\/uploads\/2018\/03\/WGIIAR5_SPM_Top_Level_Findings-1.pdf<\/span><\/a><span data-contrast=\"auto\"> (accessed 31.05.23)<\/span><span data-ccp-props=\"{&quot;201341983&quot;:0,&quot;335551550&quot;:6,&quot;335551620&quot;:6,&quot;335559685&quot;:709,&quot;335559739&quot;:0,&quot;335559740&quot;:240,&quot;335559991&quot;:709}\">\u00a0<\/span><\/p><p aria-level=\"1\"><b><span data-contrast=\"none\">Karmakar, Amrita, 2021. <\/span><\/b><span data-contrast=\"auto\">Future of Higher Education in Today\u2019s Context<\/span><span data-contrast=\"auto\">. Published in <\/span><i><span data-contrast=\"auto\">Linked <\/span><\/i><span data-contrast=\"auto\">April 3<\/span><span data-contrast=\"auto\">rd<\/span><span data-contrast=\"auto\">, 2021. <\/span><a href=\"https:\/\/www.linkedin.com\/pulse\/future-higher-education-todays-context-amrita-karmakar\"><span data-contrast=\"none\">https:\/\/www.linkedin.com\/pulse\/future-higher-education-todays-context-amrita-karmakar<\/span><\/a> <span data-contrast=\"none\">(accessed 10.09.23)<\/span><span data-ccp-props=\"{&quot;134245418&quot;:true,&quot;134245529&quot;:true,&quot;201341983&quot;:0,&quot;335551550&quot;:6,&quot;335551620&quot;:6,&quot;335559685&quot;:709,&quot;335559738&quot;:240,&quot;335559739&quot;:0,&quot;335559740&quot;:240,&quot;335559991&quot;:709}\">\u00a0<\/span><\/p><p><span data-contrast=\"none\">National Aeronautics and Space Administration<\/span><span data-contrast=\"none\"> (NASA). \u2018<\/span><i><span data-contrast=\"none\">Responding to Climate Change\u2019.<\/span><\/i><span data-contrast=\"none\">\u00a0<\/span> <span data-contrast=\"none\"><span class=\"TextRun Highlight SCXW24004774 BCX0\" lang=\"EN-US\" xml:lang=\"EN-US\" data-contrast=\"none\"><span class=\"NormalTextRun SCXW24004774 BCX0\">ed. <\/span><span class=\"FindHit SCXW24004774 BCX0\">Holly <\/span><span class=\"FindHit SpellingErrorV2Themed SCXW24004774 BCX0\">Shaftel<\/span><\/span><span class=\"TextRun Highlight SCXW24004774 BCX0\" lang=\"EN-US\" xml:lang=\"EN-US\" data-contrast=\"none\"><span class=\"FindHit SCXW24004774 BCX0\">,<\/span><span class=\"NormalTextRun SCXW24004774 BCX0\"> May 15, 2023<\/span><\/span>, <\/span><a href=\"https:\/\/climate.nasa.gov\/solutions\/adaptation-mitigation\/#:~:text=Mitigation%20%E2%80%93%20reducing%20climate%20change%20%E2%80%93%20involves,these%20gases%20(such%20as%20the\"><span data-contrast=\"none\">https:\/\/climate.nasa.gov\/solutions\/adaptation-mitigation\/#:~:text=Mitigation%20%E2%80%93%20reducing%20climate%20change%20%E2%80%93%20involves,these%20gases%20(such%20as%20the<\/span><\/a><\/p><p aria-level=\"1\"><span data-contrast=\"none\">National Oceanic and Atmospheric Administration<\/span><span data-contrast=\"none\">, Science and Information for a Climate-Smart Nation (Authors: <\/span><span data-contrast=\"none\">Herring<\/span><span data-contrast=\"none\">, D.\u00a0<\/span> <span data-contrast=\"none\">and Lindse<\/span><span data-contrast=\"none\">, R.).\u00a0 <\/span><i><span data-contrast=\"none\">Can we slow or even reverse global warming?<\/span><\/i><span data-contrast=\"none\"> OCTOBER 12, 2022<\/span> <b><span data-contrast=\"none\">https:\/\/www.climate.gov\/news-features\/climate-qa\/can-we-slow-or-even-reverse-global-warming#:~:text=Yes.,(%E2%80%9Cblack%20carbon%E2%80%9D).<\/span><\/b><span data-ccp-props=\"{&quot;134245418&quot;:true,&quot;134245529&quot;:true,&quot;201341983&quot;:0,&quot;335551550&quot;:6,&quot;335551620&quot;:6,&quot;335559685&quot;:709,&quot;335559738&quot;:0,&quot;335559739&quot;:0,&quot;335559740&quot;:240,&quot;335559991&quot;:709}\">\u00a0<\/span><\/p><p><span data-contrast=\"none\">(accessed 29.05.23).<\/span><span data-ccp-props=\"{&quot;201341983&quot;:0,&quot;335551550&quot;:6,&quot;335551620&quot;:6,&quot;335559685&quot;:709,&quot;335559739&quot;:0,&quot;335559740&quot;:240,&quot;335559991&quot;:709}\">\u00a0<\/span><\/p><p aria-level=\"1\"><span data-contrast=\"none\">National Oceanic and Atmospheric Administration<\/span><span data-contrast=\"none\">, Science and Information for a Climate-Smart Nation (Author: <\/span><span data-contrast=\"none\">Lindse<\/span><span data-contrast=\"none\">, R.) <\/span><i><span data-contrast=\"none\">If carbon dioxide hits a new high every year, why isn\u2019t every year hotter than the last?<\/span><\/i> <span data-contrast=\"none\">MAY 12, 2023<\/span> <a href=\"https:\/\/www.climate.gov\/news-features\/climate-qa\/if-carbon-dioxide-hits-new-high-every-year-why-isn%E2%80%99t-every-year-hotter-last\"><span data-contrast=\"none\">https:\/\/www.climate.gov\/news-features\/climate-qa\/if-carbon-dioxide-hits-new-high-every-year-why-isn\u2019t-every-year-hotter-last<\/span><\/a><span data-contrast=\"none\"> (accessed: 10.09.23)<\/span><span data-ccp-props=\"{&quot;134245418&quot;:true,&quot;134245529&quot;:true,&quot;201341983&quot;:0,&quot;335551550&quot;:6,&quot;335551620&quot;:6,&quot;335559685&quot;:709,&quot;335559738&quot;:240,&quot;335559739&quot;:0,&quot;335559740&quot;:240,&quot;335559991&quot;:709}\">\u00a0<\/span><\/p><p aria-level=\"1\"><span data-contrast=\"none\">NASA Press release, 2015. <\/span><span data-contrast=\"none\">NASA Releases Detailed Global Climate Change Projections<\/span><span data-ccp-props=\"{&quot;134245418&quot;:true,&quot;134245529&quot;:true,&quot;201341983&quot;:0,&quot;335551550&quot;:6,&quot;335551620&quot;:6,&quot;335559738&quot;:0,&quot;335559739&quot;:0,&quot;335559740&quot;:240}\">\u00a0<\/span><\/p><p><a href=\"https:\/\/www.nasa.gov\/press-release\/nasa-releases-detailed-global-climate-change-projections\"><span data-contrast=\"none\">https:\/\/www.nasa.gov\/press-release\/nasa-releases-detailed-global-climate-change-projections<\/span><\/a><span data-ccp-props=\"{&quot;134233117&quot;:false,&quot;134233118&quot;:false,&quot;201341983&quot;:2,&quot;335551550&quot;:6,&quot;335551620&quot;:6,&quot;335559738&quot;:0,&quot;335559739&quot;:0,&quot;335559740&quot;:345}\">\u00a0<\/span><\/p><p><span data-contrast=\"none\">(accessed 10.09.23)<\/span><span data-ccp-props=\"{&quot;134233117&quot;:false,&quot;134233118&quot;:false,&quot;201341983&quot;:2,&quot;335551550&quot;:6,&quot;335551620&quot;:6,&quot;335559738&quot;:0,&quot;335559739&quot;:0,&quot;335559740&quot;:345}\">\u00a0<\/span><\/p><p><b><span data-contrast=\"none\">NASA Jet Propulsion Laboratory<\/span><\/b><b><span data-contrast=\"none\">,<\/span><\/b><span data-contrast=\"none\">\u202f<\/span><a href=\"http:\/\/www.caltech.edu\/\"><span data-contrast=\"none\">California Institute of Technology<\/span><\/a><span data-contrast=\"none\">. <\/span><i><span data-contrast=\"none\">How do we predict Climate Change.<\/span><\/i> <span data-contrast=\"none\">March 31st, 2023<\/span><span data-contrast=\"none\">. <\/span><a href=\"https:\/\/climatekids.nasa.gov\/climate-model\/%22%20\/l%20%22:~:text=The%20Short%20Answer%3A,to%20influence%20a%20region's%20climate\"><span data-contrast=\"none\">https:\/\/climatekids.nasa.gov\/climate-model\/#:~:text=The%20Short%20Answer%3A,to%20influence%20a%20region&rsquo;s%20climate<\/span><\/a><span data-contrast=\"none\">.<\/span><span data-ccp-props=\"{&quot;201341983&quot;:0,&quot;335551550&quot;:6,&quot;335551620&quot;:6,&quot;335559685&quot;:709,&quot;335559739&quot;:0,&quot;335559740&quot;:240,&quot;335559991&quot;:709}\">\u00a0<\/span><\/p><p><span data-contrast=\"none\">United Nations Security Council Meeting, press release: <\/span><i><span data-contrast=\"none\">People, Countries Impacted by Climate Change Also Vulnerable to Terrorist\u202fRecruitment, Violence<\/span><\/i><span data-contrast=\"none\">.<\/span> <span data-contrast=\"none\">SC\/14728<\/span><span data-contrast=\"none\">, <\/span><span data-contrast=\"none\">9 <\/span><span data-contrast=\"none\">December <\/span><span data-contrast=\"none\">2021<\/span><span data-contrast=\"none\">.<\/span><span data-ccp-props=\"{&quot;201341983&quot;:0,&quot;335551550&quot;:6,&quot;335551620&quot;:6,&quot;335559685&quot;:709,&quot;335559739&quot;:0,&quot;335559740&quot;:240,&quot;335559991&quot;:709}\">\u00a0<\/span><\/p><p aria-level=\"1\"><a href=\"https:\/\/press.un.org\/en\/2021\/sc14728.doc.htm\"><span data-contrast=\"none\">https:\/\/press.un.org\/en\/2021\/sc14728.doc.htm<\/span><\/a> <span data-contrast=\"none\">(<\/span><span data-contrast=\"none\">accessed <\/span><span data-contrast=\"none\">23.05.23).<\/span><span data-ccp-props=\"{&quot;134245418&quot;:true,&quot;134245529&quot;:true,&quot;201341983&quot;:0,&quot;335551550&quot;:6,&quot;335551620&quot;:6,&quot;335559738&quot;:0,&quot;335559739&quot;:0,&quot;335559740&quot;:240}\">\u00a0<\/span><\/p><p><span data-contrast=\"none\">University of Calgary<\/span><span data-contrast=\"none\"> (<\/span><span data-contrast=\"none\">Canada<\/span><span data-contrast=\"none\">), Energy Education web page:\u00a0 <\/span><i><span data-contrast=\"none\">Glacial and interglacial periods<\/span><\/i><span data-ccp-props=\"{&quot;201341983&quot;:0,&quot;335551550&quot;:6,&quot;335551620&quot;:6,&quot;335559685&quot;:709,&quot;335559739&quot;:0,&quot;335559740&quot;:240,&quot;335559991&quot;:709}\">\u00a0<\/span><\/p><p><a href=\"https:\/\/energyeducation.ca\/encyclopedia\/Glacial_and_interglacial_periods\"><span data-contrast=\"none\">https:\/\/energyeducation.ca\/encyclopedia\/Glacial_and_interglacial_periods<\/span><\/a> <span data-contrast=\"none\">(<\/span><span data-contrast=\"none\">accessed <\/span><span data-contrast=\"none\">23.05.23).<\/span><span data-ccp-props=\"{&quot;201341983&quot;:0,&quot;335551550&quot;:6,&quot;335551620&quot;:6,&quot;335559685&quot;:709,&quot;335559739&quot;:0,&quot;335559740&quot;:240}\">\u00a0<\/span><\/p><p aria-level=\"2\"><span data-contrast=\"none\">United Nations web page on Climate Action: \u2018<\/span><i><span data-contrast=\"none\">The Climate Crisis \u2013 A Race We Can Win<\/span><\/i><i><span data-contrast=\"none\">\u2019<\/span><\/i><b><span data-contrast=\"none\">.<\/span><\/b><span data-ccp-props=\"{&quot;134233117&quot;:false,&quot;134233118&quot;:false,&quot;201341983&quot;:0,&quot;335551550&quot;:6,&quot;335551620&quot;:6,&quot;335559685&quot;:709,&quot;335559738&quot;:0,&quot;335559739&quot;:0,&quot;335559740&quot;:240,&quot;335559991&quot;:709}\">\u00a0<\/span><\/p><p aria-level=\"2\"><a href=\"https:\/\/www.un.org\/en\/un75\/climate-crisis-race-we-can-win\"><b><span data-contrast=\"none\">https:\/\/www.un.org\/en\/un75\/climate-crisis-race-we-can-win (<\/span><\/b><\/a><span data-contrast=\"none\">accessed 18.05.23).<\/span><span data-ccp-props=\"{&quot;134233117&quot;:false,&quot;134233118&quot;:false,&quot;201341983&quot;:0,&quot;335551550&quot;:6,&quot;335551620&quot;:6,&quot;335559685&quot;:709,&quot;335559738&quot;:0,&quot;335559739&quot;:0,&quot;335559740&quot;:240}\">\u00a0<\/span><\/p><p aria-level=\"2\"><span data-contrast=\"none\">United Nations web page on Climate Action:\u00a0 \u2018<\/span><i><span data-contrast=\"none\">Biodiversity &#8211; our strongest natural defense against climate change<\/span><\/i><i><span data-contrast=\"none\">\u2019<\/span><\/i><span data-contrast=\"none\">. <\/span><a href=\"https:\/\/www.un.org\/en\/climatechange\/science\/climate-issues\/biodiversity#:~:text=The%20risk%20of%20species%20extinction,destroy%20almost%20all%20remaining%20reefs\"><b><span data-contrast=\"none\">https:\/\/www.un.org\/en\/climatechange\/science\/climate-issues\/biodiversity#:~:text=The%20risk%20of%20species%20extinction,destroy%20almost%20all%20remaining%20reefs<\/span><\/b><\/a><span data-contrast=\"none\">.<\/span> <span data-contrast=\"none\">(accessed 22.05.23).<\/span><span data-ccp-props=\"{&quot;134233117&quot;:false,&quot;134233118&quot;:false,&quot;201341983&quot;:0,&quot;335551550&quot;:6,&quot;335551620&quot;:6,&quot;335559685&quot;:709,&quot;335559738&quot;:0,&quot;335559739&quot;:0,&quot;335559740&quot;:240,&quot;335559991&quot;:709}\">\u00a0<\/span><\/p><p aria-level=\"2\"><span data-contrast=\"none\">United Nations web page on Climate Action <\/span><i><span data-contrast=\"none\">\u2018<\/span><\/i><i><span data-contrast=\"none\">What Is Climate Change?<\/span><\/i><i><span data-contrast=\"none\">\u2019.<\/span><\/i><b><span data-contrast=\"none\">\u00a0<\/span><\/b><span data-ccp-props=\"{&quot;134233117&quot;:false,&quot;134233118&quot;:false,&quot;201341983&quot;:0,&quot;335551550&quot;:6,&quot;335551620&quot;:6,&quot;335559685&quot;:709,&quot;335559738&quot;:0,&quot;335559739&quot;:0,&quot;335559740&quot;:240,&quot;335559991&quot;:709}\">\u00a0<\/span><\/p><p aria-level=\"2\"><a href=\"https:\/\/www.un.org\/en\/climatechange\/what-is-climate-change\"><b><span data-contrast=\"none\">https:\/\/www.un.org\/en\/climatechange\/what-is-climate-change<\/span><\/b><\/a> <span data-contrast=\"none\">(accessed 18.05.23).<\/span><span data-ccp-props=\"{&quot;134233117&quot;:false,&quot;134233118&quot;:false,&quot;201341983&quot;:0,&quot;335551550&quot;:6,&quot;335551620&quot;:6,&quot;335559731&quot;:709,&quot;335559738&quot;:0,&quot;335559739&quot;:0,&quot;335559740&quot;:240}\">\u00a0<\/span><\/p><p><b><span data-contrast=\"none\">United Nations web page on <\/span><\/b><span data-contrast=\"none\">Peace, dignity and equality<\/span> <span data-contrast=\"none\">on a healthy planet<\/span><span data-contrast=\"none\">.<\/span> <i><span data-contrast=\"none\">GLOBAL ISSUES<\/span><\/i><i><span data-contrast=\"none\"> &#8211; <\/span><\/i><i><span data-contrast=\"none\">Climate Change<\/span><\/i><span data-contrast=\"none\">. <\/span><a href=\"https:\/\/www.un.org\/en\/global-issues\/climate-change\"><span data-contrast=\"none\">https:\/\/www.un.org\/en\/global-issues\/climate-change<\/span><\/a> <b><span data-contrast=\"none\">(<\/span><\/b><span data-contrast=\"none\">accessed 22.05.23).<\/span><span data-ccp-props=\"{&quot;201341983&quot;:0,&quot;335551550&quot;:6,&quot;335551620&quot;:6,&quot;335559685&quot;:709,&quot;335559739&quot;:0,&quot;335559740&quot;:240,&quot;335559991&quot;:709}\">\u00a0<\/span><\/p><p aria-level=\"3\"><span data-contrast=\"none\">United Nations\u00a0 <\/span><span data-contrast=\"none\">Climate Change Conference <\/span><span data-contrast=\"none\">2022<\/span><span data-contrast=\"none\"> (<\/span><span data-contrast=\"none\">COP 27) <\/span><i><span data-contrast=\"none\">Outcomes<\/span><\/i><i><span data-contrast=\"none\">.<\/span><\/i><span data-ccp-props=\"{&quot;134245418&quot;:true,&quot;134245529&quot;:true,&quot;201341983&quot;:0,&quot;335551550&quot;:6,&quot;335551620&quot;:6,&quot;335559738&quot;:0,&quot;335559739&quot;:0,&quot;335559740&quot;:240}\">\u00a0<\/span><\/p><p><a href=\"https:\/\/unfccc.int\/cop27\"><span data-contrast=\"none\">https:\/\/unfccc.int\/cop27<\/span><\/a><span data-ccp-props=\"{&quot;134233117&quot;:false,&quot;134233118&quot;:false,&quot;201341983&quot;:0,&quot;335551550&quot;:6,&quot;335551620&quot;:6,&quot;335559731&quot;:709,&quot;335559738&quot;:0,&quot;335559739&quot;:0,&quot;335559740&quot;:240}\">\u00a0<\/span><\/p><p><span data-contrast=\"none\">United Nations Trust Fund for Human Security web page. <\/span><i><span data-contrast=\"auto\">Human Security: Building Resilience to Climate Threats<\/span><\/i><i><span data-contrast=\"auto\">.<\/span><\/i><span data-ccp-props=\"{&quot;201341983&quot;:0,&quot;335551550&quot;:6,&quot;335551620&quot;:6,&quot;335559685&quot;:709,&quot;335559739&quot;:0,&quot;335559740&quot;:240,&quot;335559991&quot;:709}\">\u00a0<\/span><\/p><p><a href=\"https:\/\/www.un.org\/humansecurity\/wp-content\/uploads\/2017\/10\/o6.pdf\"><span data-contrast=\"none\">https:\/\/www.un.org\/humansecurity\/wp-content\/uploads\/2017\/10\/o6.pdf<\/span><\/a><span data-ccp-props=\"{&quot;201341983&quot;:0,&quot;335551550&quot;:6,&quot;335551620&quot;:6,&quot;335559685&quot;:709,&quot;335559739&quot;:0,&quot;335559740&quot;:240}\">\u00a0<\/span><\/p><p><span data-contrast=\"none\">(<\/span><span data-contrast=\"none\">accessed 22.05.23).<\/span><span data-ccp-props=\"{&quot;201341983&quot;:0,&quot;335551550&quot;:6,&quot;335551620&quot;:6,&quot;335559685&quot;:709,&quot;335559739&quot;:0,&quot;335559740&quot;:240}\">\u00a0<\/span><\/p><p aria-level=\"1\"><span data-contrast=\"none\">U<\/span><span data-contrast=\"none\">nited <\/span><span data-contrast=\"none\">S<\/span><span data-contrast=\"none\">tates <\/span><span data-contrast=\"none\">Environmental Protection Agency<\/span><span data-contrast=\"none\">.<\/span> <span data-contrast=\"none\">Climate Change Science<\/span><span data-contrast=\"none\">: <\/span><i><span data-contrast=\"none\">Future of Climate Change<\/span><\/i><i><span data-contrast=\"none\">. <\/span><\/i><a href=\"https:\/\/climatechange.chicago.gov\/climate-change-science\/future-climate-change%22%20\/l%20%22Ice\"><span data-contrast=\"none\">https:\/\/climatechange.chicago.gov\/climate-change-science\/future-climate-change#Ice<\/span><\/a> <span data-contrast=\"none\">(accessed 27.05.23)<\/span><span data-ccp-props=\"{&quot;134245418&quot;:true,&quot;134245529&quot;:true,&quot;201341983&quot;:0,&quot;335551550&quot;:6,&quot;335551620&quot;:6,&quot;335559685&quot;:709,&quot;335559738&quot;:0,&quot;335559739&quot;:0,&quot;335559740&quot;:240,&quot;335559991&quot;:709}\">\u00a0<\/span><\/p><p><span data-contrast=\"none\">U<\/span><span data-contrast=\"none\">nited <\/span><span data-contrast=\"none\">S<\/span><span data-contrast=\"none\">tates <\/span><span data-contrast=\"none\">Environmental Protection Agency<\/span><span data-contrast=\"none\">.<\/span> <span data-contrast=\"none\">Climate Change Indicators: <\/span><i><span data-contrast=\"none\">Wildfires<\/span><\/i><i><span data-contrast=\"none\">. <\/span><\/i><span data-contrast=\"none\">March <\/span><span data-contrast=\"none\">21, 2023<\/span><span data-contrast=\"none\">. <\/span><a href=\"https:\/\/www.epa.gov\/climate-indicators\/climate-change-indicators-wildfires%22%20\/l%20%22:~:text=Multiple%20studies%20have%20found%20that,wildfire%20frequency%2C%20and%20burned%20area.&amp;text=The%20wildfire%20season%20has%20lengthened,and%20drier%20soils%20and%20vegetation\"><span data-contrast=\"none\">https:\/\/www.epa.gov\/climate-indicators\/climate-change-indicators-wildfires#:~:text=Multiple%20studies%20have%20found%20that,wildfire%20frequency%2C%20and%20burned%20area.&amp;text=The%20wildfire%20season%20has%20lengthened,and%20drier%20soils%20and%20vegetation<\/span><\/a> <span data-contrast=\"none\">(<\/span><span data-contrast=\"none\">accessed <\/span><span data-contrast=\"none\">18.05.23).<\/span><span data-ccp-props=\"{&quot;201341983&quot;:0,&quot;335551550&quot;:6,&quot;335551620&quot;:6,&quot;335559685&quot;:720,&quot;335559739&quot;:0,&quot;335559740&quot;:240,&quot;335559991&quot;:720}\">\u00a0<\/span><\/p><p aria-level=\"1\"><span data-contrast=\"none\">U<\/span><span data-contrast=\"none\">nited <\/span><span data-contrast=\"none\">S<\/span><span data-contrast=\"none\">tates <\/span><span data-contrast=\"none\">Environmental Protection Agency<\/span><span data-contrast=\"none\">.<\/span> <span data-contrast=\"none\">Climate Change Science<\/span><span data-contrast=\"none\">:<\/span><i><span data-contrast=\"none\"> \u2018<\/span><\/i><i><span data-contrast=\"none\">Causes of Climate Change<\/span><\/i><i><span data-contrast=\"none\">\u2019<\/span><\/i><span data-contrast=\"none\">, A<\/span><span data-contrast=\"none\">pril <\/span><span data-contrast=\"none\">25, 2023<\/span><span data-contrast=\"none\">.\u00a0<\/span><span data-ccp-props=\"{&quot;134245418&quot;:true,&quot;134245529&quot;:true,&quot;201341983&quot;:0,&quot;335551550&quot;:6,&quot;335551620&quot;:6,&quot;335559685&quot;:709,&quot;335559738&quot;:0,&quot;335559739&quot;:0,&quot;335559740&quot;:240,&quot;335559991&quot;:709}\">\u00a0<\/span><\/p><p><a href=\"https:\/\/www.epa.gov\/climatechange-science\/causes-climate-change#:~:text=Since%20the%20Industrial%20Revolution%2C%20human,also%20affect%20the%20earth's%20climate\"><span data-contrast=\"none\">https:\/\/www.epa.gov\/climatechange-science\/causes-climate-change &#8211; :~:text=Since the Industrial Revolution, human,also affect the earth&rsquo;s climate<\/span><\/a><span data-contrast=\"auto\">\u00a0 <\/span><span data-contrast=\"none\">(<\/span><span data-contrast=\"none\">accessed <\/span><span data-contrast=\"none\">18.05.23).<\/span><span data-ccp-props=\"{&quot;201341983&quot;:0,&quot;335551550&quot;:6,&quot;335551620&quot;:6,&quot;335559685&quot;:709,&quot;335559739&quot;:0,&quot;335559740&quot;:240}\">\u00a0<\/span><\/p><p aria-level=\"1\"><span data-contrast=\"none\">University Corporation for Atmospheric Research<\/span><span data-contrast=\"none\"> (UCAR), Centre for Science Education. <\/span><i><span data-contrast=\"none\">Predictions of Future Global Climate<\/span><\/i><i><span data-contrast=\"none\">. <\/span><\/i><a href=\"https:\/\/scied.ucar.edu\/learning-zone\/climate-change-impacts\/predictions-future-global-climate\"><span data-contrast=\"none\">https:\/\/scied.ucar.edu\/learning-zone\/climate-change-impacts\/predictions-future-global-climate<\/span><\/a><span data-contrast=\"none\"> (accessed 30.05.23)<\/span><span data-ccp-props=\"{&quot;134245418&quot;:true,&quot;134245529&quot;:true,&quot;201341983&quot;:0,&quot;335551550&quot;:6,&quot;335551620&quot;:6,&quot;335559685&quot;:709,&quot;335559738&quot;:0,&quot;335559739&quot;:0,&quot;335559740&quot;:240,&quot;335559991&quot;:709}\">\u00a0<\/span><\/p><p><span data-contrast=\"none\">Climate Change Committee (UK) web site: What are\u00a0 the Climate Change Risks.<\/span><span data-ccp-props=\"{&quot;201341983&quot;:0,&quot;335551550&quot;:6,&quot;335551620&quot;:6,&quot;335559685&quot;:360,&quot;335559739&quot;:0,&quot;335559740&quot;:240,&quot;335559991&quot;:360}\">\u00a0<\/span><\/p><p><a href=\"https:\/\/www.theccc.org.uk\/what-is-climate-change\/what-are-the-risks\/\"><span data-contrast=\"none\">https:\/\/www.theccc.org.uk\/what-is-climate-change\/what-are-the-risks\/<\/span><\/a><span data-ccp-props=\"{&quot;201341983&quot;:0,&quot;335551550&quot;:6,&quot;335551620&quot;:6,&quot;335559685&quot;:720,&quot;335559739&quot;:0,&quot;335559740&quot;:240}\">\u00a0<\/span><\/p><p><span data-contrast=\"none\">(accessed 31.05.23)<\/span><span data-ccp-props=\"{&quot;201341983&quot;:0,&quot;335551550&quot;:6,&quot;335551620&quot;:6,&quot;335559685&quot;:720,&quot;335559739&quot;:0,&quot;335559740&quot;:240}\">\u00a0<\/span><\/p><p><span data-contrast=\"none\">World Meteorological Organisation Press release (<\/span><span data-contrast=\"none\">17052023<\/span><span data-contrast=\"none\">)<\/span><i><span data-contrast=\"none\">. \u2018<\/span><\/i><i><span data-contrast=\"none\">Global temperatures set to reach new records in next five years<\/span><\/i><i><span data-contrast=\"none\">\u2019<\/span><\/i><span data-contrast=\"none\">. <\/span><span data-contrast=\"none\">17 May 2023<\/span><span data-contrast=\"none\">.<\/span><span data-ccp-props=\"{&quot;201341983&quot;:0,&quot;335551550&quot;:6,&quot;335551620&quot;:6,&quot;335559685&quot;:709,&quot;335559739&quot;:0,&quot;335559740&quot;:240,&quot;335559991&quot;:709}\">\u00a0<\/span><\/p><p><a href=\"https:\/\/public.wmo.int\/en\/media\/press-release\/global-temperatures-set-reach-new-records-next-five-years\"><i><span data-contrast=\"none\">https:\/\/public.wmo.int\/en\/media\/press-release\/global-temperatures-set-reach-new-records-next-five-years<\/span><\/i><\/a><span data-ccp-props=\"{&quot;201341983&quot;:0,&quot;335551550&quot;:6,&quot;335551620&quot;:6,&quot;335559685&quot;:709,&quot;335559739&quot;:0,&quot;335559740&quot;:240}\">\u00a0<\/span><\/p><p><span data-contrast=\"none\">World Meteorological Organisation Press release (<\/span><span data-contrast=\"none\">03052023<\/span><span data-contrast=\"none\">). \u2018<\/span><span data-contrast=\"none\">Prepare for El Ni\u00f1o<\/span><span data-contrast=\"none\">\u2019. <\/span><span data-contrast=\"none\">3 May 2023<\/span><span data-contrast=\"none\">. <\/span><a href=\"https:\/\/public.wmo.int\/en\/media\/press-release\/wmo-update-prepare-el-ni%C3%B1o\"><span data-contrast=\"none\">https:\/\/public.wmo.int\/en\/media\/press-release\/wmo-update-prepare-el-ni%C3%B1o<\/span><\/a><span data-contrast=\"none\"> (accessed 19.05.23).<\/span><span data-ccp-props=\"{&quot;201341983&quot;:0,&quot;335551550&quot;:6,&quot;335551620&quot;:6,&quot;335559685&quot;:709,&quot;335559739&quot;:0,&quot;335559740&quot;:240,&quot;335559991&quot;:709}\">\u00a0<\/span><\/p><p><span data-contrast=\"none\">World Meteorological Organisation Press release (<\/span><span data-contrast=\"none\">17052023<\/span><span data-contrast=\"none\">). <\/span><b><i><span data-contrast=\"none\">Global temperatures set to reach new records in next five years<\/span><\/i><\/b><b><span data-contrast=\"none\">. <\/span><\/b><span data-contrast=\"none\">17 May 2023<\/span><span data-contrast=\"none\">. <\/span><a href=\"https:\/\/public.wmo.int\/en\/media\/press-release\/global-temperatures-set-reach-new-records-next-five-years\"><span data-contrast=\"none\">https:\/\/public.wmo.int\/en\/media\/press-release\/global-temperatures-set-reach-new-records-next-five-years<\/span><\/a><span data-contrast=\"none\">. <\/span><span data-contrast=\"none\">(accessed 25.05.23).<\/span><span data-ccp-props=\"{&quot;201341983&quot;:0,&quot;335551550&quot;:6,&quot;335551620&quot;:6,&quot;335559685&quot;:709,&quot;335559739&quot;:0,&quot;335559740&quot;:240,&quot;335559991&quot;:709}\">\u00a0<\/span><\/p><p><span data-contrast=\"none\">W<\/span><span data-contrast=\"none\">orld <\/span><span data-contrast=\"none\">H<\/span><span data-contrast=\"none\">ealth <\/span><span data-contrast=\"none\">O<\/span><span data-contrast=\"none\">rganisation <\/span><span data-contrast=\"none\">\/<\/span> <span data-contrast=\"none\">Europe<\/span><span data-contrast=\"none\"> Newsletter: \u2018<\/span><i><span data-contrast=\"none\">Climate change is already killing us, but strong action now can prevent more deaths<\/span><\/i><span data-contrast=\"none\">\u2019. <\/span><span data-contrast=\"none\">November 2022<\/span><span data-contrast=\"none\">. <\/span><a href=\"https:\/\/www.who.int\/europe\/news\/item\/07-11-2022-statement---climate-change-is-already-killing-us--but-strong-action-now-can-prevent-more-deaths\"><span data-contrast=\"none\">https:\/\/www.who.int\/europe\/news\/item\/07-11-2022-statement&#8212;climate-change-is-already-killing-us&#8211;but-strong-action-now-can-prevent-more-deaths<\/span><\/a><span data-contrast=\"none\">\u00a0<\/span><span data-ccp-props=\"{&quot;201341983&quot;:0,&quot;335551550&quot;:6,&quot;335551620&quot;:6,&quot;335559685&quot;:709,&quot;335559739&quot;:0,&quot;335559740&quot;:240,&quot;335559991&quot;:709}\">\u00a0<br \/><\/span><span data-contrast=\"none\">(accessed 24.05.23).<\/span><span data-ccp-props=\"{&quot;201341983&quot;:0,&quot;335551550&quot;:6,&quot;335551620&quot;:6,&quot;335559685&quot;:709,&quot;335559739&quot;:0,&quot;335559740&quot;:240,&quot;335559991&quot;:709}\">\u00a0<\/span><\/p><p><span data-contrast=\"none\">W<\/span><span data-contrast=\"none\">orld <\/span><span data-contrast=\"none\">H<\/span><span data-contrast=\"none\">ealth <\/span><span data-contrast=\"none\">O<\/span><span data-contrast=\"none\">rganisation Newsletter. <\/span><i><span data-contrast=\"none\">Climate change and health<\/span><\/i><span data-contrast=\"none\">. <\/span><span data-contrast=\"none\">30 October 2021<\/span><span data-contrast=\"none\">.<\/span><span data-ccp-props=\"{&quot;201341983&quot;:0,&quot;335551550&quot;:6,&quot;335551620&quot;:6,&quot;335559685&quot;:709,&quot;335559739&quot;:0,&quot;335559740&quot;:240,&quot;335559991&quot;:709}\">\u00a0<\/span><\/p><p><a href=\"https:\/\/www.who.int\/news-room\/fact-sheets\/detail\/climate-change-and-health\"><span data-contrast=\"none\">https:\/\/www.who.int\/news-room\/fact-sheets\/detail\/climate-change-and-health<\/span><\/a><span data-ccp-props=\"{&quot;201341983&quot;:0,&quot;335551550&quot;:6,&quot;335551620&quot;:6,&quot;335559685&quot;:709,&quot;335559739&quot;:0,&quot;335559740&quot;:240}\">\u00a0<br \/><\/span><span data-contrast=\"none\">(accessed 27.05.23)<\/span><span data-ccp-props=\"{&quot;201341983&quot;:0,&quot;335551550&quot;:6,&quot;335551620&quot;:6,&quot;335559685&quot;:709,&quot;335559739&quot;:0,&quot;335559740&quot;:240}\">\u00a0<\/span><\/p><\/div>\n\t\t\t\t<\/div>\n\t\t\t\t\t\t\t\t<\/div>\n\t\t\t\t<\/div>\n\t\t\t\t<\/div>\n\t\t\t\t\t\t<\/div>\n\t\t\t\t\t<\/div>\n\t\t<\/div>\n\t\t\t\t\t\t\t\t<\/div>\n\t\t\t\t\t<\/div>\n\t\t<\/section>\n\t\t\t\t\t\t\t\t\t<\/div>\n\t\t\t<\/div>\n\t\t\t\t\t<\/div>\n\t\t","protected":false},"excerpt":{"rendered":"<p>Vulnerabilit\u00e0 Crise Climatique Prepared by Prof. Anthony Micallef &amp; the Editorial Board La crise climatique Le ph\u00e9nom\u00e8ne du changement climatique peut \u00eatre d\u00e9fini comme \u00ab\u00a0une variation significative des conditions m\u00e9t\u00e9orologiques moyennes sur plusieurs d\u00e9cennies ou plus\u00ab\u00a0. Toutefois, ces changements climatiques peuvent \u00eatre consid\u00e9r\u00e9s comme ayant deux composantes, \u00e0 savoir les changements climatiques d&rsquo;origine humaine et [&hellip;]<\/p>\n","protected":false},"author":1,"featured_media":0,"parent":12608,"menu_order":0,"comment_status":"closed","ping_status":"closed","template":"","meta":{"_acf_changed":false,"footnotes":""},"acf":[],"yoast_head":"<!-- This site is optimized with the Yoast SEO plugin v22.1 - https:\/\/yoast.com\/wordpress\/plugins\/seo\/ -->\n<title>CRISE CLIMATIQUE - BeSafeNet<\/title>\n<meta name=\"robots\" content=\"index, follow, max-snippet:-1, max-image-preview:large, max-video-preview:-1\" \/>\n<link rel=\"canonical\" href=\"https:\/\/besafenet.net\/fr\/vulnerability\/crise-climatique\/\" \/>\n<meta property=\"og:locale\" content=\"fr_FR\" \/>\n<meta property=\"og:type\" content=\"article\" \/>\n<meta property=\"og:title\" content=\"CRISE CLIMATIQUE - BeSafeNet\" \/>\n<meta property=\"og:description\" content=\"Vulnerabilit\u00e0 Crise Climatique Prepared by Prof. Anthony Micallef &amp; the Editorial Board La crise climatique Le ph\u00e9nom\u00e8ne du changement climatique peut \u00eatre d\u00e9fini comme \u00ab\u00a0une variation significative des conditions m\u00e9t\u00e9orologiques moyennes sur plusieurs d\u00e9cennies ou plus\u00ab\u00a0. Toutefois, ces changements climatiques peuvent \u00eatre consid\u00e9r\u00e9s comme ayant deux composantes, \u00e0 savoir les changements climatiques d&rsquo;origine humaine et [&hellip;]\" \/>\n<meta property=\"og:url\" content=\"https:\/\/besafenet.net\/fr\/vulnerability\/crise-climatique\/\" \/>\n<meta property=\"og:site_name\" content=\"BeSafeNet\" \/>\n<meta property=\"article:modified_time\" content=\"2023-11-16T06:59:56+00:00\" \/>\n<meta property=\"og:image\" content=\"https:\/\/besafenet.net\/wp-content\/uploads\/2023\/07\/Delfoi_04.jpg\" \/>\n<meta name=\"twitter:card\" content=\"summary_large_image\" \/>\n<meta name=\"twitter:label1\" content=\"Est. reading time\" \/>\n\t<meta name=\"twitter:data1\" content=\"125 minutes\" \/>\n<script type=\"application\/ld+json\" class=\"yoast-schema-graph\">{\"@context\":\"https:\/\/schema.org\",\"@graph\":[{\"@type\":\"WebPage\",\"@id\":\"https:\/\/besafenet.net\/fr\/vulnerability\/crise-climatique\/\",\"url\":\"https:\/\/besafenet.net\/fr\/vulnerability\/crise-climatique\/\",\"name\":\"CRISE CLIMATIQUE - BeSafeNet\",\"isPartOf\":{\"@id\":\"https:\/\/besafenet.net\/#website\"},\"datePublished\":\"2023-10-25T12:33:40+00:00\",\"dateModified\":\"2023-11-16T06:59:56+00:00\",\"breadcrumb\":{\"@id\":\"https:\/\/besafenet.net\/fr\/vulnerability\/crise-climatique\/#breadcrumb\"},\"inLanguage\":\"fr-FR\",\"potentialAction\":[{\"@type\":\"ReadAction\",\"target\":[\"https:\/\/besafenet.net\/fr\/vulnerability\/crise-climatique\/\"]}]},{\"@type\":\"BreadcrumbList\",\"@id\":\"https:\/\/besafenet.net\/fr\/vulnerability\/crise-climatique\/#breadcrumb\",\"itemListElement\":[{\"@type\":\"ListItem\",\"position\":1,\"name\":\"Home\",\"item\":\"https:\/\/besafenet.net\/el\/\"},{\"@type\":\"ListItem\",\"position\":2,\"name\":\"Vulnerabilit\u00e9\",\"item\":\"https:\/\/besafenet.net\/fr\/vulnerability\/\"},{\"@type\":\"ListItem\",\"position\":3,\"name\":\"CRISE CLIMATIQUE\"}]},{\"@type\":\"WebSite\",\"@id\":\"https:\/\/besafenet.net\/#website\",\"url\":\"https:\/\/besafenet.net\/\",\"name\":\"BeSafeNet\",\"description\":\"\",\"publisher\":{\"@id\":\"https:\/\/besafenet.net\/#organization\"},\"potentialAction\":[{\"@type\":\"SearchAction\",\"target\":{\"@type\":\"EntryPoint\",\"urlTemplate\":\"https:\/\/besafenet.net\/?s={search_term_string}\"},\"query-input\":\"required name=search_term_string\"}],\"inLanguage\":\"fr-FR\"},{\"@type\":\"Organization\",\"@id\":\"https:\/\/besafenet.net\/#organization\",\"name\":\"BeSafeNet\",\"url\":\"https:\/\/besafenet.net\/\",\"logo\":{\"@type\":\"ImageObject\",\"inLanguage\":\"fr-FR\",\"@id\":\"https:\/\/besafenet.net\/#\/schema\/logo\/image\/\",\"url\":\"https:\/\/besafenet.net\/wp-content\/uploads\/2020\/11\/besafe-logo.svg\",\"contentUrl\":\"https:\/\/besafenet.net\/wp-content\/uploads\/2020\/11\/besafe-logo.svg\",\"width\":1,\"height\":1,\"caption\":\"BeSafeNet\"},\"image\":{\"@id\":\"https:\/\/besafenet.net\/#\/schema\/logo\/image\/\"}}]}<\/script>\n<!-- \/ Yoast SEO plugin. -->","yoast_head_json":{"title":"CRISE CLIMATIQUE - BeSafeNet","robots":{"index":"index","follow":"follow","max-snippet":"max-snippet:-1","max-image-preview":"max-image-preview:large","max-video-preview":"max-video-preview:-1"},"canonical":"https:\/\/besafenet.net\/fr\/vulnerability\/crise-climatique\/","og_locale":"fr_FR","og_type":"article","og_title":"CRISE CLIMATIQUE - BeSafeNet","og_description":"Vulnerabilit\u00e0 Crise Climatique Prepared by Prof. Anthony Micallef &amp; the Editorial Board La crise climatique Le ph\u00e9nom\u00e8ne du changement climatique peut \u00eatre d\u00e9fini comme \u00ab\u00a0une variation significative des conditions m\u00e9t\u00e9orologiques moyennes sur plusieurs d\u00e9cennies ou plus\u00ab\u00a0. Toutefois, ces changements climatiques peuvent \u00eatre consid\u00e9r\u00e9s comme ayant deux composantes, \u00e0 savoir les changements climatiques d&rsquo;origine humaine et [&hellip;]","og_url":"https:\/\/besafenet.net\/fr\/vulnerability\/crise-climatique\/","og_site_name":"BeSafeNet","article_modified_time":"2023-11-16T06:59:56+00:00","og_image":[{"url":"https:\/\/besafenet.net\/wp-content\/uploads\/2023\/07\/Delfoi_04.jpg"}],"twitter_card":"summary_large_image","twitter_misc":{"Est. reading time":"125 minutes"},"schema":{"@context":"https:\/\/schema.org","@graph":[{"@type":"WebPage","@id":"https:\/\/besafenet.net\/fr\/vulnerability\/crise-climatique\/","url":"https:\/\/besafenet.net\/fr\/vulnerability\/crise-climatique\/","name":"CRISE CLIMATIQUE - BeSafeNet","isPartOf":{"@id":"https:\/\/besafenet.net\/#website"},"datePublished":"2023-10-25T12:33:40+00:00","dateModified":"2023-11-16T06:59:56+00:00","breadcrumb":{"@id":"https:\/\/besafenet.net\/fr\/vulnerability\/crise-climatique\/#breadcrumb"},"inLanguage":"fr-FR","potentialAction":[{"@type":"ReadAction","target":["https:\/\/besafenet.net\/fr\/vulnerability\/crise-climatique\/"]}]},{"@type":"BreadcrumbList","@id":"https:\/\/besafenet.net\/fr\/vulnerability\/crise-climatique\/#breadcrumb","itemListElement":[{"@type":"ListItem","position":1,"name":"Home","item":"https:\/\/besafenet.net\/el\/"},{"@type":"ListItem","position":2,"name":"Vulnerabilit\u00e9","item":"https:\/\/besafenet.net\/fr\/vulnerability\/"},{"@type":"ListItem","position":3,"name":"CRISE CLIMATIQUE"}]},{"@type":"WebSite","@id":"https:\/\/besafenet.net\/#website","url":"https:\/\/besafenet.net\/","name":"BeSafeNet","description":"","publisher":{"@id":"https:\/\/besafenet.net\/#organization"},"potentialAction":[{"@type":"SearchAction","target":{"@type":"EntryPoint","urlTemplate":"https:\/\/besafenet.net\/?s={search_term_string}"},"query-input":"required name=search_term_string"}],"inLanguage":"fr-FR"},{"@type":"Organization","@id":"https:\/\/besafenet.net\/#organization","name":"BeSafeNet","url":"https:\/\/besafenet.net\/","logo":{"@type":"ImageObject","inLanguage":"fr-FR","@id":"https:\/\/besafenet.net\/#\/schema\/logo\/image\/","url":"https:\/\/besafenet.net\/wp-content\/uploads\/2020\/11\/besafe-logo.svg","contentUrl":"https:\/\/besafenet.net\/wp-content\/uploads\/2020\/11\/besafe-logo.svg","width":1,"height":1,"caption":"BeSafeNet"},"image":{"@id":"https:\/\/besafenet.net\/#\/schema\/logo\/image\/"}}]}},"_links":{"self":[{"href":"https:\/\/besafenet.net\/fr\/wp-json\/wp\/v2\/pages\/14283"}],"collection":[{"href":"https:\/\/besafenet.net\/fr\/wp-json\/wp\/v2\/pages"}],"about":[{"href":"https:\/\/besafenet.net\/fr\/wp-json\/wp\/v2\/types\/page"}],"author":[{"embeddable":true,"href":"https:\/\/besafenet.net\/fr\/wp-json\/wp\/v2\/users\/1"}],"replies":[{"embeddable":true,"href":"https:\/\/besafenet.net\/fr\/wp-json\/wp\/v2\/comments?post=14283"}],"version-history":[{"count":48,"href":"https:\/\/besafenet.net\/fr\/wp-json\/wp\/v2\/pages\/14283\/revisions"}],"predecessor-version":[{"id":14792,"href":"https:\/\/besafenet.net\/fr\/wp-json\/wp\/v2\/pages\/14283\/revisions\/14792"}],"up":[{"embeddable":true,"href":"https:\/\/besafenet.net\/fr\/wp-json\/wp\/v2\/pages\/12608"}],"wp:attachment":[{"href":"https:\/\/besafenet.net\/fr\/wp-json\/wp\/v2\/media?parent=14283"}],"curies":[{"name":"wp","href":"https:\/\/api.w.org\/{rel}","templated":true}]}}