{"id":14309,"date":"2023-10-26T09:47:10","date_gmt":"2023-10-26T08:47:10","guid":{"rendered":"https:\/\/besafenet.net\/vulnerability\/crisi-climatica\/"},"modified":"2023-11-15T14:06:48","modified_gmt":"2023-11-15T13:06:48","slug":"crisi-climatica","status":"publish","type":"page","link":"https:\/\/besafenet.net\/it\/vulnerability\/crisi-climatica\/","title":{"rendered":"CRISI CLIMATICA"},"content":{"rendered":"\t\t<div data-elementor-type=\"wp-page\" data-elementor-id=\"14309\" class=\"elementor elementor-14309 elementor-14083\">\n\t\t\t\t\t\t<div class=\"elementor-inner\">\n\t\t\t\t<div class=\"elementor-section-wrap\">\n\t\t\t\t\t\t\t\t\t<section class=\"has_eae_slider elementor-section elementor-top-section elementor-element elementor-element-4c9d767 heading-section elementor-section-boxed elementor-section-height-default elementor-section-height-default\" data-id=\"4c9d767\" data-element_type=\"section\" data-settings=\"{&quot;background_background&quot;:&quot;classic&quot;}\">\n\t\t\t\t\t\t<div class=\"elementor-container elementor-column-gap-default\">\n\t\t\t\t\t\t\t<div class=\"elementor-row\">\n\t\t\t\t\t<div class=\"has_eae_slider elementor-column elementor-col-50 elementor-top-column elementor-element elementor-element-a97712b\" data-id=\"a97712b\" data-element_type=\"column\">\n\t\t\t<div class=\"elementor-column-wrap elementor-element-populated\">\n\t\t\t\t\t\t\t<div class=\"elementor-widget-wrap\">\n\t\t\t\t\t\t<div class=\"elementor-element elementor-element-4021034 elementor-widget elementor-widget-heading\" data-id=\"4021034\" data-element_type=\"widget\" data-widget_type=\"heading.default\">\n\t\t\t\t<div class=\"elementor-widget-container\">\n\t\t\t<h2 class=\"elementor-heading-title elementor-size-default\">Vuln\u00e9rabilit\u00e9<\/h2>\t\t<\/div>\n\t\t\t\t<\/div>\n\t\t\t\t<div class=\"elementor-element elementor-element-d566587 elementor-widget elementor-widget-heading\" data-id=\"d566587\" data-element_type=\"widget\" data-widget_type=\"heading.default\">\n\t\t\t\t<div class=\"elementor-widget-container\">\n\t\t\t<h1 class=\"elementor-heading-title elementor-size-default\">Crisi Climatica<\/h1>\t\t<\/div>\n\t\t\t\t<\/div>\n\t\t\t\t\t\t<\/div>\n\t\t\t\t\t<\/div>\n\t\t<\/div>\n\t\t\t\t<div class=\"has_eae_slider elementor-column elementor-col-50 elementor-top-column elementor-element elementor-element-521a1b8\" data-id=\"521a1b8\" data-element_type=\"column\">\n\t\t\t<div class=\"elementor-column-wrap elementor-element-populated\">\n\t\t\t\t\t\t\t<div class=\"elementor-widget-wrap\">\n\t\t\t\t\t\t<div class=\"elementor-element elementor-element-12ebe32 elementor-widget-divider--view-line elementor-widget elementor-widget-divider\" data-id=\"12ebe32\" data-element_type=\"widget\" data-widget_type=\"divider.default\">\n\t\t\t\t<div class=\"elementor-widget-container\">\n\t\t\t\t\t<div class=\"elementor-divider\">\n\t\t\t<span class=\"elementor-divider-separator\">\n\t\t\t\t\t\t<\/span>\n\t\t<\/div>\n\t\t\t\t<\/div>\n\t\t\t\t<\/div>\n\t\t\t\t<div class=\"elementor-element elementor-element-88bd7b9 small-txt elementor-widget elementor-widget-text-editor\" data-id=\"88bd7b9\" data-element_type=\"widget\" data-widget_type=\"text-editor.default\">\n\t\t\t\t<div class=\"elementor-widget-container\">\n\t\t\t\t\t\t\t\t<div class=\"elementor-text-editor elementor-clearfix\">\n\t\t\t\t<h6>Prepared by Prof. Anthony Micallef &amp; the Editorial Board<\/h6>\t\t\t\t\t<\/div>\n\t\t\t\t\t\t<\/div>\n\t\t\t\t<\/div>\n\t\t\t\t<div class=\"elementor-element elementor-element-bb52964 elementor-widget-divider--view-line elementor-widget elementor-widget-divider\" data-id=\"bb52964\" data-element_type=\"widget\" data-widget_type=\"divider.default\">\n\t\t\t\t<div class=\"elementor-widget-container\">\n\t\t\t\t\t<div class=\"elementor-divider\">\n\t\t\t<span class=\"elementor-divider-separator\">\n\t\t\t\t\t\t<\/span>\n\t\t<\/div>\n\t\t\t\t<\/div>\n\t\t\t\t<\/div>\n\t\t\t\t\t\t<\/div>\n\t\t\t\t\t<\/div>\n\t\t<\/div>\n\t\t\t\t\t\t\t\t<\/div>\n\t\t\t\t\t<\/div>\n\t\t<\/section>\n\t\t\t\t<section class=\"has_eae_slider elementor-section elementor-top-section elementor-element elementor-element-6dbba1e elementor-section-full_width elementor-section-height-min-height elementor-section-height-default elementor-section-items-middle\" data-id=\"6dbba1e\" data-element_type=\"section\" data-settings=\"{&quot;background_background&quot;:&quot;classic&quot;}\">\n\t\t\t\t\t\t<div class=\"elementor-container elementor-column-gap-default\">\n\t\t\t\t\t\t\t<div class=\"elementor-row\">\n\t\t\t\t\t<div class=\"has_eae_slider elementor-column elementor-col-100 elementor-top-column elementor-element elementor-element-a071dd3\" data-id=\"a071dd3\" data-element_type=\"column\">\n\t\t\t<div class=\"elementor-column-wrap elementor-element-populated\">\n\t\t\t\t\t\t\t<div class=\"elementor-widget-wrap\">\n\t\t\t\t\t\t<div class=\"elementor-element elementor-element-ff70686 elementor-widget elementor-widget-image\" data-id=\"ff70686\" data-element_type=\"widget\" data-widget_type=\"image.default\">\n\t\t\t\t<div class=\"elementor-widget-container\">\n\t\t\t\t\t\t\t\t<div class=\"elementor-image\">\n\t\t\t\t\t\t\t\t\t\t\t\t<img loading=\"lazy\" decoding=\"async\" width=\"1024\" height=\"640\" src=\"https:\/\/besafenet.net\/wp-content\/uploads\/2023\/10\/shutterstock_1532836706_resize-1-1024x640.jpg\" class=\"attachment-large size-large wp-image-14391\" alt=\"\" srcset=\"https:\/\/besafenet.net\/wp-content\/uploads\/2023\/10\/shutterstock_1532836706_resize-1-1024x640.jpg 1024w, https:\/\/besafenet.net\/wp-content\/uploads\/2023\/10\/shutterstock_1532836706_resize-1-300x188.jpg 300w, https:\/\/besafenet.net\/wp-content\/uploads\/2023\/10\/shutterstock_1532836706_resize-1-150x94.jpg 150w, https:\/\/besafenet.net\/wp-content\/uploads\/2023\/10\/shutterstock_1532836706_resize-1-768x480.jpg 768w, https:\/\/besafenet.net\/wp-content\/uploads\/2023\/10\/shutterstock_1532836706_resize-1-1536x960.jpg 1536w, https:\/\/besafenet.net\/wp-content\/uploads\/2023\/10\/shutterstock_1532836706_resize-1-2048x1280.jpg 2048w\" sizes=\"(max-width: 1024px) 100vw, 1024px\" \/>\t\t\t\t\t\t\t\t\t\t\t\t\t\t<\/div>\n\t\t\t\t\t\t<\/div>\n\t\t\t\t<\/div>\n\t\t\t\t\t\t<\/div>\n\t\t\t\t\t<\/div>\n\t\t<\/div>\n\t\t\t\t\t\t\t\t<\/div>\n\t\t\t\t\t<\/div>\n\t\t<\/section>\n\t\t\t\t<section class=\"has_eae_slider elementor-section elementor-top-section elementor-element elementor-element-c674064 elementor-section-boxed elementor-section-height-default elementor-section-height-default\" data-id=\"c674064\" data-element_type=\"section\">\n\t\t\t\t\t\t<div class=\"elementor-container elementor-column-gap-default\">\n\t\t\t\t\t\t\t<div class=\"elementor-row\">\n\t\t\t\t\t<div class=\"has_eae_slider elementor-column elementor-col-100 elementor-top-column elementor-element elementor-element-16e8608\" data-id=\"16e8608\" data-element_type=\"column\">\n\t\t\t<div class=\"elementor-column-wrap elementor-element-populated\">\n\t\t\t\t\t\t\t<div class=\"elementor-widget-wrap\">\n\t\t\t\t\t\t<div class=\"elementor-element elementor-element-23f80de elementor-share-buttons--view-icon elementor-share-buttons--align-right elementor-share-buttons--skin-gradient elementor-share-buttons--shape-square elementor-grid-0 elementor-share-buttons--color-official elementor-widget elementor-widget-global elementor-global-6741 elementor-widget-share-buttons\" data-id=\"23f80de\" data-element_type=\"widget\" data-widget_type=\"share-buttons.default\">\n\t\t\t\t<div class=\"elementor-widget-container\">\n\t\t\t\t\t<div class=\"elementor-grid\">\n\t\t\t\t\t\t\t\t<div class=\"elementor-grid-item\">\n\t\t\t\t\t\t<div\n\t\t\t\t\t\t\tclass=\"elementor-share-btn elementor-share-btn_twitter\"\n\t\t\t\t\t\t\trole=\"button\"\n\t\t\t\t\t\t\ttabindex=\"0\"\n\t\t\t\t\t\t\taria-label=\"Share on twitter\"\n\t\t\t\t\t\t>\n\t\t\t\t\t\t\t\t\t\t\t\t\t\t\t<span class=\"elementor-share-btn__icon\">\n\t\t\t\t\t\t\t\t<i class=\"fab fa-twitter\" aria-hidden=\"true\"><\/i>\t\t\t\t\t\t\t<\/span>\n\t\t\t\t\t\t\t\t\t\t\t\t\t\t\t\t\t\t\t\t<\/div>\n\t\t\t\t\t<\/div>\n\t\t\t\t\t\t<\/div>\n\t\t\t\t<\/div>\n\t\t\t\t<\/div>\n\t\t\t\t<div class=\"elementor-element elementor-element-835a4dc elementor-widget elementor-widget-text-editor\" data-id=\"835a4dc\" data-element_type=\"widget\" data-widget_type=\"text-editor.default\">\n\t\t\t\t<div class=\"elementor-widget-container\">\n\t\t\t\t\t\t\t\t<div class=\"elementor-text-editor elementor-clearfix\">\n\t\t\t\t<p><strong>La crisi climatica<\/strong><\/p><p><u>Il fenomeno del cambiamento climatico<\/u> pu\u00f2 essere definito come &#8220;una variazione significativa delle condizioni meteorologiche medie nell&#8217;arco di diversi decenni o pi\u00f9 tempo. Tuttavia, tali cambiamenti climatici possono essere visti come due componenti: i cambiamenti climatici indotti dall&#8217;uomo e quelli naturali (Figura 1). In questo contesto, il cambiamento climatico \u00e8 stato definito anche come un &#8220;cambiamento osservato nel clima su scala globale, regionale o subregionale, causato da processi naturali e\/o dall&#8217;attivit\u00e0 umana&#8221;.<\/p><p>I cambiamenti climatici naturali si riferiscono ai cambiamenti del clima causati dalla quantit\u00e0 di energia in entrata e in uscita dalla Terra; cambiamenti causati da elementi naturali come l&#8217;irraggiamento del sole, l&#8217;orbita terrestre, l&#8217;attivit\u00e0 vulcanica e le concentrazioni di gas serra presenti in natura. Tuttavia, \u00e8 importante notare che tali influenze sono troppo lievi o si verificano troppo lentamente per spiegare il rapido riscaldamento globale registrato dalla rivoluzione industriale.<\/p>\t\t\t\t\t<\/div>\n\t\t\t\t\t\t<\/div>\n\t\t\t\t<\/div>\n\t\t\t\t<div class=\"elementor-element elementor-element-c628453 climate_crisis_img elementor-widget elementor-widget-image\" data-id=\"c628453\" data-element_type=\"widget\" data-widget_type=\"image.default\">\n\t\t\t\t<div class=\"elementor-widget-container\">\n\t\t\t\t\t\t\t\t<div class=\"elementor-image\">\n\t\t\t\t\t\t\t\t\t<figure class=\"wp-caption\">\n\t\t\t\t\t\t\t\t\t\t<img loading=\"lazy\" decoding=\"async\" width=\"383\" height=\"250\" src=\"https:\/\/besafenet.net\/wp-content\/uploads\/2023\/10\/Figure-1_resize.jpg\" class=\"attachment-large size-large wp-image-14095\" alt=\"\" srcset=\"https:\/\/besafenet.net\/wp-content\/uploads\/2023\/10\/Figure-1_resize.jpg 383w, https:\/\/besafenet.net\/wp-content\/uploads\/2023\/10\/Figure-1_resize-300x196.jpg 300w, https:\/\/besafenet.net\/wp-content\/uploads\/2023\/10\/Figure-1_resize-150x98.jpg 150w\" sizes=\"(max-width: 383px) 100vw, 383px\" \/>\t\t\t\t\t\t\t\t\t\t\t<figcaption class=\"widget-image-caption wp-caption-text\">       Figura 1: Influenze umane e naturali sul riscaldamento globale (Fonte: Agenzia per la protezione dell'ambiente degli Stati Uniti. Scienza del cambiamento climatico - Cause del cambiamento climatico. https:\/\/www.epa.gov\/climatechange-science\/causes-climate-change)<\/figcaption>\n\t\t\t\t\t\t\t\t\t\t<\/figure>\n\t\t\t\t\t\t\t\t<\/div>\n\t\t\t\t\t\t<\/div>\n\t\t\t\t<\/div>\n\t\t\t\t<div class=\"elementor-element elementor-element-f8f8f89 elementor-widget elementor-widget-text-editor\" data-id=\"f8f8f89\" data-element_type=\"widget\" data-widget_type=\"text-editor.default\">\n\t\t\t\t<div class=\"elementor-widget-container\">\n\t\t\t\t\t\t\t\t<div class=\"elementor-text-editor elementor-clearfix\">\n\t\t\t\t<p>Quando ci si riferisce <u>al cambiamento climatico indotto dall&#8217;uomo<\/u>, l&#8217;uso del termine <em>Climate Change<\/em> (cambiamento climatico) \u00e8 stato criticato da molti in quanto ritrae un&#8217;urgenza insufficiente per le sue terribili conseguenze, legate a quella che \u00e8 in sostanza un&#8217;alterazione del clima naturale.<\/p><p>A tal fine, \u00e8 pi\u00f9 appropriato usare il termine Crisi climatica quando ci si riferisce alle perturbazioni meteorologiche sempre pi\u00f9 allarmanti che sono state notate dall&#8217;inizio della rivoluzione industriale, che ha portato all&#8217;accelerazione della combustione dei combustibili fossili, all&#8217;aumento del rilascio di aerosol e gas serra, al cambiamento dell&#8217;uso del suolo e alla deforestazione. La continua emissione di gas serra ha provocato un riscaldamento globale, ovvero un aumento della temperatura media globale in prossimit\u00e0 della superficie terrestre. La crisi climatica si riferisce a una serie di perturbazioni meteorologiche derivanti dal riscaldamento globale, come l&#8217;innalzamento del livello del mare, gli uragani e le tempeste di intensit\u00e0 crescente, i cambiamenti nei modelli di precipitazione e le inondazioni. A differenza di altri pericoli che si manifestano sporadicamente, la crisi climatica \u00e8 stata costantemente attiva per un numero significativo di decenni e ora minaccia la stabilit\u00e0 del sistema terrestre nel suo complesso.<\/p><p>Secondo i rapporti dell&#8217;Organizzazione meteorologica mondiale (OMM), nel 2021 le emissioni di gas serra derivanti dalle attivit\u00e0 umane hanno raggiunto il massimo storico e non sembrano esserci indicazioni di un calo. Sulla base di una panoramica decennale dei rapporti sull&#8217;Emission Gap del Programma delle Nazioni Unite per l&#8217;Ambiente (UNEP), sembra che probabilmente continueremo sulla stessa spaventosa strada del business-as-usual.<\/p><p>L&#8217;Accordo di Parigi sui cambiamenti climatici, stipulato nel 2015, mirava a limitare l&#8217;eventuale riscaldamento al di sotto dei 2 \u00b0C e incoraggiava gli sforzi per limitare l&#8217;aumento a 1,5 \u00b0C. Tuttavia, i quattro anni precedenti al 2019 sono stati registrati come i pi\u00f9 caldi in assoluto. In un rapporto pubblicato dall&#8217;Organizzazione meteorologica mondiale (OMM) nel settembre 2019, \u00e8 stato rilevato che abbiamo gi\u00e0 superato i livelli preindustriali di almeno 1\u00b0C, pericolosamente vicino a quello che gli scienziati considerano un rischio inaccettabile. Se non si riesce a ridurre le emissioni globali, le temperature potrebbero aumentare di oltre tre 3 \u00b0C entro l&#8217;anno 2100, causando ulteriori danni irreversibili ai nostri ecosistemi.<\/p><p>Gli impatti negativi dell&#8217;aumento delle temperature sul mondo naturale, sulla biodiversit\u00e0 e sul benessere umano stanno diventando sempre pi\u00f9 evidenti. Il 2016 e il 2020 sono stati tra i pi\u00f9 caldi mai registrati da quando, nel 1880, si sono iniziati a raccogliere i dati sulla temperatura annuale della superficie terrestre. Nel 2022, il pianeta \u00e8 stato afflitto da ondate di calore che hanno infranto i record precedenti. I dati del National Center for Environmental Information degli Stati Uniti d&#8217;America mostrano che la temperatura globale della superficie terrestre ha superato la media del XX secolo di 0,82\u00b0C (1,48\u00b0F) nel decennio precedente al 2020. \u00c8 evidente che \u00e8 necessaria un&#8217;azione urgente per affrontare questa crisi globale.<\/p><p>Il cambiamento climatico indotto dall&#8217;uomo \u00e8 stato definito il problema pi\u00f9 importante della nostra epoca e ci troviamo in una fase critica. Le conseguenze del cambiamento climatico indotto dall&#8217;uomo, come il cambiamento dei modelli meteorologici che mettono a rischio la produzione alimentare e l&#8217;aumento del livello del mare che accresce il pericolo di inondazioni disastrose, sono diffuse e di portata senza precedenti. Se non si prendono misure immediate e drastiche, in futuro sar\u00e0 sempre pi\u00f9 difficile e costoso adattarsi a queste ripercussioni.<\/p><p>In risposta alla crescente consapevolezza di questa minaccia globale, sono state avviate numerose iniziative per affrontarla. Tuttavia, siamo purtroppo lontani dal raggiungere questo obiettivo. Per citare le parole pronunciate dal Segretario generale delle Nazioni Unite Ant\u00f3nio Guterres in occasione del Vertice sull&#8217;azione per il clima del 2019,<strong> <em>&#8220;l&#8217;emergenza climatica \u00e8 una gara che stiamo perdendo, ma \u00e8 una gara che possiamo vincere&#8221;<\/em><\/strong>.<\/p><p><strong><em>Nota di chiarimento<\/em><\/strong><\/p><p><em>Nella seguente sezione sulla Crisi climatica, si fa riferimento a studi passati che hanno usato in modo fuorviante il termine Cambiamento climatico quando si riferivano specificamente al Cambiamento climatico e\/o al Riscaldamento globale indotti dall&#8217;uomo.<\/em><\/p><p>Pertanto, per evitare fraintendimenti nel corso di questo articolo, \u00e8 necessario chiarire che tutti i successivi riferimenti al termine Cambiamento climatico (come usato negli studi passati) devono essere intesi come riferiti alla componente del cambiamento climatico indotta dall&#8217;uomo, che in sostanza ha portato al Riscaldamento globale (indotto dall&#8217;uomo).<\/p><p>La crisi climatica \u00e8 il risultato di vari fenomeni sempre pi\u00f9 pericolosi derivanti dal riscaldamento globale, che ha portato a perturbazioni meteorologiche di crescente gravit\u00e0.<\/p><h4><strong>Eventi recenti della crisi climatica<\/strong><\/h4><p><strong>Avvertenze sulla crisi climatica:<\/strong> Si prevede che i prossimi cinque anni saranno il periodo pi\u00f9 caldo mai registrato nella storia dell&#8217;umanit\u00e0.<\/p><p>Secondo l&#8217;Organizzazione meteorologica mondiale (OMM), il 2016 \u00e8 stato l&#8217;anno pi\u00f9 caldo mai registrato a causa di un forte fenomeno El Ni\u00f1o e delle attivit\u00e0 umane che hanno contribuito alle emissioni di gas serra.\u00a0 Tuttavia, \u00e8 stato ipotizzato che anche un evento relativamente debole nel 2023 potrebbe portare a nuovi record per l&#8217;anno pi\u00f9 caldo nel 2023 e nel 2024.<\/p><p>L&#8217;Organizzazione meteorologica mondiale (WMO) delle Nazioni Unite ha riferito che, mentre gli otto anni pi\u00f9 caldi mai registrati si sono verificati tra il 2015 e il 2022, \u00e8 altamente probabile che il periodo dal 2023 al 2027 sia ancora pi\u00f9 caldo. Questa allarmante previsione \u00e8 attribuita al riscaldamento di El Nino che, insieme al cambiamento climatico indotto dall&#8217;uomo, aumenter\u00e0 le temperature oltre gli obiettivi delineati nell&#8217;Accordo di Parigi sui cambiamenti climatici del 2015. Questo accordo internazionale mirava a limitare il riscaldamento globale a &#8220;ben al di sotto&#8221; dei 2\u00b0C. rispetto ai livelli preindustriali (misurati tra il 1850 e il 1900), e preferibilmente a 1,5\u00b0C. Le conseguenze di tali aumenti di temperatura avranno impatti di ampia portata sulla salute, sulla sicurezza alimentare, sulla gestione delle acque e sull&#8217;ambiente.<\/p><p><strong>Inondazioni <\/strong><\/p><p>Nell&#8217;arco di sei giorni (dall&#8217;1 al 17 maggio 2023), la regione Emilia-Romagna in Italia ha registrato due eventi consecutivi di forti precipitazioni per un totale di 80 ore di pioggia continua. In seguito a questi eventi, si sono verificate in totale 379 frane in 57 diversi comuni, con la conseguente chiusura di 672 strade. Tra queste, 414 strade sono state completamente bloccate, isolando parti delle aree rurali. A causa delle gravi condizioni, \u00e8 stato necessario evacuare circa 23.000 persone da diverse aree, tra cui Ravenna, Forl\u00ec, Bologna e Rimini. L&#8217;impatto \u00e8 stato particolarmente devastante nella comunit\u00e0 di Conselice, che ha subito tre impatti separati da questi eventi. Inoltre, a Faenza la situazione \u00e8 stata disastrosa, con il livello dell&#8217;acqua che ha raggiunto il secondo piano di alcune case, richiedendo un intervento urgente e sostanziale.<\/p><p><strong>Ondate di calore <\/strong><\/p><p>Gli scienziati hanno stabilito che l&#8217;ondata di calore dell&#8217;aprile 2023 nel Mediterraneo occidentale (in Spagna, Portogallo, Marocco e Algeria), che ha stabilito nuovi record di temperatura, sarebbe stata quasi impossibile senza la presenza della crisi climatica. I ricercatori hanno stimato che il riscaldamento globale ha aumentato la probabilit\u00e0 di questo evento estremo di almeno 100 volte. Le ondate di calore dei primi anni sono state identificate come particolarmente dannose, in quanto le persone erano meno preparate rispetto alla stagione estiva. Inoltre, l&#8217;ondata di calore ha peggiorato la situazione degli agricoltori, gi\u00e0 alle prese con una prolungata siccit\u00e0, e si \u00e8 verificata in una fase critica della stagione di coltivazione, soprattutto per il grano.<\/p><p>L&#8217;aumento accelerato delle temperature estreme nell&#8217;area, sono particolarmente preoccupanti perch\u00e9 hanno superato le previsioni dei modelli climatici. Purtroppo, il Mediterraneo \u00e8 una delle regioni europee pi\u00f9 sensibili agli effetti del cambiamento climatico indotto dall&#8217;uomo. Se non si arrestano le emissioni di gas serra, il futuro ci riserva una cupa prospettiva di ondate di calore sempre pi\u00f9 frequenti e gravi.<\/p><p>Secondo il Bollettino climatico del luglio 2022 pubblicato dal Servizio per i Cambiamenti Climatici di Copernicus, luglio \u00e8 stato tra i primi tre mesi pi\u00f9 caldi su scala globale e si \u00e8 classificato come il sesto pi\u00f9 caldo in Europa (Figura 2). In Groenlandia sono state osservate temperature di 8\u00b0C superiori alla media.<\/p>\t\t\t\t\t<\/div>\n\t\t\t\t\t\t<\/div>\n\t\t\t\t<\/div>\n\t\t\t\t<div class=\"elementor-element elementor-element-034c4cd climate_crisis_img elementor-widget elementor-widget-image\" data-id=\"034c4cd\" data-element_type=\"widget\" data-widget_type=\"image.default\">\n\t\t\t\t<div class=\"elementor-widget-container\">\n\t\t\t\t\t\t\t\t<div class=\"elementor-image\">\n\t\t\t\t\t\t\t\t\t<figure class=\"wp-caption\">\n\t\t\t\t\t\t\t\t\t\t<img loading=\"lazy\" decoding=\"async\" width=\"768\" height=\"392\" src=\"https:\/\/besafenet.net\/wp-content\/uploads\/2023\/10\/shutterstock_1459700438_resize-768x392.jpg\" class=\"attachment-medium_large size-medium_large wp-image-14100\" alt=\"\" srcset=\"https:\/\/besafenet.net\/wp-content\/uploads\/2023\/10\/shutterstock_1459700438_resize-768x392.jpg 768w, https:\/\/besafenet.net\/wp-content\/uploads\/2023\/10\/shutterstock_1459700438_resize-300x153.jpg 300w, https:\/\/besafenet.net\/wp-content\/uploads\/2023\/10\/shutterstock_1459700438_resize-1024x523.jpg 1024w, https:\/\/besafenet.net\/wp-content\/uploads\/2023\/10\/shutterstock_1459700438_resize-150x77.jpg 150w, https:\/\/besafenet.net\/wp-content\/uploads\/2023\/10\/shutterstock_1459700438_resize-1536x785.jpg 1536w, https:\/\/besafenet.net\/wp-content\/uploads\/2023\/10\/shutterstock_1459700438_resize-2048x1046.jpg 2048w\" sizes=\"(max-width: 768px) 100vw, 768px\" \/>\t\t\t\t\t\t\t\t\t\t\t<figcaption class=\"widget-image-caption wp-caption-text\">                            Figura 2: Eventi successivi di ondate di calore in Europa dal 2000.<\/figcaption>\n\t\t\t\t\t\t\t\t\t\t<\/figure>\n\t\t\t\t\t\t\t\t<\/div>\n\t\t\t\t\t\t<\/div>\n\t\t\t\t<\/div>\n\t\t\t\t<div class=\"elementor-element elementor-element-a5a1eec elementor-widget elementor-widget-text-editor\" data-id=\"a5a1eec\" data-element_type=\"widget\" data-widget_type=\"text-editor.default\">\n\t\t\t\t<div class=\"elementor-widget-container\">\n\t\t\t\t\t\t\t\t<div class=\"elementor-text-editor elementor-clearfix\">\n\t\t\t\t<p>Il rapporto dell&#8217;Organizzazione Meteorologica Mondiale (WMO) sullo Stato del Clima Globale per il 2022 ha identificato alcune tendenze aggiuntive e molto preoccupanti.<\/p><p><strong>Emissioni di gas serra<\/strong><\/p><p>Nel 2021, i livelli di anidride carbonica hanno raggiunto il 149% dei livelli preindustriali (1850-1900), quelli di metano il 262% (il che lo rende 25 volte pi\u00f9 efficace dell&#8217;anidride carbonica nell&#8217;intrappolare il calore nell&#8217;atmosfera) e quelli di protossido di azoto il 124%. In particolare, l&#8217;aumento del metano dal 2020 al 2021 \u00e8 stato il pi\u00f9 consistente mai registrato (Figura 3). Tali emissioni di gas serra hanno continuato ad aumentare nel 2022.<\/p>\t\t\t\t\t<\/div>\n\t\t\t\t\t\t<\/div>\n\t\t\t\t<\/div>\n\t\t\t\t<div class=\"elementor-element elementor-element-84ab1bb climate_crisis_img elementor-widget elementor-widget-image\" data-id=\"84ab1bb\" data-element_type=\"widget\" data-widget_type=\"image.default\">\n\t\t\t\t<div class=\"elementor-widget-container\">\n\t\t\t\t\t\t\t\t<div class=\"elementor-image\">\n\t\t\t\t\t\t\t\t\t<figure class=\"wp-caption\">\n\t\t\t\t\t\t\t\t\t\t<img loading=\"lazy\" decoding=\"async\" width=\"375\" height=\"375\" src=\"https:\/\/besafenet.net\/wp-content\/uploads\/2023\/10\/Figure-3_resize.jpg\" class=\"attachment-large size-large wp-image-14105\" alt=\"\" srcset=\"https:\/\/besafenet.net\/wp-content\/uploads\/2023\/10\/Figure-3_resize.jpg 375w, https:\/\/besafenet.net\/wp-content\/uploads\/2023\/10\/Figure-3_resize-300x300.jpg 300w, https:\/\/besafenet.net\/wp-content\/uploads\/2023\/10\/Figure-3_resize-150x150.jpg 150w\" sizes=\"(max-width: 375px) 100vw, 375px\" \/>\t\t\t\t\t\t\t\t\t\t\t<figcaption class=\"widget-image-caption wp-caption-text\">Figura 3. Importanza delle emissioni di metano nella crisi climatica. Questa immagine si basa su calcoli dello staff del Fondo Monetario Internazionale ed esclude le emissioni derivanti dall'uso del suolo e dai cambiamenti di uso del suolo. Source: International Monetary Fund, https:\/\/www.imf.org\/en\/Blogs\/Articles\/2022\/11\/02\/methane-emissions-must-fall-for-world-to-hit-temperature-targets<\/figcaption>\n\t\t\t\t\t\t\t\t\t\t<\/figure>\n\t\t\t\t\t\t\t\t<\/div>\n\t\t\t\t\t\t<\/div>\n\t\t\t\t<\/div>\n\t\t\t\t<div class=\"elementor-element elementor-element-94fd765 elementor-widget elementor-widget-text-editor\" data-id=\"94fd765\" data-element_type=\"widget\" data-widget_type=\"text-editor.default\">\n\t\t\t\t<div class=\"elementor-widget-container\">\n\t\t\t\t\t\t\t\t<div class=\"elementor-text-editor elementor-clearfix\">\n\t\t\t\t<p><strong>Temperature in aumento<\/strong><\/p>\n<p>Nel 2022, la Terra era pi\u00f9 calda di circa 1,15 \u00b1 0,13 \u00b0C rispetto alla media preindustriale, segnando gli ultimi 8 anni come i pi\u00f9 caldi mai registrati. Nonostante la presenza di condizioni di raffreddamento della La Ni\u00f1a, il 2022 si \u00e8 classificato come il 5\u00b0 o 6\u00b0 anno pi\u00f9 caldo.<\/p>\n<p>Durante il 2022, le regioni che hanno registrato precipitazioni superiori alla norma sono state ampie porzioni dell&#8217;Asia, il Pacifico sud-occidentale, parti del Sud America settentrionale e dei Caraibi, la regione orientale del Sahel, parti dell&#8217;Africa meridionale, il Sudan e l&#8217;Europa orientale. Al contrario, le aree con deficit di precipitazioni comprendono l&#8217;Europa occidentale e centrale, l&#8217;Africa nord-occidentale, parti del Medio Oriente, l&#8217;Asia centrale e l&#8217;Himalaya, l&#8217;Africa orientale e il Madagascar, il Sud America centrale e meridionale, nonch\u00e9 il Nord America centrale e occidentale.<\/p>\n<p><strong>Riscaldamento degli oceani<\/strong><\/p>\n<p>Il riscaldamento degli oceani \u00e8 particolarmente preoccupante perch\u00e9 i cambiamenti in atto sono probabilmente irreversibili su scale temporali centenarie o millenarie. Le registrazioni mostrano che nel 2022 si \u00e8 verificato un ulteriore riscaldamento degli oceani e si prevede che questa tendenza continui anche in futuro.<\/p>\n<p><strong>Innalzamento del livello del mare<\/strong><\/p>\n<p>Nel corso di 30 anni di monitoraggio satellitare (altimetro), l&#8217;oceano ha registrato un aumento medio annuo del livello del mare di circa 3,4 \u00b1 0,3 mm. Inoltre, nel 2022, \u00e8 proseguito l&#8217;aumento globale del livello medio del mare.<\/p>\n<p><strong>Ghiaccio marino artico e antartico<\/strong><\/p>\n<p>Per la maggior parte del 2022, l&#8217;estensione del ghiaccio marino artico \u00e8 rimasta al di sotto della media osservata per un lungo periodo.<\/p>\n<p>A settembre, in particolare, l&#8217;estensione \u00e8 stata inferiore di 0,71 milioni di km\u00b2 rispetto alla media a lungo termine, segnando l&#8217;11\u00b0 minimo mensile di estensione del ghiaccio registrato dai satelliti. Il 25 febbraio 2022, l&#8217;estensione del ghiaccio marino antartico ha raggiunto il minimo storico di 1,92 milioni di km\u00b2, quasi 1 milione di km\u00b2 in meno rispetto alla media osservata tra il 1991 e il 2020.<\/p>\n<p><strong>Lastra di ghiaccio della Groenlandia<\/strong><\/p>\n<p>Per 26 anni consecutivi, la calotta glaciale della Groenlandia ha registrato un calo continuo del suo bilancio di massa totale. Su scala globale, i ghiacciai hanno perso costantemente massa dall&#8217;inizio delle registrazioni.<\/p>\n<p><strong>Eventi estremi<\/strong><\/p>\n<p>Il 2022 \u00e8 stato un anno straordinario di fenomeni meteorologici. Gli eventi climatici sono stati caratterizzati da periodi di siccit\u00e0 senza precedenti, ondate di caldo torrido, incendi boschivi massicci, alluvioni e un livello di ghiaccio marino antartico mai cos\u00ec basso. I primi giorni del 2023, tra cui il primo gennaio pi\u00f9 caldo mai registrato, sono la prova che il modello di eventi climatici e meteorologici gravi persiste. L&#8217;anno scorso, la disponibilit\u00e0 di precipitazioni in eccesso o in difetto ha giocato un ruolo significativo in numerosi eventi climatici o meteorologici estremi, ponendo gravi minacce a intere comunit\u00e0 e incidendo sulle vite umane attraverso la creazione di insicurezza alimentare e idrica in varie regioni. La siccit\u00e0 prolungata, unita a temperature record, ha contribuito ad aumentare il rischio di incendi selvaggi, che hanno raggiunto il loro picco durante la stagione estiva in Europa, nell&#8217;area del Mediterraneo e negli Stati Uniti nord-occidentali.<\/p>\n<p><strong>Siccit\u00e0<\/strong><\/p>\n<p>La siccit\u00e0 che si \u00e8 verificata in Europa nel 2022 potrebbe essere la pi\u00f9 grave degli ultimi cinque secoli. Pu\u00f2 essere attribuita a una significativa carenza di precipitazioni, unita a una serie di ondate di calore ricorrenti che hanno colpito l&#8217;Europa da maggio a ottobre. In base all&#8217;indicatore combinato di siccit\u00e0 pubblicato dall&#8217;Osservatorio europeo della siccit\u00e0 (EDO), all&#8217;inizio di settembre oltre il 25% del territorio dell&#8217;UE era contrassegnato dal simbolo di allerta. In Francia, ad esempio, i livelli d&#8217;acqua nei fiumi e nei serbatoi hanno raggiunto livelli eccezionalmente bassi, spingendo le autorit\u00e0 del Paese ad attuare misure di restrizione dell&#8217;approvvigionamento idrico. Di conseguenza, nel luglio 2022 sono stati colpiti 90 dei 96 dipartimenti amministrativi.<\/p>\n<p><strong>Estensione del ghiaccio marino<\/strong><\/p>\n<p>Secondo il Copernicus Climate Change Service, a giugno e luglio i ghiacci marini antartici hanno registrato l&#8217;estensione mensile pi\u00f9 bassa e allarmante mai osservata in 44 anni di registrazioni satellitari. \u00c8 stata del 9% al di sotto della media a giugno e del 7% a luglio. L&#8217;andamento preoccupante si \u00e8 protratto per tutto l&#8217;anno, poich\u00e9 i livelli di ghiaccio marino nell&#8217;Artico e nell&#8217;Antartico sono rimasti al di sotto della media, anche negli ultimi mesi del 2022. Nel settembre 2022, l&#8217;estensione media mensile dei ghiacci marini artici ha raggiunto i 5,4 milioni di chilometri quadrati, 0,7 milioni di chilometri quadrati (11%) in meno rispetto alla media registrata tra il 1991 e il 2020. Nel caso dell&#8217;Antartico, l&#8217;estensione media del ghiaccio marino \u00e8 stata di 18,5 milioni di chilometri quadrati, con una diminuzione di 0,6 milioni di chilometri quadrati (3%) rispetto alla media registrata tra il 1991 e il 2020.<\/p>\n<p><strong>Incendi boschivi<\/strong><\/p>\n<p>Il Servizio europeo di informazione sugli incendi boschivi (EFFIS) ha riferito che al 17 dicembre 2022, oltre 786.000 ettari di terreno sono stati bruciati nell&#8217;Unione Europea, con un totale di oltre 2.700 incendi boschivi registrati. La quantit\u00e0 di terra bruciata nel 2022 \u00e8 quasi 2,5 volte superiore alla media dal 2006 al 2021. La Spagna ha subito l&#8217;impatto pi\u00f9 grave, con oltre 300.000 ettari devastati dal fuoco. Un&#8217;immagine catturata da uno dei satelliti Copernicus Sentinel-2 il 25 giugno ha ritratto un incendio disastroso che ha inghiottito la provincia di Zamora, nella regione di Castilla y Le\u00f3n. Un altro evento degno di nota dello scorso anno \u00e8 stata l&#8217;ondata di calore marino che si \u00e8 verificata nel Mar Mediterraneo durante l&#8217;estate. Le anomalie nelle temperature superficiali del mare hanno raggiunto picchi di cinque gradi sopra la media in alcune aree lungo la costa nord-occidentale dell&#8217;Italia e la costa sud-orientale della Francia.<\/p>\t\t\t\t\t<\/div>\n\t\t\t\t\t\t<\/div>\n\t\t\t\t<\/div>\n\t\t\t\t<div class=\"elementor-element elementor-element-4bc8ac1 pink-theme  accordion_references elementor-widget elementor-widget-accordion\" data-id=\"4bc8ac1\" data-element_type=\"widget\" data-widget_type=\"accordion.default\">\n\t\t\t\t<div class=\"elementor-widget-container\">\n\t\t\t\t\t<div class=\"elementor-accordion\" role=\"tablist\">\n\t\t\t\t\t\t\t<div class=\"elementor-accordion-item\">\n\t\t\t\t\t<div id=\"elementor-tab-title-7941\" class=\"elementor-tab-title\" data-tab=\"1\" role=\"tab\" aria-controls=\"elementor-tab-content-7941\" aria-expanded=\"false\">\n\t\t\t\t\t\t\t\t\t\t\t\t\t<span class=\"elementor-accordion-icon elementor-accordion-icon-left\" aria-hidden=\"true\">\n\t\t\t\t\t\t\t\t\t\t\t\t\t\t\t<span class=\"elementor-accordion-icon-closed\"><i class=\"fas fa-plus\"><\/i><\/span>\n\t\t\t\t\t\t\t\t<span class=\"elementor-accordion-icon-opened\"><i class=\"fas fa-minus\"><\/i><\/span>\n\t\t\t\t\t\t\t\t\t\t\t\t\t\t<\/span>\n\t\t\t\t\t\t\t\t\t\t\t\t<a class=\"elementor-accordion-title\" href=\"\">1.\tChe cos'\u00e8 la Crisi Climatica?  <\/a>\n\t\t\t\t\t<\/div>\n\t\t\t\t\t<div id=\"elementor-tab-content-7941\" class=\"elementor-tab-content elementor-clearfix\" data-tab=\"1\" role=\"tabpanel\" aria-labelledby=\"elementor-tab-title-7941\"><p>\t\t<div data-elementor-type=\"wp-post\" data-elementor-id=\"14285\" class=\"elementor elementor-14285 elementor-14114\">\n\t\t\t\t\t\t<div class=\"elementor-inner\">\n\t\t\t\t<div class=\"elementor-section-wrap\">\n\t\t\t\t\t\t\t\t\t<section class=\"has_eae_slider elementor-section elementor-top-section elementor-element elementor-element-dad3310 elementor-section-boxed elementor-section-height-default elementor-section-height-default\" data-id=\"dad3310\" data-element_type=\"section\">\n\t\t\t\t\t\t<div class=\"elementor-container elementor-column-gap-default\">\n\t\t\t\t\t\t\t<div class=\"elementor-row\">\n\t\t\t\t\t<div class=\"has_eae_slider elementor-column elementor-col-100 elementor-top-column elementor-element elementor-element-ba2902d\" data-id=\"ba2902d\" data-element_type=\"column\">\n\t\t\t<div class=\"elementor-column-wrap elementor-element-populated\">\n\t\t\t\t\t\t\t<div class=\"elementor-widget-wrap\">\n\t\t\t\t\t\t<div class=\"elementor-element elementor-element-a089178 elementor-widget elementor-widget-text-editor\" data-id=\"a089178\" data-element_type=\"widget\" data-widget_type=\"text-editor.default\">\n\t\t\t\t<div class=\"elementor-widget-container\">\n\t\t\t\t\t\t\t\t<div class=\"elementor-text-editor elementor-clearfix\">\n\t\t\t\t<p>L&#8217;espressione &#8220;crisi climatica&#8221; si riferisce al fenomeno del riscaldamento globale e ai suoi effetti negativi sull&#8217;ambiente. Comprende i concetti di cambiamento climatico e le ripercussioni di tale cambiamento. Questa espressione, insieme a quella di &#8220;emergenza climatica&#8221;, viene utilizzata per descrivere il pericolo rappresentato dal riscaldamento globale sia per l&#8217;umanit\u00e0 che per la Terra, nonch\u00e9 per sottolineare l&#8217;urgente necessit\u00e0 di misure proattive per affrontare il cambiamento climatico.<\/p>\n<p>La crisi climatica si riferisce all&#8217;impatto dei cambiamenti climatici indotti dall&#8217;uomo (variazioni a lungo termine delle temperature e dei modelli meteorologici) come conseguenza dell&#8217;aumento delle emissioni di gas a effetto serra e del riscaldamento globale, che provocano una serie di ripercussioni pericolose (il riscaldamento globale genera degrado ambientale, disastri naturali, fenomeni meteorologici estremi (ad esempio piogge intense e prolungate che portano a inondazioni &#8211; Figura 4), insicurezza delle risorse alimentari e idriche, perturbazioni economiche, conflitti e terrorismo e perdita di vite umane). Lo scioglimento delle calotte glaciali e dei ghiacciai e il riscaldamento degli oceani provocano l&#8217;innalzamento del livello del mare, la distruzione delle barriere coralline e l&#8217;acidificazione degli oceani; tali perturbazioni meteorologiche provocano anche incendi boschivi pi\u00f9 frequenti e intensi ed eventi meteorologici estremi, come i modelli di precipitazione, gli uragani e le tempeste.<\/p>\n\t\t\t\t\t<\/div>\n\t\t\t\t\t\t<\/div>\n\t\t\t\t<\/div>\n\t\t\t\t<div class=\"elementor-element elementor-element-8f6607e climate_crisis_img elementor-widget elementor-widget-image\" data-id=\"8f6607e\" data-element_type=\"widget\" data-widget_type=\"image.default\">\n\t\t\t\t<div class=\"elementor-widget-container\">\n\t\t\t\t\t\t\t\t<div class=\"elementor-image\">\n\t\t\t\t\t\t\t\t\t<figure class=\"wp-caption\">\n\t\t\t\t\t\t\t\t\t\t<img loading=\"lazy\" decoding=\"async\" width=\"768\" height=\"512\" src=\"https:\/\/besafenet.net\/wp-content\/uploads\/2023\/10\/shutterstock_69270463_resize-768x512.jpg\" class=\"attachment-medium_large size-medium_large wp-image-14115\" alt=\"\" srcset=\"https:\/\/besafenet.net\/wp-content\/uploads\/2023\/10\/shutterstock_69270463_resize-768x512.jpg 768w, https:\/\/besafenet.net\/wp-content\/uploads\/2023\/10\/shutterstock_69270463_resize-300x200.jpg 300w, https:\/\/besafenet.net\/wp-content\/uploads\/2023\/10\/shutterstock_69270463_resize-1024x683.jpg 1024w, https:\/\/besafenet.net\/wp-content\/uploads\/2023\/10\/shutterstock_69270463_resize-150x100.jpg 150w, https:\/\/besafenet.net\/wp-content\/uploads\/2023\/10\/shutterstock_69270463_resize-1536x1024.jpg 1536w, https:\/\/besafenet.net\/wp-content\/uploads\/2023\/10\/shutterstock_69270463_resize-2048x1365.jpg 2048w\" sizes=\"(max-width: 768px) 100vw, 768px\" \/>\t\t\t\t\t\t\t\t\t\t\t<figcaption class=\"widget-image-caption wp-caption-text\">Figura 4: Piogge intense e prolungate che causano inondazioni, disagi economici e potenziali perdite di vite umane.<\/figcaption>\n\t\t\t\t\t\t\t\t\t\t<\/figure>\n\t\t\t\t\t\t\t\t<\/div>\n\t\t\t\t\t\t<\/div>\n\t\t\t\t<\/div>\n\t\t\t\t<div class=\"elementor-element elementor-element-56cb1c1 elementor-widget elementor-widget-text-editor\" data-id=\"56cb1c1\" data-element_type=\"widget\" data-widget_type=\"text-editor.default\">\n\t\t\t\t<div class=\"elementor-widget-container\">\n\t\t\t\t\t\t\t\t<div class=\"elementor-text-editor elementor-clearfix\">\n\t\t\t\t<p>I termini Crisi Climatica\/Emergenza Climatica si riferiscono a ci\u00f2 che molti scienziati ritengono sia un necessario aumento del livello di impegno globale volto a prevenire incommensurabili tragedie umane e a preservare la nostra biosfera dalle minacce generate dalle continue emissioni di gas serra.<\/p>\n\t\t\t\t\t<\/div>\n\t\t\t\t\t\t<\/div>\n\t\t\t\t<\/div>\n\t\t\t\t<div class=\"elementor-element elementor-element-e0eef35 elementor-widget elementor-widget-accordion\" data-id=\"e0eef35\" data-element_type=\"widget\" data-widget_type=\"accordion.default\">\n\t\t\t\t<div class=\"elementor-widget-container\">\n\t\t\t\t\t<div class=\"elementor-accordion\" role=\"tablist\">\n\t\t\t\t\t\t\t<div class=\"elementor-accordion-item\">\n\t\t\t\t\t<div id=\"elementor-tab-title-2351\" class=\"elementor-tab-title\" data-tab=\"1\" role=\"tab\" aria-controls=\"elementor-tab-content-2351\" aria-expanded=\"false\">\n\t\t\t\t\t\t\t\t\t\t\t\t\t<span class=\"elementor-accordion-icon elementor-accordion-icon-left\" aria-hidden=\"true\">\n\t\t\t\t\t\t\t\t\t\t\t\t\t\t\t<span class=\"elementor-accordion-icon-closed\"><i class=\"fas fa-plus\"><\/i><\/span>\n\t\t\t\t\t\t\t\t<span class=\"elementor-accordion-icon-opened\"><i class=\"fas fa-minus\"><\/i><\/span>\n\t\t\t\t\t\t\t\t\t\t\t\t\t\t<\/span>\n\t\t\t\t\t\t\t\t\t\t\t\t<a class=\"elementor-accordion-title\" href=\"\">1.1 La Crisi Climatica<\/a>\n\t\t\t\t\t<\/div>\n\t\t\t\t\t<div id=\"elementor-tab-content-2351\" class=\"elementor-tab-content elementor-clearfix\" data-tab=\"1\" role=\"tabpanel\" aria-labelledby=\"elementor-tab-title-2351\"><p>Sebbene sia stato utilizzato gi\u00e0 nel 1980 dall&#8217;ex vicepresidente degli Stati Uniti Al Gore, il termine Crisi Climatica \u00e8 emerso come riferimento significativo alla questione del cambiamento climatico dopo una serie di avvertimenti scientifici disastrosi in materia. Nell&#8217;ultima parte del 2018, la Camera dei Rappresentanti degli Stati Uniti ha costituito il Comitato ristretto della Camera sulla crisi climatica, sostituendo l&#8217;originario &#8220;Comitato ristretto sull&#8217;indipendenza energetica e il riscaldamento globale&#8221;.<\/p>\n<p>Il linguaggio che si riferisce al cambiamento climatico sembra aver subito una trasformazione significativa nel 2019, in correlazione con il riferimento pi\u00f9 enfatico alla crisi climatica fatto nel 2018 dal discorso del Segretario Generale delle Nazioni Unite al Vertice sull&#8217;Azione per il Clima.<\/p>\n<\/div>\n\t\t\t\t<\/div>\n\t\t\t\t\t\t\t\t<\/div>\n\t\t\t\t<\/div>\n\t\t\t\t<\/div>\n\t\t\t\t\t\t<\/div>\n\t\t\t\t\t<\/div>\n\t\t<\/div>\n\t\t\t\t\t\t\t\t<\/div>\n\t\t\t\t\t<\/div>\n\t\t<\/section>\n\t\t\t\t\t\t\t\t\t<\/div>\n\t\t\t<\/div>\n\t\t\t\t\t<\/div>\n\t\t<\/p><\/div>\n\t\t\t\t<\/div>\n\t\t\t\t\t\t\t<div class=\"elementor-accordion-item\">\n\t\t\t\t\t<div id=\"elementor-tab-title-7942\" class=\"elementor-tab-title\" data-tab=\"2\" role=\"tab\" aria-controls=\"elementor-tab-content-7942\" aria-expanded=\"false\">\n\t\t\t\t\t\t\t\t\t\t\t\t\t<span class=\"elementor-accordion-icon elementor-accordion-icon-left\" aria-hidden=\"true\">\n\t\t\t\t\t\t\t\t\t\t\t\t\t\t\t<span class=\"elementor-accordion-icon-closed\"><i class=\"fas fa-plus\"><\/i><\/span>\n\t\t\t\t\t\t\t\t<span class=\"elementor-accordion-icon-opened\"><i class=\"fas fa-minus\"><\/i><\/span>\n\t\t\t\t\t\t\t\t\t\t\t\t\t\t<\/span>\n\t\t\t\t\t\t\t\t\t\t\t\t<a class=\"elementor-accordion-title\" href=\"\">2.\tQuali sono i tipi di cambiamenti climatici (che danno origine alla crisi climatica)?<\/a>\n\t\t\t\t\t<\/div>\n\t\t\t\t\t<div id=\"elementor-tab-content-7942\" class=\"elementor-tab-content elementor-clearfix\" data-tab=\"2\" role=\"tabpanel\" aria-labelledby=\"elementor-tab-title-7942\"><p>\t\t<div data-elementor-type=\"wp-post\" data-elementor-id=\"14287\" class=\"elementor elementor-14287 elementor-14135\">\n\t\t\t\t\t\t<div class=\"elementor-inner\">\n\t\t\t\t<div class=\"elementor-section-wrap\">\n\t\t\t\t\t\t\t\t\t<section class=\"has_eae_slider elementor-section elementor-top-section elementor-element elementor-element-2e16791 elementor-section-boxed elementor-section-height-default elementor-section-height-default\" data-id=\"2e16791\" data-element_type=\"section\">\n\t\t\t\t\t\t<div class=\"elementor-container elementor-column-gap-default\">\n\t\t\t\t\t\t\t<div class=\"elementor-row\">\n\t\t\t\t\t<div class=\"has_eae_slider elementor-column elementor-col-100 elementor-top-column elementor-element elementor-element-bcb81d2\" data-id=\"bcb81d2\" data-element_type=\"column\">\n\t\t\t<div class=\"elementor-column-wrap elementor-element-populated\">\n\t\t\t\t\t\t\t<div class=\"elementor-widget-wrap\">\n\t\t\t\t\t\t<div class=\"elementor-element elementor-element-b83c3c5 elementor-widget elementor-widget-text-editor\" data-id=\"b83c3c5\" data-element_type=\"widget\" data-widget_type=\"text-editor.default\">\n\t\t\t\t<div class=\"elementor-widget-container\">\n\t\t\t\t\t\t\t\t<div class=\"elementor-text-editor elementor-clearfix\">\n\t\t\t\t<p>I cambiamenti a lungo termine del clima terrestre sono stati generati sia da cause naturali sia da azioni umane.<\/p>\n<p>I cambiamenti naturali a lungo termine del clima terrestre sono stati responsabili di periodi glaciali molto freddi e periodi interglaciali pi\u00f9 caldi sulla Terra. Attualmente stiamo vivendo un periodo interglaciale insolitamente prolungato e si ritiene che i cambiamenti climatici provocati dall&#8217;uomo abbiano causato un ritardo nell&#8217;inizio del prossimo periodo glaciale. Gli esperti stimano che questo ritardo potrebbe far s\u00ec che il periodo interglaciale dell&#8217;Olocene si protragga per altri 150.000 anni.<\/p>\n<p>I cambiamenti climatici a lungo termine indotti dall&#8217;uomo, molto pi\u00f9 rapidi, sono iniziati a partire dalla rivoluzione industriale del 1700, come conseguenza delle emissioni di anidride carbonica e metano, che hanno provocato principalmente un riscaldamento globale e variazioni molto significative delle condizioni meteorologiche medie, influenzando, tra l&#8217;altro, fenomeni estremi legati al tempo atmosferico come precipitazioni, siccit\u00e0, uragani e tempeste (Figura 5).<\/p>\n\t\t\t\t\t<\/div>\n\t\t\t\t\t\t<\/div>\n\t\t\t\t<\/div>\n\t\t\t\t<div class=\"elementor-element elementor-element-d2f541a climate_crisis_img elementor-widget elementor-widget-image\" data-id=\"d2f541a\" data-element_type=\"widget\" data-widget_type=\"image.default\">\n\t\t\t\t<div class=\"elementor-widget-container\">\n\t\t\t\t\t\t\t\t<div class=\"elementor-image\">\n\t\t\t\t\t\t\t\t\t<figure class=\"wp-caption\">\n\t\t\t\t\t\t\t\t\t\t<img loading=\"lazy\" decoding=\"async\" width=\"480\" height=\"270\" src=\"https:\/\/besafenet.net\/wp-content\/uploads\/2023\/10\/Figure-5_resize.jpg\" class=\"attachment-medium_large size-medium_large wp-image-14136\" alt=\"\" srcset=\"https:\/\/besafenet.net\/wp-content\/uploads\/2023\/10\/Figure-5_resize.jpg 480w, https:\/\/besafenet.net\/wp-content\/uploads\/2023\/10\/Figure-5_resize-300x169.jpg 300w, https:\/\/besafenet.net\/wp-content\/uploads\/2023\/10\/Figure-5_resize-150x84.jpg 150w\" sizes=\"(max-width: 480px) 100vw, 480px\" \/>\t\t\t\t\t\t\t\t\t\t\t<figcaption class=\"widget-image-caption wp-caption-text\">Figura 5: Rapidi cambiamenti climatici a lungo termine indotti dall&#8217;uomo. Fonte: Amrita Karmakar, 2021.<\/figcaption>\n\t\t\t\t\t\t\t\t\t\t<\/figure>\n\t\t\t\t\t\t\t\t<\/div>\n\t\t\t\t\t\t<\/div>\n\t\t\t\t<\/div>\n\t\t\t\t<div class=\"elementor-element elementor-element-2af6fa6 elementor-widget elementor-widget-accordion\" data-id=\"2af6fa6\" data-element_type=\"widget\" data-widget_type=\"accordion.default\">\n\t\t\t\t<div class=\"elementor-widget-container\">\n\t\t\t\t\t<div class=\"elementor-accordion\" role=\"tablist\">\n\t\t\t\t\t\t\t<div class=\"elementor-accordion-item\">\n\t\t\t\t\t<div id=\"elementor-tab-title-4501\" class=\"elementor-tab-title\" data-tab=\"1\" role=\"tab\" aria-controls=\"elementor-tab-content-4501\" aria-expanded=\"false\">\n\t\t\t\t\t\t\t\t\t\t\t\t\t<span class=\"elementor-accordion-icon elementor-accordion-icon-left\" aria-hidden=\"true\">\n\t\t\t\t\t\t\t\t\t\t\t\t\t\t\t<span class=\"elementor-accordion-icon-closed\"><i class=\"fas fa-plus\"><\/i><\/span>\n\t\t\t\t\t\t\t\t<span class=\"elementor-accordion-icon-opened\"><i class=\"fas fa-minus\"><\/i><\/span>\n\t\t\t\t\t\t\t\t\t\t\t\t\t\t<\/span>\n\t\t\t\t\t\t\t\t\t\t\t\t<a class=\"elementor-accordion-title\" href=\"\">2.1 I Generatori dei cambiamenti climatici naturali comprendono:<\/a>\n\t\t\t\t\t<\/div>\n\t\t\t\t\t<div id=\"elementor-tab-content-4501\" class=\"elementor-tab-content elementor-clearfix\" data-tab=\"1\" role=\"tabpanel\" aria-labelledby=\"elementor-tab-title-4501\"><p><em>Cambiamenti nell&#8217;orbita e nella rotazione terrestre<\/em><\/p>\n<p>Il clima terrestre \u00e8 stato influenzato in modo significativo dalle alterazioni dell&#8217;orbita e dell&#8217;asse di rotazione in passato. Si ritiene che l&#8217;insolazione estiva dell&#8217;emisfero settentrionale, influenzata dai cambiamenti dell&#8217;orbita del pianeta, sia la causa principale dei precedenti cicli di glaciazione. Questi cicli comprendono periodi prolungati di temperature fredde (ere glaciali) e periodi pi\u00f9 brevi di temperature pi\u00f9 calde (periodi interglaciali) tra le ere glaciali. Durante la parte pi\u00f9 fredda dell&#8217;ultima era glaciale, la temperatura media globale del pianeta era di circa 11\u00b0F ( &#8211; 11,67\u00b0C) pi\u00f9 fredda di quella attuale. Tuttavia, durante il punto pi\u00f9 alto dell&#8217;ultimo periodo interglaciale, la temperatura media globale era solo fino a 2\u00b0F ( &#8211; 16,67\u00b0C) pi\u00f9 calda di quella attuale.<\/p>\n<p><em>Variazioni dell&#8217;attivit\u00e0 solare<\/em><\/p>\n<p>Le alterazioni della quantit\u00e0 di energia emessa dal Sole possono influire sull&#8217;intensit\u00e0 della luce solare che raggiunge la superficie terrestre. Sebbene tali alterazioni possano avere un impatto sul clima del pianeta, esse hanno avuto un impatto trascurabile sui cambiamenti climatici osservati negli ultimi decenni. A partire dal 1978, i satelliti sono stati utilizzati per misurare la quantit\u00e0 di energia solare che raggiunge la Terra e queste misurazioni indicano che non c&#8217;\u00e8 stato un aumento generale della quantit\u00e0 di energia emessa dal sole, nonostante il fatto che le temperature superficiali globali siano aumentate.<\/p>\n<p><em>Cambiamenti nella riflettivit\u00e0 della Terra<\/em><\/p>\n<p>L&#8217;assorbimento o la riflessione della luce solare sul pianeta \u00e8 influenzata dalla sua superficie e dall&#8217;atmosfera. L&#8217;energia solare viene assorbita maggiormente dalle superfici scure come l&#8217;oceano, le foreste e il suolo, mentre le superfici chiare come la neve, il ghiaccio e le nuvole tendono a rifletterla. La Terra assorbe circa il 70% della luce solare che riceve. Evidenze storiche suggeriscono che le alterazioni naturali della superficie terrestre, come lo scioglimento dei ghiacci marini e continentali, hanno precedentemente influenzato i cambiamenti climatici, spesso interagendo con altri processi. Questi cambiamenti possono fungere da meccanismi di retroazione.<\/p>\n<p><em>Attivit\u00e0 vulcanica<\/em><\/p>\n<p>I vulcani hanno avuto un impatto significativo sul clima e le eruzioni vulcaniche del passato hanno rilasciato grandi quantit\u00e0 di anidride carbonica. Alcune eruzioni esplosive possono rilasciare nell&#8217;alta atmosfera particelle come l&#8217;SO2, che possono riflettere nello spazio una quantit\u00e0 di luce solare tale da raffreddare la superficie del pianeta per alcuni anni. Queste particelle sono definite aerosol raffreddanti. Tuttavia, questi aerosol non causano cambiamenti climatici a lungo termine, poich\u00e9 rimangono nell&#8217;atmosfera per un periodo pi\u00f9 breve rispetto ai gas serra. Inoltre, le attivit\u00e0 umane emettono annualmente una quantit\u00e0 di anidride carbonica 100 volte superiore a quella emessa dai vulcani.<\/p>\n<p><em>Cambiamenti nelle concentrazioni di anidride carbonica presenti in natura<\/em><\/p>\n<p>Nel corso delle ultime centinaia di migliaia di anni, i livelli di anidride carbonica nell&#8217;atmosfera hanno fluttuato in correlazione con i cicli dei ghiacciai. Nei periodi interglaciali pi\u00f9 caldi, i livelli di anidride carbonica sono stati elevati, mentre nei periodi glaciali pi\u00f9 freddi i livelli di anidride carbonica si sono ridotti. La temperatura della superficie terrestre e degli oceani pu\u00f2 influenzare le fonti e i pozzi naturali di questi gas, portando ad alterare le concentrazioni di gas serra nell&#8217;atmosfera. Questa fluttuazione delle concentrazioni ha agito come un meccanismo di feedback climatico, aumentando l&#8217;entit\u00e0 delle variazioni di temperatura derivanti da spostamenti a lungo termine dell&#8217;orbita terrestre.<\/p>\n<\/div>\n\t\t\t\t<\/div>\n\t\t\t\t\t\t\t\t<\/div>\n\t\t\t\t<\/div>\n\t\t\t\t<\/div>\n\t\t\t\t\t\t<\/div>\n\t\t\t\t\t<\/div>\n\t\t<\/div>\n\t\t\t\t\t\t\t\t<\/div>\n\t\t\t\t\t<\/div>\n\t\t<\/section>\n\t\t\t\t\t\t\t\t\t<\/div>\n\t\t\t<\/div>\n\t\t\t\t\t<\/div>\n\t\t<\/p><\/div>\n\t\t\t\t<\/div>\n\t\t\t\t\t\t\t<div class=\"elementor-accordion-item\">\n\t\t\t\t\t<div id=\"elementor-tab-title-7943\" class=\"elementor-tab-title\" data-tab=\"3\" role=\"tab\" aria-controls=\"elementor-tab-content-7943\" aria-expanded=\"false\">\n\t\t\t\t\t\t\t\t\t\t\t\t\t<span class=\"elementor-accordion-icon elementor-accordion-icon-left\" aria-hidden=\"true\">\n\t\t\t\t\t\t\t\t\t\t\t\t\t\t\t<span class=\"elementor-accordion-icon-closed\"><i class=\"fas fa-plus\"><\/i><\/span>\n\t\t\t\t\t\t\t\t<span class=\"elementor-accordion-icon-opened\"><i class=\"fas fa-minus\"><\/i><\/span>\n\t\t\t\t\t\t\t\t\t\t\t\t\t\t<\/span>\n\t\t\t\t\t\t\t\t\t\t\t\t<a class=\"elementor-accordion-title\" href=\"\">3.\tPerch\u00e9 si sta verificando la crisi climatica?<\/a>\n\t\t\t\t\t<\/div>\n\t\t\t\t\t<div id=\"elementor-tab-content-7943\" class=\"elementor-tab-content elementor-clearfix\" data-tab=\"3\" role=\"tabpanel\" aria-labelledby=\"elementor-tab-title-7943\"><p>\t\t<div data-elementor-type=\"wp-post\" data-elementor-id=\"14289\" class=\"elementor elementor-14289 elementor-14147\">\n\t\t\t\t\t\t<div class=\"elementor-inner\">\n\t\t\t\t<div class=\"elementor-section-wrap\">\n\t\t\t\t\t\t\t\t\t<section class=\"has_eae_slider elementor-section elementor-top-section elementor-element elementor-element-4f5e946 elementor-section-boxed elementor-section-height-default elementor-section-height-default\" data-id=\"4f5e946\" data-element_type=\"section\">\n\t\t\t\t\t\t<div class=\"elementor-container elementor-column-gap-default\">\n\t\t\t\t\t\t\t<div class=\"elementor-row\">\n\t\t\t\t\t<div class=\"has_eae_slider elementor-column elementor-col-100 elementor-top-column elementor-element elementor-element-07fb15b\" data-id=\"07fb15b\" data-element_type=\"column\">\n\t\t\t<div class=\"elementor-column-wrap elementor-element-populated\">\n\t\t\t\t\t\t\t<div class=\"elementor-widget-wrap\">\n\t\t\t\t\t\t<div class=\"elementor-element elementor-element-f199b37 elementor-widget elementor-widget-text-editor\" data-id=\"f199b37\" data-element_type=\"widget\" data-widget_type=\"text-editor.default\">\n\t\t\t\t<div class=\"elementor-widget-container\">\n\t\t\t\t\t\t\t\t<div class=\"elementor-text-editor elementor-clearfix\">\n\t\t\t\t<p>La crisi climatica \u00e8 dovuta principalmente (ma non solo) alla combustione di combustibili fossili come carbone, petrolio e gas che generano emissioni di gas serra che funzionano come una copertura che avvolge la Terra, catturando il calore del sole e causando un aumento delle temperature. I principali gas serra che causano il cambiamento climatico indotto dall&#8217;uomo sono l&#8217;anidride carbonica e il metano.<\/p>\n<p>Le emissioni di gas serra sono generate da varie attivit\u00e0, tra cui l&#8217;uso della benzina per i trasporti o del carbone per il riscaldamento (Figura 6). Anche il disboscamento\u00a0 e l&#8217;abbattimento delle foreste influenzano il rilascio di anidride carbonica. L&#8217;agricoltura (soprattutto l&#8217;allevamento e l&#8217;uso di fertilizzanti), le attivit\u00e0 petrolifere e del gas e le apparecchiature contenenti gas fluorurati sono le principali fonti di emissioni di gas serra.<\/p>\n\t\t\t\t\t<\/div>\n\t\t\t\t\t\t<\/div>\n\t\t\t\t<\/div>\n\t\t\t\t<div class=\"elementor-element elementor-element-2fe1c7b climate_crisis_img elementor-widget elementor-widget-image\" data-id=\"2fe1c7b\" data-element_type=\"widget\" data-widget_type=\"image.default\">\n\t\t\t\t<div class=\"elementor-widget-container\">\n\t\t\t\t\t\t\t\t<div class=\"elementor-image\">\n\t\t\t\t\t\t\t\t\t<figure class=\"wp-caption\">\n\t\t\t\t\t\t\t\t\t\t<img loading=\"lazy\" decoding=\"async\" width=\"768\" height=\"445\" src=\"https:\/\/besafenet.net\/wp-content\/uploads\/2023\/10\/shutterstock_741598_resize-768x445.jpg\" class=\"attachment-medium_large size-medium_large wp-image-14149\" alt=\"\" srcset=\"https:\/\/besafenet.net\/wp-content\/uploads\/2023\/10\/shutterstock_741598_resize-768x445.jpg 768w, https:\/\/besafenet.net\/wp-content\/uploads\/2023\/10\/shutterstock_741598_resize-300x174.jpg 300w, https:\/\/besafenet.net\/wp-content\/uploads\/2023\/10\/shutterstock_741598_resize-1024x594.jpg 1024w, https:\/\/besafenet.net\/wp-content\/uploads\/2023\/10\/shutterstock_741598_resize-150x87.jpg 150w, https:\/\/besafenet.net\/wp-content\/uploads\/2023\/10\/shutterstock_741598_resize-1536x891.jpg 1536w, https:\/\/besafenet.net\/wp-content\/uploads\/2023\/10\/shutterstock_741598_resize.jpg 1752w\" sizes=\"(max-width: 768px) 100vw, 768px\" \/>\t\t\t\t\t\t\t\t\t\t\t<figcaption class=\"widget-image-caption wp-caption-text\">Figura 6. Emissioni di gas serra da fonti industriali.<\/figcaption>\n\t\t\t\t\t\t\t\t\t\t<\/figure>\n\t\t\t\t\t\t\t\t<\/div>\n\t\t\t\t\t\t<\/div>\n\t\t\t\t<\/div>\n\t\t\t\t<div class=\"elementor-element elementor-element-59914a5 elementor-widget elementor-widget-text-editor\" data-id=\"59914a5\" data-element_type=\"widget\" data-widget_type=\"text-editor.default\">\n\t\t\t\t<div class=\"elementor-widget-container\">\n\t\t\t\t\t\t\t\t<div class=\"elementor-text-editor elementor-clearfix\">\n\t\t\t\t<p>L&#8217;entit\u00e0 della crisi climatica pu\u00f2 essere influenzata anche da una serie di fenomeni climatici naturali come il Ni\u00f1o e La Ni\u00f1a. El Ni\u00f1o agisce come effetto moltiplicatore dei cambiamenti climatici causati dall&#8217;uomo e fa aumentare le temperature medie superficiali globali.<\/p>\n\t\t\t\t\t<\/div>\n\t\t\t\t\t\t<\/div>\n\t\t\t\t<\/div>\n\t\t\t\t<div class=\"elementor-element elementor-element-cd30d22 elementor-widget elementor-widget-accordion\" data-id=\"cd30d22\" data-element_type=\"widget\" data-widget_type=\"accordion.default\">\n\t\t\t\t<div class=\"elementor-widget-container\">\n\t\t\t\t\t<div class=\"elementor-accordion\" role=\"tablist\">\n\t\t\t\t\t\t\t<div class=\"elementor-accordion-item\">\n\t\t\t\t\t<div id=\"elementor-tab-title-2151\" class=\"elementor-tab-title\" data-tab=\"1\" role=\"tab\" aria-controls=\"elementor-tab-content-2151\" aria-expanded=\"false\">\n\t\t\t\t\t\t\t\t\t\t\t\t\t<span class=\"elementor-accordion-icon elementor-accordion-icon-left\" aria-hidden=\"true\">\n\t\t\t\t\t\t\t\t\t\t\t\t\t\t\t<span class=\"elementor-accordion-icon-closed\"><i class=\"fas fa-plus\"><\/i><\/span>\n\t\t\t\t\t\t\t\t<span class=\"elementor-accordion-icon-opened\"><i class=\"fas fa-minus\"><\/i><\/span>\n\t\t\t\t\t\t\t\t\t\t\t\t\t\t<\/span>\n\t\t\t\t\t\t\t\t\t\t\t\t<a class=\"elementor-accordion-title\" href=\"\">3.1 Il fenomeno El Ni\u00f1o<\/a>\n\t\t\t\t\t<\/div>\n\t\t\t\t\t<div id=\"elementor-tab-content-2151\" class=\"elementor-tab-content elementor-clearfix\" data-tab=\"1\" role=\"tabpanel\" aria-labelledby=\"elementor-tab-title-2151\"><p>El Ni\u00f1o \u00e8 tipicamente associato a temperature superficiali pi\u00f9 calde nell&#8217;Oceano Pacifico tropicale centrale e orientale. In regioni come il Sud America meridionale, gli Stati Uniti meridionali, il Corno d&#8217;Africa e l&#8217;Asia centrale, le precipitazioni sono generalmente pi\u00f9 abbondanti, mentre l&#8217;Australia, l&#8217;Indonesia e alcune parti dell&#8217;Asia meridionale possono subire siccit\u00e0 estreme. Inoltre, l&#8217;acqua calda di El Ni\u00f1o pu\u00f2 potenzialmente alimentare gli uragani nell&#8217;Oceano Pacifico centrale e orientale durante i mesi estivi nell&#8217;emisfero settentrionale, ma pu\u00f2 ostacolare la formazione di uragani nel bacino atlantico, secondo l&#8217;Organizzazione meteorologica mondiale. El Ni\u00f1o si verifica in genere ogni due-sette anni, con una durata media di circa nove-dodici mesi..<\/p>\n<p><strong>Generatori di gas a effetto serra<\/strong><\/p>\n<p><u>La combustione di combustibili fossili<\/u> (carbone, petrolio e gas) per generare energia per la produzione di elettricit\u00e0 e per alimentare i trasporti (ad esempio automobili e aerei) e i processi industriali.\u00a0 Questo produce i due principali gas serra sotto forma di anidride carbonica (CO2) e protossido di azoto (NO).<\/p>\n<p><u>Deforestazione.<\/u> La deforestazione interrompe il prezioso ruolo degli alberi nel mantenere la stabilit\u00e0 del clima grazie alla loro capacit\u00e0 di assorbire l&#8217;anidride carbonica (CO2) dall&#8217;aria. Di conseguenza, il carbonio che un tempo era immagazzinato in questi alberi viene rilasciato, contribuendo all&#8217;intensificazione dell&#8217;effetto serra.<\/p>\n<p><u>Allevamenti su larga scala.<\/u> Durante la digestione del cibo, mucche e pecore producono grandi quantit\u00e0 di gas metano (CH4) che viene rilasciato nell&#8217;atmosfera.<\/p>\n<p><u>I fertilizzanti contenenti azoto<\/u> producono emissioni di protossido di azoto.<\/p>\n<p><u>Uso di gas fluorurati.<\/u> La produzione e l&#8217;uso di apparecchiature domestiche e industriali (come frigoriferi, condizionatori d&#8217;aria, schiume e bombolette spray) contenenti gas fluorurati comportano emissioni per fuoriuscita di gas durante il processo di produzione e per tutta la durata di vita del prodotto. Si stima che i gas fluorurati ad effetto serra abbiano un effetto di riscaldamento globale fino a 25.000 volte superiore a quello dell&#8217;anidride carbonica (CO2).<\/p>\n<\/div>\n\t\t\t\t<\/div>\n\t\t\t\t\t\t\t\t<\/div>\n\t\t\t\t<\/div>\n\t\t\t\t<\/div>\n\t\t\t\t\t\t<\/div>\n\t\t\t\t\t<\/div>\n\t\t<\/div>\n\t\t\t\t\t\t\t\t<\/div>\n\t\t\t\t\t<\/div>\n\t\t<\/section>\n\t\t\t\t\t\t\t\t\t<\/div>\n\t\t\t<\/div>\n\t\t\t\t\t<\/div>\n\t\t<\/p><\/div>\n\t\t\t\t<\/div>\n\t\t\t\t\t\t\t<div class=\"elementor-accordion-item\">\n\t\t\t\t\t<div id=\"elementor-tab-title-7944\" class=\"elementor-tab-title\" data-tab=\"4\" role=\"tab\" aria-controls=\"elementor-tab-content-7944\" aria-expanded=\"false\">\n\t\t\t\t\t\t\t\t\t\t\t\t\t<span class=\"elementor-accordion-icon elementor-accordion-icon-left\" aria-hidden=\"true\">\n\t\t\t\t\t\t\t\t\t\t\t\t\t\t\t<span class=\"elementor-accordion-icon-closed\"><i class=\"fas fa-plus\"><\/i><\/span>\n\t\t\t\t\t\t\t\t<span class=\"elementor-accordion-icon-opened\"><i class=\"fas fa-minus\"><\/i><\/span>\n\t\t\t\t\t\t\t\t\t\t\t\t\t\t<\/span>\n\t\t\t\t\t\t\t\t\t\t\t\t<a class=\"elementor-accordion-title\" href=\"\">4.\tDove si verifica la crisi climatica?<\/a>\n\t\t\t\t\t<\/div>\n\t\t\t\t\t<div id=\"elementor-tab-content-7944\" class=\"elementor-tab-content elementor-clearfix\" data-tab=\"4\" role=\"tabpanel\" aria-labelledby=\"elementor-tab-title-7944\"><p>\t\t<div data-elementor-type=\"wp-post\" data-elementor-id=\"14291\" class=\"elementor elementor-14291 elementor-14159\">\n\t\t\t\t\t\t<div class=\"elementor-inner\">\n\t\t\t\t<div class=\"elementor-section-wrap\">\n\t\t\t\t\t\t\t\t\t<section class=\"has_eae_slider elementor-section elementor-top-section elementor-element elementor-element-5d78256 elementor-section-boxed elementor-section-height-default elementor-section-height-default\" data-id=\"5d78256\" data-element_type=\"section\">\n\t\t\t\t\t\t<div class=\"elementor-container elementor-column-gap-default\">\n\t\t\t\t\t\t\t<div class=\"elementor-row\">\n\t\t\t\t\t<div class=\"has_eae_slider elementor-column elementor-col-100 elementor-top-column elementor-element elementor-element-ca98209\" data-id=\"ca98209\" data-element_type=\"column\">\n\t\t\t<div class=\"elementor-column-wrap elementor-element-populated\">\n\t\t\t\t\t\t\t<div class=\"elementor-widget-wrap\">\n\t\t\t\t\t\t<div class=\"elementor-element elementor-element-89e8e03 elementor-widget elementor-widget-text-editor\" data-id=\"89e8e03\" data-element_type=\"widget\" data-widget_type=\"text-editor.default\">\n\t\t\t\t<div class=\"elementor-widget-container\">\n\t\t\t\t\t\t\t\t<div class=\"elementor-text-editor elementor-clearfix\">\n\t\t\t\t<p>La crisi climatica \u00e8 un problema globale (Figura 7). Colpisce ogni angolo del pianeta, non lasciando nessuna area indenne dalle sue conseguenze distruttive. Il riscaldamento delle temperature sta danneggiando gli ambienti naturali e amplificando la frequenza e la gravit\u00e0 di vari disastri naturali e condizioni meteorologiche estreme come siccit\u00e0, incendi, uragani e tempeste. Inoltre, l&#8217;aumento delle temperature globali contribuisce all&#8217;insicurezza alimentare e idrica, interrompe le economie ed \u00e8 direttamente associato a un aumento del potenziale di conflitto e terrorismo. L&#8217;aumento delle temperature degli oceani e lo scioglimento dei ghiacciai portano a un innalzamento del livello del mare, che colpisce in particolare le coste basse, e provocano l&#8217;acidificazione degli oceani, con un grave impatto sulla vita marina. Le barriere coralline vengono distrutte sia dal riscaldamento degli oceani sia dall&#8217;intensificarsi delle tempeste oceaniche.<\/p>\n<p>La crisi climatica \u00e8 un problema globale, interconnesso con il Sistema Terra nel suo complesso. A titolo di esempio, alcuni fenomeni meteorologici legati alle regioni tropicali e subtropicali sono responsabili del verificarsi di eventi di precipitazione estrema nell&#8217;Artico.<\/p>\n\t\t\t\t\t<\/div>\n\t\t\t\t\t\t<\/div>\n\t\t\t\t<\/div>\n\t\t\t\t<div class=\"elementor-element elementor-element-b8c423f climate_crisis_img elementor-widget elementor-widget-image\" data-id=\"b8c423f\" data-element_type=\"widget\" data-widget_type=\"image.default\">\n\t\t\t\t<div class=\"elementor-widget-container\">\n\t\t\t\t\t\t\t\t<div class=\"elementor-image\">\n\t\t\t\t\t\t\t\t\t<figure class=\"wp-caption\">\n\t\t\t\t\t\t\t\t\t\t<img loading=\"lazy\" decoding=\"async\" width=\"768\" height=\"480\" src=\"https:\/\/besafenet.net\/wp-content\/uploads\/2023\/10\/shutterstock_1532836706_resize-768x480.jpg\" class=\"attachment-medium_large size-medium_large wp-image-14160\" alt=\"\" srcset=\"https:\/\/besafenet.net\/wp-content\/uploads\/2023\/10\/shutterstock_1532836706_resize-768x480.jpg 768w, https:\/\/besafenet.net\/wp-content\/uploads\/2023\/10\/shutterstock_1532836706_resize-300x188.jpg 300w, https:\/\/besafenet.net\/wp-content\/uploads\/2023\/10\/shutterstock_1532836706_resize-1024x640.jpg 1024w, https:\/\/besafenet.net\/wp-content\/uploads\/2023\/10\/shutterstock_1532836706_resize-150x94.jpg 150w, https:\/\/besafenet.net\/wp-content\/uploads\/2023\/10\/shutterstock_1532836706_resize-1536x960.jpg 1536w, https:\/\/besafenet.net\/wp-content\/uploads\/2023\/10\/shutterstock_1532836706_resize-2048x1280.jpg 2048w\" sizes=\"(max-width: 768px) 100vw, 768px\" \/>\t\t\t\t\t\t\t\t\t\t\t<figcaption class=\"widget-image-caption wp-caption-text\">Figura 7: : La natura globale della crisi clima<\/figcaption>\n\t\t\t\t\t\t\t\t\t\t<\/figure>\n\t\t\t\t\t\t\t\t<\/div>\n\t\t\t\t\t\t<\/div>\n\t\t\t\t<\/div>\n\t\t\t\t<div class=\"elementor-element elementor-element-b635ef0 elementor-widget elementor-widget-accordion\" data-id=\"b635ef0\" data-element_type=\"widget\" data-widget_type=\"accordion.default\">\n\t\t\t\t<div class=\"elementor-widget-container\">\n\t\t\t\t\t<div class=\"elementor-accordion\" role=\"tablist\">\n\t\t\t\t\t\t\t<div class=\"elementor-accordion-item\">\n\t\t\t\t\t<div id=\"elementor-tab-title-1911\" class=\"elementor-tab-title\" data-tab=\"1\" role=\"tab\" aria-controls=\"elementor-tab-content-1911\" aria-expanded=\"false\">\n\t\t\t\t\t\t\t\t\t\t\t\t\t<span class=\"elementor-accordion-icon elementor-accordion-icon-left\" aria-hidden=\"true\">\n\t\t\t\t\t\t\t\t\t\t\t\t\t\t\t<span class=\"elementor-accordion-icon-closed\"><i class=\"fas fa-plus\"><\/i><\/span>\n\t\t\t\t\t\t\t\t<span class=\"elementor-accordion-icon-opened\"><i class=\"fas fa-minus\"><\/i><\/span>\n\t\t\t\t\t\t\t\t\t\t\t\t\t\t<\/span>\n\t\t\t\t\t\t\t\t\t\t\t\t<a class=\"elementor-accordion-title\" href=\"\">4.1 Variabilit\u00e0 degli effetti della crisi climatica<\/a>\n\t\t\t\t\t<\/div>\n\t\t\t\t\t<div id=\"elementor-tab-content-1911\" class=\"elementor-tab-content elementor-clearfix\" data-tab=\"1\" role=\"tabpanel\" aria-labelledby=\"elementor-tab-title-1911\"><p>Sebbene la crisi climatica sia un fenomeno globale che colpisce tutti i Paesi, bisogna riconoscere che gli impatti varieranno a causa delle diverse vulnerabilit\u00e0 dei Paesi, che influiscono sulla capacit\u00e0 di rispondere e di riprendersi da tali impatti. Durante la COP27 (Conferenza sui cambiamenti climatici, 2022) \u00e8 stata effettuata una valutazione per cercare di identificare i Paesi che hanno maggiori probabilit\u00e0 di essere colpiti in caso di disastro climatico, senza possibilit\u00e0 di recupero. Dei dieci Paesi pi\u00f9 colpiti individuati, i primi cinque sono stati:<\/p>\n<p>Ciad &#8211; massima vulnerabilit\u00e0 a causa di inondazioni in tutto il Paese, aumento degli scontri militari e carestia.<\/p>\n<p>Somalia &#8211; siccit\u00e0 e problemi politici nel Paese.<\/p>\n<p>Siria &#8211; dopo un decennio di guerra, siccit\u00e0 e terremoto del 2023.<\/p>\n<p>Repubblica Democratica del Congo &#8211; oltre 100 gruppi armati, malattie multiple come malaria ed ebola, carestia.<\/p>\n<p>Afghanistan &#8211; perdita degli aiuti internazionali a causa del regime talebano, 3 anni consecutivi di siccit\u00e0 e inondazioni.<\/p>\n<\/div>\n\t\t\t\t<\/div>\n\t\t\t\t\t\t\t\t<\/div>\n\t\t\t\t<\/div>\n\t\t\t\t<\/div>\n\t\t\t\t\t\t<\/div>\n\t\t\t\t\t<\/div>\n\t\t<\/div>\n\t\t\t\t\t\t\t\t<\/div>\n\t\t\t\t\t<\/div>\n\t\t<\/section>\n\t\t\t\t\t\t\t\t\t<\/div>\n\t\t\t<\/div>\n\t\t\t\t\t<\/div>\n\t\t<\/p><\/div>\n\t\t\t\t<\/div>\n\t\t\t\t\t\t\t<div class=\"elementor-accordion-item\">\n\t\t\t\t\t<div id=\"elementor-tab-title-7945\" class=\"elementor-tab-title\" data-tab=\"5\" role=\"tab\" aria-controls=\"elementor-tab-content-7945\" aria-expanded=\"false\">\n\t\t\t\t\t\t\t\t\t\t\t\t\t<span class=\"elementor-accordion-icon elementor-accordion-icon-left\" aria-hidden=\"true\">\n\t\t\t\t\t\t\t\t\t\t\t\t\t\t\t<span class=\"elementor-accordion-icon-closed\"><i class=\"fas fa-plus\"><\/i><\/span>\n\t\t\t\t\t\t\t\t<span class=\"elementor-accordion-icon-opened\"><i class=\"fas fa-minus\"><\/i><\/span>\n\t\t\t\t\t\t\t\t\t\t\t\t\t\t<\/span>\n\t\t\t\t\t\t\t\t\t\t\t\t<a class=\"elementor-accordion-title\" href=\"\">5.\tQuali sono le conseguenze della crisi climatica? <\/a>\n\t\t\t\t\t<\/div>\n\t\t\t\t\t<div id=\"elementor-tab-content-7945\" class=\"elementor-tab-content elementor-clearfix\" data-tab=\"5\" role=\"tabpanel\" aria-labelledby=\"elementor-tab-title-7945\"><p>\t\t<div data-elementor-type=\"wp-post\" data-elementor-id=\"14293\" class=\"elementor elementor-14293 elementor-14168\">\n\t\t\t\t\t\t<div class=\"elementor-inner\">\n\t\t\t\t<div class=\"elementor-section-wrap\">\n\t\t\t\t\t\t\t\t\t<section class=\"has_eae_slider elementor-section elementor-top-section elementor-element elementor-element-3a7a83c elementor-section-boxed elementor-section-height-default elementor-section-height-default\" data-id=\"3a7a83c\" data-element_type=\"section\">\n\t\t\t\t\t\t<div class=\"elementor-container elementor-column-gap-default\">\n\t\t\t\t\t\t\t<div class=\"elementor-row\">\n\t\t\t\t\t<div class=\"has_eae_slider elementor-column elementor-col-100 elementor-top-column elementor-element elementor-element-d21b6dc\" data-id=\"d21b6dc\" data-element_type=\"column\">\n\t\t\t<div class=\"elementor-column-wrap elementor-element-populated\">\n\t\t\t\t\t\t\t<div class=\"elementor-widget-wrap\">\n\t\t\t\t\t\t<div class=\"elementor-element elementor-element-c5c5225 elementor-widget elementor-widget-text-editor\" data-id=\"c5c5225\" data-element_type=\"widget\" data-widget_type=\"text-editor.default\">\n\t\t\t\t<div class=\"elementor-widget-container\">\n\t\t\t\t\t\t\t\t<div class=\"elementor-text-editor elementor-clearfix\">\n\t\t\t\t<p>Su scala globale, l&#8217;IPCC ha riconosciuto diversi problemi significativi per la stabilit\u00e0 del sistema Terra, tra cui:<\/p>\n<p>&#8211; Conseguenze irreversibili: Anche con variazioni relativamente moderate della temperatura globale, ci saranno impatti duraturi, soprattutto sugli ecosistemi artici, sulle barriere coralline e sulla biodiversit\u00e0.<\/p>\n<p>&#8211; Eventi meteorologici estremi: Previsione di eventi meteorologici pi\u00f9 frequenti e intensi, come precipitazioni intense e ondate di calore.<\/p>\n<p>&#8211; Gravi ripercussioni sulle popolazioni impoverite e suscettibili in tutto il mondo: Le comunit\u00e0 pi\u00f9 povere e vulnerabili del mondo soffriranno molto, compreso un aumento dei conflitti regionali e del terrorismo.<\/p>\n<p>&#8211; Danni ambientali ed economici: Sia gli ecosistemi naturali che i sistemi economici subiranno effetti dannosi.<\/p>\n<p>&#8211; Incidenti singolari e significativi: questi potrebbero includere ulteriori aumenti del livello del mare dovuti allo scioglimento delle principali calotte glaciali in Groenlandia e Antartide (Figura 8).<\/p>\n<p>La Crisi Climatica non \u00e8 solo responsabile dell&#8217;aumento della frequenza e dell&#8217;intensit\u00e0 degli eventi estremi, ma anche di alterazioni ambientali graduali come l&#8217;innalzamento del livello del mare, la salinizzazione delle falde acquifere, la siccit\u00e0 e l&#8217;espansione delle aree desertiche, la scarsit\u00e0 di acqua e di cibo, i gravi incendi, le inondazioni, lo scioglimento dei ghiacciai e delle calotte glaciali, la salute e la perdita di vite umane.<\/p>\n\t\t\t\t\t<\/div>\n\t\t\t\t\t\t<\/div>\n\t\t\t\t<\/div>\n\t\t\t\t<div class=\"elementor-element elementor-element-e86c1ff climate_crisis_img elementor-widget elementor-widget-image\" data-id=\"e86c1ff\" data-element_type=\"widget\" data-widget_type=\"image.default\">\n\t\t\t\t<div class=\"elementor-widget-container\">\n\t\t\t\t\t\t\t\t<div class=\"elementor-image\">\n\t\t\t\t\t\t\t\t\t<figure class=\"wp-caption\">\n\t\t\t\t\t\t\t\t\t\t<img loading=\"lazy\" decoding=\"async\" width=\"768\" height=\"512\" src=\"https:\/\/besafenet.net\/wp-content\/uploads\/2023\/10\/shutterstock_1738791689_resize-768x512.jpg\" class=\"attachment-medium_large size-medium_large wp-image-14169\" alt=\"\" srcset=\"https:\/\/besafenet.net\/wp-content\/uploads\/2023\/10\/shutterstock_1738791689_resize-768x512.jpg 768w, https:\/\/besafenet.net\/wp-content\/uploads\/2023\/10\/shutterstock_1738791689_resize-300x200.jpg 300w, https:\/\/besafenet.net\/wp-content\/uploads\/2023\/10\/shutterstock_1738791689_resize-1024x683.jpg 1024w, https:\/\/besafenet.net\/wp-content\/uploads\/2023\/10\/shutterstock_1738791689_resize-150x100.jpg 150w, https:\/\/besafenet.net\/wp-content\/uploads\/2023\/10\/shutterstock_1738791689_resize-1536x1024.jpg 1536w, https:\/\/besafenet.net\/wp-content\/uploads\/2023\/10\/shutterstock_1738791689_resize.jpg 1974w\" sizes=\"(max-width: 768px) 100vw, 768px\" \/>\t\t\t\t\t\t\t\t\t\t\t<figcaption class=\"widget-image-caption wp-caption-text\">Figura 8: Scioglimento sempre pi\u00f9 rapido di ghiacciai e banchise. <\/figcaption>\n\t\t\t\t\t\t\t\t\t\t<\/figure>\n\t\t\t\t\t\t\t\t<\/div>\n\t\t\t\t\t\t<\/div>\n\t\t\t\t<\/div>\n\t\t\t\t<div class=\"elementor-element elementor-element-d24919f elementor-widget elementor-widget-accordion\" data-id=\"d24919f\" data-element_type=\"widget\" data-widget_type=\"accordion.default\">\n\t\t\t\t<div class=\"elementor-widget-container\">\n\t\t\t\t\t<div class=\"elementor-accordion\" role=\"tablist\">\n\t\t\t\t\t\t\t<div class=\"elementor-accordion-item\">\n\t\t\t\t\t<div id=\"elementor-tab-title-2201\" class=\"elementor-tab-title\" data-tab=\"1\" role=\"tab\" aria-controls=\"elementor-tab-content-2201\" aria-expanded=\"false\">\n\t\t\t\t\t\t\t\t\t\t\t\t\t<span class=\"elementor-accordion-icon elementor-accordion-icon-left\" aria-hidden=\"true\">\n\t\t\t\t\t\t\t\t\t\t\t\t\t\t\t<span class=\"elementor-accordion-icon-closed\"><i class=\"fas fa-plus\"><\/i><\/span>\n\t\t\t\t\t\t\t\t<span class=\"elementor-accordion-icon-opened\"><i class=\"fas fa-minus\"><\/i><\/span>\n\t\t\t\t\t\t\t\t\t\t\t\t\t\t<\/span>\n\t\t\t\t\t\t\t\t\t\t\t\t<a class=\"elementor-accordion-title\" href=\"\">5.1 Gli impatti attuali della Crisi Climatica<\/a>\n\t\t\t\t\t<\/div>\n\t\t\t\t\t<div id=\"elementor-tab-content-2201\" class=\"elementor-tab-content elementor-clearfix\" data-tab=\"1\" role=\"tabpanel\" aria-labelledby=\"elementor-tab-title-2201\"><p><strong>Scarsit\u00e0 di acqua e cibo <\/strong><\/p><p>Il cambiamento climatico indotto dall&#8217;uomo influisce negativamente sulla disponibilit\u00e0 e sulla qualit\u00e0 dell&#8217;acqua, sia per uso potabile che per l&#8217;agricoltura. In molte regioni, le colture che storicamente hanno prosperato sono ora in difficolt\u00e0, creando una sicurezza alimentare pi\u00f9 precaria. La perdita di sicurezza alimentare colpisce in ultima analisi le popolazioni pi\u00f9 povere e vulnerabili. Di conseguenza, si prevede che il riscaldamento globale aumenti la disparit\u00e0 economica tra i Paesi pi\u00f9 ricchi e quelli pi\u00f9 poveri.<\/p><p><strong>Incendi paesaggistici<\/strong><\/p><p>Il riscaldamento globale e la siccit\u00e0 spesso associata hanno causato un&#8217;estensiondella stagione degli incendi, un aumento della frequenza degli incendi e un&#8217;espansione delle aree bruciate. L&#8217;estensione della stagione degli incendi in diverse aree pu\u00f2 essere attribuita alle primavere pi\u00f9 calde, ai prolungati periodi di siccit\u00e0 in estate e alla vegetazione e al suolo pi\u00f9 secchi. Questa minaccia \u00e8 ulteriormente aggravata dalla diminuzione del manto nevoso e dall&#8217;anticipo dello scioglimento primaverile della neve, che porta a una minore disponibilit\u00e0 di acqua durante i caldi mesi estivi, aumentando cos\u00ec il rischio di incendi.<\/p><p><strong>Inondazioni<\/strong><\/p><p>A causa degli effetti del cambiamento climatico indotto dall&#8217;uomo, l&#8217;atmosfera si sta riscaldando e per ogni aumento di temperatura di un grado Celsius, l&#8217;aria pu\u00f2 contenere il 7% in pi\u00f9 di vapore acqueo.<\/p><p>Le forti piogge possono causare alluvioni improvvise se si verificano in un breve periodo, mentre le piogge moderate per diversi giorni possono causare lo straripamento di fiumi o dighe. Le comunit\u00e0 costiere, in particolare, sono altamente suscettibili a causa degli effetti combinati dell&#8217;innalzamento del livello del mare, delle mareggiate e dell&#8217;insufficiente pianificazione e gestione delle alluvioni.<\/p><p><strong>Scioglimento dei ghiacci polari e innalzamento del livello del mare<\/strong><\/p><p>Lo scioglimento dei ghiacciai e delle calotte glaciali nelle regioni montane e polari si sta verificando a un ritmo accelerato, portando a un aumento del livello del mare. Pi\u00f9 della met\u00e0 delle principali citt\u00e0 del mondo con una popolazione superiore ai cinque milioni di abitanti si trova in regioni vulnerabili all&#8217;innalzamento del livello del mare. Se non si interviene immediatamente, ampie aree di varie citt\u00e0 potrebbero essere sommerse, con il conseguente spostamento di milioni di persone nell&#8217;arco della nostra vita.<\/p><p><strong>Sconvolgimenti climatici ed eventi meteorologici estremi <\/strong><\/p><p>La frequenza e l&#8217;intensit\u00e0 dei fenomeni meteorologici estremi e dei disastri legati al clima sono in aumento a causa del riscaldamento globale. Ondate di calore, siccit\u00e0, tifoni e uragani stanno causando distruzioni significative in tutto il mondo, colpendo ogni continente. Attualmente, il 90% dei disastri \u00e8 legato alle condizioni meteorologiche e climatiche, con un costo di molti miliardi di dollari per l&#8217;economia globale ogni anno e costringendo milioni di persone alla povert\u00e0.<\/p><p><strong>La biodiversit\u00e0 in declino <\/strong><\/p><p>Oltre alle pratiche insostenibili di utilizzo del territorio, anche il cambiamento climatico indotto dall&#8217;uomo sta diventando un fattore significativo nella riduzione della biodiversit\u00e0. Ha provocato cambiamenti negli ecosistemi marini, d&#8217;acqua dolce e terrestri a livello globale, portando all&#8217;estinzione di specie locali, all&#8217;aumento della prevalenza di malattie e alla mortalit\u00e0 di massa di flora e fauna. Le temperature pi\u00f9 elevate sulla terraferma hanno provocato lo spostamento di piante e animali ad altitudini o latitudini pi\u00f9 elevate, spesso verso i poli, con effetti di vasta portata sugli ecosistemi. La perdita di servizi ecosistemici, come cibo, medicine e mezzi di sussistenza forniti dalla natura, pu\u00f2 avere ripercussioni anche sulla salute umana.<\/p><p><strong>Aumento dei conflitti e del terrorismo<\/strong><\/p><p>La crisi climatica intensifica la competizione per le risorse essenziali come il cibo, l&#8217;acqua e il territorio, causando pressioni socioeconomiche e spesso migrando su larga scala. Queste popolazioni sono sempre pi\u00f9 suscettibili di essere prese di mira per il reclutamento e la violenza terroristica. Secondo la Banca Mondiale, se non si interviene, entro il 2050 pi\u00f9 di 140 milioni di persone in Asia meridionale, Africa subsahariana e America Latina saranno costrette a migrare all&#8217;interno delle rispettive regioni.<\/p><p><strong>Salute e perdita di vite umane<\/strong><\/p><p>Gli impatti del riscaldamento globale sulla salute e sulla perdita di vite umane derivano dall&#8217;aumento del rischio di malnutrizione, malaria, diarrea, stress da calore, incidenti e impatti di eventi meteorologici estremi (inondazioni, incendi e tempeste). La ragione principale dei decessi legati alle condizioni atmosferiche in Europa \u00e8 lo stress da caldo, che pu\u00f2 peggiorare le condizioni di salute esistenti, come le malattie respiratorie, cardiovascolari, cerebrovascolari e i disturbi legati al diabete. Secondo i dati forniti da vari Paesi, si stima che nel 2022 il caldo sia stato responsabile della morte di almeno 15.000 persone, con la Spagna che ha registrato quasi 4000 decessi, il Portogallo pi\u00f9 di 1000, il Regno Unito oltre 3200 e la Germania circa 4500 morti durante i mesi estivi.<\/p><p><strong>Impatti previsti della crisi climatica<\/strong><\/p><p>La persistenza dei gas serra nell&#8217;atmosfera significa che le loro concentrazioni continueranno ad aumentare e rimarranno elevate per centinaia di anni, anche se le emissioni dovessero cessare di aumentare. Anche se riuscissimo a stabilizzare la composizione dell&#8217;atmosfera riducendo drasticamente le emissioni di gas serra, le temperature superficiali dell&#8217;aria aumenterebbero comunque. Ci\u00f2 \u00e8 dovuto agli oceani, che immagazzinano il calore e impiegano diversi decenni per adattarsi completamente all&#8217;aumento delle concentrazioni di gas serra. Di conseguenza, gli effetti dell&#8217;aumento delle concentrazioni di gas serra e delle temperature pi\u00f9 calde sugli oceani continueranno a influenzare il clima per diversi decenni o secoli nel futuro.<\/p><\/div>\n\t\t\t\t<\/div>\n\t\t\t\t\t\t\t\t<\/div>\n\t\t\t\t<\/div>\n\t\t\t\t<\/div>\n\t\t\t\t\t\t<\/div>\n\t\t\t\t\t<\/div>\n\t\t<\/div>\n\t\t\t\t\t\t\t\t<\/div>\n\t\t\t\t\t<\/div>\n\t\t<\/section>\n\t\t\t\t\t\t\t\t\t<\/div>\n\t\t\t<\/div>\n\t\t\t\t\t<\/div>\n\t\t<\/p><\/div>\n\t\t\t\t<\/div>\n\t\t\t\t\t\t\t<div class=\"elementor-accordion-item\">\n\t\t\t\t\t<div id=\"elementor-tab-title-7946\" class=\"elementor-tab-title\" data-tab=\"6\" role=\"tab\" aria-controls=\"elementor-tab-content-7946\" aria-expanded=\"false\">\n\t\t\t\t\t\t\t\t\t\t\t\t\t<span class=\"elementor-accordion-icon elementor-accordion-icon-left\" aria-hidden=\"true\">\n\t\t\t\t\t\t\t\t\t\t\t\t\t\t\t<span class=\"elementor-accordion-icon-closed\"><i class=\"fas fa-plus\"><\/i><\/span>\n\t\t\t\t\t\t\t\t<span class=\"elementor-accordion-icon-opened\"><i class=\"fas fa-minus\"><\/i><\/span>\n\t\t\t\t\t\t\t\t\t\t\t\t\t\t<\/span>\n\t\t\t\t\t\t\t\t\t\t\t\t<a class=\"elementor-accordion-title\" href=\"\">6.\tLe conseguenze della crisi climatica possono essere influenzate dal comportamento umano?<\/a>\n\t\t\t\t\t<\/div>\n\t\t\t\t\t<div id=\"elementor-tab-content-7946\" class=\"elementor-tab-content elementor-clearfix\" data-tab=\"6\" role=\"tabpanel\" aria-labelledby=\"elementor-tab-title-7946\"><p>\t\t<div data-elementor-type=\"wp-post\" data-elementor-id=\"14295\" class=\"elementor elementor-14295 elementor-14179\">\n\t\t\t\t\t\t<div class=\"elementor-inner\">\n\t\t\t\t<div class=\"elementor-section-wrap\">\n\t\t\t\t\t\t\t\t\t<section class=\"has_eae_slider elementor-section elementor-top-section elementor-element elementor-element-9cfbaed elementor-section-boxed elementor-section-height-default elementor-section-height-default\" data-id=\"9cfbaed\" data-element_type=\"section\">\n\t\t\t\t\t\t<div class=\"elementor-container elementor-column-gap-default\">\n\t\t\t\t\t\t\t<div class=\"elementor-row\">\n\t\t\t\t\t<div class=\"has_eae_slider elementor-column elementor-col-100 elementor-top-column elementor-element elementor-element-3d47cbc\" data-id=\"3d47cbc\" data-element_type=\"column\">\n\t\t\t<div class=\"elementor-column-wrap elementor-element-populated\">\n\t\t\t\t\t\t\t<div class=\"elementor-widget-wrap\">\n\t\t\t\t\t\t<div class=\"elementor-element elementor-element-b117c82 elementor-widget elementor-widget-text-editor\" data-id=\"b117c82\" data-element_type=\"widget\" data-widget_type=\"text-editor.default\">\n\t\t\t\t<div class=\"elementor-widget-container\">\n\t\t\t\t\t\t\t\t<div class=\"elementor-text-editor elementor-clearfix\">\n\t\t\t\t<p>Se da un lato il comportamento umano \u00e8 il principale motore dei cambiamenti climatici e del riscaldamento globale, dall&#8217;altro \u00e8 fondamentale per l&#8217;adattamento ad alcuni dei suoi impatti negativi. Ad esempio, le nazioni che si sono trovate ad affrontare livelli idrici elevati per un periodo prolungato hanno avuto l&#8217;opportunit\u00e0 di adattarsi, ad esempio sviluppando difese avanzate contro le inondazioni (Figura 9).<\/p>\n\t\t\t\t\t<\/div>\n\t\t\t\t\t\t<\/div>\n\t\t\t\t<\/div>\n\t\t\t\t<div class=\"elementor-element elementor-element-eb6766c climate_crisis_img elementor-widget elementor-widget-image\" data-id=\"eb6766c\" data-element_type=\"widget\" data-widget_type=\"image.default\">\n\t\t\t\t<div class=\"elementor-widget-container\">\n\t\t\t\t\t\t\t\t<div class=\"elementor-image\">\n\t\t\t\t\t\t\t\t\t<figure class=\"wp-caption\">\n\t\t\t\t\t\t\t\t\t\t<img loading=\"lazy\" decoding=\"async\" width=\"768\" height=\"393\" src=\"https:\/\/besafenet.net\/wp-content\/uploads\/2023\/10\/shutterstock_1406514167_resize-768x393.jpg\" class=\"attachment-medium_large size-medium_large wp-image-14180\" alt=\"\" srcset=\"https:\/\/besafenet.net\/wp-content\/uploads\/2023\/10\/shutterstock_1406514167_resize-768x393.jpg 768w, https:\/\/besafenet.net\/wp-content\/uploads\/2023\/10\/shutterstock_1406514167_resize-300x154.jpg 300w, https:\/\/besafenet.net\/wp-content\/uploads\/2023\/10\/shutterstock_1406514167_resize-1024x524.jpg 1024w, https:\/\/besafenet.net\/wp-content\/uploads\/2023\/10\/shutterstock_1406514167_resize-150x77.jpg 150w, https:\/\/besafenet.net\/wp-content\/uploads\/2023\/10\/shutterstock_1406514167_resize-1536x787.jpg 1536w, https:\/\/besafenet.net\/wp-content\/uploads\/2023\/10\/shutterstock_1406514167_resize-2048x1049.jpg 2048w\" sizes=\"(max-width: 768px) 100vw, 768px\" \/>\t\t\t\t\t\t\t\t\t\t\t<figcaption class=\"widget-image-caption wp-caption-text\">Figura 9: Il sistema di barriere retrattili del Tamigi (Regno Unito), progettato per proteggere la pianura alluvionale di Londra dalle maree eccezionalmente alte e dalle mareggiate provenienti dal Mare del Nord.<\/figcaption>\n\t\t\t\t\t\t\t\t\t\t<\/figure>\n\t\t\t\t\t\t\t\t<\/div>\n\t\t\t\t\t\t<\/div>\n\t\t\t\t<\/div>\n\t\t\t\t<div class=\"elementor-element elementor-element-9d7e071 elementor-widget elementor-widget-text-editor\" data-id=\"9d7e071\" data-element_type=\"widget\" data-widget_type=\"text-editor.default\">\n\t\t\t\t<div class=\"elementor-widget-container\">\n\t\t\t\t\t\t\t\t<div class=\"elementor-text-editor elementor-clearfix\">\n\t\t\t\t<p>L&#8217;adattamento agli impatti dei cambiamenti climatici implica il processo di adattamento alle condizioni climatiche attuali o previste per il futuro. Comprende anche la possibilit\u00e0 di sfruttare meglio le circostanze potenzialmente vantaggiose che possono verificarsi a causa dei cambiamenti climatici, come ad esempio periodi pi\u00f9 lunghi per la coltivazione delle piante o rese migliori in aree specifiche. Le autorit\u00e0 locali svolgono un ruolo cruciale nell&#8217;adattamento a questi cambiamenti, ad esempio:<\/p>\n<p>&#8211; sviluppare strategie per far fronte alle ondate di calore e all&#8217;aumento delle temperature, implementare sistemi di pavimentazione pi\u00f9 efficienti per gestire le inondazioni e le acque meteoriche e migliorare i metodi di stoccaggio e utilizzo dell&#8217;acqua;<\/p>\n<p>&#8211; affrontare l&#8217;aumento dei disastri gravi migliorando le conoscenze e le competenze degli individui meno privilegiati e ampliando la loro gamma di beni materiali;<\/p>\n<p>&#8211; garantire la protezione delle regioni costiere dall&#8217;impatto dell&#8217;innalzamento del livello del mare attraverso attivit\u00e0 come il rimpinguamento delle spiagge e il ripristino delle dune di sabbia;<\/p>\n<p>&#8211; gestire il territorio e le foreste promuovendo l&#8217;adattamento degli ecosistemi attraverso alterazioni della diversit\u00e0 delle specie o della struttura delle foreste;<\/p>\n<p>&#8211; prepararsi e alleviare la siccit\u00e0 coltivando variet\u00e0 di colture resistenti;<\/p>\n<p>&#8211; salvaguardare l&#8217;energia e le infrastrutture pubbliche incorporando caratteristiche di resilienza al clima nella pianificazione e nella progettazione dei progetti infrastrutturali.<\/p>\n\t\t\t\t\t<\/div>\n\t\t\t\t\t\t<\/div>\n\t\t\t\t<\/div>\n\t\t\t\t<div class=\"elementor-element elementor-element-14c8ca9 elementor-widget elementor-widget-accordion\" data-id=\"14c8ca9\" data-element_type=\"widget\" data-widget_type=\"accordion.default\">\n\t\t\t\t<div class=\"elementor-widget-container\">\n\t\t\t\t\t<div class=\"elementor-accordion\" role=\"tablist\">\n\t\t\t\t\t\t\t<div class=\"elementor-accordion-item\">\n\t\t\t\t\t<div id=\"elementor-tab-title-2171\" class=\"elementor-tab-title\" data-tab=\"1\" role=\"tab\" aria-controls=\"elementor-tab-content-2171\" aria-expanded=\"false\">\n\t\t\t\t\t\t\t\t\t\t\t\t\t<span class=\"elementor-accordion-icon elementor-accordion-icon-left\" aria-hidden=\"true\">\n\t\t\t\t\t\t\t\t\t\t\t\t\t\t\t<span class=\"elementor-accordion-icon-closed\"><i class=\"fas fa-plus\"><\/i><\/span>\n\t\t\t\t\t\t\t\t<span class=\"elementor-accordion-icon-opened\"><i class=\"fas fa-minus\"><\/i><\/span>\n\t\t\t\t\t\t\t\t\t\t\t\t\t\t<\/span>\n\t\t\t\t\t\t\t\t\t\t\t\t<a class=\"elementor-accordion-title\" href=\"\">6.1 Adattamento alla crisi climatica<\/a>\n\t\t\t\t\t<\/div>\n\t\t\t\t\t<div id=\"elementor-tab-content-2171\" class=\"elementor-tab-content elementor-clearfix\" data-tab=\"1\" role=\"tabpanel\" aria-labelledby=\"elementor-tab-title-2171\"><p>I principi chiave per un adattamento efficace includono il riconoscimento che le strategie di adattamento devono essere adattate a luoghi e contesti specifici. Non esiste una soluzione universale per mitigare i rischi che sia adatta a tutte le situazioni. Per migliorare la pianificazione e l&#8217;esecuzione degli sforzi di adattamento, \u00e8 importante coordinare le azioni a vari livelli, dagli individui agli enti governativi. Una misura iniziale fondamentale per l&#8217;adattamento ai futuri cambiamenti climatici consiste nel ridurre la vulnerabilit\u00e0 e l&#8217;esposizione alle fluttuazioni climatiche attuali.<\/p>\n<\/div>\n\t\t\t\t<\/div>\n\t\t\t\t\t\t\t\t<\/div>\n\t\t\t\t<\/div>\n\t\t\t\t<\/div>\n\t\t\t\t\t\t<\/div>\n\t\t\t\t\t<\/div>\n\t\t<\/div>\n\t\t\t\t\t\t\t\t<\/div>\n\t\t\t\t\t<\/div>\n\t\t<\/section>\n\t\t\t\t\t\t\t\t\t<\/div>\n\t\t\t<\/div>\n\t\t\t\t\t<\/div>\n\t\t<\/p><\/div>\n\t\t\t\t<\/div>\n\t\t\t\t\t\t\t<div class=\"elementor-accordion-item\">\n\t\t\t\t\t<div id=\"elementor-tab-title-7947\" class=\"elementor-tab-title\" data-tab=\"7\" role=\"tab\" aria-controls=\"elementor-tab-content-7947\" aria-expanded=\"false\">\n\t\t\t\t\t\t\t\t\t\t\t\t\t<span class=\"elementor-accordion-icon elementor-accordion-icon-left\" aria-hidden=\"true\">\n\t\t\t\t\t\t\t\t\t\t\t\t\t\t\t<span class=\"elementor-accordion-icon-closed\"><i class=\"fas fa-plus\"><\/i><\/span>\n\t\t\t\t\t\t\t\t<span class=\"elementor-accordion-icon-opened\"><i class=\"fas fa-minus\"><\/i><\/span>\n\t\t\t\t\t\t\t\t\t\t\t\t\t\t<\/span>\n\t\t\t\t\t\t\t\t\t\t\t\t<a class=\"elementor-accordion-title\" href=\"\">7.\tLe cause della crisi climatica possono essere influenzate dal comportamento umano? <\/a>\n\t\t\t\t\t<\/div>\n\t\t\t\t\t<div id=\"elementor-tab-content-7947\" class=\"elementor-tab-content elementor-clearfix\" data-tab=\"7\" role=\"tabpanel\" aria-labelledby=\"elementor-tab-title-7947\"><p>\t\t<div data-elementor-type=\"wp-post\" data-elementor-id=\"14297\" class=\"elementor elementor-14297 elementor-14188\">\n\t\t\t\t\t\t<div class=\"elementor-inner\">\n\t\t\t\t<div class=\"elementor-section-wrap\">\n\t\t\t\t\t\t\t\t\t<section class=\"has_eae_slider elementor-section elementor-top-section elementor-element elementor-element-98cb293 elementor-section-boxed elementor-section-height-default elementor-section-height-default\" data-id=\"98cb293\" data-element_type=\"section\">\n\t\t\t\t\t\t<div class=\"elementor-container elementor-column-gap-default\">\n\t\t\t\t\t\t\t<div class=\"elementor-row\">\n\t\t\t\t\t<div class=\"has_eae_slider elementor-column elementor-col-100 elementor-top-column elementor-element elementor-element-6657f4a\" data-id=\"6657f4a\" data-element_type=\"column\">\n\t\t\t<div class=\"elementor-column-wrap elementor-element-populated\">\n\t\t\t\t\t\t\t<div class=\"elementor-widget-wrap\">\n\t\t\t\t\t\t<div class=\"elementor-element elementor-element-ec938e2 elementor-widget elementor-widget-text-editor\" data-id=\"ec938e2\" data-element_type=\"widget\" data-widget_type=\"text-editor.default\">\n\t\t\t\t<div class=\"elementor-widget-container\">\n\t\t\t\t\t\t\t\t<div class=\"elementor-text-editor elementor-clearfix\">\n\t\t\t\t<p>La popolazione umana ha amplificato l&#8217;impatto della crisi climatica sul pianeta attraverso il suo aumento numerico, l&#8217;eccessivo utilizzo delle risorse naturali e il relativo rilascio di gas serra, che \u00e8 aumentato in modo significativo negli ultimi 10-15 decenni (Figura 10). Tuttavia, l&#8217;incremento di cambiamenti nel numero di abitanti e nelle abitudini di consumo solleva preoccupazioni etiche che devono essere prese in considerazione.<\/p>\n<p>Ogni tonnellata metrica di CO2 rilasciata va ad aggiungersi al problema del riscaldamento globale. Pertanto, qualsiasi diminuzione delle emissioni contribuisce ad alleviare questo problema. Per arrestare completamente il riscaldamento globale, \u00e8 necessario che le emissioni di CO2 raggiungano lo zero netto su scala globale. Inoltre, anche la riduzione del rilascio di altri gas serra come il metano pu\u00f2 contribuire in modo significativo a rallentare il processo di riscaldamento globale, soprattutto nell&#8217;immediato futuro.<\/p>\n\t\t\t\t\t<\/div>\n\t\t\t\t\t\t<\/div>\n\t\t\t\t<\/div>\n\t\t\t\t<div class=\"elementor-element elementor-element-e845c2c climate_crisis_img elementor-widget elementor-widget-image\" data-id=\"e845c2c\" data-element_type=\"widget\" data-widget_type=\"image.default\">\n\t\t\t\t<div class=\"elementor-widget-container\">\n\t\t\t\t\t\t\t\t<div class=\"elementor-image\">\n\t\t\t\t\t\t\t\t\t<figure class=\"wp-caption\">\n\t\t\t\t\t\t\t\t\t\t<img loading=\"lazy\" decoding=\"async\" width=\"768\" height=\"384\" src=\"https:\/\/besafenet.net\/wp-content\/uploads\/2023\/10\/Figure-10_resize-768x384.jpg\" class=\"attachment-medium_large size-medium_large wp-image-14189\" alt=\"\" srcset=\"https:\/\/besafenet.net\/wp-content\/uploads\/2023\/10\/Figure-10_resize-768x384.jpg 768w, https:\/\/besafenet.net\/wp-content\/uploads\/2023\/10\/Figure-10_resize-300x150.jpg 300w, https:\/\/besafenet.net\/wp-content\/uploads\/2023\/10\/Figure-10_resize-150x75.jpg 150w, https:\/\/besafenet.net\/wp-content\/uploads\/2023\/10\/Figure-10_resize.jpg 1000w\" sizes=\"(max-width: 768px) 100vw, 768px\" \/>\t\t\t\t\t\t\t\t\t\t\t<figcaption class=\"widget-image-caption wp-caption-text\">Figura 10: Temperatura globale annua della superficie terrestree anidride carbonica atmosferica  Source: NOAA, SCIENCE AND INFORMATION FOR A CLIMATESMART NATION. Original graph by Dr. Howard Diamond (NOAA ARL), and adapted by NOAA Climate.gov. Published: May 15, 2023. https:\/\/www.climate.gov\/media\/13840<\/figcaption>\n\t\t\t\t\t\t\t\t\t\t<\/figure>\n\t\t\t\t\t\t\t\t<\/div>\n\t\t\t\t\t\t<\/div>\n\t\t\t\t<\/div>\n\t\t\t\t<div class=\"elementor-element elementor-element-15a95a0 elementor-widget elementor-widget-text-editor\" data-id=\"15a95a0\" data-element_type=\"widget\" data-widget_type=\"text-editor.default\">\n\t\t\t\t<div class=\"elementor-widget-container\">\n\t\t\t\t\t\t\t\t<div class=\"elementor-text-editor elementor-clearfix\">\n\t\t\t\t<p>Anche il comportamento umano pu\u00f2 influenzare le cause della crisi climatica, bruciando meno combustibili fossili, cambiando atteggiamento e aumentando la consapevolezza. Anche tra le persone che riconoscono il legame tra le azioni umane e il cambiamento climatico, molte non agiscono a sufficienza per affrontare il problema. Il motivo pu\u00f2 essere dovuto alla mancanza di consapevolezza di come i propri comportamenti quotidiani incidano sull&#8217;utilizzo di energia e sulle emissioni di carbonio, nonch\u00e9 alla mancanza di conoscenza di comportamenti alternativi. Questo \u00e8 considerato un fattore significativo del fatto che sia gli stili di vita individuali sia le pratiche organizzative continuano a non essere sostenibili.<\/p>\n\t\t\t\t\t<\/div>\n\t\t\t\t\t\t<\/div>\n\t\t\t\t<\/div>\n\t\t\t\t<div class=\"elementor-element elementor-element-8a0a8b1 elementor-widget elementor-widget-accordion\" data-id=\"8a0a8b1\" data-element_type=\"widget\" data-widget_type=\"accordion.default\">\n\t\t\t\t<div class=\"elementor-widget-container\">\n\t\t\t\t\t<div class=\"elementor-accordion\" role=\"tablist\">\n\t\t\t\t\t\t\t<div class=\"elementor-accordion-item\">\n\t\t\t\t\t<div id=\"elementor-tab-title-1441\" class=\"elementor-tab-title\" data-tab=\"1\" role=\"tab\" aria-controls=\"elementor-tab-content-1441\" aria-expanded=\"false\">\n\t\t\t\t\t\t\t\t\t\t\t\t\t<span class=\"elementor-accordion-icon elementor-accordion-icon-left\" aria-hidden=\"true\">\n\t\t\t\t\t\t\t\t\t\t\t\t\t\t\t<span class=\"elementor-accordion-icon-closed\"><i class=\"fas fa-plus\"><\/i><\/span>\n\t\t\t\t\t\t\t\t<span class=\"elementor-accordion-icon-opened\"><i class=\"fas fa-minus\"><\/i><\/span>\n\t\t\t\t\t\t\t\t\t\t\t\t\t\t<\/span>\n\t\t\t\t\t\t\t\t\t\t\t\t<a class=\"elementor-accordion-title\" href=\"\">7.1 L&#8217;influenza del comportamento umano sulle cause della crisi climatica<\/a>\n\t\t\t\t\t<\/div>\n\t\t\t\t\t<div id=\"elementor-tab-content-1441\" class=\"elementor-tab-content elementor-clearfix\" data-tab=\"1\" role=\"tabpanel\" aria-labelledby=\"elementor-tab-title-1441\"><p>Il mondo sta vivendo una rapida trasformazione del clima, risultato delle azioni umane (consumo economico e ambientale \/ sovrapproduzione e sovraconsumo).<br \/>\n\u00c8 fondamentale comprendere i valori e le convinzioni che sono alla base delle decisioni prese dalle persone e delle politiche che promuovono la crescita demografica e i consumi. Questi comportamenti giocano un ruolo significativo nel contribuire al cambiamento climatico, ma non sono uniformi nei diversi contesti culturali e sociali e quindi un unico approccio potrebbe non essere adatto o giusto per affrontare i legami tra popolazione, consumo e cambiamento climatico.<\/p>\n<p>La mancanza di soluzioni tecnologiche impeccabili, dovuta a fattori quali l&#8217;accessibilit\u00e0 economica e le potenziali conseguenze ambientali e sociali associate alla loro produzione, limita l&#8217;uso di questa misura per arginare la Crisi Climatica.<\/p>\n<\/div>\n\t\t\t\t<\/div>\n\t\t\t\t\t\t\t\t<\/div>\n\t\t\t\t<\/div>\n\t\t\t\t<\/div>\n\t\t\t\t\t\t<\/div>\n\t\t\t\t\t<\/div>\n\t\t<\/div>\n\t\t\t\t\t\t\t\t<\/div>\n\t\t\t\t\t<\/div>\n\t\t<\/section>\n\t\t\t\t\t\t\t\t\t<\/div>\n\t\t\t<\/div>\n\t\t\t\t\t<\/div>\n\t\t<\/p><\/div>\n\t\t\t\t<\/div>\n\t\t\t\t\t\t\t<div class=\"elementor-accordion-item\">\n\t\t\t\t\t<div id=\"elementor-tab-title-7948\" class=\"elementor-tab-title\" data-tab=\"8\" role=\"tab\" aria-controls=\"elementor-tab-content-7948\" aria-expanded=\"false\">\n\t\t\t\t\t\t\t\t\t\t\t\t\t<span class=\"elementor-accordion-icon elementor-accordion-icon-left\" aria-hidden=\"true\">\n\t\t\t\t\t\t\t\t\t\t\t\t\t\t\t<span class=\"elementor-accordion-icon-closed\"><i class=\"fas fa-plus\"><\/i><\/span>\n\t\t\t\t\t\t\t\t<span class=\"elementor-accordion-icon-opened\"><i class=\"fas fa-minus\"><\/i><\/span>\n\t\t\t\t\t\t\t\t\t\t\t\t\t\t<\/span>\n\t\t\t\t\t\t\t\t\t\t\t\t<a class=\"elementor-accordion-title\" href=\"\">8.\t\u00c8 possibile prevedere alcuni aspetti della Crisi Climatica?<\/a>\n\t\t\t\t\t<\/div>\n\t\t\t\t\t<div id=\"elementor-tab-content-7948\" class=\"elementor-tab-content elementor-clearfix\" data-tab=\"8\" role=\"tabpanel\" aria-labelledby=\"elementor-tab-title-7948\"><p>\t\t<div data-elementor-type=\"wp-post\" data-elementor-id=\"14299\" class=\"elementor elementor-14299 elementor-14196\">\n\t\t\t\t\t\t<div class=\"elementor-inner\">\n\t\t\t\t<div class=\"elementor-section-wrap\">\n\t\t\t\t\t\t\t\t\t<section class=\"has_eae_slider elementor-section elementor-top-section elementor-element elementor-element-777f620 elementor-section-boxed elementor-section-height-default elementor-section-height-default\" data-id=\"777f620\" data-element_type=\"section\">\n\t\t\t\t\t\t<div class=\"elementor-container elementor-column-gap-default\">\n\t\t\t\t\t\t\t<div class=\"elementor-row\">\n\t\t\t\t\t<div class=\"has_eae_slider elementor-column elementor-col-100 elementor-top-column elementor-element elementor-element-aec080d\" data-id=\"aec080d\" data-element_type=\"column\">\n\t\t\t<div class=\"elementor-column-wrap elementor-element-populated\">\n\t\t\t\t\t\t\t<div class=\"elementor-widget-wrap\">\n\t\t\t\t\t\t<div class=\"elementor-element elementor-element-37e5a5d elementor-widget elementor-widget-text-editor\" data-id=\"37e5a5d\" data-element_type=\"widget\" data-widget_type=\"text-editor.default\">\n\t\t\t\t<div class=\"elementor-widget-container\">\n\t\t\t\t\t\t\t\t<div class=\"elementor-text-editor elementor-clearfix\">\n\t\t\t\t<p>I modelli climatici sono programmi informatici che gli scienziati utilizzano per prevedere il clima futuro simulando i vari fattori che possono influenzare il clima di una regione. Con i modelli climatici gli scienziati possono considerare tutti i fattori che possono influenzare il clima della Terra, compresi quelli che rimangono costanti, come la latitudine, l&#8217;altitudine e la distanza dal sole, e quelli che cambiano, come le eruzioni vulcaniche, l&#8217;inquinamento atmosferico e gli spostamenti dei continenti nel corso di milioni di anni. Regolando un fattore, come la temperatura degli oceani, all&#8217;interno del modello, gli scienziati possono prevedere come altri fattori sarebbero influenzati dal cambiamento. In definitiva, un modello climatico \u00e8 una rappresentazione olistica dell&#8217;interconnessione dei vari fattori che influenzano il clima del nostro pianeta (Figura 11).<\/p>\n\t\t\t\t\t<\/div>\n\t\t\t\t\t\t<\/div>\n\t\t\t\t<\/div>\n\t\t\t\t<div class=\"elementor-element elementor-element-446407b climate_crisis_img elementor-widget elementor-widget-image\" data-id=\"446407b\" data-element_type=\"widget\" data-widget_type=\"image.default\">\n\t\t\t\t<div class=\"elementor-widget-container\">\n\t\t\t\t\t\t\t\t<div class=\"elementor-image\">\n\t\t\t\t\t\t\t\t\t<figure class=\"wp-caption\">\n\t\t\t\t\t\t\t\t\t\t<img decoding=\"async\" src=\"https:\/\/besafenet.net\/wp-content\/uploads\/elementor\/thumbs\/shutterstock_1315769720_resize-1-qedhwq1ejxjqrpuw6jyeuzr89binq9xli5873ek3uk.jpg\" title=\"Hurricane,With,Added,Wind,Speed,Direction,Scheem.,Shades,Of,Blue-green\" alt=\"Hurricane,With,Added,Wind,Speed,Direction,Scheem.,Shades,Of,Blue-green\" loading=\"lazy\" \/>\t\t\t\t\t\t\t\t\t\t\t<figcaption class=\"widget-image-caption wp-caption-text\">Figura 11: Previsioni dei modelli climatici sullo sviluppo e il movimento degli uragani.<\/figcaption>\n\t\t\t\t\t\t\t\t\t\t<\/figure>\n\t\t\t\t\t\t\t\t<\/div>\n\t\t\t\t\t\t<\/div>\n\t\t\t\t<\/div>\n\t\t\t\t<div class=\"elementor-element elementor-element-9bbda2c elementor-widget elementor-widget-text-editor\" data-id=\"9bbda2c\" data-element_type=\"widget\" data-widget_type=\"text-editor.default\">\n\t\t\t\t<div class=\"elementor-widget-container\">\n\t\t\t\t\t\t\t\t<div class=\"elementor-text-editor elementor-clearfix\">\n\t\t\t\t<p>Per confermare l&#8217;accuratezza dei modelli computerizzati, l&#8217;atmosfera del nostro pianeta e vari suoi aspetti sono ampiamente monitorati dai satelliti destinati all&#8217;osservazione della Terra. Inoltre, gli alberi antichi e le carote di ghiaccio estratte dalle profondit\u00e0 dei ghiacciai e delle calotte glaciali forniscono agli scienziati informazioni sui climi del passato. Combinando i dati provenienti da queste fonti, gli scienziati sono in grado di comprendere meglio l&#8217;impatto che le alterazioni del nostro pianeta e della sua atmosfera hanno avuto sul clima nel corso del tempo.<\/p>\n\t\t\t\t\t<\/div>\n\t\t\t\t\t\t<\/div>\n\t\t\t\t<\/div>\n\t\t\t\t<div class=\"elementor-element elementor-element-c747b36 elementor-widget elementor-widget-accordion\" data-id=\"c747b36\" data-element_type=\"widget\" data-widget_type=\"accordion.default\">\n\t\t\t\t<div class=\"elementor-widget-container\">\n\t\t\t\t\t<div class=\"elementor-accordion\" role=\"tablist\">\n\t\t\t\t\t\t\t<div class=\"elementor-accordion-item\">\n\t\t\t\t\t<div id=\"elementor-tab-title-2081\" class=\"elementor-tab-title\" data-tab=\"1\" role=\"tab\" aria-controls=\"elementor-tab-content-2081\" aria-expanded=\"false\">\n\t\t\t\t\t\t\t\t\t\t\t\t\t<span class=\"elementor-accordion-icon elementor-accordion-icon-left\" aria-hidden=\"true\">\n\t\t\t\t\t\t\t\t\t\t\t\t\t\t\t<span class=\"elementor-accordion-icon-closed\"><i class=\"fas fa-plus\"><\/i><\/span>\n\t\t\t\t\t\t\t\t<span class=\"elementor-accordion-icon-opened\"><i class=\"fas fa-minus\"><\/i><\/span>\n\t\t\t\t\t\t\t\t\t\t\t\t\t\t<\/span>\n\t\t\t\t\t\t\t\t\t\t\t\t<a class=\"elementor-accordion-title\" href=\"\">8.1 Previsione della crisi climatica<\/a>\n\t\t\t\t\t<\/div>\n\t\t\t\t\t<div id=\"elementor-tab-content-2081\" class=\"elementor-tab-content elementor-clearfix\" data-tab=\"1\" role=\"tabpanel\" aria-labelledby=\"elementor-tab-title-2081\"><p>L&#8217;entit\u00e0 del cambiamento climatico indotto dall&#8217;uomo che si verificher\u00e0 alla fine di questo secolo \u00e8 determinata dalle scelte che facciamo nel presente. Se adotteremo misure per diminuire i livelli di CO2 e arrestare il loro aumento dopo il 2050, lo scenario migliore sar\u00e0 quello in cui la temperatura media globale aumenter\u00e0 solo di 1-1,5\u00b0C. Tuttavia, se non riusciamo a ridurre le emissioni di CO2 e queste continuano ad aumentare, lo scenario peggiore si tradurrebbe in un riscaldamento di 4,5-5\u00b0C, secondo il rapporto del Gruppo di lavoro I dell&#8217;IPCC del 2021.<\/p>\n<p>Il Gruppo intergovernativo di esperti sul cambiamento climatico (IPCC) \u00e8 composto da scienziati provenienti da diversi Paesi che collaborano per affrontare il problema del cambiamento climatico studiando i cambiamenti climatici passati fino ai giorni nostri e utilizzando modelli climatici per prevedere i cambiamenti futuri in base a diversi scenari di emissioni di gas serra.<\/p>\n<p>Si prevede che gli effetti del cambiamento climatico indotto dall&#8217;uomo varieranno in diverse aree. Ad esempio, si prevede che l&#8217;aumento della temperatura sar\u00e0 pi\u00f9 significativo sulla terraferma che sugli oceani e pi\u00f9 pronunciato alle alte latitudini rispetto ai tropici e alle medie latitudini.<\/p>\n<\/div>\n\t\t\t\t<\/div>\n\t\t\t\t\t\t\t<div class=\"elementor-accordion-item\">\n\t\t\t\t\t<div id=\"elementor-tab-title-2082\" class=\"elementor-tab-title\" data-tab=\"2\" role=\"tab\" aria-controls=\"elementor-tab-content-2082\" aria-expanded=\"false\">\n\t\t\t\t\t\t\t\t\t\t\t\t\t<span class=\"elementor-accordion-icon elementor-accordion-icon-left\" aria-hidden=\"true\">\n\t\t\t\t\t\t\t\t\t\t\t\t\t\t\t<span class=\"elementor-accordion-icon-closed\"><i class=\"fas fa-plus\"><\/i><\/span>\n\t\t\t\t\t\t\t\t<span class=\"elementor-accordion-icon-opened\"><i class=\"fas fa-minus\"><\/i><\/span>\n\t\t\t\t\t\t\t\t\t\t\t\t\t\t<\/span>\n\t\t\t\t\t\t\t\t\t\t\t\t<a class=\"elementor-accordion-title\" href=\"\">8.2 Impatti previsti della crisi climatica<\/a>\n\t\t\t\t\t<\/div>\n\t\t\t\t\t<div id=\"elementor-tab-content-2082\" class=\"elementor-tab-content elementor-clearfix\" data-tab=\"2\" role=\"tabpanel\" aria-labelledby=\"elementor-tab-title-2082\"><p>L&#8217;innalzamento delle temperature, gi\u00e0 in atto, sta provocando alterazioni di vari elementi del sistema climatico, tra cui i modelli di precipitazione, la formazione di nuvole e le nevicate. Inoltre, stanno influenzando gli oceani del pianeta, gli ecosistemi, la copertura dei ghiacci e tutti gli altri componenti interconnessi del complesso sistema terrestre.<\/p><p><strong>Il cambiamento delle precipitazioni<\/strong><\/p><p>Se la temperatura media della Terra aumenta, il ciclo dell&#8217;acqua accelera a causa dell&#8217;aumento dell&#8217;evaporazione, con conseguente aumento del vapore acqueo nell&#8217;atmosfera e delle precipitazioni. Un aumento di 1\u00b0C della temperatura potrebbe portare a un incremento del 7% delle precipitazioni globali, con conseguente aumento di pioggia e neve e una maggiore probabilit\u00e0 di inondazioni in alcune aree. Si prevede che la probabilit\u00e0 di eventi di pioggia intensa aumenti di 1,7 volte e che la loro intensit\u00e0 possa aumentare fino al 14% con un aumento della temperatura di 2\u00b0C. Tuttavia, le variazioni delle precipitazioni non saranno uniformi, con alcune localit\u00e0 che ne riceveranno di pi\u00f9 e altre di meno.<\/p><p><strong>Scioglimento di neve e ghiaccio<\/strong><\/p><p>Con il riscaldamento globale, si assiste a un notevole scioglimento di neve e ghiaccio. Gli studi indicano che lo scioglimento delle calotte glaciali, dei ghiacciai e di altri tipi di neve e ghiaccio terrestri durante i mesi estivi superer\u00e0 la quantit\u00e0 di precipitazioni invernali, portando a una diminuzione complessiva dei livelli di neve e ghiaccio. Questa tendenza \u00e8 stata evidente nell&#8217;ultimo secolo, quando i ghiacciai di montagna e il permafrost artico sono diminuiti di dimensioni. Anche la calotta glaciale della Groenlandia si sta sciogliendo a un ritmo pi\u00f9 rapido, mentre si prevede una diminuzione del ghiaccio marino nelle regioni artiche e antartiche. In effetti, lo spessore del ghiaccio marino artico durante l&#8217;estate \u00e8 diminuito della met\u00e0 dal 1950 e questa tendenza \u00e8 pi\u00f9 pronunciata nell&#8217;Artico che nell&#8217;Antartico. Lo scioglimento dei ghiacci potrebbe anche influenzare la circolazione oceanica e, sebbene la quantit\u00e0 esatta di scioglimento sia incerta, si prevede che l&#8217;Oceano Artico diventer\u00e0 privo di ghiaccio durante i mesi estivi entro la fine del secolo.<\/p><p><strong>Innalzamento del livello del mare<\/strong><\/p><p>L&#8217;innalzamento del livello del mare \u00e8 dovuto a un clima pi\u00f9 caldo, che ha due cause: (1) lo scioglimento dei ghiacciai e delle calotte glaciali che aggiungono acqua agli oceani e aumentano il livello del mare e (2) l&#8217;espansione dell&#8217;acqua calda degli oceani, che ne aumenta il volume e quindi il livello del mare. Dal 1880, il livello del mare \u00e8 aumentato di circa 0,10-0,20 metri (0,3-0,75 piedi), a seconda della regione. L&#8217;innalzamento del livello del mare \u00e8 stato causato in egual misura dallo scioglimento dei ghiacci e dall&#8217;espansione termica, anche se vi \u00e8 una certa incertezza sul loro contributo relativo. I modelli climatici prevedono che entro il 2050 il livello del mare si alzer\u00e0 di altri 0,25-0,30 metri e che entro il 2100 si prevede un aumento di circa 1,1 metri (3,5 piedi) senza una significativa riduzione delle emissioni di gas serra. Questo potrebbe portare a un ulteriore innalzamento del livello del mare nelle aree a bassa quota, mettendo in pericolo le comunit\u00e0 costiere, le zone umide e il commercio globale. Anche se le emissioni di gas serra verranno ridotte rapidamente, i livelli attuali causeranno probabilmente un aumento del livello del mare di circa 0,6 metri (2 piedi) entro la fine del secolo.<\/p><p><strong>Acidificazione degli oceani <\/strong><\/p><p>Si prevede che gli oceani della Terra fungano da misura protettiva contro i cambiamenti climatici, assorbendo una parte del calore in eccesso e dell&#8217;anidride carbonica presente nell&#8217;atmosfera. Se questa \u00e8 una notizia positiva a breve termine, a lungo termine diventa pi\u00f9 problematica. La combinazione di anidride carbonica e acqua di mare porta alla creazione di un leggero acido carbonico. Gli scienziati ritengono che questo processo abbia portato a una diminuzione di circa 0,1 pH nell&#8217;acidit\u00e0 dell&#8217;oceano dall&#8217;epoca preindustriale. Si prevede che entro il 2100 ci sar\u00e0 un&#8217;ulteriore acidificazione di circa 0,14-0,35 pH. L&#8217;aumento dell&#8217;acidit\u00e0 degli oceani rappresenta una sfida per le barriere coralline e altri organismi marini.<\/p><p>L&#8217;acidificazione degli oceani \u00e8 una conseguenza dell&#8217;aumento della concentrazione di CO2. Circa il 25% del rilascio annuale di CO2 generato dall&#8217;uomo nell&#8217;atmosfera viene assorbito dall&#8217;oceano, contribuendo cos\u00ec a mitigare gli effetti del cambiamento climatico indotto dall&#8217;uomo. Tuttavia, ci\u00f2 comporta conseguenze ecologiche significative per l&#8217;oceano.<\/p><p>L&#8217;acidit\u00e0 dell&#8217;acqua marina \u00e8 accentuata dalla reazione tra la CO2 e l&#8217;oceano. Ci\u00f2 rappresenta una minaccia per gli organismi e i servizi ecosistemici, come la sicurezza alimentare, mettendo a rischio la pesca e l&#8217;acquacoltura. Ha anche un impatto sulla protezione delle coste, poich\u00e9 indebolisce le barriere coralline, che fungono da barriera per il litorale, e ostacola il turismo. Inoltre, quando il pH dell&#8217;oceano diminuisce e diventa pi\u00f9 acido, la sua capacit\u00e0 di assorbire CO2 dall&#8217;atmosfera diminuisce. Negli ultimi 26.000 anni, il pH medio globale dell&#8217;oceano \u00e8 diminuito costantemente a tassi senza precedenti.<\/p><p><strong>Cambiamenti nelle correnti oceaniche<\/strong><\/p><p>Il riscaldamento del clima pu\u00f2 potenzialmente interferire con la circolazione termoalina, che si riferisce alle vaste correnti oceaniche guidate da variazioni di temperatura e salinit\u00e0. L&#8217;afflusso di acqua dolce dallo scioglimento dei ghiacci e le alterazioni dei modelli di precipitazione possono modificare i livelli di salinit\u00e0 negli oceani. Di conseguenza, l&#8217;interazione tra la variazione della salinit\u00e0 e l&#8217;aumento della temperatura dell&#8217;acqua \u00e8 in grado di interferire con queste correnti. In scenari estremi, alcune regioni dell&#8217;oceano possono subire un&#8217;interruzione o un arresto completo della circolazione termoalina, con impatti significativi sul clima generale.<\/p><p><strong>Cambiamento nel tempo perurbato<\/strong><\/p><p>Alcuni climatologi sostengono che le caratteristiche di uragani, tifoni e altri cicloni tropicali potrebbero subire trasformazioni a causa dell&#8217;impatto del riscaldamento globale. Queste tempeste colossali sono alimentate dal calore ottenuto dalle acque calde della superficie degli oceani. Si prevede che il futuro aumento della temperatura degli oceani provocher\u00e0 l&#8217;amplificazione di queste tempeste. Anche se il numero totale di cicloni tropicali a livello mondiale non \u00e8 detto che aumenti, una percentuale maggiore di questi cicloni potrebbe essere della natura pi\u00f9 formidabile e devastante. Alcuni scienziati osservano indicazioni di un aumento delle tempeste pi\u00f9 potenti, anche se ci sono pareri discordanti tra gli altri.<\/p><p><strong>Nuvole mutevoli<\/strong><\/p><p>La formazione delle nuvole presenta una certa imprevedibilit\u00e0 nei modelli climatici globali. Quando la Terra registra temperature pi\u00f9 elevate, i tassi di evaporazione si accelerano, portando a un aumento del vapore acqueo nell&#8217;atmosfera e, di conseguenza, a una maggiore formazione di nuvole. Tuttavia, l&#8217;impatto sul clima dei vari tipi di nuvole in luoghi diversi varia. Alcune nuvole forniscono ombra, con conseguente effetto di raffreddamento del clima, mentre altre contribuiscono all&#8217;effetto serra intrappolando il calore attraverso il vapore acqueo e le goccioline. Sebbene gli scienziati prevedano un ambiente pi\u00f9 nuvoloso in un mondo pi\u00f9 caldo, il modo preciso in cui l&#8217;aumento della nuvolosit\u00e0 interagir\u00e0 con il sistema climatico rimane incerto. Di conseguenza, lo studio di come le nuvole influenzino il sistema climatico \u00e8 un&#8217;area oggetto di ricerca scientifica.<\/p><p><strong>Rischi per la vita marina<\/strong><\/p><p>Il riscaldamento delle temperature della superficie del mare porter\u00e0 ad alterazioni negli ecosistemi oceanici. I pesci e le creature simili hanno la capacit\u00e0 di trasferirsi in ecosistemi di acqua pi\u00f9 fresca che si trovano a latitudini pi\u00f9 elevate. Tuttavia, numerosi organismi marini come le alghe e i coralli, che non hanno la capacit\u00e0 di nuotare, corrono gravi rischi. L&#8217;aumento delle temperature nelle acque oceaniche poco profonde ha portato alla scomparsa di circa il 25% delle barriere coralline del pianeta negli ultimi decenni. Un numero significativo di animali corallini \u00e8 morto a causa della loro vulnerabilit\u00e0 allo sbiancamento, un fenomeno legato alle elevate temperature dell&#8217;acqua.<\/p><p><strong>Rischi per la vita sulla terraferma<\/strong><\/p><p>Il cambiamento delle temperature, dei modelli di precipitazione e dei tempi delle stagioni porter\u00e0 a cambiamenti nella distribuzione di varie piante e animali. Poich\u00e9 le specie possono prosperare solo all&#8217;interno di habitat adatti, una riduzione delle aree in cui possono sopravvivere porter\u00e0 all&#8217;estinzione di molte specie. Se il riscaldamento globale \u00e8 limitato a 2\u00b0C, si stima che circa il 18% degli insetti, il 16% delle piante e l&#8217;8% degli animali vertebrati perderanno pi\u00f9 della met\u00e0 del loro areale geografico. Tuttavia, mantenendo il riscaldamento a 1,5\u00b0C, la perdita di habitat per insetti, piante e vertebrati dovrebbe diminuire di circa il 50%. Al contrario, alcune specie come le zanzare portatrici di malattie potrebbero espandere il loro areale a causa del riscaldamento climatico. Si prevede inoltre che l&#8217;aumento delle temperature superficiali amplificher\u00e0 il verificarsi di ondate di calore e siccit\u00e0, che possono avere un impatto negativo sulla produzione agricola, aumentare il rischio di incendi e persino influire sulla salute umana.<\/p><p><strong>Con il riscaldamento del clima sono possibili anche cambiamenti repentini.<\/strong><\/p><p>Alcune trasformazioni climatiche avvengono gradualmente e possono essere anticipate, mentre altre emergono improvvisamente e sono difficili da prevedere. Quest&#8217;ultima categoria \u00e8 comunemente nota come &#8220;punto di svolta&#8221;. Un punto di svolta indica un cambiamento sostanziale e brusco che non pu\u00f2 essere facilmente fermato, anche con l&#8217;attuazione di misure estreme. I potenziali punti di svolta comprendono:<\/p><p><strong>Il collasso delle principali calotte glaciali in Groenlandia e in Antartide.<\/strong><\/p><p>Il continuo scioglimento di queste lastre di ghiaccio \u00e8 un fenomeno persistente. Tuttavia, le indicazioni suggeriscono che il graduale scioglimento potrebbe intensificarsi e degenerare in uno stato incontrollabile, portando a un&#8217;improvvisa e sostanziale riduzione dei ghiacci. Questo potenziale collasso potrebbe causare alterazioni significative del livello del mare e avere ripercussioni sulle correnti oceaniche.<\/p><p><strong>Interruzione della circolazione termoalina<\/strong><\/p><p>In caso di alterazione significativa o di cessazione completa della circolazione oceanica, il processo di trasferimento del calore all&#8217;interno del sistema climatico verrebbe profondamente modificato.<\/p><p><strong>Un improvviso rilascio di metano<\/strong><\/p><p>Se il metano, un potente gas a effetto serra, venisse rapidamente rilasciato dai suoi depositi nel permafrost artico e dalle formazioni di ghiaccio uniche sotto il fondale marino, accelererebbe il tasso di riscaldamento globale. Il rilascio di metano creerebbe un ciclo di feedback che porterebbe all&#8217;amplificazione del riscaldamento a effetto serra causato dal metano, che a sua volta innescherebbe ulteriori emissioni di metano. Alcuni ricercatori ritengono che le brusche impennate di metano possano aver contribuito a significativi eventi di estinzione nella storia.<\/p><p><strong>Assorbimento di carbonio da parte dell&#8217;oceano<\/strong><\/p><p>Attualmente, l&#8217;oceano funge da serbatoio per la CO2, assorbendola dall&#8217;atmosfera. Tuttavia, arriver\u00e0 il momento in cui l&#8217;acqua del mare raggiunger\u00e0 il suo punto di saturazione e non sar\u00e0 pi\u00f9 in grado di assorbire altra CO2. Una volta che questo accadr\u00e0, tutte le emissioni di CO2 causate dall&#8217;uomo rimarranno nell&#8217;atmosfera, portando a un effetto serra accelerato. Inoltre, l&#8217;acidificazione degli oceani potrebbe disturbare la vita marina, causando la morte del plancton fotosintetizzante, che ostacolerebbe la loro capacit\u00e0 di rimuovere la CO2 dall&#8217;aria. Inoltre, la presenza di oceani acidi potrebbe causare la dissoluzione dei gusci di vari organismi marini, rilasciando nell&#8217;ambiente il carbonio immagazzinato al loro interno.<\/p><p>Sebbene non sia molto probabile che questi punti critici si verifichino nei prossimi decenni, le loro potenziali conseguenze sono estremamente gravi. La natura irreversibile di questi cambiamenti evidenzia la necessit\u00e0 di considerarli nella valutazione dei rischi complessivi associati al cambiamento climatico indotto dall&#8217;uomo.<\/p><\/div>\n\t\t\t\t<\/div>\n\t\t\t\t\t\t\t\t<\/div>\n\t\t\t\t<\/div>\n\t\t\t\t<\/div>\n\t\t\t\t\t\t<\/div>\n\t\t\t\t\t<\/div>\n\t\t<\/div>\n\t\t\t\t\t\t\t\t<\/div>\n\t\t\t\t\t<\/div>\n\t\t<\/section>\n\t\t\t\t\t\t\t\t\t<\/div>\n\t\t\t<\/div>\n\t\t\t\t\t<\/div>\n\t\t<\/p><\/div>\n\t\t\t\t<\/div>\n\t\t\t\t\t\t\t<div class=\"elementor-accordion-item\">\n\t\t\t\t\t<div id=\"elementor-tab-title-7949\" class=\"elementor-tab-title\" data-tab=\"9\" role=\"tab\" aria-controls=\"elementor-tab-content-7949\" aria-expanded=\"false\">\n\t\t\t\t\t\t\t\t\t\t\t\t\t<span class=\"elementor-accordion-icon elementor-accordion-icon-left\" aria-hidden=\"true\">\n\t\t\t\t\t\t\t\t\t\t\t\t\t\t\t<span class=\"elementor-accordion-icon-closed\"><i class=\"fas fa-plus\"><\/i><\/span>\n\t\t\t\t\t\t\t\t<span class=\"elementor-accordion-icon-opened\"><i class=\"fas fa-minus\"><\/i><\/span>\n\t\t\t\t\t\t\t\t\t\t\t\t\t\t<\/span>\n\t\t\t\t\t\t\t\t\t\t\t\t<a class=\"elementor-accordion-title\" href=\"\">9.\tEsiste un modo per prevenire\/rallentare la crisi climatica?<\/a>\n\t\t\t\t\t<\/div>\n\t\t\t\t\t<div id=\"elementor-tab-content-7949\" class=\"elementor-tab-content elementor-clearfix\" data-tab=\"9\" role=\"tabpanel\" aria-labelledby=\"elementor-tab-title-7949\"><p>\t\t<div data-elementor-type=\"wp-post\" data-elementor-id=\"14301\" class=\"elementor elementor-14301 elementor-14209\">\n\t\t\t\t\t\t<div class=\"elementor-inner\">\n\t\t\t\t<div class=\"elementor-section-wrap\">\n\t\t\t\t\t\t\t\t\t<section class=\"has_eae_slider elementor-section elementor-top-section elementor-element elementor-element-81df010 elementor-section-boxed elementor-section-height-default elementor-section-height-default\" data-id=\"81df010\" data-element_type=\"section\">\n\t\t\t\t\t\t<div class=\"elementor-container elementor-column-gap-default\">\n\t\t\t\t\t\t\t<div class=\"elementor-row\">\n\t\t\t\t\t<div class=\"has_eae_slider elementor-column elementor-col-100 elementor-top-column elementor-element elementor-element-c3bae58\" data-id=\"c3bae58\" data-element_type=\"column\">\n\t\t\t<div class=\"elementor-column-wrap elementor-element-populated\">\n\t\t\t\t\t\t\t<div class=\"elementor-widget-wrap\">\n\t\t\t\t\t\t<div class=\"elementor-element elementor-element-21a612c elementor-widget elementor-widget-text-editor\" data-id=\"21a612c\" data-element_type=\"widget\" data-widget_type=\"text-editor.default\">\n\t\t\t\t<div class=\"elementor-widget-container\">\n\t\t\t\t\t\t\t\t<div class=\"elementor-text-editor elementor-clearfix\">\n\t\t\t\t<p>La crisi climatica \u00e8 gi\u00e0 in atto e, sebbene non sia possibile arrestare immediatamente il riscaldamento globale, abbiamo la possibilit\u00e0 di diminuirne la velocit\u00e0 e limitarne la portata riducendo le emissioni di gas serra generate dall&#8217;uomo. Anche se oggi tutte le emissioni umane di gas che intrappolano il calore dovessero improvvisamente cessare, la temperatura della Terra continuerebbe a salire per alcuni decenni, poich\u00e9 il calore in eccesso gi\u00e0 assorbito dagli oceani verrebbe gradualmente rilasciato nuovamente nell&#8217;atmosfera. Tuttavia, una volta irradiato il calore in eccesso nello spazio, la temperatura terrestre si stabilizzerebbe a un nuovo livello, anche se pi\u00f9 elevato.<br \/>Una serie di trattati globali, come la Convenzione quadro delle Nazioni Unite sui cambiamenti climatici (UNFCCC) del 1992 e l&#8217;Accordo di Parigi sui cambiamenti climatici del 2015, si occupano anche di rallentare\/prevenire la crisi climatica. Anche altri accordi, che non riguardano specificamente i cambiamenti climatici, hanno contribuito alla loro parziale eliminazione; ad esempio, il Protocollo di Montreal, vietando la produzione e l&#8217;uso di clorofluorocarburi (CFC), ha eliminato un fattore significativo che contribuisce ai cambiamenti climatici.<\/p><p>Anche la conservazione e la rivitalizzazione degli ambienti naturali contribuisce a questo sforzo. Le torbiere (ad esempio, paludi e acquitrini) coprono solo il 3% della superficie globale, ma immagazzinano il doppio del carbonio rispetto a tutte le foreste messe insieme (Figura 12). Le paludi e le mangrovie hanno la capacit\u00e0 di assorbire l&#8217;anidride carbonica dall&#8217;aria e di immagazzinarla, superando fino a quattro volte il tasso di sequestro del carbonio delle foreste terrestri. Questa caratteristica rende le mangrovie particolarmente preziose per combattere il cambiamento climatico indotto dall&#8217;uomo.<br \/>ambiamento climatico indotto dall&#8217;uomo.<\/p>\t\t\t\t\t<\/div>\n\t\t\t\t\t\t<\/div>\n\t\t\t\t<\/div>\n\t\t\t\t<div class=\"elementor-element elementor-element-e0df400 climate_crisis_img elementor-widget elementor-widget-image\" data-id=\"e0df400\" data-element_type=\"widget\" data-widget_type=\"image.default\">\n\t\t\t\t<div class=\"elementor-widget-container\">\n\t\t\t\t\t\t\t\t<div class=\"elementor-image\">\n\t\t\t\t\t\t\t\t\t<figure class=\"wp-caption\">\n\t\t\t\t\t\t\t\t\t\t<img decoding=\"async\" src=\"https:\/\/besafenet.net\/wp-content\/uploads\/elementor\/thumbs\/shutterstock_1987657391_resize-qedi9twf2m99l2ysk0rly3ryxbg8t97sml2d49t8js.jpg\" title=\"Peat,Erosion,And,Flowing,Water,In,A,Wetland,Area,On\" alt=\"Peat,Erosion,And,Flowing,Water,In,A,Wetland,Area,On\" loading=\"lazy\" \/>\t\t\t\t\t\t\t\t\t\t\t<figcaption class=\"widget-image-caption wp-caption-text\">Figura 12: Le torbiere (ad esempio paludi e acquitrini) coprono solo il 3% della superficie globale, ma immagazzinano il doppio del carbonio rispetto a tutte le foreste messe insieme. Preservare e rivitalizzare questo ambiente naturale aiuta a prevenire o rallentare la crisi climatica.<\/figcaption>\n\t\t\t\t\t\t\t\t\t\t<\/figure>\n\t\t\t\t\t\t\t\t<\/div>\n\t\t\t\t\t\t<\/div>\n\t\t\t\t<\/div>\n\t\t\t\t<div class=\"elementor-element elementor-element-ba5323d elementor-widget elementor-widget-accordion\" data-id=\"ba5323d\" data-element_type=\"widget\" data-widget_type=\"accordion.default\">\n\t\t\t\t<div class=\"elementor-widget-container\">\n\t\t\t\t\t<div class=\"elementor-accordion\" role=\"tablist\">\n\t\t\t\t\t\t\t<div class=\"elementor-accordion-item\">\n\t\t\t\t\t<div id=\"elementor-tab-title-1951\" class=\"elementor-tab-title\" data-tab=\"1\" role=\"tab\" aria-controls=\"elementor-tab-content-1951\" aria-expanded=\"false\">\n\t\t\t\t\t\t\t\t\t\t\t\t\t<span class=\"elementor-accordion-icon elementor-accordion-icon-left\" aria-hidden=\"true\">\n\t\t\t\t\t\t\t\t\t\t\t\t\t\t\t<span class=\"elementor-accordion-icon-closed\"><i class=\"fas fa-plus\"><\/i><\/span>\n\t\t\t\t\t\t\t\t<span class=\"elementor-accordion-icon-opened\"><i class=\"fas fa-minus\"><\/i><\/span>\n\t\t\t\t\t\t\t\t\t\t\t\t\t\t<\/span>\n\t\t\t\t\t\t\t\t\t\t\t\t<a class=\"elementor-accordion-title\" href=\"\">9.1 Prevenire la crisi climatica<\/a>\n\t\t\t\t\t<\/div>\n\t\t\t\t\t<div id=\"elementor-tab-content-1951\" class=\"elementor-tab-content elementor-clearfix\" data-tab=\"1\" role=\"tabpanel\" aria-labelledby=\"elementor-tab-title-1951\"><p>Una forte collaborazione tra governi, imprese, societ\u00e0 civile, giovani e mondo accademico ha il potenziale per realizzare un mondo pi\u00f9 resiliente, sfruttando tecnologie innovative utilizzabili su larga scala, utilizzando fonti di energia rinnovabili e implementando soluzioni basate sulla natura (ad esempio, metodi agricoli migliorati, ringiovanimento del territorio, conservazione e incorporazione di pratiche ecologiche nelle reti di produzione e distribuzione degli alimenti).<br \/>\nSebbene la tecnologia abbia avuto un ruolo nell&#8217;aggravare il cambiamento climatico, lo sviluppo di tecnologie nuove ed efficienti pu\u00f2 aiutarci a ridurre le emissioni complessive e a creare un ambiente globale pi\u00f9 pulito. Attualmente esistono gi\u00e0 soluzioni tecnologiche facilmente accessibili per oltre il 70% delle emissioni odierne. Inoltre, le fonti di energia rinnovabili sono diventate alternative economicamente vantaggiose in numerose regioni e i veicoli elettrici sono in procinto di essere adottati su larga scala. Gli approcci incentrati sulla natura ci permettono di alleviare una frazione del nostro impatto sulle emissioni di carbonio, rafforzando al contempo le funzioni cruciali degli ecosistemi, la biodiversit\u00e0, la disponibilit\u00e0 di acqua pulita, migliori condizioni di vita e la stabilit\u00e0 alimentare..<\/p>\n<p>Alla Conferenza delle Nazioni Unite sui cambiamenti climatici (COP21) tenutasi a Parigi nel 2015, le 196 parti partecipanti hanno adottato un trattato giuridicamente vincolante con l&#8217;obiettivo di limitare il riscaldamento globale a una temperatura preferibile di 1,5 \u00b0C e massima di 2 \u00b0C rispetto ai livelli preindustriali. Tuttavia, un recente rapporto delle Nazioni Unite suggerisce che il raggiungimento degli obiettivi fissati dall&#8217;Accordo di Parigi \u00e8 altamente improbabile. Si prevede invece che le politiche esistenti porteranno a un aumento della temperatura fino a 2,8 \u00b0C entro la fine del secolo. Il rapporto indica che per rimanere in linea con un aumento di 2 \u00b0C, i nuovi impegni dovrebbero essere quattro volte superiori, e sette volte superiori per un aumento di 1,5 \u00b0C.<\/p>\n<p>Inoltre, \u00e8 di fondamentale importanza salvaguardare, amministrare e ringiovanire gli ecosistemi (come gli oceani e le foreste) che fungono da serbatoi naturali di carbonio e offrono soluzioni derivate dalla natura per combattere i cambiamenti climatici indotti dall&#8217;uomo. Il potenziamento della capacit\u00e0 della natura di assorbire le emissioni ha il potenziale per rappresentare circa un terzo delle riduzioni necessarie delle emissioni di gas serra entro il prossimo decennio.<\/p>\n<\/div>\n\t\t\t\t<\/div>\n\t\t\t\t\t\t\t\t<\/div>\n\t\t\t\t<\/div>\n\t\t\t\t<\/div>\n\t\t\t\t\t\t<\/div>\n\t\t\t\t\t<\/div>\n\t\t<\/div>\n\t\t\t\t\t\t\t\t<\/div>\n\t\t\t\t\t<\/div>\n\t\t<\/section>\n\t\t\t\t\t\t\t\t\t<\/div>\n\t\t\t<\/div>\n\t\t\t\t\t<\/div>\n\t\t<\/p><\/div>\n\t\t\t\t<\/div>\n\t\t\t\t\t\t\t<div class=\"elementor-accordion-item\">\n\t\t\t\t\t<div id=\"elementor-tab-title-79410\" class=\"elementor-tab-title\" data-tab=\"10\" role=\"tab\" aria-controls=\"elementor-tab-content-79410\" aria-expanded=\"false\">\n\t\t\t\t\t\t\t\t\t\t\t\t\t<span class=\"elementor-accordion-icon elementor-accordion-icon-left\" aria-hidden=\"true\">\n\t\t\t\t\t\t\t\t\t\t\t\t\t\t\t<span class=\"elementor-accordion-icon-closed\"><i class=\"fas fa-plus\"><\/i><\/span>\n\t\t\t\t\t\t\t\t<span class=\"elementor-accordion-icon-opened\"><i class=\"fas fa-minus\"><\/i><\/span>\n\t\t\t\t\t\t\t\t\t\t\t\t\t\t<\/span>\n\t\t\t\t\t\t\t\t\t\t\t\t<a class=\"elementor-accordion-title\" href=\"\">10.\tEsiste un modo per mitigare le conseguenze della crisi climatica?<\/a>\n\t\t\t\t\t<\/div>\n\t\t\t\t\t<div id=\"elementor-tab-content-79410\" class=\"elementor-tab-content elementor-clearfix\" data-tab=\"10\" role=\"tabpanel\" aria-labelledby=\"elementor-tab-title-79410\"><p>\t\t<div data-elementor-type=\"wp-post\" data-elementor-id=\"14303\" class=\"elementor elementor-14303 elementor-14218\">\n\t\t\t\t\t\t<div class=\"elementor-inner\">\n\t\t\t\t<div class=\"elementor-section-wrap\">\n\t\t\t\t\t\t\t\t\t<section class=\"has_eae_slider elementor-section elementor-top-section elementor-element elementor-element-aac99d4 elementor-section-boxed elementor-section-height-default elementor-section-height-default\" data-id=\"aac99d4\" data-element_type=\"section\">\n\t\t\t\t\t\t<div class=\"elementor-container elementor-column-gap-default\">\n\t\t\t\t\t\t\t<div class=\"elementor-row\">\n\t\t\t\t\t<div class=\"has_eae_slider elementor-column elementor-col-100 elementor-top-column elementor-element elementor-element-cad924a\" data-id=\"cad924a\" data-element_type=\"column\">\n\t\t\t<div class=\"elementor-column-wrap elementor-element-populated\">\n\t\t\t\t\t\t\t<div class=\"elementor-widget-wrap\">\n\t\t\t\t\t\t<div class=\"elementor-element elementor-element-0d8386d elementor-widget elementor-widget-text-editor\" data-id=\"0d8386d\" data-element_type=\"widget\" data-widget_type=\"text-editor.default\">\n\t\t\t\t<div class=\"elementor-widget-container\">\n\t\t\t\t\t\t\t\t<div class=\"elementor-text-editor elementor-clearfix\">\n\t\t\t\t<p>In tutto il mondo, gli individui, gli ecosistemi e le strutture sono sempre pi\u00f9 vulnerabili agli effetti negativi dei disastri e dei rischi legati al clima, che possono provocare varie forme di danni e distruzione.<\/p><p>Dato che l&#8217;individuazione precoce dei rischi pu\u00f2 portare a una riduzione efficace del rischio, si ritiene che l&#8217;adozione di un approccio basato sulla preparazione sia fondamentale per affrontare i vari rischi. Questo approccio prevede una valutazione dei rischi adattata al contesto locale e la scelta di metodi e obiettivi appropriati per mitigare e gestire tali rischi. \u00c8 altrettanto importante allargare il campo d&#8217;azione al di l\u00e0 dei singoli rischi climatici e adottare una strategia globale per migliorare la resilienza di gruppi particolarmente vulnerabili all&#8217;interno della societ\u00e0 (Figura 13), nonch\u00e9 del settore privato e degli organi di governo locali. Adottando questo approccio, \u00e8 possibile rafforzare la resilienza complessiva e prevenire la trasformazione di eventi estremi in disastri.<\/p><p>L&#8217;obiettivo \u00e8 garantire la sicurezza e il benessere degli individui, ridurre al minimo l&#8217;impatto negativo sull&#8217;economia e sull&#8217;ambiente e proteggere le fonti di reddito delle persone a fronte ai vari rischi. \u00c8 estremamente importante coinvolgere nei processi decisionali le varie parti interessate, nonch\u00e9 le persone colpite e vulnerabili. Questo coinvolgimento aiuta a ottenere il sostegno per l&#8217;attuazione delle misure, a sensibilizzare l&#8217;opinione pubblica e a prevenire, ridurre e gestire le perdite e i danni legati al clima che potrebbero verificarsi.<\/p>\t\t\t\t\t<\/div>\n\t\t\t\t\t\t<\/div>\n\t\t\t\t<\/div>\n\t\t\t\t<div class=\"elementor-element elementor-element-98fed0b climate_crisis_img elementor-widget elementor-widget-image\" data-id=\"98fed0b\" data-element_type=\"widget\" data-widget_type=\"image.default\">\n\t\t\t\t<div class=\"elementor-widget-container\">\n\t\t\t\t\t\t\t\t<div class=\"elementor-image\">\n\t\t\t\t\t\t\t\t\t<figure class=\"wp-caption\">\n\t\t\t\t\t\t\t\t\t\t<img loading=\"lazy\" decoding=\"async\" width=\"768\" height=\"512\" src=\"https:\/\/besafenet.net\/wp-content\/uploads\/2023\/10\/shutterstock_editorial_1780770011_resize-768x512.jpg\" class=\"attachment-medium_large size-medium_large wp-image-14222\" alt=\"\" srcset=\"https:\/\/besafenet.net\/wp-content\/uploads\/2023\/10\/shutterstock_editorial_1780770011_resize-768x512.jpg 768w, https:\/\/besafenet.net\/wp-content\/uploads\/2023\/10\/shutterstock_editorial_1780770011_resize-300x200.jpg 300w, https:\/\/besafenet.net\/wp-content\/uploads\/2023\/10\/shutterstock_editorial_1780770011_resize-1024x683.jpg 1024w, https:\/\/besafenet.net\/wp-content\/uploads\/2023\/10\/shutterstock_editorial_1780770011_resize-150x100.jpg 150w, https:\/\/besafenet.net\/wp-content\/uploads\/2023\/10\/shutterstock_editorial_1780770011_resize-1536x1024.jpg 1536w, https:\/\/besafenet.net\/wp-content\/uploads\/2023\/10\/shutterstock_editorial_1780770011_resize-2048x1365.jpg 2048w\" sizes=\"(max-width: 768px) 100vw, 768px\" \/>\t\t\t\t\t\t\t\t\t\t\t<figcaption class=\"widget-image-caption wp-caption-text\">Figura 13: Inondazioni nei Paesi sottosviluppati.<\/figcaption>\n\t\t\t\t\t\t\t\t\t\t<\/figure>\n\t\t\t\t\t\t\t\t<\/div>\n\t\t\t\t\t\t<\/div>\n\t\t\t\t<\/div>\n\t\t\t\t<div class=\"elementor-element elementor-element-249437e elementor-widget elementor-widget-accordion\" data-id=\"249437e\" data-element_type=\"widget\" data-widget_type=\"accordion.default\">\n\t\t\t\t<div class=\"elementor-widget-container\">\n\t\t\t\t\t<div class=\"elementor-accordion\" role=\"tablist\">\n\t\t\t\t\t\t\t<div class=\"elementor-accordion-item\">\n\t\t\t\t\t<div id=\"elementor-tab-title-3831\" class=\"elementor-tab-title\" data-tab=\"1\" role=\"tab\" aria-controls=\"elementor-tab-content-3831\" aria-expanded=\"false\">\n\t\t\t\t\t\t\t\t\t\t\t\t\t<span class=\"elementor-accordion-icon elementor-accordion-icon-left\" aria-hidden=\"true\">\n\t\t\t\t\t\t\t\t\t\t\t\t\t\t\t<span class=\"elementor-accordion-icon-closed\"><i class=\"fas fa-plus\"><\/i><\/span>\n\t\t\t\t\t\t\t\t<span class=\"elementor-accordion-icon-opened\"><i class=\"fas fa-minus\"><\/i><\/span>\n\t\t\t\t\t\t\t\t\t\t\t\t\t\t<\/span>\n\t\t\t\t\t\t\t\t\t\t\t\t<a class=\"elementor-accordion-title\" href=\"\">10.1 Il processo di gestione del rischio climatico<\/a>\n\t\t\t\t\t<\/div>\n\t\t\t\t\t<div id=\"elementor-tab-content-3831\" class=\"elementor-tab-content elementor-clearfix\" data-tab=\"1\" role=\"tabpanel\" aria-labelledby=\"elementor-tab-title-3831\"><p><strong>a. Analisi e valutazione dei rischi climatici<\/strong><\/p><p>La gestione del rischio climatico si basa su una valutazione approfondita e continua dei rischi. Analizzando i rischi correlati ai pericoli e determinandone l&#8217;impatto potenziale, si creano solide basi per dare priorit\u00e0 alle azioni necessarie ed esplorare alternative che affrontino un&#8217;ampia gamma di rischi.<\/p><p><strong>b. Misure attuate per la gestione integrata del rischio climatico<\/strong><\/p><p>La gestione integrata del rischio climatico comprende una serie di strategie e strumenti che includono misure proattive come l&#8217;implementazione di regolamenti edilizi e di uso del suolo personalizzati che tengano conto dei rischi, nonch\u00e9 tattiche di adattamento tradizionali come il miglioramento delle sementi e metodi agricoli alternativi.<\/p><p><strong>c. Processo decisionale e attuazione<\/strong><\/p><p>I decisori pubblici e privati prendono in considerazione le misure integrate di gestione del rischio climatico individuate e considerano i relativi costi, consentendo loro di stabilire meglio le priorit\u00e0, finanziare e attuare tali misure.<\/p><\/div>\n\t\t\t\t<\/div>\n\t\t\t\t\t\t\t\t<\/div>\n\t\t\t\t<\/div>\n\t\t\t\t<\/div>\n\t\t\t\t\t\t<\/div>\n\t\t\t\t\t<\/div>\n\t\t<\/div>\n\t\t\t\t\t\t\t\t<\/div>\n\t\t\t\t\t<\/div>\n\t\t<\/section>\n\t\t\t\t\t\t\t\t\t<\/div>\n\t\t\t<\/div>\n\t\t\t\t\t<\/div>\n\t\t<\/p><\/div>\n\t\t\t\t<\/div>\n\t\t\t\t\t\t\t<div class=\"elementor-accordion-item\">\n\t\t\t\t\t<div id=\"elementor-tab-title-79411\" class=\"elementor-tab-title\" data-tab=\"11\" role=\"tab\" aria-controls=\"elementor-tab-content-79411\" aria-expanded=\"false\">\n\t\t\t\t\t\t\t\t\t\t\t\t\t<span class=\"elementor-accordion-icon elementor-accordion-icon-left\" aria-hidden=\"true\">\n\t\t\t\t\t\t\t\t\t\t\t\t\t\t\t<span class=\"elementor-accordion-icon-closed\"><i class=\"fas fa-plus\"><\/i><\/span>\n\t\t\t\t\t\t\t\t<span class=\"elementor-accordion-icon-opened\"><i class=\"fas fa-minus\"><\/i><\/span>\n\t\t\t\t\t\t\t\t\t\t\t\t\t\t<\/span>\n\t\t\t\t\t\t\t\t\t\t\t\t<a class=\"elementor-accordion-title\" href=\"\">11. Cosa si dovrebbe fare durante la Crisi Climatica?<\/a>\n\t\t\t\t\t<\/div>\n\t\t\t\t\t<div id=\"elementor-tab-content-79411\" class=\"elementor-tab-content elementor-clearfix\" data-tab=\"11\" role=\"tabpanel\" aria-labelledby=\"elementor-tab-title-79411\"><p>\t\t<div data-elementor-type=\"wp-post\" data-elementor-id=\"14305\" class=\"elementor elementor-14305 elementor-14229\">\n\t\t\t\t\t\t<div class=\"elementor-inner\">\n\t\t\t\t<div class=\"elementor-section-wrap\">\n\t\t\t\t\t\t\t\t\t<section class=\"has_eae_slider elementor-section elementor-top-section elementor-element elementor-element-2fb6b70 elementor-section-boxed elementor-section-height-default elementor-section-height-default\" data-id=\"2fb6b70\" data-element_type=\"section\">\n\t\t\t\t\t\t<div class=\"elementor-container elementor-column-gap-default\">\n\t\t\t\t\t\t\t<div class=\"elementor-row\">\n\t\t\t\t\t<div class=\"has_eae_slider elementor-column elementor-col-100 elementor-top-column elementor-element elementor-element-da5bf21\" data-id=\"da5bf21\" data-element_type=\"column\">\n\t\t\t<div class=\"elementor-column-wrap elementor-element-populated\">\n\t\t\t\t\t\t\t<div class=\"elementor-widget-wrap\">\n\t\t\t\t\t\t<div class=\"elementor-element elementor-element-6ce0b73 elementor-widget elementor-widget-text-editor\" data-id=\"6ce0b73\" data-element_type=\"widget\" data-widget_type=\"text-editor.default\">\n\t\t\t\t<div class=\"elementor-widget-container\">\n\t\t\t\t\t\t\t\t<div class=\"elementor-text-editor elementor-clearfix\">\n\t\t\t\t<p>La crisi climatica \u00e8 sempre pi\u00f9 spesso considerata la causa delle catastrofi naturali, ma un numero crescente di scienziati avverte che attribuire la colpa dei disastri esclusivamente al clima trascura le decisioni politiche e di pianificazione sbagliate che rendono questi eventi molto pi\u00f9 gravi. A questo proposito, la politica e la pianificazione devono essere urgentemente riconsiderate alla luce della maggiore conoscenza ed esperienza della Crisi Climatica.<\/p>\n<p>Il nostro auspicato passaggio a una societ\u00e0 a basse emissioni di carbonio richiede il coinvolgimento attivo dei cittadini, in particolare di quelli che risiedono nelle economie avanzate. Come prima misura, \u00e8 buona norma che voi, in quanto cittadini, impariate quanto pi\u00f9 possibile sulla Crisi Climatica. Essere meglio informati sulla natura dei rischi significa essere meglio preparati a sopravvivere. Come seconda misura, si dovrebbe anche indagare sulle opzioni disponibili per dare un contributo personale per affrontare la Crisi Climatica. A questo proposito, le Nazioni Unite promuovono la campagna <strong>ActNow<\/strong>, che promuove l&#8217;azione personale in risposta alla crisi climatica e ai problemi di sostenibilit\u00e0. Circa 2\/3 delle emissioni mondiali di gas serra sono legate alle abitazioni private.<\/p>\n\t\t\t\t\t<\/div>\n\t\t\t\t\t\t<\/div>\n\t\t\t\t<\/div>\n\t\t\t\t<div class=\"elementor-element elementor-element-b853aa3 elementor-widget elementor-widget-accordion\" data-id=\"b853aa3\" data-element_type=\"widget\" data-widget_type=\"accordion.default\">\n\t\t\t\t<div class=\"elementor-widget-container\">\n\t\t\t\t\t<div class=\"elementor-accordion\" role=\"tablist\">\n\t\t\t\t\t\t\t<div class=\"elementor-accordion-item\">\n\t\t\t\t\t<div id=\"elementor-tab-title-1931\" class=\"elementor-tab-title\" data-tab=\"1\" role=\"tab\" aria-controls=\"elementor-tab-content-1931\" aria-expanded=\"false\">\n\t\t\t\t\t\t\t\t\t\t\t\t\t<span class=\"elementor-accordion-icon elementor-accordion-icon-left\" aria-hidden=\"true\">\n\t\t\t\t\t\t\t\t\t\t\t\t\t\t\t<span class=\"elementor-accordion-icon-closed\"><i class=\"fas fa-plus\"><\/i><\/span>\n\t\t\t\t\t\t\t\t<span class=\"elementor-accordion-icon-opened\"><i class=\"fas fa-minus\"><\/i><\/span>\n\t\t\t\t\t\t\t\t\t\t\t\t\t\t<\/span>\n\t\t\t\t\t\t\t\t\t\t\t\t<a class=\"elementor-accordion-title\" href=\"\">11.1 La campagna ActNow delle Nazioni Unite<\/a>\n\t\t\t\t\t<\/div>\n\t\t\t\t\t<div id=\"elementor-tab-content-1931\" class=\"elementor-tab-content elementor-clearfix\" data-tab=\"1\" role=\"tabpanel\" aria-labelledby=\"elementor-tab-title-1931\"><p><strong>La campagna ActNow delle Nazioni Unite promuove l&#8217;azione personale attraverso dieci iniziative per affrontare la crisi climatica:<\/strong><\/p><p><em>Risparmiare energia a casa.<\/em><\/p><p>Ridurre il consumo di energia in casa Una parte significativa dell&#8217;energia che utilizziamo per l&#8217;elettricit\u00e0 e il riscaldamento proviene da carbone, petrolio e gas. Per ridurre il consumo di energia, si possono adottare diverse strategie, come ridurre il riscaldamento e il raffreddamento, adottare lampadine a LED e dispositivi elettrici a basso consumo, lavare i vestiti con acqua fredda e scegliere l&#8217;asciugatura ad aria piuttosto che l&#8217;asciugatrice. Migliorare l&#8217;efficienza energetica della vostra casa, ad esempio migliorando l&#8217;isolamento o sostituendo un forno a gasolio o a gas con una pompa di calore elettrica, pu\u00f2 potenzialmente ridurre la vostra impronta di carbonio di circa 900 kg di CO2e all&#8217;anno.<\/p><p><em>Camminare, andare in bicicletta o utilizzare i mezzi pubblici<\/em><\/p><p>Scegliere di camminare, andare in bicicletta o utilizzare i mezzi pubblici Molte strade di tutto il mondo sono congestionate da automobili che funzionano prevalentemente a diesel o a benzina. Scegliere di camminare o andare in bicicletta invece di guidare pu\u00f2 ridurre efficacemente le emissioni di gas serra, a tutto vantaggio della salute generale e del benessere fisico. Quando si percorrono distanze pi\u00f9 lunghe, \u00e8 consigliabile prendere in considerazione l&#8217;utilizzo di treni o autobus. Inoltre, quando \u00e8 possibile, \u00e8 consigliabile utilizzare il car pooling. L&#8217;adozione di uno stile di vita senza auto pu\u00f2 portare a una riduzione significativa dell&#8217;impronta di carbonio, fino a 2 tonnellate di CO2e all&#8217;anno, rispetto a uno stile di vita dipendente dall&#8217;auto.<\/p><p><em>Mangiare pi\u00f9 verdure<\/em><\/p><p>Aumentate il consumo di verdure per ridurre al minimo l&#8217;impatto ambientale. Consumare una maggiore quantit\u00e0 di verdura, frutta, cereali integrali, legumi, noci e semi, riducendo al contempo l&#8217;assunzione di carne e latticini, pu\u00f2 avere un effetto positivo sostanziale. La produzione di alimenti a base vegetale genera in genere meno emissioni di gas a effetto serra e richiede meno energia, terra e risorse idriche. Passare da una dieta mista a una vegetariana pu\u00f2 potenzialmente ridurre l&#8217;impronta di carbonio di circa 500 kg di CO2e all&#8217;anno (o fino a 900 kg per una dieta vegana).<\/p><p><em>Considerare i viaggi<\/em><\/p><p>Quando si pensa ai propri viaggi, \u00e8 importante riconoscere che gli aerei consumano notevoli quantit\u00e0 di combustibili fossili, con conseguenti significative emissioni di gas serra. Di conseguenza, ridurre al minimo il numero di voli \u00e8 uno dei metodi pi\u00f9 rapidi per ridurre l&#8217;impatto ambientale. Quando \u00e8 possibile, optate per riunioni virtuali, viaggi in treno o addirittura prendete in considerazione la possibilit\u00e0 di cancellare i viaggi a lunga distanza. Eliminando un solo volo di andata e ritorno, potete potenzialmente ridurre la vostra impronta di carbonio di quasi 2 tonnellate di CO2e.<\/p><p><em>Sprecare meno cibo<\/em><\/p><p>Lo smaltimento degli alimenti comporta lo spreco delle risorse e dell&#8217;energia investite nella loro coltivazione, produzione, imballaggio e trasporto. Inoltre, quando il cibo si decompone nelle discariche, rilascia metano, un potente gas serra. Per ridurre al minimo gli sprechi, sfruttate al massimo i vostri acquisti e compostate gli scarti rimasti. Riducendo i rifiuti alimentari, potete potenzialmente ridurre la vostra impronta di carbonio annuale di ben 300 kg di CO2e.<\/p><p><em>Ridurre, riutilizzare, riparare e riciclare<\/em><\/p><p>L&#8217;acquisto di prodotti elettronici, di abbigliamento e di altri prodotti contribuisce alle emissioni di carbonio durante l&#8217;intero processo di produzione, a partire dall&#8217;estrazione delle materie prime fino alla produzione e al trasporto dei prodotti sul mercato. Per salvaguardare il nostro clima, \u00e8 consigliabile ridurre al minimo i consumi, optare per articoli di seconda mano, riparare gli oggetti quando possibile e impegnarsi nel riciclaggio. La produzione di ogni chilogrammo di prodotti tessili comporta l&#8217;emissione di circa 17 chilogrammi di CO2e. Riducendo l&#8217;acquisto di nuovi capi di abbigliamento e altri beni di consumo, \u00e8 possibile diminuire sia l&#8217;impronta di carbonio che la quantit\u00e0 di rifiuti prodotti.<\/p><p><em>Cambiare la fonte di energia della vostra casa<\/em><\/p><p>Informatevi presso il vostro fornitore di servizi sulla fonte di energia residenziale, se si tratta di petrolio, carbone o gas. Se possibile, valutate la possibilit\u00e0 di passare ad alternative sostenibili come l&#8217;energia eolica o solare. Un&#8217;altra possibilit\u00e0 \u00e8 l&#8217;installazione di pannelli solari sul tetto per generare energia per la casa. Passando da un&#8217;energia basata su petrolio, gas o carbone a fonti rinnovabili come l&#8217;eolico o il solare, potete potenzialmente ridurre la vostra impronta di carbonio annuale fino a 1,5 tonnellate di CO2e.<\/p><p><em>Passare a un veicolo elettrico<\/em><\/p><p>Se state pensando di acquistare un veicolo, \u00e8 consigliabile prendere in considerazione la possibilit\u00e0 di optare per un&#8217;auto elettrica grazie alla crescente disponibilit\u00e0 di una vasta gamma di modelli a prezzi accessibili. In molti Paesi, le auto elettriche hanno il vantaggio di ridurre l&#8217;inquinamento atmosferico e di emettere una quantit\u00e0 di gas serra nettamente inferiore rispetto ai veicoli a gas o diesel. Tuttavia, \u00e8 importante notare che molte auto elettriche si basano ancora sull&#8217;elettricit\u00e0 generata da combustibili fossili e la produzione delle batterie e dei motori comporta l&#8217;utilizzo di minerali rari che spesso hanno un costo ambientale e sociale considerevole. Passare da un&#8217;auto a benzina o diesel a un veicolo elettrico pu\u00f2 effettivamente ridurre l&#8217;impronta di carbonio di circa 2 tonnellate di CO2e all&#8217;anno. In alternativa, un veicolo ibrido pu\u00f2 far risparmiare circa 700 kg di CO2e all&#8217;anno..<\/p><p><em>Fate fruttare il vostro denaro<\/em><\/p><p>Le scelte di spesa che facciamo hanno un impatto sull&#8217;ambiente. \u00c8 possibile decidere quali prodotti e servizi sostenere. Per ridurre la vostra impronta ecologica, optate per prodotti di aziende che utilizzano responsabilmente le risorse e si impegnano a ridurre le emissioni di gas e i rifiuti. Nei casi in cui il vostro denaro viene investito per vostro conto, ad esempio attraverso un fondo pensione, potrebbe inavvertitamente sostenere attivit\u00e0 come l&#8217;estrazione di combustibili fossili o la deforestazione. Assicurandovi che i vostri risparmi siano indirizzati verso imprese sostenibili dal punto di vista ambientale, potete ridurre significativamente la vostra impronta di carbonio.<\/p><p><em>Fare appelli<\/em><\/p><p>Incoraggiate la partecipazione attiva e convincete gli altri a impegnarsi in misure proattive. Questo approccio \u00e8 un metodo rapido e di grande impatto per ottenere un cambiamento significativo. Impegnatevi in conversazioni con chi vi circonda, compresi i vicini, i colleghi, gli amici e i familiari. Esprimete il vostro sostegno a trasformazioni ambiziose ai proprietari di aziende. Rivolgete appelli ai leader locali e globali, esortandoli ad agire immediatamente. Affrontare i problemi climatici \u00e8 una responsabilit\u00e0 collettiva che riguarda ognuno di noi. Anche se nessun individuo pu\u00f2 affrontarlo da solo, insieme abbiamo il potere di fare la differenza.<\/p><p><strong>\u00a0<\/strong><\/p><\/div>\n\t\t\t\t<\/div>\n\t\t\t\t\t\t\t\t<\/div>\n\t\t\t\t<\/div>\n\t\t\t\t<\/div>\n\t\t\t\t\t\t<\/div>\n\t\t\t\t\t<\/div>\n\t\t<\/div>\n\t\t\t\t\t\t\t\t<\/div>\n\t\t\t\t\t<\/div>\n\t\t<\/section>\n\t\t\t\t\t\t\t\t\t<\/div>\n\t\t\t<\/div>\n\t\t\t\t\t<\/div>\n\t\t<\/p><\/div>\n\t\t\t\t<\/div>\n\t\t\t\t\t\t\t<div class=\"elementor-accordion-item\">\n\t\t\t\t\t<div id=\"elementor-tab-title-79412\" class=\"elementor-tab-title\" data-tab=\"12\" role=\"tab\" aria-controls=\"elementor-tab-content-79412\" aria-expanded=\"false\">\n\t\t\t\t\t\t\t\t\t\t\t\t\t<span class=\"elementor-accordion-icon elementor-accordion-icon-left\" aria-hidden=\"true\">\n\t\t\t\t\t\t\t\t\t\t\t\t\t\t\t<span class=\"elementor-accordion-icon-closed\"><i class=\"fas fa-plus\"><\/i><\/span>\n\t\t\t\t\t\t\t\t<span class=\"elementor-accordion-icon-opened\"><i class=\"fas fa-minus\"><\/i><\/span>\n\t\t\t\t\t\t\t\t\t\t\t\t\t\t<\/span>\n\t\t\t\t\t\t\t\t\t\t\t\t<a class=\"elementor-accordion-title\" href=\"\">12. Che tipo di mappe esistono sulla Crisi Climatica?<\/a>\n\t\t\t\t\t<\/div>\n\t\t\t\t\t<div id=\"elementor-tab-content-79412\" class=\"elementor-tab-content elementor-clearfix\" data-tab=\"12\" role=\"tabpanel\" aria-labelledby=\"elementor-tab-title-79412\"><p>\t\t<div data-elementor-type=\"wp-post\" data-elementor-id=\"14307\" class=\"elementor elementor-14307 elementor-14233\">\n\t\t\t\t\t\t<div class=\"elementor-inner\">\n\t\t\t\t<div class=\"elementor-section-wrap\">\n\t\t\t\t\t\t\t\t\t<section class=\"has_eae_slider elementor-section elementor-top-section elementor-element elementor-element-99e0be0 elementor-section-boxed elementor-section-height-default elementor-section-height-default\" data-id=\"99e0be0\" data-element_type=\"section\">\n\t\t\t\t\t\t<div class=\"elementor-container elementor-column-gap-default\">\n\t\t\t\t\t\t\t<div class=\"elementor-row\">\n\t\t\t\t\t<div class=\"has_eae_slider elementor-column elementor-col-100 elementor-top-column elementor-element elementor-element-fafe39e\" data-id=\"fafe39e\" data-element_type=\"column\">\n\t\t\t<div class=\"elementor-column-wrap elementor-element-populated\">\n\t\t\t\t\t\t\t<div class=\"elementor-widget-wrap\">\n\t\t\t\t\t\t<div class=\"elementor-element elementor-element-45d9da4 elementor-widget elementor-widget-text-editor\" data-id=\"45d9da4\" data-element_type=\"widget\" data-widget_type=\"text-editor.default\">\n\t\t\t\t<div class=\"elementor-widget-container\">\n\t\t\t\t\t\t\t\t<div class=\"elementor-text-editor elementor-clearfix\">\n\t\t\t\t<p>Esistono molte mappe che fanno riferimento alla Crisi Climatica, offrendo illustrazioni tangibili di come il cambiamento climatico indotto dall&#8217;uomo avr\u00e0 un impatto su vari aspetti, come gli incendi boschivi, l&#8217;agricoltura, la disponibilit\u00e0 di acqua, l&#8217;innalzamento del livello del mare, la vita marina, la siccit\u00e0 e i modelli meteorologici, ed evidenziando le trasformazioni che si verificheranno di conseguenza (Figura 14).<br \/>\nUn problema della Crisi Climatica \u00e8 che, nonostante sia la sfida pi\u00f9 fondamentale che l&#8217;umanit\u00e0 abbia mai affrontato, rimane in gran parte impercettibile per la persona media. Gli scienziati che si sforzano di sensibilizzare l&#8217;opinione pubblica su un concetto difficile da comprendere hanno sviluppato una serie di mappe statiche e interattive che mostrano efficacemente gli impatti reali e previsti della Crisi Climatica.<\/p>\n\t\t\t\t\t<\/div>\n\t\t\t\t\t\t<\/div>\n\t\t\t\t<\/div>\n\t\t\t\t<div class=\"elementor-element elementor-element-bd3b760 climate_crisis_img_12 elementor-widget elementor-widget-image\" data-id=\"bd3b760\" data-element_type=\"widget\" data-widget_type=\"image.default\">\n\t\t\t\t<div class=\"elementor-widget-container\">\n\t\t\t\t\t\t\t\t<div class=\"elementor-image\">\n\t\t\t\t\t\t\t\t\t<figure class=\"wp-caption\">\n\t\t\t\t\t\t\t\t\t\t<img loading=\"lazy\" decoding=\"async\" width=\"493\" height=\"231\" src=\"https:\/\/besafenet.net\/wp-content\/uploads\/2023\/10\/Figure-14_resize-1.jpg\" class=\"attachment-medium_large size-medium_large wp-image-14239\" alt=\"\" srcset=\"https:\/\/besafenet.net\/wp-content\/uploads\/2023\/10\/Figure-14_resize-1.jpg 493w, https:\/\/besafenet.net\/wp-content\/uploads\/2023\/10\/Figure-14_resize-1-300x141.jpg 300w, https:\/\/besafenet.net\/wp-content\/uploads\/2023\/10\/Figure-14_resize-1-150x70.jpg 150w\" sizes=\"(max-width: 493px) 100vw, 493px\" \/>\t\t\t\t\t\t\t\t\t\t\t<figcaption class=\"widget-image-caption wp-caption-text\">Figura 14: Questo set di dati globali della NASA mostra i cambiamenti previsti a livello regionale in risposta a diversi scenari di aumento dell&#8217;anidride carbonica simulati da 21 modelli climatici. I dati ad alta risoluzione, che possono essere visualizzati su scala giornaliera a livello di singole citt\u00e0 e paesi, aiuteranno gli scienziati e i pianificatori a condurre valutazioni del rischio climatico per comprendere meglio gli effetti locali e globali dei pericoli, come gravi siccit\u00e0, inondazioni, ondate di calore e perdite di produttivit\u00e0 agricola. Fonte:: https:\/\/www.nasa.gov\/press-release\/nasa-releases-detailed-global-climate-change-projections<\/figcaption>\n\t\t\t\t\t\t\t\t\t\t<\/figure>\n\t\t\t\t\t\t\t\t<\/div>\n\t\t\t\t\t\t<\/div>\n\t\t\t\t<\/div>\n\t\t\t\t<div class=\"elementor-element elementor-element-78dedd0 elementor-widget elementor-widget-text-editor\" data-id=\"78dedd0\" data-element_type=\"widget\" data-widget_type=\"text-editor.default\">\n\t\t\t\t<div class=\"elementor-widget-container\">\n\t\t\t\t\t\t\t\t<div class=\"elementor-text-editor elementor-clearfix\">\n\t\t\t\t<p>La tecnologia dell&#8217;informazione geospaziale, utilizzata in alcune carte, pu\u00f2 contribuire in modo significativo allo studio del riscaldamento globale, stabilendo un legame tra la Crisi Climatica, i rischi specifici e gli individui. L&#8217;approccio pi\u00f9 efficace consiste nel mappare gli effetti del cambiamento climatico indotto dall&#8217;uomo su scala locale, utilizzando immagini satellitari..<\/p>\n\t\t\t\t\t<\/div>\n\t\t\t\t\t\t<\/div>\n\t\t\t\t<\/div>\n\t\t\t\t<div class=\"elementor-element elementor-element-6c1baf5 elementor-widget elementor-widget-accordion\" data-id=\"6c1baf5\" data-element_type=\"widget\" data-widget_type=\"accordion.default\">\n\t\t\t\t<div class=\"elementor-widget-container\">\n\t\t\t\t\t<div class=\"elementor-accordion\" role=\"tablist\">\n\t\t\t\t\t\t\t<div class=\"elementor-accordion-item\">\n\t\t\t\t\t<div id=\"elementor-tab-title-1131\" class=\"elementor-tab-title\" data-tab=\"1\" role=\"tab\" aria-controls=\"elementor-tab-content-1131\" aria-expanded=\"false\">\n\t\t\t\t\t\t\t\t\t\t\t\t\t<span class=\"elementor-accordion-icon elementor-accordion-icon-left\" aria-hidden=\"true\">\n\t\t\t\t\t\t\t\t\t\t\t\t\t\t\t<span class=\"elementor-accordion-icon-closed\"><i class=\"fas fa-plus\"><\/i><\/span>\n\t\t\t\t\t\t\t\t<span class=\"elementor-accordion-icon-opened\"><i class=\"fas fa-minus\"><\/i><\/span>\n\t\t\t\t\t\t\t\t\t\t\t\t\t\t<\/span>\n\t\t\t\t\t\t\t\t\t\t\t\t<a class=\"elementor-accordion-title\" href=\"\">12.1 Alcuni esempi di mappe che affrontano la crisi climatica<\/a>\n\t\t\t\t\t<\/div>\n\t\t\t\t\t<div id=\"elementor-tab-content-1131\" class=\"elementor-tab-content elementor-clearfix\" data-tab=\"1\" role=\"tabpanel\" aria-labelledby=\"elementor-tab-title-1131\"><ol><li><p>Google Planetary Earth Engine<span style=\"text-decoration: underline;\"> (<a href=\"https:\/\/earthengine.google.com\/timelapse\/\">Google Earth Engine<\/a>)<\/span><\/p><\/li><li><p>Mappe della NASA del cambiamento climatico della Terra <span style=\"text-decoration: underline;\">(<a href=\"http:\/\/earthobservatory.nasa.gov\/GlobalMaps\/\">Nasa\u2019s Earth Climate Change Global Map<\/a>)<\/span><\/p><\/li><li><p>Analisi del livello del mare in aumento<span style=\"text-decoration: underline;\"> (<a href=\"http:\/\/choices.climatecentral.org\/\">Surging Sea Map<\/a>)<\/span><\/p><\/li><li><p>Mappa interattiva del Met Office Four Degree<span style=\"text-decoration: underline;\"> (<a href=\"https:\/\/sustaineurope.com\/the-met-office.htm\">https:\/\/sustaineurope.com\/the-met-office.htm<\/a>)<\/span><\/p><\/li><li><p>Se tutti i ghiacci si sciogliessero <span style=\"text-decoration: underline;\">(<a href=\"https:\/\/www.nationalgeographic.com\/magazine\/article\/rising-seas-ice-melt-new-shoreline-maps\">National Geographic Sea Level maps<\/a>)<\/span><\/p><\/li><li><p>Disappearing Glaciers <span style=\"text-decoration: underline;\"><a href=\"http:\/\/wgsg.maps.arcgis.com\/apps\/MapJournal\/index.html?appid=d8a0c755316540acbf12bb240442cea7&amp;webmap=e964d4ab3e8d487b88f089a9875f093e\">(mappa della storia dei ghiacciai che scompaiono)<\/a><\/span><\/p><\/li><li><p>Mappa dell&#8217;impronta globale di Esri<span style=\"text-decoration: underline;\"> (<a href=\"http:\/\/www.footprintnetwork.org\/\">Global Footprint Network<\/a>)<\/span><\/p><\/li><li><p>Mappa delle emissioni di carbonio <span style=\"text-decoration: underline;\">(<a href=\"http:\/\/www.carbonmap.org\/\">Carbon Emissions map<\/a>)<\/span><\/p><\/li><li><p>Comuni per il clima <span style=\"text-decoration: underline;\">(<a href=\"http:\/\/earthjournalism.net\/projects\/climate-commons\">Climate Commons<\/a>)<\/span><\/p><\/li><li><p>Mappa dell&#8217;inquinamento. Banca Mondiale <a href=\"http:\/\/data.worldbank.org\/topic\/environment\"><span style=\"text-decoration: underline;\">(ElkanoData Pollution Map World Bank master database)\u00a0<\/span><\/a><\/p><\/li><li><p>Mappa dell&#8217;impatto climatico che fornisce un quadro altamente localizzato dei futuri impatti climatici negli Stati Uniti e nel mondo.<\/p><\/li><\/ol><\/div>\n\t\t\t\t<\/div>\n\t\t\t\t\t\t\t\t<\/div>\n\t\t\t\t<\/div>\n\t\t\t\t<\/div>\n\t\t\t\t\t\t<\/div>\n\t\t\t\t\t<\/div>\n\t\t<\/div>\n\t\t\t\t\t\t\t\t<\/div>\n\t\t\t\t\t<\/div>\n\t\t<\/section>\n\t\t\t\t\t\t\t\t\t<\/div>\n\t\t\t<\/div>\n\t\t\t\t\t<\/div>\n\t\t<\/p><\/div>\n\t\t\t\t<\/div>\n\t\t\t\t\t\t\t<div class=\"elementor-accordion-item\">\n\t\t\t\t\t<div id=\"elementor-tab-title-79413\" class=\"elementor-tab-title\" data-tab=\"13\" role=\"tab\" aria-controls=\"elementor-tab-content-79413\" aria-expanded=\"false\">\n\t\t\t\t\t\t\t\t\t\t\t\t\t<span class=\"elementor-accordion-icon elementor-accordion-icon-left\" aria-hidden=\"true\">\n\t\t\t\t\t\t\t\t\t\t\t\t\t\t\t<span class=\"elementor-accordion-icon-closed\"><i class=\"fas fa-plus\"><\/i><\/span>\n\t\t\t\t\t\t\t\t<span class=\"elementor-accordion-icon-opened\"><i class=\"fas fa-minus\"><\/i><\/span>\n\t\t\t\t\t\t\t\t\t\t\t\t\t\t<\/span>\n\t\t\t\t\t\t\t\t\t\t\t\t<a class=\"elementor-accordion-title\" href=\"\">Riferimenti<\/a>\n\t\t\t\t\t<\/div>\n\t\t\t\t\t<div id=\"elementor-tab-content-79413\" class=\"elementor-tab-content elementor-clearfix\" data-tab=\"13\" role=\"tabpanel\" aria-labelledby=\"elementor-tab-title-79413\"><p><u><strong>Riferimenti selezionati<\/strong><\/u><\/p><p><span data-ccp-props=\"{&quot;201341983&quot;:0,&quot;335551550&quot;:6,&quot;335551620&quot;:6,&quot;335559739&quot;:0,&quot;335559740&quot;:240}\">\u00a0<\/span><span data-contrast=\"none\">Climate change and human behaviour.\u202f<\/span><i><span data-contrast=\"none\">Nat Hum Behav<\/span><\/i><span data-contrast=\"none\">\u202f<\/span><b><span data-contrast=\"none\">6<\/span><\/b><span data-contrast=\"none\">, 1441\u20131442 (2022). https:\/\/doi.org\/10.1038\/s41562-022-01490-9<\/span><span data-ccp-props=\"{&quot;201341983&quot;:0,&quot;335551550&quot;:6,&quot;335551620&quot;:6,&quot;335559685&quot;:709,&quot;335559739&quot;:0,&quot;335559740&quot;:240,&quot;335559991&quot;:709}\">\u00a0<\/span><\/p><p><span data-contrast=\"none\">Dayton-Johnson, J. (2006), &#8220;Natural Disaster and Vulnerability&#8221;,\u202f<\/span><i><span data-contrast=\"none\">OECD Development Centre Policy Briefs<\/span><\/i><span data-contrast=\"none\">, No. 29, OECD Publishing, Paris,\u202f<\/span><a href=\"https:\/\/doi.org\/10.1787\/202670544086\"><span data-contrast=\"none\">https:\/\/doi.org\/10.1787\/202670544086<\/span><\/a><span data-contrast=\"none\">.<\/span><span data-ccp-props=\"{&quot;201341983&quot;:0,&quot;335551550&quot;:6,&quot;335551620&quot;:6,&quot;335559685&quot;:709,&quot;335559739&quot;:0,&quot;335559740&quot;:240,&quot;335559991&quot;:709}\">\u00a0<\/span><\/p><p><span data-contrast=\"none\">Keenan, R.J. Climate change impacts and adaptation in forest management: a review.\u202f<\/span><i><span data-contrast=\"none\">Annals of Forest Science<\/span><\/i><span data-contrast=\"none\">\u202f<\/span><b><span data-contrast=\"none\">72<\/span><\/b><span data-contrast=\"none\">, 145\u2013167 (2015). <\/span><a href=\"https:\/\/doi.org\/10.1007\/s13595-014-0446-5\"><span data-contrast=\"none\">https:\/\/doi.org\/10.1007\/s13595-014-0446-5<\/span><\/a><span data-ccp-props=\"{&quot;201341983&quot;:0,&quot;335551550&quot;:6,&quot;335551620&quot;:6,&quot;335559685&quot;:709,&quot;335559739&quot;:0,&quot;335559740&quot;:240,&quot;335559991&quot;:709}\">\u00a0<\/span><\/p><p><span data-contrast=\"auto\">IPCC, 2014: Summary for Policymakers. In: Climate Change 2014: Mitigation of Climate Change. Contribution of Working Group III to the Fifth Assessment Report of the Intergovernmental Panel on Climate Change [Edenhofer, O., R. Pichs-Madruga, Y. Sokona, E. Farahani, S. Kadner, K. Seyboth, A. Adler, I. Baum, S. Brunner, P. Eickemeier, B. Kriemann, J. Savolainen, S. Schl\u00f6mer, C. von Stechow, T. Zwickel and J.C. Minx (eds.)]. Cambridge University Press, Cambridge, United Kingdom and New York, NY, USA.<\/span><span data-ccp-props=\"{&quot;201341983&quot;:0,&quot;335551550&quot;:6,&quot;335551620&quot;:6,&quot;335559685&quot;:709,&quot;335559739&quot;:0,&quot;335559740&quot;:240,&quot;335559991&quot;:709}\">\u00a0<\/span><\/p><p><span data-contrast=\"auto\">IPCC, 2014: Summary for policymakers. In: Climate Change 2014: Impacts,Adaptation, and Vulnerability. Part A: Global and Sectoral Aspects. Contribution of Working Group II to the Fifth Assessment Report of the Intergovernmental Panel on Climate Change [Field, C.B., V.R. Barros, D.J. Dokken, K.J. Mach, M.D. Mastrandrea, T.E. Bilir, M. Chatterjee, K.L. Ebi, Y.O. Estrada, R.C. Genova, B. Girma, E.S. Kissel, A.N. Levy, S. MacCracken, P.R. Mastrandrea, and L.L.White (eds.)]. Cambridge University Press, Cambridge, United Kingdom and New York, NY, USA, pp. 1-32.<\/span><span data-ccp-props=\"{&quot;201341983&quot;:0,&quot;335551550&quot;:6,&quot;335551620&quot;:6,&quot;335559685&quot;:709,&quot;335559739&quot;:0,&quot;335559740&quot;:240,&quot;335559991&quot;:709}\">\u00a0<\/span><\/p><p><span data-contrast=\"none\">OECD (2019),\u202f<\/span><i><span data-contrast=\"none\">Responding to Rising Seas:\u202fOECD <\/span><\/i><span data-contrast=\"none\">Country Approaches to Tackling Coastal Risks, OECD Publishing, Paris,\u202f<\/span><a href=\"https:\/\/doi.org\/10.1787\/9789264312487-en\"><span data-contrast=\"none\">https:\/\/doi.org\/10.1787\/9789264312487-en<\/span><\/a><span data-contrast=\"none\">.<\/span><\/p><p><span data-contrast=\"none\">OECD (2018), &#8220;Climate-resilient infrastructure&#8221;,\u202f<\/span><i><span data-contrast=\"none\">OECD Environment Policy Papers<\/span><\/i><span data-contrast=\"none\">, No. 14, OECD Publishing, Paris,\u202f<\/span><a href=\"https:\/\/doi.org\/10.1787\/4fdf9eaf-en\"><span data-contrast=\"none\">https:\/\/doi.org\/10.1787\/4fdf9eaf-en<\/span><\/a><span data-contrast=\"none\">.<\/span><span data-ccp-props=\"{&quot;201341983&quot;:0,&quot;335551550&quot;:6,&quot;335551620&quot;:6,&quot;335559685&quot;:709,&quot;335559739&quot;:0,&quot;335559740&quot;:240,&quot;335559991&quot;:709}\">\u00a0<\/span><\/p><p><span data-contrast=\"auto\">Pearce, F. Yale Environment 360, Yale School Of The Environment<\/span><span data-ccp-props=\"{&quot;201341983&quot;:0,&quot;335551550&quot;:6,&quot;335551620&quot;:6,&quot;335559685&quot;:709,&quot;335559739&quot;:0,&quot;335559740&quot;:240,&quot;335559991&quot;:709}\">\u00a0<\/span><\/p><p><i><span data-contrast=\"none\">It\u2019s Not Just Climate: Are We Ignoring Other Causes of Disasters?<\/span><\/i> <span data-contrast=\"none\">February\u202f<\/span><span data-contrast=\"none\">8,\u202f2022<\/span><span data-contrast=\"auto\">.<\/span><span data-ccp-props=\"{&quot;201341983&quot;:0,&quot;335551550&quot;:6,&quot;335551620&quot;:6,&quot;335559685&quot;:709,&quot;335559739&quot;:0,&quot;335559740&quot;:240}\">\u00a0<\/span><\/p><p><a href=\"https:\/\/e360.yale.edu\/features\/its-not-just-climate-are-we-ignoring-other-causes-of-disasters\"><span data-contrast=\"none\">https:\/\/e360.yale.edu\/features\/its-not-just-climate-are-we-ignoring-other-causes-of-disasters<\/span><\/a><span data-ccp-props=\"{&quot;201341983&quot;:0,&quot;335551550&quot;:6,&quot;335551620&quot;:6,&quot;335559685&quot;:709,&quot;335559739&quot;:0,&quot;335559740&quot;:240}\">\u00a0<\/span><\/p><p><span data-contrast=\"none\">Romm, Madeline. 2022. <\/span><i><span data-contrast=\"none\">A Climate of Terror? Climate Change as an Indirect Contributor to Terrorism.<\/span><\/i> <span data-contrast=\"none\">College Park, MD: START<\/span> <a href=\"https:\/\/www.start.umd.edu\/pubs\/Climate_Change_Terrorism_Rapid_Review_1_FINAL.pdf\"><span data-contrast=\"none\">https:\/\/www.start.umd.edu\/pubs\/Climate_Change_Terrorism_Rapid_Review_1_FINAL.pdf<\/span><\/a><span data-ccp-props=\"{&quot;201341983&quot;:0,&quot;335551550&quot;:6,&quot;335551620&quot;:6,&quot;335559685&quot;:709,&quot;335559739&quot;:0,&quot;335559740&quot;:240,&quot;335559991&quot;:709}\">\u00a0<\/span><\/p><p><span data-contrast=\"auto\">Swim<\/span><span data-contrast=\"auto\">,<\/span><span data-contrast=\"auto\"> J<\/span><span data-contrast=\"auto\">.<\/span><span data-contrast=\"auto\">K<\/span><span data-contrast=\"auto\">., <\/span><span data-contrast=\"auto\">Clayton<\/span><span data-contrast=\"none\">,\u202f<\/span><span data-contrast=\"none\">S., <\/span><span data-contrast=\"auto\">Howard<\/span><span data-contrast=\"auto\">,<\/span> <span data-contrast=\"auto\">G<\/span><span data-contrast=\"auto\">, <\/span><span data-contrast=\"auto\">S<\/span><span data-contrast=\"auto\">,.<\/span> <i><span data-contrast=\"auto\">Human Behavioral Contributions to Climate Change Psychological and Contextual Drivers<\/span><\/i><span data-contrast=\"auto\">. <\/span><span data-contrast=\"none\">American Psychologist, 2011 &#8211; psycnet.apa.org<\/span> <a href=\"https:\/\/www.apa.org\/pubs\/journals\/releases\/amp-66-4-251.pdf\"><span data-contrast=\"none\">https:\/\/www.apa.org\/pubs\/journals\/releases\/amp-66-4-251.pdf<\/span><\/a><span data-ccp-props=\"{&quot;201341983&quot;:0,&quot;335551550&quot;:6,&quot;335551620&quot;:6,&quot;335559685&quot;:709,&quot;335559739&quot;:0,&quot;335559740&quot;:240,&quot;335559991&quot;:709}\">\u00a0<\/span><\/p><p><u><strong>Risorse Web<\/strong><\/u><\/p><p><span data-contrast=\"none\">ActionAid &#8211; <\/span><i><span data-contrast=\"none\">Climate change and flooding<\/span><\/i><span data-contrast=\"none\">, <\/span><span data-contrast=\"none\">10 February 2023<\/span> <a href=\"https:\/\/www.actionaid.org.uk\/our-work\/emergencies-disasters-humanitarian-response\/climate-change-and-flooding#:~:text=How%20is%20climate%20change%20connected,to%20form%20heavy%20rainfall1%20\"><span data-contrast=\"none\">https:\/\/www.actionaid.org.uk\/our-work\/emergencies-disasters-humanitarian-response\/climate-change-and-flooding#:~:text=How%20is%20climate%20change%20connected,to%20form%20heavy%20rainfall1%20<\/span><\/a> <span data-contrast=\"none\">(<\/span><span data-contrast=\"none\">accessed <\/span><span data-contrast=\"none\">23.05.23).<\/span><span data-ccp-props=\"{&quot;201341983&quot;:0,&quot;335551550&quot;:6,&quot;335551620&quot;:6,&quot;335559685&quot;:709,&quot;335559739&quot;:0,&quot;335559740&quot;:240,&quot;335559991&quot;:709}\">\u00a0<\/span><\/p><p><b><span data-contrast=\"none\">Vladimir Spasi\u0107<\/span><\/b><b><span data-contrast=\"none\">, <\/span><\/b><span data-contrast=\"none\">Balkan Green Energy News, <\/span><b><span data-contrast=\"none\">January 10, 2023<\/span><\/b><b><span data-contrast=\"none\">. <\/span><\/b><i><span data-contrast=\"none\">2022 \u2013 year of extreme weather, climate events<\/span><\/i><i><span data-contrast=\"none\">.<\/span><\/i> <a href=\"https:\/\/balkangreenenergynews.com\/2022-year-of-extreme-weather-climate-events\/\"><span data-contrast=\"none\">https:\/\/balkangreenenergynews.com\/2022-year-of-extreme-weather-climate-events\/<\/span><\/a><span data-contrast=\"auto\"> (accessed 26.05.23).<\/span><span data-ccp-props=\"{&quot;201341983&quot;:0,&quot;335551550&quot;:6,&quot;335551620&quot;:6,&quot;335559685&quot;:709,&quot;335559739&quot;:0,&quot;335559740&quot;:240,&quot;335559991&quot;:709}\">\u00a0<\/span><\/p><p><span data-contrast=\"none\">Cooperative Institute for Research in Environmental Sciences at the University of Colorado Boulder<\/span><span data-contrast=\"none\"> (CIRES)<\/span><i><span data-contrast=\"none\"> \u2018<\/span><\/i><i><span data-contrast=\"none\">What Happens In The Tropics Can Reach The Arctic And Set Up Extreme Precipitation Events<\/span><\/i><i><span data-contrast=\"none\">\u2019<\/span><\/i><span data-contrast=\"none\">, <\/span><span data-contrast=\"none\">April<\/span><span data-contrast=\"none\"> 21, 2023<\/span><span data-contrast=\"none\">.<\/span><span data-ccp-props=\"{&quot;201341983&quot;:0,&quot;335551550&quot;:6,&quot;335551620&quot;:6,&quot;335559685&quot;:709,&quot;335559739&quot;:0,&quot;335559740&quot;:240,&quot;335559991&quot;:709}\">\u00a0<\/span><\/p><p><a href=\"https:\/\/cires.colorado.edu\/news\/what-happens-tropics-can-reach-arctic-and-set-extreme-precipitation-events\"><span data-contrast=\"none\">https:\/\/cires.colorado.edu\/news\/what-happens-tropics-can-reach-arctic-and-set-extreme-precipitation-events <\/span><span data-contrast=\"none\">(<\/span><\/a><span data-contrast=\"none\">accessed <\/span><span data-contrast=\"none\">18.05.23).<\/span><span data-ccp-props=\"{&quot;201341983&quot;:0,&quot;335551550&quot;:6,&quot;335551620&quot;:6,&quot;335559685&quot;:709,&quot;335559739&quot;:0,&quot;335559740&quot;:240}\">\u00a0<\/span><\/p><p><span data-contrast=\"none\">Columbia Magazine, Science &amp; Technology<\/span><i><span data-contrast=\"none\"> Climate Change Fuels Significant Increase In US Forest Fires<\/span><\/i><span data-contrast=\"none\">. Ed. David J. Craig, , Winter 2016-2017.<\/span><span data-ccp-props=\"{&quot;201341983&quot;:0,&quot;335551550&quot;:6,&quot;335551620&quot;:6,&quot;335559685&quot;:709,&quot;335559739&quot;:0,&quot;335559740&quot;:240,&quot;335559991&quot;:709}\">\u00a0<\/span><\/p><p><a href=\"https:\/\/magazine.columbia.edu\/article\/climate-change-fuels-significant-increase-us-forest-fires\"><span data-contrast=\"none\">https:\/\/magazine.columbia.edu\/article\/climate-change-fuels-significant-increase-us-forest-fires<\/span><\/a><span data-contrast=\"none\">.\u00a0<\/span><span data-ccp-props=\"{&quot;201341983&quot;:0,&quot;335551550&quot;:6,&quot;335551620&quot;:6,&quot;335559685&quot;:709,&quot;335559739&quot;:0,&quot;335559740&quot;:240}\">\u00a0<\/span><\/p><p><span data-contrast=\"auto\">European Commission web page on <\/span><i><span data-contrast=\"auto\">Climate <\/span><\/i><i><span data-contrast=\"auto\">C<\/span><\/i><i><span data-contrast=\"auto\">hange and wildfires<\/span><\/i><span data-ccp-props=\"{&quot;201341983&quot;:0,&quot;335551550&quot;:6,&quot;335551620&quot;:6,&quot;335559685&quot;:709,&quot;335559739&quot;:0,&quot;335559740&quot;:240,&quot;335559991&quot;:709}\">\u00a0<\/span><\/p><p><a href=\"https:\/\/joint-research-centre.ec.europa.eu\/system\/files\/2020-09\/09_pesetaiv_wildfires_sc_august2020_en.pdf\"><span data-contrast=\"none\">https:\/\/joint-research-centre.ec.europa.eu\/system\/files\/2020-09\/09_pesetaiv_wildfires_sc_august2020_en.pdf<\/span><\/a><span data-contrast=\"auto\"> accessed 25.05.23).<\/span><span data-ccp-props=\"{&quot;201341983&quot;:0,&quot;335551550&quot;:6,&quot;335551620&quot;:6,&quot;335559685&quot;:709,&quot;335559739&quot;:0,&quot;335559740&quot;:240}\">\u00a0<\/span><\/p><p><span data-contrast=\"none\">European Commission web page on Climate Action \u2018<\/span><i><span data-contrast=\"none\">Causes of climate change<\/span><\/i><i><span data-contrast=\"none\">\u2019<\/span><\/i><span data-contrast=\"none\">. <\/span><a href=\"https:\/\/climate.ec.europa.eu\/climate-change\/causes-climate-change_en\"><span data-contrast=\"none\">https:\/\/climate.ec.europa.eu\/climate-change\/causes-climate-change_en<\/span><\/a><span data-contrast=\"none\">\u00a0<\/span><span data-ccp-props=\"{&quot;201341983&quot;:0,&quot;335551550&quot;:6,&quot;335551620&quot;:6,&quot;335559685&quot;:709,&quot;335559739&quot;:0,&quot;335559740&quot;:240,&quot;335559991&quot;:709}\">\u00a0<\/span><\/p><p><span data-contrast=\"none\">(accessed 18.05.23)<\/span><span data-ccp-props=\"{&quot;201341983&quot;:0,&quot;335551550&quot;:6,&quot;335551620&quot;:6,&quot;335559685&quot;:709,&quot;335559739&quot;:0,&quot;335559740&quot;:240,&quot;335559991&quot;:709}\">\u00a0<\/span><\/p><p aria-level=\"1\"><span data-contrast=\"none\">German Federal Ministry for Economic Cooperation and Development web page on <\/span><span data-contrast=\"none\">Climate Change And Development<\/span><span data-contrast=\"none\"> (<\/span><span data-contrast=\"none\">14\/10\/2022<\/span><span data-contrast=\"none\">): <\/span><b><i><span data-contrast=\"none\">Analysing and managing climate risks<\/span><\/i><\/b><b><i><span data-contrast=\"none\">.<\/span><\/i><\/b><span data-contrast=\"none\">. <\/span><a href=\"https:\/\/www.bmz.de\/en\/issues\/climate-change-and-development\/climate-risk-management\"><i><span data-contrast=\"none\">https:\/\/www.bmz.de\/en\/issues\/climate-change-and-development\/climate-risk-management<\/span><\/i><\/a><span data-ccp-props=\"{&quot;134245418&quot;:true,&quot;134245529&quot;:true,&quot;201341983&quot;:2,&quot;335551550&quot;:6,&quot;335551620&quot;:6,&quot;335559685&quot;:709,&quot;335559738&quot;:0,&quot;335559739&quot;:0,&quot;335559740&quot;:288,&quot;335559991&quot;:709}\">\u00a0<\/span><\/p><p><span data-contrast=\"none\">(accessed 31.05.23)<\/span><span data-ccp-props=\"{&quot;201341983&quot;:0,&quot;335551550&quot;:6,&quot;335551620&quot;:6,&quot;335559685&quot;:709,&quot;335559739&quot;:0,&quot;335559740&quot;:240}\">\u00a0<\/span><\/p><p><span data-contrast=\"none\">GISGeography webpage: <\/span><span data-contrast=\"none\">10 Climate Change Maps \u2013 The Climate Explained<\/span><span data-contrast=\"none\">. <\/span><span data-contrast=\"none\">August 15, 2022<\/span><span data-contrast=\"none\">.<\/span><span data-ccp-props=\"{&quot;201341983&quot;:0,&quot;335551550&quot;:6,&quot;335551620&quot;:6,&quot;335559685&quot;:709,&quot;335559739&quot;:0,&quot;335559740&quot;:240,&quot;335559991&quot;:709}\">\u00a0<\/span><\/p><p><a href=\"https:\/\/gisgeography.com\/climate-change-effects-maps\/\"><span data-contrast=\"none\">https:\/\/gisgeography.com\/climate-change-effects-maps\/<\/span><\/a><span data-ccp-props=\"{&quot;201341983&quot;:0,&quot;335551550&quot;:6,&quot;335551620&quot;:6,&quot;335559685&quot;:709,&quot;335559739&quot;:0,&quot;335559740&quot;:240}\">\u00a0<\/span><\/p><p><b><span data-contrast=\"none\">IMF Blog, 2022. <\/span><\/b><i><span data-contrast=\"none\">Methane Emissions Must Fall for World to Hit Temperature Targets<\/span><\/i><span data-contrast=\"none\"> (Authors: <\/span><span data-contrast=\"auto\">Black<\/span><span data-contrast=\"none\">,<\/span><span data-contrast=\"none\"> S.,<\/span><span data-contrast=\"none\">\u202f<\/span><span data-contrast=\"auto\">Parry<\/span><span data-contrast=\"none\">,<\/span><span data-contrast=\"none\"> I., <\/span><span data-contrast=\"auto\">Vernon<\/span><span data-contrast=\"auto\">, N. Published 02. 11. 22).<\/span> <a href=\"https:\/\/www.imf.org\/en\/Blogs\/Articles\/2022\/11\/02\/methane-emissions-must-fall-for-world-to-hit-temperature-targets\"><i><span data-contrast=\"none\">https:\/\/www.imf.org\/en\/Blogs\/Articles\/2022\/11\/02\/methane-emissions-must-fall-for-world-to-hit-temperature-targets<\/span><\/i><\/a><i><span data-contrast=\"none\">. <\/span><\/i><span data-contrast=\"none\">(accessed 10.09.23).<\/span><span data-ccp-props=\"{&quot;201341983&quot;:0,&quot;335551550&quot;:6,&quot;335551620&quot;:6,&quot;335559685&quot;:709,&quot;335559739&quot;:0,&quot;335559740&quot;:240,&quot;335559991&quot;:709}\">\u00a0<\/span><\/p><p><span data-contrast=\"none\">IPCC Working Group <\/span><span data-contrast=\"none\">on Impact s Adaptation and Vulnerability (2014)<\/span><span data-ccp-props=\"{&quot;201341983&quot;:0,&quot;335551550&quot;:6,&quot;335551620&quot;:6,&quot;335559685&quot;:709,&quot;335559739&quot;:0,&quot;335559740&quot;:240,&quot;335559991&quot;:709}\">\u00a0<\/span><\/p><p><a href=\"https:\/\/www.ipcc.ch\/site\/assets\/uploads\/2018\/03\/WGIIAR5_SPM_Top_Level_Findings-1.pdf\"><span data-contrast=\"none\">https:\/\/www.ipcc.ch\/site\/assets\/uploads\/2018\/03\/WGIIAR5_SPM_Top_Level_Findings-1.pdf<\/span><\/a><span data-contrast=\"auto\"> (accessed 31.05.23)<\/span><span data-ccp-props=\"{&quot;201341983&quot;:0,&quot;335551550&quot;:6,&quot;335551620&quot;:6,&quot;335559685&quot;:709,&quot;335559739&quot;:0,&quot;335559740&quot;:240,&quot;335559991&quot;:709}\">\u00a0<\/span><\/p><p aria-level=\"1\"><b><span data-contrast=\"none\">Karmakar, Amrita, 2021. <\/span><\/b><span data-contrast=\"auto\">Future of Higher Education in Today\u2019s Context<\/span><span data-contrast=\"auto\">. Published in <\/span><i><span data-contrast=\"auto\">Linked <\/span><\/i><span data-contrast=\"auto\">April 3<\/span><span data-contrast=\"auto\">rd<\/span><span data-contrast=\"auto\">, 2021. <\/span><a href=\"https:\/\/www.linkedin.com\/pulse\/future-higher-education-todays-context-amrita-karmakar\"><span data-contrast=\"none\">https:\/\/www.linkedin.com\/pulse\/future-higher-education-todays-context-amrita-karmakar<\/span><\/a> <span data-contrast=\"none\">(accessed 10.09.23)<\/span><span data-ccp-props=\"{&quot;134245418&quot;:true,&quot;134245529&quot;:true,&quot;201341983&quot;:0,&quot;335551550&quot;:6,&quot;335551620&quot;:6,&quot;335559685&quot;:709,&quot;335559738&quot;:240,&quot;335559739&quot;:0,&quot;335559740&quot;:240,&quot;335559991&quot;:709}\">\u00a0<\/span><\/p><p><span data-contrast=\"none\">National Aeronautics and Space Administration<\/span><span data-contrast=\"none\"> (NASA). \u2018<\/span><i><span data-contrast=\"none\">Responding to Climate Change\u2019.<\/span><\/i><span data-contrast=\"none\">\u00a0<\/span><\/p><p><span data-contrast=\"none\">Holly Shaftel<\/span><span data-contrast=\"none\">, May 15, 2023, <\/span><a href=\"https:\/\/climate.nasa.gov\/solutions\/adaptation-mitigation\/#:~:text=Mitigation%20%E2%80%93%20reducing%20climate%20change%20%E2%80%93%20involves,these%20gases%20(such%20as%20the\"><span data-contrast=\"none\">https:\/\/climate.nasa.gov\/solutions\/adaptation-mitigation\/#:~:text=Mitigation%20%E2%80%93%20reducing%20climate%20change%20%E2%80%93%20involves,these%20gases%20(such%20as%20the<\/span><\/a><\/p><p aria-level=\"1\"><span data-contrast=\"none\">National Oceanic and Atmospheric Administration<\/span><span data-contrast=\"none\">, Science and Information for a Climate-Smart Nation (Authors: <\/span><span data-contrast=\"none\">Herring<\/span><span data-contrast=\"none\">, D.\u00a0<\/span> <span data-contrast=\"none\">and Lindse<\/span><span data-contrast=\"none\">, R.).\u00a0 <\/span><i><span data-contrast=\"none\">Can we slow or even reverse global warming?<\/span><\/i><span data-contrast=\"none\"> OCTOBER 12, 2022<\/span> https:\/\/www.climate.gov\/news-features\/climate-qa\/can-we-slow-or-even-reverse-global-warming#:~:text=Yes.,(%E2%80%9Cblack%20carbon%E2%80%9D).\u00a0<\/p><p><span data-contrast=\"none\">(accessed 29.05.23).<\/span><span data-ccp-props=\"{&quot;201341983&quot;:0,&quot;335551550&quot;:6,&quot;335551620&quot;:6,&quot;335559685&quot;:709,&quot;335559739&quot;:0,&quot;335559740&quot;:240,&quot;335559991&quot;:709}\">\u00a0<\/span><\/p><p aria-level=\"1\"><span data-contrast=\"none\">National Oceanic and Atmospheric Administration<\/span><span data-contrast=\"none\">, Science and Information for a Climate-Smart Nation (Author: <\/span><span data-contrast=\"none\">Lindse<\/span><span data-contrast=\"none\">, R.) <\/span><i><span data-contrast=\"none\">If carbon dioxide hits a new high every year, why isn\u2019t every year hotter than the last?<\/span><\/i> <span data-contrast=\"none\">MAY 12, 2023<\/span> <a href=\"https:\/\/www.climate.gov\/news-features\/climate-qa\/if-carbon-dioxide-hits-new-high-every-year-why-isn%E2%80%99t-every-year-hotter-last\"><span data-contrast=\"none\">https:\/\/www.climate.gov\/news-features\/climate-qa\/if-carbon-dioxide-hits-new-high-every-year-why-isn\u2019t-every-year-hotter-last<\/span><\/a><span data-contrast=\"none\"> (accessed: 10.09.23)<\/span><span data-ccp-props=\"{&quot;134245418&quot;:true,&quot;134245529&quot;:true,&quot;201341983&quot;:0,&quot;335551550&quot;:6,&quot;335551620&quot;:6,&quot;335559685&quot;:709,&quot;335559738&quot;:240,&quot;335559739&quot;:0,&quot;335559740&quot;:240,&quot;335559991&quot;:709}\">\u00a0<\/span><\/p><p aria-level=\"1\"><span data-contrast=\"none\">NASA Press release, 2015. <\/span><span data-contrast=\"none\">NASA Releases Detailed Global Climate Change Projections<\/span><span data-ccp-props=\"{&quot;134245418&quot;:true,&quot;134245529&quot;:true,&quot;201341983&quot;:0,&quot;335551550&quot;:6,&quot;335551620&quot;:6,&quot;335559738&quot;:0,&quot;335559739&quot;:0,&quot;335559740&quot;:240}\">\u00a0<\/span><\/p><p><a href=\"https:\/\/www.nasa.gov\/press-release\/nasa-releases-detailed-global-climate-change-projections\"><span data-contrast=\"none\">https:\/\/www.nasa.gov\/press-release\/nasa-releases-detailed-global-climate-change-projections<\/span><\/a><span data-ccp-props=\"{&quot;134233117&quot;:false,&quot;134233118&quot;:false,&quot;201341983&quot;:2,&quot;335551550&quot;:6,&quot;335551620&quot;:6,&quot;335559738&quot;:0,&quot;335559739&quot;:0,&quot;335559740&quot;:345}\">\u00a0<\/span><\/p><p><span data-contrast=\"none\">(accessed 10.09.23)<\/span><span data-ccp-props=\"{&quot;134233117&quot;:false,&quot;134233118&quot;:false,&quot;201341983&quot;:2,&quot;335551550&quot;:6,&quot;335551620&quot;:6,&quot;335559738&quot;:0,&quot;335559739&quot;:0,&quot;335559740&quot;:345}\">\u00a0<\/span><\/p><p><b><span data-contrast=\"none\">NASA Jet Propulsion Laboratory<\/span><\/b><b><span data-contrast=\"none\">,<\/span><\/b><span data-contrast=\"none\">\u202f<\/span><a href=\"http:\/\/www.caltech.edu\/\"><span data-contrast=\"none\">California Institute of Technology<\/span><\/a><span data-contrast=\"none\">. <\/span><i><span data-contrast=\"none\">How do we predict Climate Change.<\/span><\/i> <span data-contrast=\"none\">March 31st, 2023<\/span><span data-contrast=\"none\">. <\/span><a href=\"https:\/\/climatekids.nasa.gov\/climate-model\/%22%20\/l%20%22:~:text=The%20Short%20Answer%3A,to%20influence%20a%20region's%20climate\"><span data-contrast=\"none\">https:\/\/climatekids.nasa.gov\/climate-model\/#:~:text=The%20Short%20Answer%3A,to%20influence%20a%20region&#8217;s%20climate<\/span><\/a><span data-contrast=\"none\">.<\/span><span data-ccp-props=\"{&quot;201341983&quot;:0,&quot;335551550&quot;:6,&quot;335551620&quot;:6,&quot;335559685&quot;:709,&quot;335559739&quot;:0,&quot;335559740&quot;:240,&quot;335559991&quot;:709}\">\u00a0<\/span><\/p><p><span data-contrast=\"none\">United Nations Security Council Meeting, press release: <\/span><i><span data-contrast=\"none\">People, Countries Impacted by Climate Change Also Vulnerable to Terrorist\u202fRecruitment, Violence<\/span><\/i><span data-contrast=\"none\">.<\/span> <span data-contrast=\"none\">SC\/14728<\/span><span data-contrast=\"none\">, <\/span><span data-contrast=\"none\">9 <\/span><span data-contrast=\"none\">December <\/span><span data-contrast=\"none\">2021<\/span><span data-contrast=\"none\">.<\/span><span data-ccp-props=\"{&quot;201341983&quot;:0,&quot;335551550&quot;:6,&quot;335551620&quot;:6,&quot;335559685&quot;:709,&quot;335559739&quot;:0,&quot;335559740&quot;:240,&quot;335559991&quot;:709}\">\u00a0<\/span><\/p><p aria-level=\"1\"><a href=\"https:\/\/press.un.org\/en\/2021\/sc14728.doc.htm\"><span data-contrast=\"none\">https:\/\/press.un.org\/en\/2021\/sc14728.doc.htm<\/span><\/a> <span data-contrast=\"none\">(<\/span><span data-contrast=\"none\">accessed <\/span><span data-contrast=\"none\">23.05.23).<\/span><span data-ccp-props=\"{&quot;134245418&quot;:true,&quot;134245529&quot;:true,&quot;201341983&quot;:0,&quot;335551550&quot;:6,&quot;335551620&quot;:6,&quot;335559738&quot;:0,&quot;335559739&quot;:0,&quot;335559740&quot;:240}\">\u00a0<\/span><\/p><p><span data-contrast=\"none\">University of Calgary<\/span><span data-contrast=\"none\"> (<\/span><span data-contrast=\"none\">Canada<\/span><span data-contrast=\"none\">), Energy Education web page:\u00a0 <\/span><i><span data-contrast=\"none\">Glacial and interglacial periods<\/span><\/i><span data-ccp-props=\"{&quot;201341983&quot;:0,&quot;335551550&quot;:6,&quot;335551620&quot;:6,&quot;335559685&quot;:709,&quot;335559739&quot;:0,&quot;335559740&quot;:240,&quot;335559991&quot;:709}\">\u00a0<\/span><\/p><p><a href=\"https:\/\/energyeducation.ca\/encyclopedia\/Glacial_and_interglacial_periods\"><span data-contrast=\"none\">https:\/\/energyeducation.ca\/encyclopedia\/Glacial_and_interglacial_periods<\/span><\/a> <span data-contrast=\"none\">(<\/span><span data-contrast=\"none\">accessed <\/span><span data-contrast=\"none\">23.05.23).<\/span><span data-ccp-props=\"{&quot;201341983&quot;:0,&quot;335551550&quot;:6,&quot;335551620&quot;:6,&quot;335559685&quot;:709,&quot;335559739&quot;:0,&quot;335559740&quot;:240}\">\u00a0<\/span><\/p><p aria-level=\"2\"><span data-contrast=\"none\">United Nations web page on Climate Action: \u2018<\/span><i><span data-contrast=\"none\">The Climate Crisis \u2013 A Race We Can Win<\/span><\/i><i><span data-contrast=\"none\">\u2019<\/span><\/i><b><span data-contrast=\"none\">.<\/span><\/b><span data-ccp-props=\"{&quot;134233117&quot;:false,&quot;134233118&quot;:false,&quot;201341983&quot;:0,&quot;335551550&quot;:6,&quot;335551620&quot;:6,&quot;335559685&quot;:709,&quot;335559738&quot;:0,&quot;335559739&quot;:0,&quot;335559740&quot;:240,&quot;335559991&quot;:709}\">\u00a0<\/span><\/p><p aria-level=\"2\"><a href=\"https:\/\/www.un.org\/en\/un75\/climate-crisis-race-we-can-win\">https:\/\/www.un.org\/en\/un75\/climate-crisis-race-we-can-win<\/a><span data-contrast=\"none\"> (<\/span><span data-contrast=\"none\">accessed 18.05.23).<\/span><span data-ccp-props=\"{&quot;134233117&quot;:false,&quot;134233118&quot;:false,&quot;201341983&quot;:0,&quot;335551550&quot;:6,&quot;335551620&quot;:6,&quot;335559685&quot;:709,&quot;335559738&quot;:0,&quot;335559739&quot;:0,&quot;335559740&quot;:240}\">\u00a0<\/span><\/p><p aria-level=\"2\"><span data-contrast=\"none\">United Nations web page on Climate Action:\u00a0 \u2018<\/span><i><span data-contrast=\"none\">Biodiversity &#8211; our strongest natural defense against climate change<\/span><\/i><i><span data-contrast=\"none\">\u2019<\/span><\/i><span data-contrast=\"none\">. <\/span><a href=\"https:\/\/www.un.org\/en\/climatechange\/science\/climate-issues\/biodiversity#:~:text=The%20risk%20of%20species%20extinction,destroy%20almost%20all%20remaining%20reefs\">https:\/\/www.un.org\/en\/climatechange\/science\/climate-issues\/biodiversity#:~:text=The%20risk%20of%20species%20extinction,destroy%20almost%20all%20remaining%20reefs<\/a>. <span data-contrast=\"none\">(accessed 22.05.23).<\/span><span data-ccp-props=\"{&quot;134233117&quot;:false,&quot;134233118&quot;:false,&quot;201341983&quot;:0,&quot;335551550&quot;:6,&quot;335551620&quot;:6,&quot;335559685&quot;:709,&quot;335559738&quot;:0,&quot;335559739&quot;:0,&quot;335559740&quot;:240,&quot;335559991&quot;:709}\">\u00a0<\/span><\/p><p aria-level=\"2\"><span data-contrast=\"none\">United Nations web page on Climate Action <\/span><i><span data-contrast=\"none\">\u2018<\/span><\/i><i><span data-contrast=\"none\">What Is Climate Change?<\/span><\/i><i><span data-contrast=\"none\">\u2019.<\/span><\/i><b><span data-contrast=\"none\">\u00a0<\/span><\/b><span data-ccp-props=\"{&quot;134233117&quot;:false,&quot;134233118&quot;:false,&quot;201341983&quot;:0,&quot;335551550&quot;:6,&quot;335551620&quot;:6,&quot;335559685&quot;:709,&quot;335559738&quot;:0,&quot;335559739&quot;:0,&quot;335559740&quot;:240,&quot;335559991&quot;:709}\">\u00a0<\/span><\/p><p aria-level=\"2\"><a href=\"https:\/\/www.un.org\/en\/climatechange\/what-is-climate-change\">https:\/\/www.un.org\/en\/climatechange\/what-is-climate-change<\/a> <span data-contrast=\"none\">(accessed 18.05.23).<\/span><span data-ccp-props=\"{&quot;134233117&quot;:false,&quot;134233118&quot;:false,&quot;201341983&quot;:0,&quot;335551550&quot;:6,&quot;335551620&quot;:6,&quot;335559731&quot;:709,&quot;335559738&quot;:0,&quot;335559739&quot;:0,&quot;335559740&quot;:240}\">\u00a0<\/span><\/p><p><b><span data-contrast=\"none\">United Nations web page on <\/span><\/b><span data-contrast=\"none\">Peace, dignity and equality<\/span> <span data-contrast=\"none\">on a healthy planet<\/span><span data-contrast=\"none\">.<\/span> <i><span data-contrast=\"none\">GLOBAL ISSUES<\/span><\/i><i><span data-contrast=\"none\"> &#8211; <\/span><\/i><i><span data-contrast=\"none\">Climate Change<\/span><\/i><span data-contrast=\"none\">. <\/span><a href=\"https:\/\/www.un.org\/en\/global-issues\/climate-change\"><span data-contrast=\"none\">https:\/\/www.un.org\/en\/global-issues\/climate-change<\/span><\/a> (accessed 22.05.23).<span data-ccp-props=\"{&quot;201341983&quot;:0,&quot;335551550&quot;:6,&quot;335551620&quot;:6,&quot;335559685&quot;:709,&quot;335559739&quot;:0,&quot;335559740&quot;:240,&quot;335559991&quot;:709}\">\u00a0<\/span><\/p><p aria-level=\"3\"><span data-contrast=\"none\">United Nations\u00a0 <\/span><span data-contrast=\"none\">Climate Change Conference <\/span><span data-contrast=\"none\">2022<\/span><span data-contrast=\"none\"> (<\/span><span data-contrast=\"none\">COP 27) <\/span><i><span data-contrast=\"none\">Outcomes<\/span><\/i><i><span data-contrast=\"none\">.<\/span><\/i><span data-ccp-props=\"{&quot;134245418&quot;:true,&quot;134245529&quot;:true,&quot;201341983&quot;:0,&quot;335551550&quot;:6,&quot;335551620&quot;:6,&quot;335559738&quot;:0,&quot;335559739&quot;:0,&quot;335559740&quot;:240}\">\u00a0<\/span><\/p><p><a href=\"https:\/\/unfccc.int\/cop27\"><span data-contrast=\"none\">https:\/\/unfccc.int\/cop27<\/span><\/a><span data-ccp-props=\"{&quot;134233117&quot;:false,&quot;134233118&quot;:false,&quot;201341983&quot;:0,&quot;335551550&quot;:6,&quot;335551620&quot;:6,&quot;335559731&quot;:709,&quot;335559738&quot;:0,&quot;335559739&quot;:0,&quot;335559740&quot;:240}\">\u00a0<\/span><\/p><p><span data-contrast=\"none\">United Nations Trust Fund for Human Security web page. <\/span><i><span data-contrast=\"auto\">Human Security: Building Resilience to Climate Threats<\/span><\/i><i><span data-contrast=\"auto\">.<\/span><\/i><span data-ccp-props=\"{&quot;201341983&quot;:0,&quot;335551550&quot;:6,&quot;335551620&quot;:6,&quot;335559685&quot;:709,&quot;335559739&quot;:0,&quot;335559740&quot;:240,&quot;335559991&quot;:709}\">\u00a0<\/span><\/p><p><a href=\"https:\/\/www.un.org\/humansecurity\/wp-content\/uploads\/2017\/10\/o6.pdf\"><span data-contrast=\"none\">https:\/\/www.un.org\/humansecurity\/wp-content\/uploads\/2017\/10\/o6.pdf<\/span><\/a><span data-ccp-props=\"{&quot;201341983&quot;:0,&quot;335551550&quot;:6,&quot;335551620&quot;:6,&quot;335559685&quot;:709,&quot;335559739&quot;:0,&quot;335559740&quot;:240}\">\u00a0<\/span><\/p><p><span data-contrast=\"none\">(<\/span><span data-contrast=\"none\">accessed 22.05.23).<\/span><span data-ccp-props=\"{&quot;201341983&quot;:0,&quot;335551550&quot;:6,&quot;335551620&quot;:6,&quot;335559685&quot;:709,&quot;335559739&quot;:0,&quot;335559740&quot;:240}\">\u00a0<\/span><\/p><p aria-level=\"1\"><span data-contrast=\"none\">U<\/span><span data-contrast=\"none\">nited <\/span><span data-contrast=\"none\">S<\/span><span data-contrast=\"none\">tates <\/span><span data-contrast=\"none\">Environmental Protection Agency<\/span><span data-contrast=\"none\">.<\/span> <span data-contrast=\"none\">Climate Change Science<\/span><span data-contrast=\"none\">: <\/span><i><span data-contrast=\"none\">Future of Climate Change<\/span><\/i><i><span data-contrast=\"none\">. <\/span><\/i><a href=\"https:\/\/climatechange.chicago.gov\/climate-change-science\/future-climate-change%22%20\/l%20%22Ice\"><span data-contrast=\"none\">https:\/\/climatechange.chicago.gov\/climate-change-science\/future-climate-change#Ice<\/span><\/a> <span data-contrast=\"none\">(accessed 27.05.23)<\/span><span data-ccp-props=\"{&quot;134245418&quot;:true,&quot;134245529&quot;:true,&quot;201341983&quot;:0,&quot;335551550&quot;:6,&quot;335551620&quot;:6,&quot;335559685&quot;:709,&quot;335559738&quot;:0,&quot;335559739&quot;:0,&quot;335559740&quot;:240,&quot;335559991&quot;:709}\">\u00a0<\/span><\/p><p><span data-contrast=\"none\">U<\/span><span data-contrast=\"none\">nited <\/span><span data-contrast=\"none\">S<\/span><span data-contrast=\"none\">tates <\/span><span data-contrast=\"none\">Environmental Protection Agency<\/span><span data-contrast=\"none\">.<\/span> <span data-contrast=\"none\">Climate Change Indicators: <\/span><i><span data-contrast=\"none\">Wildfires<\/span><\/i><i><span data-contrast=\"none\">. <\/span><\/i><span data-contrast=\"none\">March <\/span><span data-contrast=\"none\">21, 2023<\/span><span data-contrast=\"none\">. <\/span><a href=\"https:\/\/www.epa.gov\/climate-indicators\/climate-change-indicators-wildfires%22%20\/l%20%22:~:text=Multiple%20studies%20have%20found%20that,wildfire%20frequency%2C%20and%20burned%20area.&amp;text=The%20wildfire%20season%20has%20lengthened,and%20drier%20soils%20and%20vegetation\"><span data-contrast=\"none\">https:\/\/www.epa.gov\/climate-indicators\/climate-change-indicators-wildfires#:~:text=Multiple%20studies%20have%20found%20that,wildfire%20frequency%2C%20and%20burned%20area.&amp;text=The%20wildfire%20season%20has%20lengthened,and%20drier%20soils%20and%20vegetation<\/span><\/a> <span data-contrast=\"none\">(<\/span><span data-contrast=\"none\">accessed <\/span><span data-contrast=\"none\">18.05.23).<\/span><span data-ccp-props=\"{&quot;201341983&quot;:0,&quot;335551550&quot;:6,&quot;335551620&quot;:6,&quot;335559685&quot;:720,&quot;335559739&quot;:0,&quot;335559740&quot;:240,&quot;335559991&quot;:720}\">\u00a0<\/span><\/p><p aria-level=\"1\"><span data-contrast=\"none\">U<\/span><span data-contrast=\"none\">nited <\/span><span data-contrast=\"none\">S<\/span><span data-contrast=\"none\">tates <\/span><span data-contrast=\"none\">Environmental Protection Agency<\/span><span data-contrast=\"none\">.<\/span> <span data-contrast=\"none\">Climate Change Science<\/span><span data-contrast=\"none\">:<\/span><i><span data-contrast=\"none\"> \u2018<\/span><\/i><i><span data-contrast=\"none\">Causes of Climate Change<\/span><\/i><i><span data-contrast=\"none\">\u2019<\/span><\/i><span data-contrast=\"none\">, A<\/span><span data-contrast=\"none\">pril <\/span><span data-contrast=\"none\">25, 2023<\/span><span data-contrast=\"none\">.\u00a0<\/span><span data-ccp-props=\"{&quot;134245418&quot;:true,&quot;134245529&quot;:true,&quot;201341983&quot;:0,&quot;335551550&quot;:6,&quot;335551620&quot;:6,&quot;335559685&quot;:709,&quot;335559738&quot;:0,&quot;335559739&quot;:0,&quot;335559740&quot;:240,&quot;335559991&quot;:709}\">\u00a0<\/span><\/p><p><a href=\"https:\/\/www.epa.gov\/climatechange-science\/causes-climate-change#:~:text=Since%20the%20Industrial%20Revolution%2C%20human,also%20affect%20the%20earth's%20climate\"><span data-contrast=\"none\">https:\/\/www.epa.gov\/climatechange-science\/causes-climate-change &#8211; :~:text=Since the Industrial Revolution, human,also affect the earth&#8217;s climate<\/span><\/a><span data-contrast=\"auto\">\u00a0 <\/span><span data-contrast=\"none\">(<\/span><span data-contrast=\"none\">accessed <\/span><span data-contrast=\"none\">18.05.23).<\/span><span data-ccp-props=\"{&quot;201341983&quot;:0,&quot;335551550&quot;:6,&quot;335551620&quot;:6,&quot;335559685&quot;:709,&quot;335559739&quot;:0,&quot;335559740&quot;:240}\">\u00a0<\/span><\/p><p aria-level=\"1\"><span data-contrast=\"none\">University Corporation for Atmospheric Research<\/span><span data-contrast=\"none\"> (UCAR), Centre for Science Education. <\/span><i><span data-contrast=\"none\">Predictions of Future Global Climate<\/span><\/i><i><span data-contrast=\"none\">. <\/span><\/i><a href=\"https:\/\/scied.ucar.edu\/learning-zone\/climate-change-impacts\/predictions-future-global-climate\"><span data-contrast=\"none\">https:\/\/scied.ucar.edu\/learning-zone\/climate-change-impacts\/predictions-future-global-climate<\/span><\/a><span data-contrast=\"none\"> (accessed 30.05.23)<\/span><span data-ccp-props=\"{&quot;134245418&quot;:true,&quot;134245529&quot;:true,&quot;201341983&quot;:0,&quot;335551550&quot;:6,&quot;335551620&quot;:6,&quot;335559685&quot;:709,&quot;335559738&quot;:0,&quot;335559739&quot;:0,&quot;335559740&quot;:240,&quot;335559991&quot;:709}\">\u00a0<\/span><\/p><p><span data-contrast=\"none\">Climate Change Committee (UK) web site: What are\u00a0 the Climate Change Risks.<\/span><span data-ccp-props=\"{&quot;201341983&quot;:0,&quot;335551550&quot;:6,&quot;335551620&quot;:6,&quot;335559685&quot;:360,&quot;335559739&quot;:0,&quot;335559740&quot;:240,&quot;335559991&quot;:360}\">\u00a0<\/span><\/p><p><a href=\"https:\/\/www.theccc.org.uk\/what-is-climate-change\/what-are-the-risks\/\"><span data-contrast=\"none\">https:\/\/www.theccc.org.uk\/what-is-climate-change\/what-are-the-risks\/<\/span><\/a><span data-ccp-props=\"{&quot;201341983&quot;:0,&quot;335551550&quot;:6,&quot;335551620&quot;:6,&quot;335559685&quot;:720,&quot;335559739&quot;:0,&quot;335559740&quot;:240}\">\u00a0<\/span><\/p><p><span data-contrast=\"none\">(accessed 31.05.23)<\/span><span data-ccp-props=\"{&quot;201341983&quot;:0,&quot;335551550&quot;:6,&quot;335551620&quot;:6,&quot;335559685&quot;:720,&quot;335559739&quot;:0,&quot;335559740&quot;:240}\">\u00a0<\/span><\/p><p><span data-contrast=\"none\">World Meteorological Organisation Press release (<\/span><span data-contrast=\"none\">17052023<\/span><span data-contrast=\"none\">)<\/span><i><span data-contrast=\"none\">. \u2018<\/span><\/i><i><span data-contrast=\"none\">Global temperatures set to reach new records in next five years<\/span><\/i><i><span data-contrast=\"none\">\u2019<\/span><\/i><span data-contrast=\"none\">. <\/span><span data-contrast=\"none\">17 May 2023<\/span><span data-contrast=\"none\">.<\/span><span data-ccp-props=\"{&quot;201341983&quot;:0,&quot;335551550&quot;:6,&quot;335551620&quot;:6,&quot;335559685&quot;:709,&quot;335559739&quot;:0,&quot;335559740&quot;:240,&quot;335559991&quot;:709}\">\u00a0<\/span><\/p><p><a href=\"https:\/\/public.wmo.int\/en\/media\/press-release\/global-temperatures-set-reach-new-records-next-five-years\"><i><span data-contrast=\"none\">https:\/\/public.wmo.int\/en\/media\/press-release\/global-temperatures-set-reach-new-records-next-five-years<\/span><\/i><\/a><span data-ccp-props=\"{&quot;201341983&quot;:0,&quot;335551550&quot;:6,&quot;335551620&quot;:6,&quot;335559685&quot;:709,&quot;335559739&quot;:0,&quot;335559740&quot;:240}\">\u00a0<\/span><\/p><p><span data-contrast=\"none\">World Meteorological Organisation Press release (<\/span><span data-contrast=\"none\">03052023<\/span><span data-contrast=\"none\">). \u2018<\/span><span data-contrast=\"none\">Prepare for El Ni\u00f1o<\/span><span data-contrast=\"none\">\u2019. <\/span><span data-contrast=\"none\">3 May 2023<\/span><span data-contrast=\"none\">. <\/span><a href=\"https:\/\/public.wmo.int\/en\/media\/press-release\/wmo-update-prepare-el-ni%C3%B1o\"><span data-contrast=\"none\">https:\/\/public.wmo.int\/en\/media\/press-release\/wmo-update-prepare-el-ni%C3%B1o<\/span><\/a><span data-contrast=\"none\"> (accessed 19.05.23).<\/span><span data-ccp-props=\"{&quot;201341983&quot;:0,&quot;335551550&quot;:6,&quot;335551620&quot;:6,&quot;335559685&quot;:709,&quot;335559739&quot;:0,&quot;335559740&quot;:240,&quot;335559991&quot;:709}\">\u00a0<\/span><\/p><p><span data-contrast=\"none\">World Meteorological Organisation Press release (<\/span><span data-contrast=\"none\">17052023<\/span><span data-contrast=\"none\">). <\/span><b><i><span data-contrast=\"none\">Global temperatures set to reach new records in next five years<\/span><\/i><\/b><b><span data-contrast=\"none\">. <\/span><\/b><span data-contrast=\"none\">17 May 2023<\/span><span data-contrast=\"none\">. <\/span><a href=\"https:\/\/public.wmo.int\/en\/media\/press-release\/global-temperatures-set-reach-new-records-next-five-years\"><span data-contrast=\"none\">https:\/\/public.wmo.int\/en\/media\/press-release\/global-temperatures-set-reach-new-records-next-five-years<\/span><\/a><span data-contrast=\"none\">. <\/span><span data-contrast=\"none\">(accessed 25.05.23).<\/span><span data-ccp-props=\"{&quot;201341983&quot;:0,&quot;335551550&quot;:6,&quot;335551620&quot;:6,&quot;335559685&quot;:709,&quot;335559739&quot;:0,&quot;335559740&quot;:240,&quot;335559991&quot;:709}\">\u00a0<\/span><\/p><p><span data-contrast=\"none\">W<\/span><span data-contrast=\"none\">orld <\/span><span data-contrast=\"none\">H<\/span><span data-contrast=\"none\">ealth <\/span><span data-contrast=\"none\">O<\/span><span data-contrast=\"none\">rganisation <\/span><span data-contrast=\"none\">\/<\/span> <span data-contrast=\"none\">Europe<\/span><span data-contrast=\"none\"> Newsletter: \u2018<\/span><i><span data-contrast=\"none\">Climate change is already killing us, but strong action now can prevent more deaths<\/span><\/i><span data-contrast=\"none\">\u2019. <\/span><span data-contrast=\"none\">November 2022<\/span><span data-contrast=\"none\">. <\/span><a href=\"https:\/\/www.who.int\/europe\/news\/item\/07-11-2022-statement---climate-change-is-already-killing-us--but-strong-action-now-can-prevent-more-deaths\"><span data-contrast=\"none\">https:\/\/www.who.int\/europe\/news\/item\/07-11-2022-statement&#8212;climate-change-is-already-killing-us&#8211;but-strong-action-now-can-prevent-more-deaths<\/span><\/a><span data-contrast=\"none\">\u00a0<\/span><span data-ccp-props=\"{&quot;201341983&quot;:0,&quot;335551550&quot;:6,&quot;335551620&quot;:6,&quot;335559685&quot;:709,&quot;335559739&quot;:0,&quot;335559740&quot;:240,&quot;335559991&quot;:709}\">\u00a0<\/span><\/p><p><span data-contrast=\"none\">(accessed 24.05.23).<\/span><span data-ccp-props=\"{&quot;201341983&quot;:0,&quot;335551550&quot;:6,&quot;335551620&quot;:6,&quot;335559685&quot;:709,&quot;335559739&quot;:0,&quot;335559740&quot;:240,&quot;335559991&quot;:709}\">\u00a0<\/span><\/p><p><span data-contrast=\"none\">W<\/span><span data-contrast=\"none\">orld <\/span><span data-contrast=\"none\">H<\/span><span data-contrast=\"none\">ealth <\/span><span data-contrast=\"none\">O<\/span><span data-contrast=\"none\">rganisation Newsletter. <\/span><i><span data-contrast=\"none\">Climate change and health<\/span><\/i><span data-contrast=\"none\">. <\/span><span data-contrast=\"none\">30 October 2021<\/span><span data-contrast=\"none\">.<\/span><span data-ccp-props=\"{&quot;201341983&quot;:0,&quot;335551550&quot;:6,&quot;335551620&quot;:6,&quot;335559685&quot;:709,&quot;335559739&quot;:0,&quot;335559740&quot;:240,&quot;335559991&quot;:709}\">\u00a0<\/span><\/p><p><a href=\"https:\/\/www.who.int\/news-room\/fact-sheets\/detail\/climate-change-and-health\"><span data-contrast=\"none\">https:\/\/www.who.int\/news-room\/fact-sheets\/detail\/climate-change-and-health<\/span><\/a><span data-ccp-props=\"{&quot;201341983&quot;:0,&quot;335551550&quot;:6,&quot;335551620&quot;:6,&quot;335559685&quot;:709,&quot;335559739&quot;:0,&quot;335559740&quot;:240}\">\u00a0<\/span><\/p><p><span data-contrast=\"none\">(accessed 27.05.23)<\/span><span data-ccp-props=\"{&quot;201341983&quot;:0,&quot;335551550&quot;:6,&quot;335551620&quot;:6,&quot;335559685&quot;:709,&quot;335559739&quot;:0,&quot;335559740&quot;:240}\">\u00a0<\/span><\/p><\/div>\n\t\t\t\t<\/div>\n\t\t\t\t\t\t\t\t<\/div>\n\t\t\t\t<\/div>\n\t\t\t\t<\/div>\n\t\t\t\t\t\t<\/div>\n\t\t\t\t\t<\/div>\n\t\t<\/div>\n\t\t\t\t\t\t\t\t<\/div>\n\t\t\t\t\t<\/div>\n\t\t<\/section>\n\t\t\t\t\t\t\t\t\t<\/div>\n\t\t\t<\/div>\n\t\t\t\t\t<\/div>\n\t\t","protected":false},"excerpt":{"rendered":"<p>Vuln\u00e9rabilit\u00e9 Crisi Climatica Prepared by Prof. Anthony Micallef &amp; the Editorial Board La crisi climatica Il fenomeno del cambiamento climatico pu\u00f2 essere definito come &#8220;una variazione significativa delle condizioni meteorologiche medie nell&#8217;arco di diversi decenni o pi\u00f9 tempo. Tuttavia, tali cambiamenti climatici possono essere visti come due componenti: i cambiamenti climatici indotti dall&#8217;uomo e quelli [&hellip;]<\/p>\n","protected":false},"author":1,"featured_media":0,"parent":12610,"menu_order":0,"comment_status":"closed","ping_status":"closed","template":"","meta":{"_acf_changed":false,"footnotes":""},"acf":[],"yoast_head":"<!-- This site is optimized with the Yoast SEO plugin v22.1 - https:\/\/yoast.com\/wordpress\/plugins\/seo\/ -->\n<title>CRISI CLIMATICA - BeSafeNet<\/title>\n<meta name=\"robots\" content=\"index, follow, max-snippet:-1, max-image-preview:large, max-video-preview:-1\" \/>\n<link rel=\"canonical\" href=\"https:\/\/besafenet.net\/ru\/vulnerability\/\u043a\u043b\u0438\u043c\u0430\u0442\u0438\u0447\u0435\u0441\u043a\u0438\u0439-\u043a\u0440\u0438\u0437\u0438\u0441\/\" \/>\n<meta property=\"og:locale\" content=\"it_IT\" \/>\n<meta property=\"og:type\" content=\"article\" \/>\n<meta property=\"og:title\" content=\"CRISI CLIMATICA - BeSafeNet\" \/>\n<meta property=\"og:description\" content=\"Vuln\u00e9rabilit\u00e9 Crisi Climatica Prepared by Prof. Anthony Micallef &amp; the Editorial Board La crisi climatica Il fenomeno del cambiamento climatico pu\u00f2 essere definito come &#8220;una variazione significativa delle condizioni meteorologiche medie nell&#8217;arco di diversi decenni o pi\u00f9 tempo. Tuttavia, tali cambiamenti climatici possono essere visti come due componenti: i cambiamenti climatici indotti dall&#8217;uomo e quelli [&hellip;]\" \/>\n<meta property=\"og:url\" content=\"https:\/\/besafenet.net\/ru\/vulnerability\/\u043a\u043b\u0438\u043c\u0430\u0442\u0438\u0447\u0435\u0441\u043a\u0438\u0439-\u043a\u0440\u0438\u0437\u0438\u0441\/\" \/>\n<meta property=\"og:site_name\" content=\"BeSafeNet\" \/>\n<meta property=\"article:modified_time\" content=\"2023-11-15T13:06:48+00:00\" \/>\n<meta property=\"og:image\" content=\"https:\/\/besafenet.net\/wp-content\/uploads\/2023\/10\/shutterstock_1532836706_resize-1-1024x640.jpg\" \/>\n<meta name=\"twitter:card\" content=\"summary_large_image\" \/>\n<meta name=\"twitter:label1\" content=\"Est. reading time\" \/>\n\t<meta name=\"twitter:data1\" content=\"118 minuti\" \/>\n<script type=\"application\/ld+json\" class=\"yoast-schema-graph\">{\"@context\":\"https:\/\/schema.org\",\"@graph\":[{\"@type\":\"WebPage\",\"@id\":\"https:\/\/besafenet.net\/ru\/vulnerability\/%d0%ba%d0%bb%d0%b8%d0%bc%d0%b0%d1%82%d0%b8%d1%87%d0%b5%d1%81%d0%ba%d0%b8%d0%b9-%d0%ba%d1%80%d0%b8%d0%b7%d0%b8%d1%81\/\",\"url\":\"https:\/\/besafenet.net\/ru\/vulnerability\/%d0%ba%d0%bb%d0%b8%d0%bc%d0%b0%d1%82%d0%b8%d1%87%d0%b5%d1%81%d0%ba%d0%b8%d0%b9-%d0%ba%d1%80%d0%b8%d0%b7%d0%b8%d1%81\/\",\"name\":\"CRISI CLIMATICA - BeSafeNet\",\"isPartOf\":{\"@id\":\"https:\/\/besafenet.net\/#website\"},\"datePublished\":\"2023-10-26T08:47:10+00:00\",\"dateModified\":\"2023-11-15T13:06:48+00:00\",\"breadcrumb\":{\"@id\":\"https:\/\/besafenet.net\/ru\/vulnerability\/%d0%ba%d0%bb%d0%b8%d0%bc%d0%b0%d1%82%d0%b8%d1%87%d0%b5%d1%81%d0%ba%d0%b8%d0%b9-%d0%ba%d1%80%d0%b8%d0%b7%d0%b8%d1%81\/#breadcrumb\"},\"inLanguage\":\"it-IT\",\"potentialAction\":[{\"@type\":\"ReadAction\",\"target\":[\"https:\/\/besafenet.net\/ru\/vulnerability\/%d0%ba%d0%bb%d0%b8%d0%bc%d0%b0%d1%82%d0%b8%d1%87%d0%b5%d1%81%d0%ba%d0%b8%d0%b9-%d0%ba%d1%80%d0%b8%d0%b7%d0%b8%d1%81\/\"]}]},{\"@type\":\"BreadcrumbList\",\"@id\":\"https:\/\/besafenet.net\/ru\/vulnerability\/%d0%ba%d0%bb%d0%b8%d0%bc%d0%b0%d1%82%d0%b8%d1%87%d0%b5%d1%81%d0%ba%d0%b8%d0%b9-%d0%ba%d1%80%d0%b8%d0%b7%d0%b8%d1%81\/#breadcrumb\",\"itemListElement\":[{\"@type\":\"ListItem\",\"position\":1,\"name\":\"Home\",\"item\":\"https:\/\/besafenet.net\/el\/\"},{\"@type\":\"ListItem\",\"position\":2,\"name\":\"Vuln\u00e9rabilit\u00e9\",\"item\":\"https:\/\/besafenet.net\/ru\/vulnerability\/\"},{\"@type\":\"ListItem\",\"position\":3,\"name\":\"CRISI CLIMATICA\"}]},{\"@type\":\"WebSite\",\"@id\":\"https:\/\/besafenet.net\/#website\",\"url\":\"https:\/\/besafenet.net\/\",\"name\":\"BeSafeNet\",\"description\":\"\",\"publisher\":{\"@id\":\"https:\/\/besafenet.net\/#organization\"},\"potentialAction\":[{\"@type\":\"SearchAction\",\"target\":{\"@type\":\"EntryPoint\",\"urlTemplate\":\"https:\/\/besafenet.net\/?s={search_term_string}\"},\"query-input\":\"required name=search_term_string\"}],\"inLanguage\":\"it-IT\"},{\"@type\":\"Organization\",\"@id\":\"https:\/\/besafenet.net\/#organization\",\"name\":\"BeSafeNet\",\"url\":\"https:\/\/besafenet.net\/\",\"logo\":{\"@type\":\"ImageObject\",\"inLanguage\":\"it-IT\",\"@id\":\"https:\/\/besafenet.net\/#\/schema\/logo\/image\/\",\"url\":\"https:\/\/besafenet.net\/wp-content\/uploads\/2020\/11\/besafe-logo.svg\",\"contentUrl\":\"https:\/\/besafenet.net\/wp-content\/uploads\/2020\/11\/besafe-logo.svg\",\"width\":1,\"height\":1,\"caption\":\"BeSafeNet\"},\"image\":{\"@id\":\"https:\/\/besafenet.net\/#\/schema\/logo\/image\/\"}}]}<\/script>\n<!-- \/ Yoast SEO plugin. -->","yoast_head_json":{"title":"CRISI CLIMATICA - BeSafeNet","robots":{"index":"index","follow":"follow","max-snippet":"max-snippet:-1","max-image-preview":"max-image-preview:large","max-video-preview":"max-video-preview:-1"},"canonical":"https:\/\/besafenet.net\/ru\/vulnerability\/\u043a\u043b\u0438\u043c\u0430\u0442\u0438\u0447\u0435\u0441\u043a\u0438\u0439-\u043a\u0440\u0438\u0437\u0438\u0441\/","og_locale":"it_IT","og_type":"article","og_title":"CRISI CLIMATICA - BeSafeNet","og_description":"Vuln\u00e9rabilit\u00e9 Crisi Climatica Prepared by Prof. Anthony Micallef &amp; the Editorial Board La crisi climatica Il fenomeno del cambiamento climatico pu\u00f2 essere definito come &#8220;una variazione significativa delle condizioni meteorologiche medie nell&#8217;arco di diversi decenni o pi\u00f9 tempo. Tuttavia, tali cambiamenti climatici possono essere visti come due componenti: i cambiamenti climatici indotti dall&#8217;uomo e quelli [&hellip;]","og_url":"https:\/\/besafenet.net\/ru\/vulnerability\/\u043a\u043b\u0438\u043c\u0430\u0442\u0438\u0447\u0435\u0441\u043a\u0438\u0439-\u043a\u0440\u0438\u0437\u0438\u0441\/","og_site_name":"BeSafeNet","article_modified_time":"2023-11-15T13:06:48+00:00","og_image":[{"url":"https:\/\/besafenet.net\/wp-content\/uploads\/2023\/10\/shutterstock_1532836706_resize-1-1024x640.jpg"}],"twitter_card":"summary_large_image","twitter_misc":{"Est. reading time":"118 minuti"},"schema":{"@context":"https:\/\/schema.org","@graph":[{"@type":"WebPage","@id":"https:\/\/besafenet.net\/ru\/vulnerability\/%d0%ba%d0%bb%d0%b8%d0%bc%d0%b0%d1%82%d0%b8%d1%87%d0%b5%d1%81%d0%ba%d0%b8%d0%b9-%d0%ba%d1%80%d0%b8%d0%b7%d0%b8%d1%81\/","url":"https:\/\/besafenet.net\/ru\/vulnerability\/%d0%ba%d0%bb%d0%b8%d0%bc%d0%b0%d1%82%d0%b8%d1%87%d0%b5%d1%81%d0%ba%d0%b8%d0%b9-%d0%ba%d1%80%d0%b8%d0%b7%d0%b8%d1%81\/","name":"CRISI CLIMATICA - BeSafeNet","isPartOf":{"@id":"https:\/\/besafenet.net\/#website"},"datePublished":"2023-10-26T08:47:10+00:00","dateModified":"2023-11-15T13:06:48+00:00","breadcrumb":{"@id":"https:\/\/besafenet.net\/ru\/vulnerability\/%d0%ba%d0%bb%d0%b8%d0%bc%d0%b0%d1%82%d0%b8%d1%87%d0%b5%d1%81%d0%ba%d0%b8%d0%b9-%d0%ba%d1%80%d0%b8%d0%b7%d0%b8%d1%81\/#breadcrumb"},"inLanguage":"it-IT","potentialAction":[{"@type":"ReadAction","target":["https:\/\/besafenet.net\/ru\/vulnerability\/%d0%ba%d0%bb%d0%b8%d0%bc%d0%b0%d1%82%d0%b8%d1%87%d0%b5%d1%81%d0%ba%d0%b8%d0%b9-%d0%ba%d1%80%d0%b8%d0%b7%d0%b8%d1%81\/"]}]},{"@type":"BreadcrumbList","@id":"https:\/\/besafenet.net\/ru\/vulnerability\/%d0%ba%d0%bb%d0%b8%d0%bc%d0%b0%d1%82%d0%b8%d1%87%d0%b5%d1%81%d0%ba%d0%b8%d0%b9-%d0%ba%d1%80%d0%b8%d0%b7%d0%b8%d1%81\/#breadcrumb","itemListElement":[{"@type":"ListItem","position":1,"name":"Home","item":"https:\/\/besafenet.net\/el\/"},{"@type":"ListItem","position":2,"name":"Vuln\u00e9rabilit\u00e9","item":"https:\/\/besafenet.net\/ru\/vulnerability\/"},{"@type":"ListItem","position":3,"name":"CRISI CLIMATICA"}]},{"@type":"WebSite","@id":"https:\/\/besafenet.net\/#website","url":"https:\/\/besafenet.net\/","name":"BeSafeNet","description":"","publisher":{"@id":"https:\/\/besafenet.net\/#organization"},"potentialAction":[{"@type":"SearchAction","target":{"@type":"EntryPoint","urlTemplate":"https:\/\/besafenet.net\/?s={search_term_string}"},"query-input":"required name=search_term_string"}],"inLanguage":"it-IT"},{"@type":"Organization","@id":"https:\/\/besafenet.net\/#organization","name":"BeSafeNet","url":"https:\/\/besafenet.net\/","logo":{"@type":"ImageObject","inLanguage":"it-IT","@id":"https:\/\/besafenet.net\/#\/schema\/logo\/image\/","url":"https:\/\/besafenet.net\/wp-content\/uploads\/2020\/11\/besafe-logo.svg","contentUrl":"https:\/\/besafenet.net\/wp-content\/uploads\/2020\/11\/besafe-logo.svg","width":1,"height":1,"caption":"BeSafeNet"},"image":{"@id":"https:\/\/besafenet.net\/#\/schema\/logo\/image\/"}}]}},"_links":{"self":[{"href":"https:\/\/besafenet.net\/it\/wp-json\/wp\/v2\/pages\/14309"}],"collection":[{"href":"https:\/\/besafenet.net\/it\/wp-json\/wp\/v2\/pages"}],"about":[{"href":"https:\/\/besafenet.net\/it\/wp-json\/wp\/v2\/types\/page"}],"author":[{"embeddable":true,"href":"https:\/\/besafenet.net\/it\/wp-json\/wp\/v2\/users\/1"}],"replies":[{"embeddable":true,"href":"https:\/\/besafenet.net\/it\/wp-json\/wp\/v2\/comments?post=14309"}],"version-history":[{"count":41,"href":"https:\/\/besafenet.net\/it\/wp-json\/wp\/v2\/pages\/14309\/revisions"}],"predecessor-version":[{"id":14771,"href":"https:\/\/besafenet.net\/it\/wp-json\/wp\/v2\/pages\/14309\/revisions\/14771"}],"up":[{"embeddable":true,"href":"https:\/\/besafenet.net\/it\/wp-json\/wp\/v2\/pages\/12610"}],"wp:attachment":[{"href":"https:\/\/besafenet.net\/it\/wp-json\/wp\/v2\/media?parent=14309"}],"curies":[{"name":"wp","href":"https:\/\/api.w.org\/{rel}","templated":true}]}}